{"id":16928,"date":"2025-01-28T21:11:12","date_gmt":"2025-01-28T18:11:12","guid":{"rendered":"https:\/\/estenbulhealth.com\/servislerimiz\/goz-tedavileri\/cataract-surgery\/"},"modified":"2025-01-28T21:18:25","modified_gmt":"2025-01-28T18:18:25","slug":"katarakt-cerrahisi","status":"publish","type":"page","link":"https:\/\/estenbulhealth.com\/tr\/katarakt-cerrahisi\/","title":{"rendered":"Katarakt Cerrahisi"},"content":{"rendered":"\t\t<div data-elementor-type=\"wp-page\" data-elementor-id=\"16928\" class=\"elementor elementor-16928\">\n\t\t\t\t\t\t<section class=\"wd-negative-gap elementor-section elementor-top-section elementor-element elementor-element-9d8ebed elementor-section-boxed elementor-section-height-default elementor-section-height-default\" data-id=\"9d8ebed\" data-element_type=\"section\" data-e-type=\"section\">\n\t\t\t\t\t\t<div class=\"elementor-container elementor-column-gap-default\">\n\t\t\t\t\t<div class=\"elementor-column elementor-col-50 elementor-top-column elementor-element elementor-element-6ddcdd3\" data-id=\"6ddcdd3\" data-element_type=\"column\" data-e-type=\"column\">\n\t\t\t<div class=\"elementor-widget-wrap elementor-element-populated\">\n\t\t\t\t\t\t<div class=\"elementor-element elementor-element-346e0d8 color-scheme-inherit text-left elementor-widget elementor-widget-text-editor\" data-id=\"346e0d8\" data-element_type=\"widget\" data-e-type=\"widget\" data-widget_type=\"text-editor.default\">\n\t\t\t\t\t\t\t\t\t<h2>Katarakt Cerrahisi Nedir?<\/h2><p><strong>Katarakt cerrahisi <\/strong>ya\u015flanmaya ba\u011fl\u0131 olarak geli\u015fmekte olan g\u00f6z hastal\u0131klar\u0131n\u0131n ba\u015f\u0131nda gelen katarakt hastal\u0131\u011f\u0131n\u0131 gidermek i\u00e7in yap\u0131lan bir cerrahi i\u015flemdir.<\/p><p>Katarakt, toplum i\u00e7erisinde en \u00e7ok kar\u015f\u0131la\u015f\u0131lan hastal\u0131klardan bir tanesidir. \u0130leri ya\u015f ki\u015filerin hipertansiyon, diyabet ve kolesterol gibi hastal\u0131klar\u0131n yan\u0131 s\u0131ra katarakt hastal\u0131\u011f\u0131 da s\u0131k s\u0131k kar\u015f\u0131la\u015f\u0131lan bir durumdur.<\/p><p>Katarakt hastal\u0131\u011f\u0131 40 ya\u015f\u0131n\u0131n \u00fczerinde olan bireylerde g\u00f6r\u00fclebilmektedir. Bu hastal\u0131\u011f\u0131n \u00e7evresel fakt\u00f6rler, fiziksel fakt\u00f6rler ve genetik fakt\u00f6rlerin etkisi ile olu\u015fmakta oldu\u011fu g\u00f6r\u00fclmektedir. Ya\u015f\u0131n ilerlemesine ba\u011fl\u0131 olarak g\u00f6z lensinin ortama adapte olma \u00f6zelli\u011fi giderek kaybolmaktad\u0131r.<\/p>\t\t\t\t\t\t\t\t<\/div>\n\t\t\t\t\t<\/div>\n\t\t<\/div>\n\t\t\t\t<div class=\"elementor-column elementor-col-50 elementor-top-column elementor-element elementor-element-1b3a23d\" data-id=\"1b3a23d\" data-element_type=\"column\" data-e-type=\"column\">\n\t\t\t<div class=\"elementor-widget-wrap elementor-element-populated\">\n\t\t\t\t\t\t<div class=\"elementor-element elementor-element-eea36b3 elementor-widget elementor-widget-image\" data-id=\"eea36b3\" data-element_type=\"widget\" data-e-type=\"widget\" data-widget_type=\"image.default\">\n\t\t\t\t\t\t\t\t\t\t\t\t\t\t\t<img loading=\"lazy\" decoding=\"async\" width=\"1024\" height=\"919\" src=\"https:\/\/estenbulhealth.com\/wp-content\/uploads\/2021\/09\/Cataract-Surgery-in-turkey.jpeg\" class=\"attachment-large size-large wp-image-16512\" alt=\"Cataract Surgery in turkey\" srcset=\"https:\/\/estenbulhealth.com\/wp-content\/uploads\/2021\/09\/Cataract-Surgery-in-turkey.jpeg 1024w, https:\/\/estenbulhealth.com\/wp-content\/uploads\/2021\/09\/Cataract-Surgery-in-turkey-300x269.jpeg 300w, https:\/\/estenbulhealth.com\/wp-content\/uploads\/2021\/09\/Cataract-Surgery-in-turkey-768x689.jpeg 768w, https:\/\/estenbulhealth.com\/wp-content\/uploads\/2021\/09\/Cataract-Surgery-in-turkey-200x179.jpeg 200w, https:\/\/estenbulhealth.com\/wp-content\/uploads\/2021\/09\/Cataract-Surgery-in-turkey-400x359.jpeg 400w, https:\/\/estenbulhealth.com\/wp-content\/uploads\/2021\/09\/Cataract-Surgery-in-turkey-600x538.jpeg 600w, https:\/\/estenbulhealth.com\/wp-content\/uploads\/2021\/09\/Cataract-Surgery-in-turkey-800x718.jpeg 800w\" sizes=\"auto, (max-width: 1024px) 100vw, 1024px\" title=\"\">\t\t\t\t\t\t\t\t\t\t\t\t\t\t\t<\/div>\n\t\t\t\t\t<\/div>\n\t\t<\/div>\n\t\t\t\t\t<\/div>\n\t\t<\/section>\n\t\t\t\t<section class=\"wd-negative-gap elementor-section elementor-top-section elementor-element elementor-element-196796e elementor-section-boxed elementor-section-height-default elementor-section-height-default\" data-id=\"196796e\" data-element_type=\"section\" data-e-type=\"section\">\n\t\t\t\t\t\t<div class=\"elementor-container elementor-column-gap-default\">\n\t\t\t\t\t<div class=\"elementor-column elementor-col-100 elementor-top-column elementor-element elementor-element-06ad50c\" data-id=\"06ad50c\" data-element_type=\"column\" data-e-type=\"column\">\n\t\t\t<div class=\"elementor-widget-wrap elementor-element-populated\">\n\t\t\t\t\t\t<div class=\"elementor-element elementor-element-0f54d62 color-scheme-inherit text-left elementor-widget elementor-widget-text-editor\" data-id=\"0f54d62\" data-element_type=\"widget\" data-e-type=\"widget\" data-widget_type=\"text-editor.default\">\n\t\t\t\t\t\t\t\t\t<p>Bununla beraber ise ilerleyen d\u00f6nemlerde ki\u015filerde g\u00f6z lensi \u00e7evresinde lif olu\u015fumu gibi g\u00f6r\u00fclebilir. Bu durumun ilerlemesi ve g\u00f6rme kayb\u0131na neden olmas\u0131 ile beraber katarakt hastal\u0131\u011f\u0131 olarak adland\u0131r\u0131l\u0131r.<\/p>\t\t\t\t\t\t\t\t<\/div>\n\t\t\t\t\t<\/div>\n\t\t<\/div>\n\t\t\t\t\t<\/div>\n\t\t<\/section>\n\t\t\t\t<section class=\"wd-negative-gap elementor-section elementor-top-section elementor-element elementor-element-f849f3e elementor-section-boxed elementor-section-height-default elementor-section-height-default\" data-id=\"f849f3e\" data-element_type=\"section\" data-e-type=\"section\">\n\t\t\t\t\t\t<div class=\"elementor-container elementor-column-gap-default\">\n\t\t\t\t\t<div class=\"elementor-column elementor-col-100 elementor-top-column elementor-element elementor-element-a45a52a\" data-id=\"a45a52a\" data-element_type=\"column\" data-e-type=\"column\">\n\t\t\t<div class=\"elementor-widget-wrap elementor-element-populated\">\n\t\t\t\t\t\t<div class=\"elementor-element elementor-element-f67ca15 color-scheme-inherit text-left elementor-widget elementor-widget-text-editor\" data-id=\"f67ca15\" data-element_type=\"widget\" data-e-type=\"widget\" data-widget_type=\"text-editor.default\">\n\t\t\t\t\t\t\t\t\t<h2>Katarakt Nedir?<\/h2><p>Katarakt hastal\u0131\u011f\u0131 d\u00fcnya \u00fczerinde en \u00e7ok g\u00f6r\u00fclen g\u00f6z hastal\u0131klar\u0131ndan bir tanesidir. G\u00f6z\u00fcn temel g\u00f6revini yerine getirmesi ilerleyen ya\u015fa ba\u011fl\u0131 olarak azalmaktad\u0131r. Karanl\u0131k ve \u0131\u015f\u0131k refleksleri ya\u015flanan bireyde daha da azalmakta ve bununla beraber de yak\u0131n\u0131 g\u00f6rememe gibi problemler ortaya \u00e7\u0131kabilmektedir.<\/p><p>\u0130lerleyen g\u00f6rme problemlerinin en b\u00fcy\u00fck nedeni katarakt olarak bilinen bu hastal\u0131k nedeni ile olmaktad\u0131r. G\u00f6z\u00fcn g\u00f6rme i\u015flevinde b\u00fcy\u00fck bir etkiye sahip olan lensin \u00e7evresinde lifimsi bir plak olu\u015fur. Rahats\u0131zl\u0131\u011f\u0131n ilerlemesi ile beraber retinan\u0131n tamam\u0131n\u0131 kaplamakta olan bu plak g\u00f6rme bozukluklar\u0131na sebep olur.<\/p><p><strong>Katarakt cerrahisi makale <\/strong>i\u00e7eriklerinin incelenmesinde bu konu ile ilgili daha ayr\u0131nt\u0131l\u0131 bilgilere ula\u015fmak m\u00fcmk\u00fcn hale gelecektir.<\/p>\t\t\t\t\t\t\t\t<\/div>\n\t\t\t\t\t<\/div>\n\t\t<\/div>\n\t\t\t\t\t<\/div>\n\t\t<\/section>\n\t\t\t\t<section class=\"wd-negative-gap elementor-section elementor-top-section elementor-element elementor-element-e57903b elementor-section-boxed elementor-section-height-default elementor-section-height-default\" data-id=\"e57903b\" data-element_type=\"section\" data-e-type=\"section\">\n\t\t\t\t\t\t<div class=\"elementor-container elementor-column-gap-default\">\n\t\t\t\t\t<div class=\"elementor-column elementor-col-50 elementor-top-column elementor-element elementor-element-ea96b32\" data-id=\"ea96b32\" data-element_type=\"column\" data-e-type=\"column\">\n\t\t\t<div class=\"elementor-widget-wrap elementor-element-populated\">\n\t\t\t\t\t\t<div class=\"elementor-element elementor-element-3223d6b color-scheme-inherit text-left elementor-widget elementor-widget-text-editor\" data-id=\"3223d6b\" data-element_type=\"widget\" data-e-type=\"widget\" data-widget_type=\"text-editor.default\">\n\t\t\t\t\t\t\t\t\t<h2>Katarakt Belirtileri Nelerdir?<\/h2><p>Katarakt\u0131n olu\u015fmas\u0131 sonras\u0131nda ki\u015filerde ba\u015fta g\u00f6rme kay\u0131plar\u0131 olmak \u00fczere bir\u00e7ok belirti g\u00f6r\u00fclmektedir. Katarak hastal\u0131\u011f\u0131n\u0131n olu\u015fmas\u0131 ba\u015fta bulan\u0131k g\u00f6rme ile kendisini g\u00f6sterir. Bu durum ki\u015filerin dikkatini \u00e7ok fazla \u00e7ekmemekte ve ilerleyen zamanlarda bulan\u0131k bir camdan bak\u0131yormu\u015f gibi bir his yaratmaktad\u0131r.<\/p>\t\t\t\t\t\t\t\t<\/div>\n\t\t\t\t\t<\/div>\n\t\t<\/div>\n\t\t\t\t<div class=\"elementor-column elementor-col-50 elementor-top-column elementor-element elementor-element-bfa46b6\" data-id=\"bfa46b6\" data-element_type=\"column\" data-e-type=\"column\">\n\t\t\t<div class=\"elementor-widget-wrap elementor-element-populated\">\n\t\t\t\t\t\t<div class=\"elementor-element elementor-element-1a3ae6e elementor-widget elementor-widget-image\" data-id=\"1a3ae6e\" data-element_type=\"widget\" data-e-type=\"widget\" data-widget_type=\"image.default\">\n\t\t\t\t\t\t\t\t\t\t\t\t\t\t\t<img loading=\"lazy\" decoding=\"async\" width=\"454\" height=\"301\" src=\"https:\/\/estenbulhealth.com\/wp-content\/uploads\/2021\/09\/cataract-surgery-in-turkey-1.jpg\" class=\"attachment-large size-large wp-image-16908\" alt=\"Cataract Surgery in Turkey\" srcset=\"https:\/\/estenbulhealth.com\/wp-content\/uploads\/2021\/09\/cataract-surgery-in-turkey-1.jpg 454w, https:\/\/estenbulhealth.com\/wp-content\/uploads\/2021\/09\/cataract-surgery-in-turkey-1-300x199.jpg 300w, https:\/\/estenbulhealth.com\/wp-content\/uploads\/2021\/09\/cataract-surgery-in-turkey-1-200x133.jpg 200w, https:\/\/estenbulhealth.com\/wp-content\/uploads\/2021\/09\/cataract-surgery-in-turkey-1-400x265.jpg 400w\" sizes=\"auto, (max-width: 454px) 100vw, 454px\" title=\"\">\t\t\t\t\t\t\t\t\t\t\t\t\t\t\t<\/div>\n\t\t\t\t\t<\/div>\n\t\t<\/div>\n\t\t\t\t\t<\/div>\n\t\t<\/section>\n\t\t\t\t<section class=\"wd-negative-gap elementor-section elementor-top-section elementor-element elementor-element-cfbd5b3 elementor-section-boxed elementor-section-height-default elementor-section-height-default\" data-id=\"cfbd5b3\" data-element_type=\"section\" data-e-type=\"section\">\n\t\t\t\t\t\t<div class=\"elementor-container elementor-column-gap-default\">\n\t\t\t\t\t<div class=\"elementor-column elementor-col-100 elementor-top-column elementor-element elementor-element-a1988d3\" data-id=\"a1988d3\" data-element_type=\"column\" data-e-type=\"column\">\n\t\t\t<div class=\"elementor-widget-wrap elementor-element-populated\">\n\t\t\t\t\t\t<div class=\"elementor-element elementor-element-cd3cffc color-scheme-inherit text-left elementor-widget elementor-widget-text-editor\" data-id=\"cd3cffc\" data-element_type=\"widget\" data-e-type=\"widget\" data-widget_type=\"text-editor.default\">\n\t\t\t\t\t\t\t\t\t<p>Katarakt hastal\u0131\u011f\u0131n\u0131n ilerlemesi durumunda okumak, araba s\u00fcrmek ve bunun gibi di\u011fer aktiviteler de imkans\u0131z hale gelmektedir.\u00a0<strong>Katarakt cerrahisi kitap\u00a0<\/strong>i\u00e7erikleri incelendi\u011finde bu rahats\u0131zl\u0131\u011f\u0131n belirtileri \u015fu \u015fekilde g\u00f6r\u00fclmektedir:<\/p><ul><li>Okumada zorlanma<\/li><li>G\u00fcn ge\u00e7tik\u00e7e artan g\u00f6rme bozukluklar\u0131<\/li><li>I\u015f\u0131\u011fa kar\u015f\u0131 ger\u00e7ekle\u015fmi\u015f hassasiyet<\/li><li>\u00c7ift g\u00f6rme<\/li><li>Renklerde solukla\u015fman\u0131n ve sararmalar\u0131n var olmas\u0131<\/li><li>Gece g\u00f6r\u00fc\u015flerinde bozulmalar\u0131n olmas\u0131<\/li><li>G\u00f6zl\u00fck derecelerinin s\u0131k s\u0131k de\u011fi\u015fiyor olmas\u0131<\/li><\/ul>\t\t\t\t\t\t\t\t<\/div>\n\t\t\t\t\t<\/div>\n\t\t<\/div>\n\t\t\t\t\t<\/div>\n\t\t<\/section>\n\t\t\t\t<section class=\"wd-negative-gap elementor-section elementor-top-section elementor-element elementor-element-e1a422e elementor-section-boxed elementor-section-height-default elementor-section-height-default\" data-id=\"e1a422e\" data-element_type=\"section\" data-e-type=\"section\">\n\t\t\t\t\t\t<div class=\"elementor-container elementor-column-gap-default\">\n\t\t\t\t\t<div class=\"elementor-column elementor-col-100 elementor-top-column elementor-element elementor-element-46fb372\" data-id=\"46fb372\" data-element_type=\"column\" data-e-type=\"column\">\n\t\t\t<div class=\"elementor-widget-wrap elementor-element-populated\">\n\t\t\t\t\t\t<div class=\"elementor-element elementor-element-eeb3669 color-scheme-inherit text-left elementor-widget elementor-widget-text-editor\" data-id=\"eeb3669\" data-element_type=\"widget\" data-e-type=\"widget\" data-widget_type=\"text-editor.default\">\n\t\t\t\t\t\t\t\t\t<h2>Katarakt Cerrahisi Kimlere Uygulan\u0131r?<\/h2><p><strong>Katarakt cerrahisi poliklinik prosed\u00fcr\u00fc <\/strong>incelendi\u011finde bu cerrahi i\u015flemin yaln\u0131zca ilerlemi\u015f olan kataraktlarda yap\u0131ld\u0131\u011f\u0131 g\u00f6r\u00fclmektedir. I\u015f\u0131k hassasiyetine kadar ilerlemi\u015f olan rahats\u0131zl\u0131klar\u0131n her birinde cerrahi uygulanabilmektedir.<\/p><p>Katarakt hastal\u0131\u011f\u0131 ki\u015finin g\u00f6rmesini engelleyece\u011fi i\u00e7in fiziksel gereksinimlerini tam anlam\u0131 ile yerine getirememesine sebep olacakt\u0131r. Bu durum ki\u015filer i\u00e7in b\u00fcy\u00fck bir sorun haline gelecektir. Bu nedenle cerrahi i\u015flem g\u00fcn\u00fcm\u00fczde yayg\u0131n bir \u015fekilde uygulanmaktad\u0131r.<\/p><p>Ki\u015filerin sosyal hayatlar\u0131n\u0131 etkileyecek olan bir problem olmas\u0131 nedeni ile cerrahisi gerekli olan bir rahats\u0131zl\u0131kt\u0131r. Bu hastal\u0131\u011f\u0131n ilerlemesini \u00f6nlemek ad\u0131na \u00e7e\u015fitli uygulamalar yap\u0131labilir. Ancak ilerlemi\u015f olan hastal\u0131klarda kesin \u00e7\u00f6z\u00fcm olarak uygulanabilecek olan tek tedavi cerrahi i\u015flemdir.<\/p>\t\t\t\t\t\t\t\t<\/div>\n\t\t\t\t\t<\/div>\n\t\t<\/div>\n\t\t\t\t\t<\/div>\n\t\t<\/section>\n\t\t\t\t<section class=\"wd-negative-gap elementor-section elementor-top-section elementor-element elementor-element-f4e6cab elementor-section-boxed elementor-section-height-default elementor-section-height-default\" data-id=\"f4e6cab\" data-element_type=\"section\" data-e-type=\"section\">\n\t\t\t\t\t\t<div class=\"elementor-container elementor-column-gap-default\">\n\t\t\t\t\t<div class=\"elementor-column elementor-col-100 elementor-top-column elementor-element elementor-element-7c8058c\" data-id=\"7c8058c\" data-element_type=\"column\" data-e-type=\"column\">\n\t\t\t<div class=\"elementor-widget-wrap elementor-element-populated\">\n\t\t\t\t\t\t<div class=\"elementor-element elementor-element-48c2fd8 color-scheme-inherit text-left elementor-widget elementor-widget-text-editor\" data-id=\"48c2fd8\" data-element_type=\"widget\" data-e-type=\"widget\" data-widget_type=\"text-editor.default\">\n\t\t\t\t\t\t\t\t\t<h2>Katarakt Cerrahisi S\u00fcreci<\/h2><p>Katarakt rahats\u0131zl\u0131\u011f\u0131n\u0131n tedavisinde kullan\u0131lan cerrahi i\u015flemin yap\u0131lmas\u0131 ufak bir operasyondur. <strong>Katarakt cerrahisi lazer <\/strong>uygulamas\u0131 ile de yap\u0131labilecek basit bir operasyon olarak g\u00f6r\u00fcl\u00fcr. Ancak operasyonun yap\u0131ld\u0131\u011f\u0131 organ g\u00f6z olmas\u0131 nedeni ile b\u00fcy\u00fck bir \u00f6nem arz etmektedir. Cerrahi i\u015flem yap\u0131l\u0131rken lokal anestezi yap\u0131lmaktad\u0131r. Genellikle g\u00f6ze damlat\u0131lan bir uyu\u015fturucu damla bu i\u015flem i\u00e7in yeterli olmaktad\u0131r.<\/p><p><strong>Katarakt cerrahisi nedenleri <\/strong>aras\u0131nda birden fazla durum yer almaktad\u0131r. Ba\u015fta \u015feker hastal\u0131\u011f\u0131 olmak \u00fczere bir\u00e7ok rahats\u0131zl\u0131k bu hastal\u0131\u011fa yol a\u00e7abilmektedir. Bu cerrahi i\u015flemin yap\u0131lmas\u0131 s\u0131ras\u0131nda ilk olarak g\u00f6rmeyi engellemekte olan do\u011fal mercek \u00e7\u0131kar\u0131lmaktad\u0131r.<\/p><p>\u00c7\u0131kar\u0131lan do\u011fal merce\u011fin yerine saydam ve yapay olan mercek yerle\u015ftirilmektedir. Bu i\u015flem lokal anestezi ile yap\u0131lmakta ve i\u015flem sonras\u0131nda hastalar\u0131n yat\u0131\u015f yapmas\u0131na gerek yoktur.<\/p>\t\t\t\t\t\t\t\t<\/div>\n\t\t\t\t\t<\/div>\n\t\t<\/div>\n\t\t\t\t\t<\/div>\n\t\t<\/section>\n\t\t\t\t<section class=\"wd-negative-gap elementor-section elementor-top-section elementor-element elementor-element-10a4b43 elementor-section-boxed elementor-section-height-default elementor-section-height-default\" data-id=\"10a4b43\" data-element_type=\"section\" data-e-type=\"section\">\n\t\t\t\t\t\t<div class=\"elementor-container elementor-column-gap-default\">\n\t\t\t\t\t<div class=\"elementor-column elementor-col-50 elementor-top-column elementor-element elementor-element-8a26b2a\" data-id=\"8a26b2a\" data-element_type=\"column\" data-e-type=\"column\">\n\t\t\t<div class=\"elementor-widget-wrap elementor-element-populated\">\n\t\t\t\t\t\t<div class=\"elementor-element elementor-element-18ec8a9 color-scheme-inherit text-left elementor-widget elementor-widget-text-editor\" data-id=\"18ec8a9\" data-element_type=\"widget\" data-e-type=\"widget\" data-widget_type=\"text-editor.default\">\n\t\t\t\t\t\t\t\t\t<h2>Katarakt Cerrahisi Sonras\u0131 Dikkat Edilmesi Gerekenler<\/h2><p>Katarakt hastal\u0131\u011f\u0131 i\u00e7in yap\u0131lm\u0131\u015f olan cerrahi i\u015flem ayakta tedavi olarak adland\u0131r\u0131labilecek bir cerrahidir. <strong>Katarakt cerrahisi komplikasyonlar\u0131 <\/strong>olu\u015fumunu \u00f6nlemek ad\u0131na uygulanmas\u0131 gereken baz\u0131 unsurlar bulunmaktad\u0131r. Bunlardan birincisi cerrahi i\u015flem sonras\u0131nda ba\u015f\u0131n \u00f6ne e\u011filmesini \u00f6nlemektedir.<\/p>\t\t\t\t\t\t\t\t<\/div>\n\t\t\t\t\t<\/div>\n\t\t<\/div>\n\t\t\t\t<div class=\"elementor-column elementor-col-50 elementor-top-column elementor-element elementor-element-edef62e\" data-id=\"edef62e\" data-element_type=\"column\" data-e-type=\"column\">\n\t\t\t<div class=\"elementor-widget-wrap elementor-element-populated\">\n\t\t\t\t\t\t<div class=\"elementor-element elementor-element-020b56c elementor-widget elementor-widget-image\" data-id=\"020b56c\" data-element_type=\"widget\" data-e-type=\"widget\" data-widget_type=\"image.default\">\n\t\t\t\t\t\t\t\t\t\t\t\t\t\t\t<img loading=\"lazy\" decoding=\"async\" width=\"454\" height=\"301\" src=\"https:\/\/estenbulhealth.com\/wp-content\/uploads\/2021\/09\/cataract-surgery-in-turkey-2.jpg\" class=\"attachment-large size-large wp-image-16912\" alt=\"Cataract Surgery in Turkey\" srcset=\"https:\/\/estenbulhealth.com\/wp-content\/uploads\/2021\/09\/cataract-surgery-in-turkey-2.jpg 454w, https:\/\/estenbulhealth.com\/wp-content\/uploads\/2021\/09\/cataract-surgery-in-turkey-2-300x199.jpg 300w, https:\/\/estenbulhealth.com\/wp-content\/uploads\/2021\/09\/cataract-surgery-in-turkey-2-200x133.jpg 200w, https:\/\/estenbulhealth.com\/wp-content\/uploads\/2021\/09\/cataract-surgery-in-turkey-2-400x265.jpg 400w\" sizes=\"auto, (max-width: 454px) 100vw, 454px\" title=\"\">\t\t\t\t\t\t\t\t\t\t\t\t\t\t\t<\/div>\n\t\t\t\t\t<\/div>\n\t\t<\/div>\n\t\t\t\t\t<\/div>\n\t\t<\/section>\n\t\t\t\t<section class=\"wd-negative-gap elementor-section elementor-top-section elementor-element elementor-element-b69ded0 elementor-section-boxed elementor-section-height-default elementor-section-height-default\" data-id=\"b69ded0\" data-element_type=\"section\" data-e-type=\"section\">\n\t\t\t\t\t\t<div class=\"elementor-container elementor-column-gap-default\">\n\t\t\t\t\t<div class=\"elementor-column elementor-col-100 elementor-top-column elementor-element elementor-element-e05d4a3\" data-id=\"e05d4a3\" data-element_type=\"column\" data-e-type=\"column\">\n\t\t\t<div class=\"elementor-widget-wrap elementor-element-populated\">\n\t\t\t\t\t\t<div class=\"elementor-element elementor-element-d1a47d3 color-scheme-inherit text-left elementor-widget elementor-widget-text-editor\" data-id=\"d1a47d3\" data-element_type=\"widget\" data-e-type=\"widget\" data-widget_type=\"text-editor.default\">\n\t\t\t\t\t\t\t\t\t<p>Cerrahi i\u015flem sonras\u0131nda i\u015flem uygulanm\u0131\u015f g\u00f6z\u00fcn \u00fczerine 15 dakika aral\u0131klar ile so\u011fuk uygulaman\u0131n yap\u0131lmas\u0131 gereklidir. Daha sonras\u0131nda ise koruyu bir g\u00f6zl\u00fck ile hastalar evlerine gidebilmektedir.<\/p><p>Cerrahi i\u015flem ge\u00e7irilmi\u015f olan g\u00f6z\u00fcn direkt olarak elle, toz ve toprak ile temas\u0131ndan ka\u00e7\u0131n\u0131lmas\u0131 gereklidir. Bu durum enfeksiyona neden olaca\u011f\u0131ndan ciddi komplikasyonlar olu\u015fabilecektir. Bunun ayn\u0131 s\u0131ra hastalar\u0131n g\u00f6z bas\u0131nc\u0131n\u0131 art\u0131racak aktivitelerden ka\u00e7\u0131nmas\u0131 \u00f6nerilmektedir.<\/p><p>G\u00f6z bas\u0131nc\u0131n\u0131 art\u0131racak olan aktivitelerden bir tanesi ba\u015f\u0131n \u00f6ne e\u011filmesidir. Bu durum g\u00f6zde kanamalara neden olaca\u011f\u0131 i\u00e7in kesinlikle \u00f6nlenmesi gereken bir i\u015flemdir. Bununla beraber namaz\u0131n dahi ima ile k\u0131l\u0131nmas\u0131 iyile\u015fme d\u00f6nemine kadar dikkat edilmesi gereken bir i\u015flemdir.<\/p>\t\t\t\t\t\t\t\t<\/div>\n\t\t\t\t\t<\/div>\n\t\t<\/div>\n\t\t\t\t\t<\/div>\n\t\t<\/section>\n\t\t\t\t<section class=\"wd-negative-gap elementor-section elementor-top-section elementor-element elementor-element-5aa3314 elementor-section-boxed elementor-section-height-default elementor-section-height-default\" data-id=\"5aa3314\" data-element_type=\"section\" data-e-type=\"section\">\n\t\t\t\t\t\t<div class=\"elementor-container elementor-column-gap-default\">\n\t\t\t\t\t<div class=\"elementor-column elementor-col-100 elementor-top-column elementor-element elementor-element-a2038dc\" data-id=\"a2038dc\" data-element_type=\"column\" data-e-type=\"column\">\n\t\t\t<div class=\"elementor-widget-wrap elementor-element-populated\">\n\t\t\t\t\t\t<div class=\"elementor-element elementor-element-98bcd4c color-scheme-inherit text-left elementor-widget elementor-widget-text-editor\" data-id=\"98bcd4c\" data-element_type=\"widget\" data-e-type=\"widget\" data-widget_type=\"text-editor.default\">\n\t\t\t\t\t\t\t\t\t<h2>Ak\u0131ll\u0131 Lens<\/h2><p>Ak\u0131ll\u0131 lens uygulamas\u0131 katarakt hastalar\u0131n\u0131n merak etti\u011fi uygulamalardan bir tanesidir. Son zamanlarda giderek yayg\u0131nla\u015fmakta olan <strong>katarakt cerrahisi g\u00f6z i\u00e7i lens <\/strong>i\u015flemlerinden bir tanesidir. Ak\u0131ll\u0131 lens uygulamas\u0131 katarakt ameliyatlar\u0131n\u0131n sonras\u0131nda hastalar\u0131n g\u00f6zl\u00fck kullan\u0131m\u0131n\u0131 ortadan kald\u0131rmak i\u00e7in tercih edilir.<\/p><p>Katarakt ameliyatlar\u0131n\u0131n sonras\u0131nda g\u00f6ze tak\u0131lan yapay lenslerin yaln\u0131zca uza\u011f\u0131 g\u00f6rebilmesinde iyilik sa\u011flayabilece\u011fi bilinmelidir. Bunun haricinde hastalar yak\u0131n\u0131 g\u00f6rebilmek i\u00e7in g\u00f6zl\u00fck kullanmalar\u0131 gerekir. Bu t\u00fcr lenslere monofokal tek odakl\u0131 mercekler denir.<\/p><p>Bununla beraber sunulan bir di\u011fer mercek t\u00fcr\u00fc ise hem yak\u0131n\u0131 hem de uza\u011f\u0131 g\u00f6rmeyi sa\u011flayan merceklerdir. Bu merceklere bifokal \u00e7ift odakl\u0131 mercekler denir. Bu mercekler ki\u015filerin yak\u0131n\u0131 ve uza\u011f\u0131 g\u00f6rmesini sa\u011flarken 40 cm ve 2 metre aras\u0131 mesafe i\u00e7in yeterince etkili sonu\u00e7lar vermemektedir.<\/p><p>Halk aras\u0131nda ak\u0131ll\u0131 lens olarak bilinmekte olan trifokal \u00fc\u00e7 odakl\u0131 mercekler ise b\u00fct\u00fcn g\u00f6z sorunlar\u0131n\u0131 ortadan kald\u0131rabilecek olan lenslerdir. Bu lensler uza\u011f\u0131, yak\u0131n\u0131 ve 40 cm-2m aras\u0131 uzakl\u0131klar\u0131n rahat bir \u015fekilde g\u00f6r\u00fclmesini sa\u011flamaktad\u0131r.<\/p>\t\t\t\t\t\t\t\t<\/div>\n\t\t\t\t\t<\/div>\n\t\t<\/div>\n\t\t\t\t\t<\/div>\n\t\t<\/section>\n\t\t\t\t<section class=\"wd-negative-gap elementor-section elementor-top-section elementor-element elementor-element-6fa232d elementor-section-boxed elementor-section-height-default elementor-section-height-default\" data-id=\"6fa232d\" data-element_type=\"section\" data-e-type=\"section\">\n\t\t\t\t\t\t<div class=\"elementor-container elementor-column-gap-default\">\n\t\t\t\t\t<div class=\"elementor-column elementor-col-100 elementor-top-column elementor-element elementor-element-3df3830\" data-id=\"3df3830\" data-element_type=\"column\" data-e-type=\"column\">\n\t\t\t<div class=\"elementor-widget-wrap elementor-element-populated\">\n\t\t\t\t\t\t<div class=\"elementor-element elementor-element-d17d690 elementor-widget-divider--view-line_icon elementor-view-default elementor-widget-divider--element-align-center elementor-widget elementor-widget-divider\" data-id=\"d17d690\" data-element_type=\"widget\" data-e-type=\"widget\" data-widget_type=\"divider.default\">\n\t\t\t\t\t\t\t<div class=\"elementor-divider\">\n\t\t\t<span class=\"elementor-divider-separator\">\n\t\t\t\t\t\t\t<div class=\"elementor-icon elementor-divider__element\">\n\t\t\t\t\t<svg aria-hidden=\"true\" class=\"e-font-icon-svg e-fas-hand-holding-heart\" viewBox=\"0 0 576 512\" xmlns=\"http:\/\/www.w3.org\/2000\/svg\"><path d=\"M275.3 250.5c7 7.4 18.4 7.4 25.5 0l108.9-114.2c31.6-33.2 29.8-88.2-5.6-118.8-30.8-26.7-76.7-21.9-104.9 7.7L288 36.9l-11.1-11.6C248.7-4.4 202.8-9.2 172 17.5c-35.3 30.6-37.2 85.6-5.6 118.8l108.9 114.2zm290 77.6c-11.8-10.7-30.2-10-42.6 0L430.3 402c-11.3 9.1-25.4 14-40 14H272c-8.8 0-16-7.2-16-16s7.2-16 16-16h78.3c15.9 0 30.7-10.9 33.3-26.6 3.3-20-12.1-37.4-31.6-37.4H192c-27 0-53.1 9.3-74.1 26.3L71.4 384H16c-8.8 0-16 7.2-16 16v96c0 8.8 7.2 16 16 16h356.8c14.5 0 28.6-4.9 40-14L564 377c15.2-12.1 16.4-35.3 1.3-48.9z\"><\/path><\/svg><\/div>\n\t\t\t\t\t\t<\/span>\n\t\t<\/div>\n\t\t\t\t\t\t<\/div>\n\t\t\t\t\t<\/div>\n\t\t<\/div>\n\t\t\t\t\t<\/div>\n\t\t<\/section>\n\t\t\t\t<section class=\"wd-negative-gap elementor-section elementor-top-section elementor-element elementor-element-165c0ff elementor-section-boxed elementor-section-height-default elementor-section-height-default\" data-id=\"165c0ff\" data-element_type=\"section\" data-e-type=\"section\">\n\t\t\t\t\t\t<div class=\"elementor-container elementor-column-gap-default\">\n\t\t\t\t\t<div class=\"elementor-column elementor-col-33 elementor-top-column elementor-element elementor-element-e80093f\" data-id=\"e80093f\" data-element_type=\"column\" data-e-type=\"column\" data-settings=\"{&quot;background_background&quot;:&quot;gradient&quot;}\">\n\t\t\t<div class=\"elementor-widget-wrap elementor-element-populated\">\n\t\t\t\t\t\t\t<\/div>\n\t\t<\/div>\n\t\t\t\t<div class=\"elementor-column elementor-col-66 elementor-top-column elementor-element elementor-element-bbded76\" data-id=\"bbded76\" data-element_type=\"column\" data-e-type=\"column\">\n\t\t\t<div class=\"elementor-widget-wrap elementor-element-populated\">\n\t\t\t\t\t\t<div class=\"elementor-element elementor-element-67569bd elementor-widget elementor-widget-heading\" data-id=\"67569bd\" data-element_type=\"widget\" data-e-type=\"widget\" data-widget_type=\"heading.default\">\n\t\t\t\t\t<h2 class=\"elementor-heading-title elementor-size-default\">Bizimle \u0130leti\u015fime Ge\u00e7in<\/h2>\t\t\t\t<\/div>\n\t\t\t\t<div class=\"elementor-element elementor-element-b2b893c color-scheme-inherit text-left elementor-widget elementor-widget-text-editor\" data-id=\"b2b893c\" data-element_type=\"widget\" data-e-type=\"widget\" data-widget_type=\"text-editor.default\">\n\t\t\t\t\t\t\t\t\t<div class=\"elementor-element elementor-element-b9e7ae4 elementor-widget elementor-widget-text-editor\" data-id=\"b9e7ae4\" data-element_type=\"widget\" data-widget_type=\"text-editor.default\"><div class=\"elementor-widget-container\"><p>Bizimle ileti\u015fim kurabilir veya \u00fccretsiz kons\u00fcltasyon i\u00e7in form doldurabilirsiniz.<\/p><\/div><\/div><div class=\"elementor-element elementor-element-2af11621 elementor-widget elementor-widget-text-editor\" data-id=\"2af11621\" data-element_type=\"widget\" data-widget_type=\"text-editor.default\"><div class=\"elementor-widget-container\"><p><strong>Y\u00f6netim Ofisi:<\/strong>\u00a0Cihannuma Mah. Akdo\u011fan Sok, No: 45\/2 Be\u015fikta\u015f, Istanbul, T\u00fcrkiye<\/p><p><strong>Hastane:<\/strong>\u00a0Levent Mah. Yeni S\u00fcl\u00fcn Sok. No:13, 34353 Be\u015fikta\u015f\/\u0130stanbul<br \/><strong>Phone :<\/strong>\u00a0+90 (543) 337 1865<br \/><strong>Whatsapp :<\/strong>\u00a0+90 (543) 337 1865<br \/><strong>Email:\u00a0<\/strong>info@estenbulhealth.com<\/p><\/div><\/div>\t\t\t\t\t\t\t\t<\/div>\n\t\t\t\t\t<\/div>\n\t\t<\/div>\n\t\t\t\t\t<\/div>\n\t\t<\/section>\n\t\t\t\t<section class=\"wd-negative-gap elementor-section elementor-top-section elementor-element elementor-element-5dbb7ad elementor-section-boxed elementor-section-height-default elementor-section-height-default\" data-id=\"5dbb7ad\" data-element_type=\"section\" data-e-type=\"section\">\n\t\t\t\t\t\t<div class=\"elementor-container elementor-column-gap-default\">\n\t\t\t\t\t<div class=\"elementor-column elementor-col-100 elementor-top-column elementor-element elementor-element-01e5df1\" data-id=\"01e5df1\" data-element_type=\"column\" data-e-type=\"column\">\n\t\t\t<div class=\"elementor-widget-wrap elementor-element-populated\">\n\t\t\t\t\t\t<div class=\"elementor-element elementor-element-b8b309c elementor-widget-divider--view-line_icon elementor-view-default elementor-widget-divider--element-align-center elementor-widget elementor-widget-divider\" data-id=\"b8b309c\" data-element_type=\"widget\" data-e-type=\"widget\" data-widget_type=\"divider.default\">\n\t\t\t\t\t\t\t<div class=\"elementor-divider\">\n\t\t\t<span class=\"elementor-divider-separator\">\n\t\t\t\t\t\t\t<div class=\"elementor-icon elementor-divider__element\">\n\t\t\t\t\t<svg aria-hidden=\"true\" class=\"e-font-icon-svg e-fas-hand-holding-heart\" viewBox=\"0 0 576 512\" xmlns=\"http:\/\/www.w3.org\/2000\/svg\"><path d=\"M275.3 250.5c7 7.4 18.4 7.4 25.5 0l108.9-114.2c31.6-33.2 29.8-88.2-5.6-118.8-30.8-26.7-76.7-21.9-104.9 7.7L288 36.9l-11.1-11.6C248.7-4.4 202.8-9.2 172 17.5c-35.3 30.6-37.2 85.6-5.6 118.8l108.9 114.2zm290 77.6c-11.8-10.7-30.2-10-42.6 0L430.3 402c-11.3 9.1-25.4 14-40 14H272c-8.8 0-16-7.2-16-16s7.2-16 16-16h78.3c15.9 0 30.7-10.9 33.3-26.6 3.3-20-12.1-37.4-31.6-37.4H192c-27 0-53.1 9.3-74.1 26.3L71.4 384H16c-8.8 0-16 7.2-16 16v96c0 8.8 7.2 16 16 16h356.8c14.5 0 28.6-4.9 40-14L564 377c15.2-12.1 16.4-35.3 1.3-48.9z\"><\/path><\/svg><\/div>\n\t\t\t\t\t\t<\/span>\n\t\t<\/div>\n\t\t\t\t\t\t<\/div>\n\t\t\t\t\t<\/div>\n\t\t<\/div>\n\t\t\t\t\t<\/div>\n\t\t<\/section>\n\t\t\t\t<\/div>\n\t\t","protected":false},"excerpt":{"rendered":"<p>Katarakt Cerrahisi Nedir? Katarakt cerrahisi ya\u015flanmaya ba\u011fl\u0131 olarak geli\u015fmekte olan g\u00f6z hastal\u0131klar\u0131n\u0131n ba\u015f\u0131nda gelen katarakt hastal\u0131\u011f\u0131n\u0131 gidermek i\u00e7in yap\u0131lan bir<\/p>\n","protected":false},"author":24,"featured_media":0,"parent":0,"menu_order":0,"comment_status":"closed","ping_status":"closed","template":"","meta":{"content-type":"","footnotes":""},"class_list":["post-16928","page","type-page","status-publish","hentry"],"_links":{"self":[{"href":"https:\/\/estenbulhealth.com\/tr\/wp-json\/wp\/v2\/pages\/16928","targetHints":{"allow":["GET"]}}],"collection":[{"href":"https:\/\/estenbulhealth.com\/tr\/wp-json\/wp\/v2\/pages"}],"about":[{"href":"https:\/\/estenbulhealth.com\/tr\/wp-json\/wp\/v2\/types\/page"}],"author":[{"embeddable":true,"href":"https:\/\/estenbulhealth.com\/tr\/wp-json\/wp\/v2\/users\/24"}],"replies":[{"embeddable":true,"href":"https:\/\/estenbulhealth.com\/tr\/wp-json\/wp\/v2\/comments?post=16928"}],"version-history":[{"count":1,"href":"https:\/\/estenbulhealth.com\/tr\/wp-json\/wp\/v2\/pages\/16928\/revisions"}],"predecessor-version":[{"id":42180,"href":"https:\/\/estenbulhealth.com\/tr\/wp-json\/wp\/v2\/pages\/16928\/revisions\/42180"}],"wp:attachment":[{"href":"https:\/\/estenbulhealth.com\/tr\/wp-json\/wp\/v2\/media?parent=16928"}],"curies":[{"name":"wp","href":"https:\/\/api.w.org\/{rel}","templated":true}]}}