{"id":15020,"date":"2025-01-28T21:11:30","date_gmt":"2025-01-28T18:11:30","guid":{"rendered":"https:\/\/estenbulhealth.com\/?page_id=15020"},"modified":"2025-01-28T21:18:53","modified_gmt":"2025-01-28T18:18:53","slug":"yuz-germe","status":"publish","type":"page","link":"https:\/\/estenbulhealth.com\/tr\/yuz-germe\/","title":{"rendered":"T\u00fcrkiye&#8217;de Y\u00fcz Germe"},"content":{"rendered":"\t\t<div data-elementor-type=\"wp-page\" data-elementor-id=\"15020\" class=\"elementor elementor-15020\">\n\t\t\t\t\t\t<section class=\"wd-negative-gap elementor-section elementor-top-section elementor-element elementor-element-55a29e5 elementor-section-boxed elementor-section-height-default elementor-section-height-default\" data-id=\"55a29e5\" data-element_type=\"section\" data-e-type=\"section\">\n\t\t\t\t\t\t<div class=\"elementor-container elementor-column-gap-default\">\n\t\t\t\t\t<div class=\"elementor-column elementor-col-50 elementor-top-column elementor-element elementor-element-c80406f\" data-id=\"c80406f\" data-element_type=\"column\" data-e-type=\"column\">\n\t\t\t<div class=\"elementor-widget-wrap elementor-element-populated\">\n\t\t\t\t\t\t<div class=\"elementor-element elementor-element-2e7accf color-scheme-inherit text-left elementor-widget elementor-widget-text-editor\" data-id=\"2e7accf\" data-element_type=\"widget\" data-e-type=\"widget\" data-widget_type=\"text-editor.default\">\n\t\t\t\t\t\t\t\t\t<h2>Y\u00fcz Germe Nedir?<\/h2><p>G\u00fcn\u00fcm\u00fcz\u00fcn en yayg\u0131n estetik operasyonlar\u0131 aras\u0131nda yer alan y\u00fcz estetik uygulamalar\u0131nda en h\u0131zl\u0131 sonu\u00e7 veren ve en \u00e7ok tercih edilen bir di\u011fer estetik uygulama ise Y\u00fcz Germedir.<\/p><p>Zamanla cildimizde bir\u00e7ok nedene ba\u011fl\u0131 k\u0131r\u0131\u015f\u0131kl\u0131klar, derin izler ve deformeler g\u00f6rmek m\u00fcmk\u00fcnd\u00fcr. G\u00fcne\u015f, ya\u015flanma belirtileri, derin k\u0131r\u0131\u015f\u0131kl\u0131klar, stres sa\u011fl\u0131ks\u0131z beslenmeye kadar bir\u00e7ok neden cildimizin \u0131\u015f\u0131lt\u0131s\u0131n\u0131 gerginli\u011fini kaybetmesine neden olabilmektedir.<\/p>\t\t\t\t\t\t\t\t<\/div>\n\t\t\t\t\t<\/div>\n\t\t<\/div>\n\t\t\t\t<div class=\"elementor-column elementor-col-50 elementor-top-column elementor-element elementor-element-d263949\" data-id=\"d263949\" data-element_type=\"column\" data-e-type=\"column\">\n\t\t\t<div class=\"elementor-widget-wrap elementor-element-populated\">\n\t\t\t\t\t\t<div class=\"elementor-element elementor-element-5144e29 elementor-widget elementor-widget-image\" data-id=\"5144e29\" data-element_type=\"widget\" data-e-type=\"widget\" data-widget_type=\"image.default\">\n\t\t\t\t\t\t\t\t\t\t\t\t\t\t\t<img loading=\"lazy\" decoding=\"async\" width=\"652\" height=\"368\" src=\"https:\/\/estenbulhealth.com\/wp-content\/uploads\/2018\/06\/facelift-in-turkey-1.jpg\" class=\"attachment-large size-large wp-image-10840\" alt=\"Face Lift in Turkey\" srcset=\"https:\/\/estenbulhealth.com\/wp-content\/uploads\/2018\/06\/facelift-in-turkey-1.jpg 652w, https:\/\/estenbulhealth.com\/wp-content\/uploads\/2018\/06\/facelift-in-turkey-1-300x169.jpg 300w, https:\/\/estenbulhealth.com\/wp-content\/uploads\/2018\/06\/facelift-in-turkey-1-200x113.jpg 200w, https:\/\/estenbulhealth.com\/wp-content\/uploads\/2018\/06\/facelift-in-turkey-1-400x226.jpg 400w, https:\/\/estenbulhealth.com\/wp-content\/uploads\/2018\/06\/facelift-in-turkey-1-600x339.jpg 600w\" sizes=\"auto, (max-width: 652px) 100vw, 652px\" title=\"\">\t\t\t\t\t\t\t\t\t\t\t\t\t\t\t<\/div>\n\t\t\t\t\t<\/div>\n\t\t<\/div>\n\t\t\t\t\t<\/div>\n\t\t<\/section>\n\t\t\t\t<section class=\"wd-negative-gap elementor-section elementor-top-section elementor-element elementor-element-dc174f1 elementor-section-boxed elementor-section-height-default elementor-section-height-default\" data-id=\"dc174f1\" data-element_type=\"section\" data-e-type=\"section\">\n\t\t\t\t\t\t<div class=\"elementor-container elementor-column-gap-default\">\n\t\t\t\t\t<div class=\"elementor-column elementor-col-100 elementor-top-column elementor-element elementor-element-cf1af67\" data-id=\"cf1af67\" data-element_type=\"column\" data-e-type=\"column\">\n\t\t\t<div class=\"elementor-widget-wrap elementor-element-populated\">\n\t\t\t\t\t\t<div class=\"elementor-element elementor-element-6a1514f color-scheme-inherit text-left elementor-widget elementor-widget-text-editor\" data-id=\"6a1514f\" data-element_type=\"widget\" data-e-type=\"widget\" data-widget_type=\"text-editor.default\">\n\t\t\t\t\t\t\t\t\t<p>Sa\u011fl\u0131kl\u0131 beslenmeye \u00f6zen g\u00f6stersek, g\u00fcne\u015ften d\u00fczenli olarak korunsak da maalesef tam anlam\u0131yla tam anlam\u0131yla kusursuz bir cilt korumas\u0131 m\u00fcmk\u00fcn olmad\u0131\u011f\u0131ndan dolay\u0131 estetik cerrahi m\u00fcdahalelere olan taleplerin artt\u0131\u011f\u0131n\u0131 s\u00f6ylemek m\u00fcmk\u00fcnd\u00fcr. \u00d6zellikle ya\u015flanmaya ba\u011fl\u0131 deri elastikiyetini kaybetmeye ba\u015flar, elastikiyetini kaybeden deride ayn\u0131 zamanda ya\u011f dokusunun azalmas\u0131 g\u00f6r\u00fcl\u00fcr ve k\u0131r\u0131\u015f\u0131kl\u0131klar ince \u00e7izgiler ortaya \u00e7\u0131kar.<\/p><p>Genellikle estetik kayg\u0131larla tercih edilen y\u00fcz germe ameliyat\u0131 zaman zaman zaruri nedenlerle de yap\u0131labilmektedir. Estetik kayg\u0131larla ger\u00e7ekle\u015fen bu y\u00fcz germe operasyonlar\u0131n\u0131 kad\u0131nlar kadar erkeklerinde tercih etti\u011fi g\u00f6r\u00fclmektedir.<\/p>\t\t\t\t\t\t\t\t<\/div>\n\t\t\t\t\t<\/div>\n\t\t<\/div>\n\t\t\t\t\t<\/div>\n\t\t<\/section>\n\t\t\t\t<section class=\"wd-negative-gap elementor-section elementor-top-section elementor-element elementor-element-0bba32e elementor-section-boxed elementor-section-height-default elementor-section-height-default\" data-id=\"0bba32e\" data-element_type=\"section\" data-e-type=\"section\">\n\t\t\t\t\t\t<div class=\"elementor-container elementor-column-gap-default\">\n\t\t\t\t\t<div class=\"elementor-column elementor-col-100 elementor-top-column elementor-element elementor-element-3bd1cf1\" data-id=\"3bd1cf1\" data-element_type=\"column\" data-e-type=\"column\">\n\t\t\t<div class=\"elementor-widget-wrap elementor-element-populated\">\n\t\t\t\t\t\t<div class=\"elementor-element elementor-element-d0060bc elementor-widget elementor-widget-heading\" data-id=\"d0060bc\" data-element_type=\"widget\" data-e-type=\"widget\" data-widget_type=\"heading.default\">\n\t\t\t\t\t<h2 class=\"elementor-heading-title elementor-size-default\">Y\u00fcz Germe Ameliyat\u0131nda Ya\u015f S\u0131n\u0131r\u0131 Var m\u0131d\u0131r?<\/h2>\t\t\t\t<\/div>\n\t\t\t\t\t<\/div>\n\t\t<\/div>\n\t\t\t\t\t<\/div>\n\t\t<\/section>\n\t\t\t\t<section class=\"wd-negative-gap elementor-section elementor-top-section elementor-element elementor-element-216bc7b elementor-section-boxed elementor-section-height-default elementor-section-height-default\" data-id=\"216bc7b\" data-element_type=\"section\" data-e-type=\"section\">\n\t\t\t\t\t\t<div class=\"elementor-container elementor-column-gap-default\">\n\t\t\t\t\t<div class=\"elementor-column elementor-col-100 elementor-top-column elementor-element elementor-element-c543ce2\" data-id=\"c543ce2\" data-element_type=\"column\" data-e-type=\"column\">\n\t\t\t<div class=\"elementor-widget-wrap elementor-element-populated\">\n\t\t\t\t\t\t<div class=\"elementor-element elementor-element-ba7d76b color-scheme-inherit text-left elementor-widget elementor-widget-text-editor\" data-id=\"ba7d76b\" data-element_type=\"widget\" data-e-type=\"widget\" data-widget_type=\"text-editor.default\">\n\t\t\t\t\t\t\t\t\t<p>Y\u00fcz germe ameliyat\u0131 i\u00e7in kesin olarak belirtilen veya \u00f6nerilen herhangi bir ya\u015f s\u0131n\u0131r\u0131 bulunmamaktad\u0131r. Cildin elastikiyetini kaybetmesi durumu ki\u015fiden ki\u015fiye ya\u015ftan ba\u011f\u0131ms\u0131z olarak de\u011fi\u015fkenlik g\u00f6sterebilmektedir.<\/p><p>Baz\u0131 ki\u015filerde 30 lu ya\u015flar sonras\u0131 y\u00fcz germe esteti\u011fi tercih edilebilmektedir. Baz\u0131 ki\u015filerde ise cilt yap\u0131s\u0131na ba\u011fl\u0131 olarak daha ge\u00e7 veya daha erken ya\u015flarda da y\u00fcz germe ameliyat\u0131 yap\u0131labilmektedir.<\/p><p>Y\u00fcz germe ameliyat\u0131n olacak ki\u015filerin bu operasyona engel olan bir sa\u011fl\u0131k sorunu olmamas\u0131 durumunda her ya\u015fta tercih edilebilmektedir.<\/p>\t\t\t\t\t\t\t\t<\/div>\n\t\t\t\t\t<\/div>\n\t\t<\/div>\n\t\t\t\t\t<\/div>\n\t\t<\/section>\n\t\t\t\t<section class=\"wd-negative-gap elementor-section elementor-top-section elementor-element elementor-element-6929a1a elementor-section-boxed elementor-section-height-default elementor-section-height-default\" data-id=\"6929a1a\" data-element_type=\"section\" data-e-type=\"section\">\n\t\t\t\t\t\t<div class=\"elementor-container elementor-column-gap-default\">\n\t\t\t\t\t<div class=\"elementor-column elementor-col-100 elementor-top-column elementor-element elementor-element-c7e5347\" data-id=\"c7e5347\" data-element_type=\"column\" data-e-type=\"column\">\n\t\t\t<div class=\"elementor-widget-wrap elementor-element-populated\">\n\t\t\t\t\t\t<div class=\"elementor-element elementor-element-211acde elementor-widget elementor-widget-heading\" data-id=\"211acde\" data-element_type=\"widget\" data-e-type=\"widget\" data-widget_type=\"heading.default\">\n\t\t\t\t\t<h2 class=\"elementor-heading-title elementor-size-default\">Y\u00fcz Germe Ameliyat\u0131 Kimlere Uygulanmaktad\u0131r?<\/h2>\t\t\t\t<\/div>\n\t\t\t\t\t<\/div>\n\t\t<\/div>\n\t\t\t\t\t<\/div>\n\t\t<\/section>\n\t\t\t\t<section class=\"wd-negative-gap elementor-section elementor-top-section elementor-element elementor-element-64a9cf1 elementor-section-boxed elementor-section-height-default elementor-section-height-default\" data-id=\"64a9cf1\" data-element_type=\"section\" data-e-type=\"section\">\n\t\t\t\t\t\t<div class=\"elementor-container elementor-column-gap-default\">\n\t\t\t\t\t<div class=\"elementor-column elementor-col-50 elementor-top-column elementor-element elementor-element-1cf7135\" data-id=\"1cf7135\" data-element_type=\"column\" data-e-type=\"column\">\n\t\t\t<div class=\"elementor-widget-wrap elementor-element-populated\">\n\t\t\t\t\t\t<div class=\"elementor-element elementor-element-9192f9d color-scheme-inherit text-left elementor-widget elementor-widget-text-editor\" data-id=\"9192f9d\" data-element_type=\"widget\" data-e-type=\"widget\" data-widget_type=\"text-editor.default\">\n\t\t\t\t\t\t\t\t\t<p>Son y\u0131llarda estetik operasyonlar konusunda ba\u015far\u0131s\u0131n\u0131 t\u00fcm d\u00fcnyan\u0131n konu\u015ftu\u011fu T\u00fcrkiye y\u00fcz germe operasyonlar\u0131 i\u00e7inde ciddi ba\u015far\u0131lara imza at\u0131yor. D\u00fcnyan\u0131n metropol \u015fehirleri aras\u0131nda yer alan \u0130stanbul\u2019da bir\u00e7ok klinik ve alan\u0131nda uzman hekimlerin y\u00fcz germe operasyonlar\u0131 hakk\u0131nda ba\u015far\u0131 hik\u00e2yeleri ise g\u00fcn ge\u00e7tik\u00e7e art\u0131yor.<\/p>\t\t\t\t\t\t\t\t<\/div>\n\t\t\t\t\t<\/div>\n\t\t<\/div>\n\t\t\t\t<div class=\"elementor-column elementor-col-50 elementor-top-column elementor-element elementor-element-5487a85\" data-id=\"5487a85\" data-element_type=\"column\" data-e-type=\"column\">\n\t\t\t<div class=\"elementor-widget-wrap elementor-element-populated\">\n\t\t\t\t\t\t<div class=\"elementor-element elementor-element-2d83e6c elementor-widget elementor-widget-image\" data-id=\"2d83e6c\" data-element_type=\"widget\" data-e-type=\"widget\" data-widget_type=\"image.default\">\n\t\t\t\t\t\t\t\t\t\t\t\t\t\t\t<img loading=\"lazy\" decoding=\"async\" width=\"652\" height=\"327\" src=\"https:\/\/estenbulhealth.com\/wp-content\/uploads\/2021\/05\/face-lift-in-turkey-2.jpg\" class=\"attachment-large size-large wp-image-12909\" alt=\"Face Lift in Turkey Istanbul\" srcset=\"https:\/\/estenbulhealth.com\/wp-content\/uploads\/2021\/05\/face-lift-in-turkey-2.jpg 652w, https:\/\/estenbulhealth.com\/wp-content\/uploads\/2021\/05\/face-lift-in-turkey-2-300x150.jpg 300w, https:\/\/estenbulhealth.com\/wp-content\/uploads\/2021\/05\/face-lift-in-turkey-2-200x100.jpg 200w, https:\/\/estenbulhealth.com\/wp-content\/uploads\/2021\/05\/face-lift-in-turkey-2-400x201.jpg 400w, https:\/\/estenbulhealth.com\/wp-content\/uploads\/2021\/05\/face-lift-in-turkey-2-600x301.jpg 600w, https:\/\/estenbulhealth.com\/wp-content\/uploads\/2021\/05\/face-lift-in-turkey-2-540x272.jpg 540w\" sizes=\"auto, (max-width: 652px) 100vw, 652px\" title=\"\">\t\t\t\t\t\t\t\t\t\t\t\t\t\t\t<\/div>\n\t\t\t\t\t<\/div>\n\t\t<\/div>\n\t\t\t\t\t<\/div>\n\t\t<\/section>\n\t\t\t\t<section class=\"wd-negative-gap elementor-section elementor-top-section elementor-element elementor-element-b122e6f elementor-section-boxed elementor-section-height-default elementor-section-height-default\" data-id=\"b122e6f\" data-element_type=\"section\" data-e-type=\"section\">\n\t\t\t\t\t\t<div class=\"elementor-container elementor-column-gap-default\">\n\t\t\t\t\t<div class=\"elementor-column elementor-col-100 elementor-top-column elementor-element elementor-element-170112c\" data-id=\"170112c\" data-element_type=\"column\" data-e-type=\"column\">\n\t\t\t<div class=\"elementor-widget-wrap elementor-element-populated\">\n\t\t\t\t\t\t<div class=\"elementor-element elementor-element-ef40ee9 color-scheme-inherit text-left elementor-widget elementor-widget-text-editor\" data-id=\"ef40ee9\" data-element_type=\"widget\" data-e-type=\"widget\" data-widget_type=\"text-editor.default\">\n\t\t\t\t\t\t\t\t\t<p>Y\u00fcz germe ameliyat\u0131 cildin elastikiyetini kaybetmesi sonucunda yap\u0131lan bir operasyon olmas\u0131 nedeniyle genellikle 40 ya\u015f \u00fczerinde ki\u015filere yap\u0131lmaktad\u0131r. Baz\u0131 durumlarda; stres, d\u00fczensiz beslenme, sigara veya alkol kullan\u0131m\u0131 ve genetik nedenlerle cilt daha erken deforme olabildi\u011finden ve elastikiyetini kaybetti\u011finden dolay\u0131 daha gen\u00e7 ya\u015fl\u0131 ki\u015filere de uygulanabilmektedir.<\/p><p>Cildin g\u00f6r\u00fcn\u00fcm\u00fcnden memnun olmayan, k\u0131r\u0131\u015f\u0131kl\u0131klar ve ince \u00e7izgilerden rahats\u0131z olan bireyler y\u00fcz germe esteti\u011fi olabilmektedir.<\/p><p>Ayr\u0131ca cildi sarkan, g\u00f6z \u00e7evresinde yo\u011fun \u00e7ukurlar olu\u015fan, y\u00fczde a\u015f\u0131r\u0131 ya\u011flanma ve buna ba\u011fl\u0131 belirtiler ortaya \u00e7\u0131kan ki\u015filerde y\u00fcz germe ameliyat\u0131n\u0131 tercih edebilmektedir.<\/p>\t\t\t\t\t\t\t\t<\/div>\n\t\t\t\t\t<\/div>\n\t\t<\/div>\n\t\t\t\t\t<\/div>\n\t\t<\/section>\n\t\t\t\t<section class=\"wd-negative-gap elementor-section elementor-top-section elementor-element elementor-element-14603fd elementor-section-boxed elementor-section-height-default elementor-section-height-default\" data-id=\"14603fd\" data-element_type=\"section\" data-e-type=\"section\">\n\t\t\t\t\t\t<div class=\"elementor-container elementor-column-gap-default\">\n\t\t\t\t\t<div class=\"elementor-column elementor-col-100 elementor-top-column elementor-element elementor-element-8045eaf\" data-id=\"8045eaf\" data-element_type=\"column\" data-e-type=\"column\">\n\t\t\t<div class=\"elementor-widget-wrap elementor-element-populated\">\n\t\t\t\t\t\t<div class=\"elementor-element elementor-element-e5625ce elementor-widget elementor-widget-heading\" data-id=\"e5625ce\" data-element_type=\"widget\" data-e-type=\"widget\" data-widget_type=\"heading.default\">\n\t\t\t\t\t<h2 class=\"elementor-heading-title elementor-size-default\">Y\u00fcz Germe Ameliyat\u0131 Kal\u0131c\u0131l\u0131k S\u00fcresi Ne Kadar?<\/h2>\t\t\t\t<\/div>\n\t\t\t\t\t<\/div>\n\t\t<\/div>\n\t\t\t\t\t<\/div>\n\t\t<\/section>\n\t\t\t\t<section class=\"wd-negative-gap elementor-section elementor-top-section elementor-element elementor-element-47e7d72 elementor-section-boxed elementor-section-height-default elementor-section-height-default\" data-id=\"47e7d72\" data-element_type=\"section\" data-e-type=\"section\">\n\t\t\t\t\t\t<div class=\"elementor-container elementor-column-gap-default\">\n\t\t\t\t\t<div class=\"elementor-column elementor-col-50 elementor-top-column elementor-element elementor-element-0622b8e\" data-id=\"0622b8e\" data-element_type=\"column\" data-e-type=\"column\">\n\t\t\t<div class=\"elementor-widget-wrap elementor-element-populated\">\n\t\t\t\t\t\t<div class=\"elementor-element elementor-element-fffe2dc color-scheme-inherit text-left elementor-widget elementor-widget-text-editor\" data-id=\"fffe2dc\" data-element_type=\"widget\" data-e-type=\"widget\" data-widget_type=\"text-editor.default\">\n\t\t\t\t\t\t\t\t\t<p>Y\u00fcz germe ameliyat\u0131 sonras\u0131 ve \u00f6ncesi en \u00e7ok merak edilen ve en s\u0131k sorulan sorular\u0131n ba\u015f\u0131nda ise \u2018y\u00fcz germe esteti\u011finin kal\u0131c\u0131l\u0131k s\u00fcresi ne kadar \u015feklindedir\u2019 Bu tip estetik m\u00fcdahalelerde operasyon sonras\u0131 koruma do\u011fru \u015fekilde yap\u0131l\u0131r ve operasyon profesyonel ki\u015filerce ger\u00e7ekle\u015firse ortalama 7 ile 10 y\u0131l aras\u0131nda kal\u0131c\u0131l\u0131\u011f\u0131 oldu\u011funu s\u00f6ylemek m\u00fcmk\u00fcnd\u00fcr.<\/p>\t\t\t\t\t\t\t\t<\/div>\n\t\t\t\t\t<\/div>\n\t\t<\/div>\n\t\t\t\t<div class=\"elementor-column elementor-col-50 elementor-top-column elementor-element elementor-element-88d7759\" data-id=\"88d7759\" data-element_type=\"column\" data-e-type=\"column\">\n\t\t\t<div class=\"elementor-widget-wrap elementor-element-populated\">\n\t\t\t\t\t\t<div class=\"elementor-element elementor-element-9424c23 elementor-widget elementor-widget-image\" data-id=\"9424c23\" data-element_type=\"widget\" data-e-type=\"widget\" data-widget_type=\"image.default\">\n\t\t\t\t\t\t\t\t\t\t\t\t\t\t\t<img loading=\"lazy\" decoding=\"async\" width=\"1024\" height=\"538\" src=\"https:\/\/estenbulhealth.com\/wp-content\/uploads\/2021\/05\/face-lift-in-turkey-3-1024x538.jpg\" class=\"attachment-large size-large wp-image-12913\" alt=\"Face Lift in Turkey Istanbul | Estenbul Health\" srcset=\"https:\/\/estenbulhealth.com\/wp-content\/uploads\/2021\/05\/face-lift-in-turkey-3-1024x538.jpg 1024w, https:\/\/estenbulhealth.com\/wp-content\/uploads\/2021\/05\/face-lift-in-turkey-3-300x158.jpg 300w, https:\/\/estenbulhealth.com\/wp-content\/uploads\/2021\/05\/face-lift-in-turkey-3-768x403.jpg 768w, https:\/\/estenbulhealth.com\/wp-content\/uploads\/2021\/05\/face-lift-in-turkey-3-200x105.jpg 200w, https:\/\/estenbulhealth.com\/wp-content\/uploads\/2021\/05\/face-lift-in-turkey-3-400x210.jpg 400w, https:\/\/estenbulhealth.com\/wp-content\/uploads\/2021\/05\/face-lift-in-turkey-3-600x315.jpg 600w, https:\/\/estenbulhealth.com\/wp-content\/uploads\/2021\/05\/face-lift-in-turkey-3-800x420.jpg 800w, https:\/\/estenbulhealth.com\/wp-content\/uploads\/2021\/05\/face-lift-in-turkey-3.jpg 1200w\" sizes=\"auto, (max-width: 1024px) 100vw, 1024px\" title=\"\">\t\t\t\t\t\t\t\t\t\t\t\t\t\t\t<\/div>\n\t\t\t\t\t<\/div>\n\t\t<\/div>\n\t\t\t\t\t<\/div>\n\t\t<\/section>\n\t\t\t\t<section class=\"wd-negative-gap elementor-section elementor-top-section elementor-element elementor-element-7ae8064 elementor-section-boxed elementor-section-height-default elementor-section-height-default\" data-id=\"7ae8064\" data-element_type=\"section\" data-e-type=\"section\">\n\t\t\t\t\t\t<div class=\"elementor-container elementor-column-gap-default\">\n\t\t\t\t\t<div class=\"elementor-column elementor-col-100 elementor-top-column elementor-element elementor-element-a598ea5\" data-id=\"a598ea5\" data-element_type=\"column\" data-e-type=\"column\">\n\t\t\t<div class=\"elementor-widget-wrap elementor-element-populated\">\n\t\t\t\t\t\t<div class=\"elementor-element elementor-element-6bee036 color-scheme-inherit text-left elementor-widget elementor-widget-text-editor\" data-id=\"6bee036\" data-element_type=\"widget\" data-e-type=\"widget\" data-widget_type=\"text-editor.default\">\n\t\t\t\t\t\t\t\t\t<p>Bu s\u00fcre ki\u015fiden ki\u015fiye de\u011fi\u015fmekle beraber, sa\u011fl\u0131kl\u0131 beslenme, stressiz bir ya\u015fam, d\u00fczenli uyku, d\u00fczenli spor gibi bir\u00e7ok fakt\u00f6r y\u00fcz germe ve di\u011fer bir\u00e7ok estetik cerrahi m\u00fcdahalenin kal\u0131c\u0131l\u0131k s\u00fcresini pozitif olarak etkilemektedir.<\/p><p>Aksi bir durumda ise, d\u00fczensiz beslenme, d\u00fczensiz uyku, yo\u011fun alkol ve sigara t\u00fcketimi, spordan uzak bir ya\u015fam \u015fekli bu operasyonunda kal\u0131c\u0131l\u0131k s\u00fcresini minimuma indirecektir. Bu nedenle sadece operasyona ba\u011fl\u0131 kal\u0131c\u0131l\u0131k beklemek maalesef yanl\u0131\u015ft\u0131r. Y\u00fcz germe ameliyat\u0131 sonras\u0131 uzman y\u00f6nlendirmelerini dikkate almak ve ya\u015fam standartlar\u0131n\u0131 maksimum seviyede korumak \u00f6nemlidir.<\/p>\t\t\t\t\t\t\t\t<\/div>\n\t\t\t\t\t<\/div>\n\t\t<\/div>\n\t\t\t\t\t<\/div>\n\t\t<\/section>\n\t\t\t\t<section class=\"wd-negative-gap elementor-section elementor-top-section elementor-element elementor-element-7233237 elementor-section-boxed elementor-section-height-default elementor-section-height-default\" data-id=\"7233237\" data-element_type=\"section\" data-e-type=\"section\">\n\t\t\t\t\t\t<div class=\"elementor-container elementor-column-gap-default\">\n\t\t\t\t\t<div class=\"elementor-column elementor-col-100 elementor-top-column elementor-element elementor-element-e9829de\" data-id=\"e9829de\" data-element_type=\"column\" data-e-type=\"column\">\n\t\t\t<div class=\"elementor-widget-wrap elementor-element-populated\">\n\t\t\t\t\t\t<div class=\"elementor-element elementor-element-99d5a59 elementor-widget elementor-widget-heading\" data-id=\"99d5a59\" data-element_type=\"widget\" data-e-type=\"widget\" data-widget_type=\"heading.default\">\n\t\t\t\t\t<h2 class=\"elementor-heading-title elementor-size-default\">Y\u00fcz Germe Ameliyat\u0131 \u00d6ncesi Nelere Dikkat Edilmelidir?<\/h2>\t\t\t\t<\/div>\n\t\t\t\t\t<\/div>\n\t\t<\/div>\n\t\t\t\t\t<\/div>\n\t\t<\/section>\n\t\t\t\t<section class=\"wd-negative-gap elementor-section elementor-top-section elementor-element elementor-element-9fe0e20 elementor-section-boxed elementor-section-height-default elementor-section-height-default\" data-id=\"9fe0e20\" data-element_type=\"section\" data-e-type=\"section\">\n\t\t\t\t\t\t<div class=\"elementor-container elementor-column-gap-default\">\n\t\t\t\t\t<div class=\"elementor-column elementor-col-100 elementor-top-column elementor-element elementor-element-c9e5477\" data-id=\"c9e5477\" data-element_type=\"column\" data-e-type=\"column\">\n\t\t\t<div class=\"elementor-widget-wrap elementor-element-populated\">\n\t\t\t\t\t\t<div class=\"elementor-element elementor-element-9de2a19 color-scheme-inherit text-left elementor-widget elementor-widget-text-editor\" data-id=\"9de2a19\" data-element_type=\"widget\" data-e-type=\"widget\" data-widget_type=\"text-editor.default\">\n\t\t\t\t\t\t\t\t\t<p>Y\u00fcz germe ameliyat\u0131 estetik ama\u00e7la yap\u0131lan cerrahi bir m\u00fcdahaledir ve t\u00fcm cerrahi m\u00fcdahalelerde oldu\u011fu gibi operasyondan \u00f6nce bir haz\u0131rl\u0131k a\u015famas\u0131 vard\u0131r.<\/p><p>Y\u00fcz germe ameliyat\u0131 \u00f6ncesinde, kanama riskini artt\u0131ran aspirin ve benzeri ila\u00e7lara hekim kontrol\u00fcnde ara verilmeli ve yine kan suland\u0131ran vitaminler ve bitki \u00e7aylar\u0131ndan uzak durulmal\u0131d\u0131r. Y\u00fcz germe operasyonu sonras\u0131nda iyile\u015fmeyi direkt etkiledi\u011finden dolay\u0131 y\u00fcz germe ameliyat\u0131 \u00f6ncesinde ortalama 2 hafta s\u00fcresince sigara ve alkol t\u00fcketimi sonland\u0131r\u0131lmal\u0131d\u0131r.<\/p>\t\t\t\t\t\t\t\t<\/div>\n\t\t\t\t\t<\/div>\n\t\t<\/div>\n\t\t\t\t\t<\/div>\n\t\t<\/section>\n\t\t\t\t<section class=\"wd-negative-gap elementor-section elementor-top-section elementor-element elementor-element-50c01ca elementor-section-boxed elementor-section-height-default elementor-section-height-default\" data-id=\"50c01ca\" data-element_type=\"section\" data-e-type=\"section\">\n\t\t\t\t\t\t<div class=\"elementor-container elementor-column-gap-default\">\n\t\t\t\t\t<div class=\"elementor-column elementor-col-100 elementor-top-column elementor-element elementor-element-d4d5843\" data-id=\"d4d5843\" data-element_type=\"column\" data-e-type=\"column\">\n\t\t\t<div class=\"elementor-widget-wrap elementor-element-populated\">\n\t\t\t\t\t\t<div class=\"elementor-element elementor-element-15d14c9 elementor-widget elementor-widget-heading\" data-id=\"15d14c9\" data-element_type=\"widget\" data-e-type=\"widget\" data-widget_type=\"heading.default\">\n\t\t\t\t\t<h2 class=\"elementor-heading-title elementor-size-default\">Y\u00fcz Germe Ameliyat\u0131 Sonras\u0131 \u0130z Kal\u0131r m\u0131?<\/h2>\t\t\t\t<\/div>\n\t\t\t\t\t<\/div>\n\t\t<\/div>\n\t\t\t\t\t<\/div>\n\t\t<\/section>\n\t\t\t\t<section class=\"wd-negative-gap elementor-section elementor-top-section elementor-element elementor-element-a424064 elementor-section-boxed elementor-section-height-default elementor-section-height-default\" data-id=\"a424064\" data-element_type=\"section\" data-e-type=\"section\">\n\t\t\t\t\t\t<div class=\"elementor-container elementor-column-gap-default\">\n\t\t\t\t\t<div class=\"elementor-column elementor-col-100 elementor-top-column elementor-element elementor-element-fe58b11\" data-id=\"fe58b11\" data-element_type=\"column\" data-e-type=\"column\">\n\t\t\t<div class=\"elementor-widget-wrap elementor-element-populated\">\n\t\t\t\t\t\t<div class=\"elementor-element elementor-element-8ac4ecc color-scheme-inherit text-left elementor-widget elementor-widget-text-editor\" data-id=\"8ac4ecc\" data-element_type=\"widget\" data-e-type=\"widget\" data-widget_type=\"text-editor.default\">\n\t\t\t\t\t\t\t\t\t<p>Y\u00fcz germe ameliyat\u0131 sonras\u0131nda hafif belirgin olan izlerin kalmas\u0131 durumu m\u00fcmk\u00fcnd\u00fcr. Bu izleri minimum seviyeye indirmek i\u00e7in mutlaka alan\u0131nda profesyonel ki\u015filerden hizmet al\u0131nmas\u0131 \u00f6nemlidir. Bu konuda profesyonel hekimler bu izlerin kamufle edilmesi, izlerin minimumda olmas\u0131 konusunda do\u011fru \u015fekilde operasyon ger\u00e7ekle\u015ftireceklerdir. Y\u00fcz germe operasyonu sonras\u0131nda olu\u015fan izler genellikle \u00e7ok belirgin olmayan noktalarda, kulak \u00e7evresi veya sa\u00e7l\u0131 b\u00f6lgelerde oldu\u011fundan dolay\u0131 kamufle edilmesi olduk\u00e7a m\u00fcmk\u00fcnd\u00fcr. Operasyon sonras\u0131 hekim y\u00f6nlendirmelerine tam uyum ve do\u011fru koruma ile bu izleri minimum seviyeye indirmek m\u00fcmk\u00fcnd\u00fcr.<\/p><p>Y\u00fcz germe esteti\u011fi anestezi uygulanarak yap\u0131lan bir cerrahi m\u00fcdahale olmas\u0131 nedeniyle mutlaka profesyonel sa\u011fl\u0131k kurumlar\u0131nda ve alan\u0131nda uzman hekimlerce hizmet al\u0131nmal\u0131d\u0131r. T\u00fcrkiye y\u00fcz germe esteti\u011fi konusunda olduk\u00e7a ba\u015far\u0131l\u0131 sonu\u00e7lar verirken, Estenbul Health olarak \u0130stanbul da y\u00fcz germe esteti\u011fi i\u00e7in alan\u0131nda uzman hekimlerimizle hizmet sunmaktay\u0131z.<\/p>\t\t\t\t\t\t\t\t<\/div>\n\t\t\t\t\t<\/div>\n\t\t<\/div>\n\t\t\t\t\t<\/div>\n\t\t<\/section>\n\t\t\t\t<section class=\"wd-negative-gap elementor-section elementor-top-section elementor-element elementor-element-38423d4 elementor-section-boxed elementor-section-height-default elementor-section-height-default\" data-id=\"38423d4\" data-element_type=\"section\" data-e-type=\"section\">\n\t\t\t\t\t\t<div class=\"elementor-container elementor-column-gap-default\">\n\t\t\t\t\t<div class=\"elementor-column elementor-col-100 elementor-top-column elementor-element elementor-element-37e9490\" data-id=\"37e9490\" data-element_type=\"column\" data-e-type=\"column\">\n\t\t\t<div class=\"elementor-widget-wrap elementor-element-populated\">\n\t\t\t\t\t\t<div class=\"elementor-element elementor-element-344dccb elementor-widget elementor-widget-heading\" data-id=\"344dccb\" data-element_type=\"widget\" data-e-type=\"widget\" data-widget_type=\"heading.default\">\n\t\t\t\t\t<h2 class=\"elementor-heading-title elementor-size-default\">Y\u00fcz Germe Ameliyat\u0131 Sonras\u0131 Nelere Dikkat Edilmelidir?<\/h2>\t\t\t\t<\/div>\n\t\t\t\t\t<\/div>\n\t\t<\/div>\n\t\t\t\t\t<\/div>\n\t\t<\/section>\n\t\t\t\t<section class=\"wd-negative-gap elementor-section elementor-top-section elementor-element elementor-element-6f232ec elementor-section-boxed elementor-section-height-default elementor-section-height-default\" data-id=\"6f232ec\" data-element_type=\"section\" data-e-type=\"section\">\n\t\t\t\t\t\t<div class=\"elementor-container elementor-column-gap-default\">\n\t\t\t\t\t<div class=\"elementor-column elementor-col-50 elementor-top-column elementor-element elementor-element-8141dfb\" data-id=\"8141dfb\" data-element_type=\"column\" data-e-type=\"column\">\n\t\t\t<div class=\"elementor-widget-wrap elementor-element-populated\">\n\t\t\t\t\t\t<div class=\"elementor-element elementor-element-802548b color-scheme-inherit text-left elementor-widget elementor-widget-text-editor\" data-id=\"802548b\" data-element_type=\"widget\" data-e-type=\"widget\" data-widget_type=\"text-editor.default\">\n\t\t\t\t\t\t\t\t\t<p>Y\u00fcz germe ameliyat\u0131 sonras\u0131nda t\u00fcm cerrahi m\u00fcdahalelerde oldu\u011fu gibi \u00f6dem \u015fi\u015flik ve morluklar\u0131n g\u00f6r\u00fclmesi beklenen bir durumdur. Operasyon sonras\u0131nda ilk 2 g\u00fcn du\u015f al\u0131nmamas\u0131 \u00f6nerilmektedir. 2. G\u00fcn\u00fcn sonunda du\u015f al\u0131nabilir. Y\u00fcz germe esteti\u011fi sonras\u0131 y\u00fcz b\u00f6lgesinde zaman zaman hissizlik ya\u015fanabilmektedir. Operasyon sonras\u0131nda ilk 2 hafta temas\u0131n minimumda olmas\u0131 \u00f6nerilmektedir.<\/p>\t\t\t\t\t\t\t\t<\/div>\n\t\t\t\t\t<\/div>\n\t\t<\/div>\n\t\t\t\t<div class=\"elementor-column elementor-col-50 elementor-top-column elementor-element elementor-element-ebc82c0\" data-id=\"ebc82c0\" data-element_type=\"column\" data-e-type=\"column\">\n\t\t\t<div class=\"elementor-widget-wrap elementor-element-populated\">\n\t\t\t\t\t\t<div class=\"elementor-element elementor-element-3ffaff1 elementor-widget elementor-widget-image\" data-id=\"3ffaff1\" data-element_type=\"widget\" data-e-type=\"widget\" data-widget_type=\"image.default\">\n\t\t\t\t\t\t\t\t\t\t\t\t\t\t\t<img loading=\"lazy\" decoding=\"async\" width=\"652\" height=\"358\" src=\"https:\/\/estenbulhealth.com\/wp-content\/uploads\/2021\/05\/face-lift-in-turkey-4.jpg\" class=\"attachment-large size-large wp-image-12917\" alt=\"Face Lift in Turkey Istanbul | Plastic Surgery\" srcset=\"https:\/\/estenbulhealth.com\/wp-content\/uploads\/2021\/05\/face-lift-in-turkey-4.jpg 652w, https:\/\/estenbulhealth.com\/wp-content\/uploads\/2021\/05\/face-lift-in-turkey-4-300x165.jpg 300w, https:\/\/estenbulhealth.com\/wp-content\/uploads\/2021\/05\/face-lift-in-turkey-4-200x110.jpg 200w, https:\/\/estenbulhealth.com\/wp-content\/uploads\/2021\/05\/face-lift-in-turkey-4-400x220.jpg 400w, https:\/\/estenbulhealth.com\/wp-content\/uploads\/2021\/05\/face-lift-in-turkey-4-600x329.jpg 600w\" sizes=\"auto, (max-width: 652px) 100vw, 652px\" title=\"\">\t\t\t\t\t\t\t\t\t\t\t\t\t\t\t<\/div>\n\t\t\t\t\t<\/div>\n\t\t<\/div>\n\t\t\t\t\t<\/div>\n\t\t<\/section>\n\t\t\t\t<section class=\"wd-negative-gap elementor-section elementor-top-section elementor-element elementor-element-51d4940 elementor-section-boxed elementor-section-height-default elementor-section-height-default\" data-id=\"51d4940\" data-element_type=\"section\" data-e-type=\"section\">\n\t\t\t\t\t\t<div class=\"elementor-container elementor-column-gap-default\">\n\t\t\t\t\t<div class=\"elementor-column elementor-col-100 elementor-top-column elementor-element elementor-element-a98eba7\" data-id=\"a98eba7\" data-element_type=\"column\" data-e-type=\"column\">\n\t\t\t<div class=\"elementor-widget-wrap elementor-element-populated\">\n\t\t\t\t\t\t<div class=\"elementor-element elementor-element-5e56814 color-scheme-inherit text-left elementor-widget elementor-widget-text-editor\" data-id=\"5e56814\" data-element_type=\"widget\" data-e-type=\"widget\" data-widget_type=\"text-editor.default\">\n\t\t\t\t\t\t\t\t\t<p>Y\u00fcz germe ameliyat\u0131 sonras\u0131 ilk1 ay a\u011f\u0131r aktivitelerden uzak durulmas\u0131 \u00f6nerilirken, iyile\u015fmeyi etkiledi\u011finden dolay\u0131 sigara ve alkol t\u00fcketimine ara verilmesi \u00f6nemlidir.<\/p><p>Olu\u015fan \u015fi\u015flik ve morarmalar ortalama 2 hafta i\u00e7erisinde kendili\u011finden iyile\u015fmeye ba\u015flayacakt\u0131r. Y\u00fcz germe ameliyat\u0131 olan ki\u015filerde ortalama 2- hafta istirahat sonras\u0131nda normal hayata d\u00f6n\u00fc\u015f yapabilmektedirler.<\/p>\t\t\t\t\t\t\t\t<\/div>\n\t\t\t\t\t<\/div>\n\t\t<\/div>\n\t\t\t\t\t<\/div>\n\t\t<\/section>\n\t\t\t\t<section class=\"wd-negative-gap elementor-section elementor-top-section elementor-element elementor-element-3653d58 elementor-section-boxed elementor-section-height-default elementor-section-height-default\" data-id=\"3653d58\" data-element_type=\"section\" data-e-type=\"section\">\n\t\t\t\t\t\t<div class=\"elementor-container elementor-column-gap-default\">\n\t\t\t\t\t<div class=\"elementor-column elementor-col-100 elementor-top-column elementor-element elementor-element-69f0ac0\" data-id=\"69f0ac0\" data-element_type=\"column\" data-e-type=\"column\">\n\t\t\t<div class=\"elementor-widget-wrap elementor-element-populated\">\n\t\t\t\t\t\t<div class=\"elementor-element elementor-element-1c0c888 elementor-widget elementor-widget-heading\" data-id=\"1c0c888\" data-element_type=\"widget\" data-e-type=\"widget\" data-widget_type=\"heading.default\">\n\t\t\t\t\t<h2 class=\"elementor-heading-title elementor-size-default\">Y\u00fcz Germe Esteti\u011fi Fiyatlar\u0131 2022<\/h2>\t\t\t\t<\/div>\n\t\t\t\t\t<\/div>\n\t\t<\/div>\n\t\t\t\t\t<\/div>\n\t\t<\/section>\n\t\t\t\t<section class=\"wd-negative-gap elementor-section elementor-top-section elementor-element elementor-element-1f30748f elementor-section-boxed elementor-section-height-default elementor-section-height-default\" data-id=\"1f30748f\" data-element_type=\"section\" data-e-type=\"section\">\n\t\t\t\t\t\t<div class=\"elementor-container elementor-column-gap-default\">\n\t\t\t\t\t<div class=\"elementor-column elementor-col-100 elementor-top-column elementor-element elementor-element-b57ead5\" data-id=\"b57ead5\" data-element_type=\"column\" data-e-type=\"column\">\n\t\t\t<div class=\"elementor-widget-wrap elementor-element-populated\">\n\t\t\t\t\t\t<div class=\"elementor-element elementor-element-7c3e539d color-scheme-inherit text-left elementor-widget elementor-widget-text-editor\" data-id=\"7c3e539d\" data-element_type=\"widget\" data-e-type=\"widget\" data-widget_type=\"text-editor.default\">\n\t\t\t\t\t\t\t\t\t<p>Y\u00fcz germe esteti\u011fi yapt\u0131rmak isteyen herkesin en merak etti\u011fi konular\u0131n ba\u015f\u0131nda; \u2018Y\u00fcz germe esteti\u011fi ne kadar?\u2019 \u2018T\u00fcrkiye y\u00fcz germe ameliyat\u0131 \u2018 \u2018T\u00fcrkiye y\u00fcz germe esteti\u011fi fiyatlar\u0131\u2019 \u2018\u0130stanbul y\u00fcz germe ameliyat\u0131 fiyatlar\u0131\u2019 gibi sorular yer al\u0131yor. \u00d6ncelikle bilinmelidir ki bu t\u00fcr operasyonlar ki\u015fiye \u00f6zel planlad\u0131\u011f\u0131ndan dolay\u0131 net bir rakam vermek maalesef \u00e7ok m\u00fcmk\u00fcn de\u011fildir.<\/p><p>Ki\u015fiye hangi y\u00f6ntemin kullan\u0131laca\u011f\u0131, y\u00fcz germe esteti\u011fi ile birlikte farkl\u0131 bir estetik operasyon yap\u0131l\u0131p yap\u0131lmayaca\u011f\u0131, y\u00fcz germe ameliyat\u0131 ger\u00e7ekle\u015fecek olan b\u00f6lgede sarkan derinin miktar\u0131, y\u00fcz germe<\/p><p>esteti\u011fi yap\u0131lacak b\u00f6lgenin geni\u015fli\u011fi ve y\u00fcz b\u00f6lgesinde ya\u011f al\u0131m\u0131 olup olmayaca\u011f\u0131 gibi bir\u00e7ok belirleyici fakt\u00f6r vard\u0131r.<\/p><p>Sizlerde T\u00fcrkiye\u2019de ve \u0130stanbul\u2019da profesyonel sa\u011fl\u0131k kurumlar\u0131nda alan\u0131na uzman hekimler taraf\u0131ndan hizmet almak, y\u00fcz germe hakk\u0131nda merak etti\u011finiz her \u015feyi sormak i\u00e7in \u00fccretsiz \u00f6n muayene randevusu almak i\u00e7in bizimle ileti\u015fime ge\u00e7ebilirsiniz.<\/p>\t\t\t\t\t\t\t\t<\/div>\n\t\t\t\t\t<\/div>\n\t\t<\/div>\n\t\t\t\t\t<\/div>\n\t\t<\/section>\n\t\t\t\t<section class=\"wd-negative-gap elementor-section elementor-top-section elementor-element elementor-element-7388020 elementor-section-boxed elementor-section-height-default elementor-section-height-default\" data-id=\"7388020\" data-element_type=\"section\" data-e-type=\"section\">\n\t\t\t\t\t\t<div class=\"elementor-container elementor-column-gap-default\">\n\t\t\t\t\t<div class=\"elementor-column elementor-col-50 elementor-top-column elementor-element elementor-element-1a386ae\" data-id=\"1a386ae\" data-element_type=\"column\" data-e-type=\"column\" data-settings=\"{&quot;background_background&quot;:&quot;gradient&quot;}\">\n\t\t\t<div class=\"elementor-widget-wrap elementor-element-populated\">\n\t\t\t\t\t\t\t<\/div>\n\t\t<\/div>\n\t\t\t\t<div class=\"elementor-column elementor-col-50 elementor-top-column elementor-element elementor-element-1a3c54e\" data-id=\"1a3c54e\" data-element_type=\"column\" data-e-type=\"column\">\n\t\t\t<div class=\"elementor-widget-wrap elementor-element-populated\">\n\t\t\t\t\t\t<div class=\"elementor-element elementor-element-e41529c color-scheme-inherit text-left elementor-widget elementor-widget-text-editor\" data-id=\"e41529c\" data-element_type=\"widget\" data-e-type=\"widget\" data-widget_type=\"text-editor.default\">\n\t\t\t\t\t\t\t\t\t<h2>\u0130leti\u015fim!<\/h2><p><strong>Merkez Ofis:<\/strong>\u00a0Cihannuma Mah. Akdo\u011fan Sok, No: 45\/2 Be\u015fikta\u015f, Istanbul, Turkey<\/p><p><strong>Hastane:<\/strong>\u00a0Levent Mah. Yeni S\u00fcl\u00fcn Sok. No:13, 34353 Be\u015fikta\u015f\/\u0130stanbul<br \/><strong>Telefon :<\/strong>\u00a0+90 (543) 337 1865<br \/><strong>Whatsapp :<\/strong>\u00a0+90 (543) 337 1865<br \/><strong>E-posta: <\/strong>info@estenbulhealth.com<\/p>\t\t\t\t\t\t\t\t<\/div>\n\t\t\t\t\t<\/div>\n\t\t<\/div>\n\t\t\t\t\t<\/div>\n\t\t<\/section>\n\t\t\t\t<\/div>\n\t\t","protected":false},"excerpt":{"rendered":"<p>Y\u00fcz Germe Nedir? G\u00fcn\u00fcm\u00fcz\u00fcn en yayg\u0131n estetik operasyonlar\u0131 aras\u0131nda yer alan y\u00fcz estetik uygulamalar\u0131nda en h\u0131zl\u0131 sonu\u00e7 veren ve en<\/p>\n","protected":false},"author":24,"featured_media":0,"parent":0,"menu_order":0,"comment_status":"closed","ping_status":"closed","template":"","meta":{"content-type":"","footnotes":""},"class_list":["post-15020","page","type-page","status-publish","hentry"],"_links":{"self":[{"href":"https:\/\/estenbulhealth.com\/tr\/wp-json\/wp\/v2\/pages\/15020","targetHints":{"allow":["GET"]}}],"collection":[{"href":"https:\/\/estenbulhealth.com\/tr\/wp-json\/wp\/v2\/pages"}],"about":[{"href":"https:\/\/estenbulhealth.com\/tr\/wp-json\/wp\/v2\/types\/page"}],"author":[{"embeddable":true,"href":"https:\/\/estenbulhealth.com\/tr\/wp-json\/wp\/v2\/users\/24"}],"replies":[{"embeddable":true,"href":"https:\/\/estenbulhealth.com\/tr\/wp-json\/wp\/v2\/comments?post=15020"}],"version-history":[{"count":1,"href":"https:\/\/estenbulhealth.com\/tr\/wp-json\/wp\/v2\/pages\/15020\/revisions"}],"predecessor-version":[{"id":42194,"href":"https:\/\/estenbulhealth.com\/tr\/wp-json\/wp\/v2\/pages\/15020\/revisions\/42194"}],"wp:attachment":[{"href":"https:\/\/estenbulhealth.com\/tr\/wp-json\/wp\/v2\/media?parent=15020"}],"curies":[{"name":"wp","href":"https:\/\/api.w.org\/{rel}","templated":true}]}}