{"id":13455,"date":"2025-01-28T21:12:17","date_gmt":"2025-01-28T18:12:17","guid":{"rendered":"https:\/\/estenbulhealth.com\/karin-germe\/"},"modified":"2025-01-28T21:18:23","modified_gmt":"2025-01-28T18:18:23","slug":"karin-germe","status":"publish","type":"page","link":"https:\/\/estenbulhealth.com\/tr\/karin-germe\/","title":{"rendered":"Kar\u0131n Germe"},"content":{"rendered":"\t\t<div data-elementor-type=\"wp-page\" data-elementor-id=\"13455\" class=\"elementor elementor-13455\">\n\t\t\t\t\t\t<section class=\"wd-negative-gap elementor-section elementor-top-section elementor-element elementor-element-60fe63b elementor-section-boxed elementor-section-height-default elementor-section-height-default\" data-id=\"60fe63b\" data-element_type=\"section\" data-e-type=\"section\">\n\t\t\t\t\t\t<div class=\"elementor-container elementor-column-gap-default\">\n\t\t\t\t\t<div class=\"elementor-column elementor-col-100 elementor-top-column elementor-element elementor-element-8fb903d\" data-id=\"8fb903d\" data-element_type=\"column\" data-e-type=\"column\">\n\t\t\t<div class=\"elementor-widget-wrap elementor-element-populated\">\n\t\t\t\t\t\t<div class=\"elementor-element elementor-element-57aec67 color-scheme-inherit text-left elementor-widget elementor-widget-text-editor\" data-id=\"57aec67\" data-element_type=\"widget\" data-e-type=\"widget\" data-widget_type=\"text-editor.default\">\n\t\t\t\t\t\t\t\t\t<h2>Kar\u0131n Germe Nedir?<\/h2><p>G\u00fcn\u00fcm\u00fczde pop\u00fclasyonu olduk\u00e7a artan kar\u0131n germe esteti\u011fi, son y\u0131llarda olduk\u00e7a s\u0131k tercih edilen estetik operasyonlar\u0131 aras\u0131nda yer almaya ba\u015flam\u0131\u015f durumda.<\/p><p>Teknik ifadesiyle; Abdominoplasti olarak bilinen kar\u0131n germe esteti\u011fi, kar\u0131n b\u00f6lgesinde fazla ya\u011f ve derinin cerrahi operasyonlarla al\u0131nmas\u0131 i\u015flemidir. Ge\u00e7mi\u015ften g\u00fcn\u00fcm\u00fcze \u00f6zellikle kad\u0131nlar\u0131n en b\u00fcy\u00fck problemleri haline gelen b\u00f6lgesel kilolar veya deri sarkmalar\u0131 geli\u015fen teknoloji ile \u00e7ok daha konforlu ve h\u0131zl\u0131 \u015fekilde \u00e7\u00f6z\u00fclebilir hale gelmi\u015ftir. Estetik operasyonlar kategorisinde yer alan kar\u0131n germenin tercih edilmesinin birden \u00e7ok nedeni olabildi\u011fi gibi sadece kad\u0131nlar i\u00e7in de\u011fil erkeklerinde ekseriyetle tercih etti\u011fi operasyonlar aras\u0131ndad\u0131r.<\/p><p>H\u0131zl\u0131 kilo al\u0131p verme sonras\u0131 sarkan kar\u0131n b\u00f6lgesi veya hamilelik sonras\u0131 g\u00f6bek b\u00f6lgesinde olu\u015fan sarkmalar, fiziksel g\u00f6r\u00fcn\u00fcmde kad\u0131nlar\u0131n korkulu r\u00fcyas\u0131 haline gelirken kar\u0131n germe esteti\u011finin ba\u015far\u0131l\u0131 sonu\u00e7lar vermesi sayesinde d\u00fcnyan\u0131n her yerinde en s\u0131k uygulana estetik operasyonlardan biri haline gelmi\u015f durumdad\u0131r.<\/p>\t\t\t\t\t\t\t\t<\/div>\n\t\t\t\t\t<\/div>\n\t\t<\/div>\n\t\t\t\t\t<\/div>\n\t\t<\/section>\n\t\t\t\t<section class=\"wd-negative-gap elementor-section elementor-top-section elementor-element elementor-element-127110e elementor-section-boxed elementor-section-height-default elementor-section-height-default\" data-id=\"127110e\" data-element_type=\"section\" data-e-type=\"section\">\n\t\t\t\t\t\t<div class=\"elementor-container elementor-column-gap-default\">\n\t\t\t\t\t<div class=\"elementor-column elementor-col-100 elementor-top-column elementor-element elementor-element-97f4b9a\" data-id=\"97f4b9a\" data-element_type=\"column\" data-e-type=\"column\">\n\t\t\t<div class=\"elementor-widget-wrap elementor-element-populated\">\n\t\t\t\t\t\t<div class=\"elementor-element elementor-element-7744bbe elementor-widget elementor-widget-image\" data-id=\"7744bbe\" data-element_type=\"widget\" data-e-type=\"widget\" data-widget_type=\"image.default\">\n\t\t\t\t\t\t\t\t\t\t\t\t\t\t\t<img loading=\"lazy\" decoding=\"async\" width=\"682\" height=\"470\" src=\"https:\/\/estenbulhealth.com\/wp-content\/uploads\/2021\/05\/tummy-tuck-in-turkey-istanbul.jpg\" class=\"attachment-large size-large wp-image-12746\" alt=\"Tummy Tuck in Turkey Istanbul\" srcset=\"https:\/\/estenbulhealth.com\/wp-content\/uploads\/2021\/05\/tummy-tuck-in-turkey-istanbul.jpg 682w, https:\/\/estenbulhealth.com\/wp-content\/uploads\/2021\/05\/tummy-tuck-in-turkey-istanbul-300x207.jpg 300w, https:\/\/estenbulhealth.com\/wp-content\/uploads\/2021\/05\/tummy-tuck-in-turkey-istanbul-200x138.jpg 200w, https:\/\/estenbulhealth.com\/wp-content\/uploads\/2021\/05\/tummy-tuck-in-turkey-istanbul-400x276.jpg 400w, https:\/\/estenbulhealth.com\/wp-content\/uploads\/2021\/05\/tummy-tuck-in-turkey-istanbul-600x413.jpg 600w\" sizes=\"auto, (max-width: 682px) 100vw, 682px\" title=\"\">\t\t\t\t\t\t\t\t\t\t\t\t\t\t\t<\/div>\n\t\t\t\t\t<\/div>\n\t\t<\/div>\n\t\t\t\t\t<\/div>\n\t\t<\/section>\n\t\t\t\t<section class=\"wd-negative-gap elementor-section elementor-top-section elementor-element elementor-element-7f273c8 elementor-section-boxed elementor-section-height-default elementor-section-height-default\" data-id=\"7f273c8\" data-element_type=\"section\" data-e-type=\"section\">\n\t\t\t\t\t\t<div class=\"elementor-container elementor-column-gap-default\">\n\t\t\t\t\t<div class=\"elementor-column elementor-col-100 elementor-top-column elementor-element elementor-element-4822ed0\" data-id=\"4822ed0\" data-element_type=\"column\" data-e-type=\"column\">\n\t\t\t<div class=\"elementor-widget-wrap elementor-element-populated\">\n\t\t\t\t\t\t<div class=\"elementor-element elementor-element-41aca6e color-scheme-inherit text-left elementor-widget elementor-widget-text-editor\" data-id=\"41aca6e\" data-element_type=\"widget\" data-e-type=\"widget\" data-widget_type=\"text-editor.default\">\n\t\t\t\t\t\t\t\t\t<p>Son y\u0131llarda estetik operasyonlar konusunda ba\u015far\u0131s\u0131n\u0131 t\u00fcm d\u00fcnyan\u0131n konu\u015ftu\u011fu T\u00fcrkiye kar\u0131n germe operasyonlar\u0131 i\u00e7inde ciddi ba\u015far\u0131lara imza at\u0131yor. D\u00fcnyan\u0131n metropol \u015fehirleri aras\u0131nda yer alan \u0130stanbul\u2019da bir\u00e7ok klinik ve alan\u0131nda uzman hekimlerin kar\u0131n germe operasyonlar\u0131 hakk\u0131nda ba\u015far\u0131 hik\u00e2yeleri ise g\u00fcn ge\u00e7tik\u00e7e art\u0131yor.<\/p>\n<p>Kar\u0131n germe esteti\u011fi genellikle hamilelik sonras\u0131 kar\u0131n b\u00f6lgesindeki deformasyonlar\u0131n giderilmesi i\u00e7in tercih edilmektedir. Nitekim hamilelik sonras\u0131 olu\u015fan bu deformasyonlar\u0131n kendi kendine iyile\u015fmesi maalesef \u00e7ok m\u00fcmk\u00fcn de\u011fildir. Bu konuda cerrahi bir deste\u011fe duyulan ihtiya\u00e7 kar\u0131n germe esteti\u011fi sayesinde giderilmi\u015f durumdad\u0131r.<\/p>\n<p>Kar\u0131n germe esteti\u011fi sadece sarkan ve deforme olan derilerin yok edilmesi de\u011fil ayn\u0131 zamanda b\u00f6lgesel ya\u011flanman\u0131n da kesin \u00e7\u00f6z\u00fcm\u00fc olarak tabi edilmektedir. Kar\u0131n germe esteti\u011finde b\u00f6lgesel ya\u011flar al\u0131n\u0131rken ayn\u0131 zamanda olu\u015facak sarkmalar i\u00e7in germe operasyonu yap\u0131l\u0131r.<\/p>\n<p>B\u00f6lgesel ya\u011flanman\u0131n oldu\u011fu vakalarda kar\u0131n germe ve Liposuction operasyonu kombine olarak uygulanmaktad\u0131r. Liposuction y\u00f6ntemi ile ya\u011flar al\u0131n\u0131rken sarkmalar i\u00e7inde kar\u0131n germe esteti\u011fi uygulan\u0131r.<\/p>\n<p>Kar\u0131n germe esteti\u011fi genel anestezi uygulanarak yap\u0131lan bir cerrahi m\u00fcdahale olmas\u0131 nedeniyle mutlaka profesyonel sa\u011fl\u0131k kurumlar\u0131nda ve alan\u0131nda uzman hekimlerce hizmet al\u0131nmal\u0131d\u0131r. T\u00fcrkiye kar\u0131n germe esteti\u011fi konusunda olduk\u00e7a ba\u015far\u0131l\u0131 sonu\u00e7lar verirken, Estenbul Health olarak \u0130stanbul da kar\u0131n germe esteti\u011fi i\u00e7in alan\u0131nda uzman hekimlerimizle hizmet sunmaktay\u0131z.<\/p>\n\t\t\t\t\t\t\t\t<\/div>\n\t\t\t\t\t<\/div>\n\t\t<\/div>\n\t\t\t\t\t<\/div>\n\t\t<\/section>\n\t\t\t\t<section class=\"wd-negative-gap elementor-section elementor-top-section elementor-element elementor-element-1f4cae2 elementor-section-boxed elementor-section-height-default elementor-section-height-default\" data-id=\"1f4cae2\" data-element_type=\"section\" data-e-type=\"section\">\n\t\t\t\t\t\t<div class=\"elementor-container elementor-column-gap-default\">\n\t\t\t\t\t<div class=\"elementor-column elementor-col-100 elementor-top-column elementor-element elementor-element-75dc925\" data-id=\"75dc925\" data-element_type=\"column\" data-e-type=\"column\">\n\t\t\t<div class=\"elementor-widget-wrap elementor-element-populated\">\n\t\t\t\t\t\t<div class=\"elementor-element elementor-element-cc4814a elementor-widget elementor-widget-image\" data-id=\"cc4814a\" data-element_type=\"widget\" data-e-type=\"widget\" data-widget_type=\"image.default\">\n\t\t\t\t\t\t\t\t\t\t\t\t\t\t\t<img loading=\"lazy\" decoding=\"async\" width=\"682\" height=\"456\" src=\"https:\/\/estenbulhealth.com\/wp-content\/uploads\/2021\/05\/tummy-tuck-in-turkey-istanbul-1.jpg\" class=\"attachment-large size-large wp-image-12750\" alt=\"Tummy Tuck in Turkey Istanbul\" srcset=\"https:\/\/estenbulhealth.com\/wp-content\/uploads\/2021\/05\/tummy-tuck-in-turkey-istanbul-1.jpg 682w, https:\/\/estenbulhealth.com\/wp-content\/uploads\/2021\/05\/tummy-tuck-in-turkey-istanbul-1-300x201.jpg 300w, https:\/\/estenbulhealth.com\/wp-content\/uploads\/2021\/05\/tummy-tuck-in-turkey-istanbul-1-200x134.jpg 200w, https:\/\/estenbulhealth.com\/wp-content\/uploads\/2021\/05\/tummy-tuck-in-turkey-istanbul-1-400x267.jpg 400w, https:\/\/estenbulhealth.com\/wp-content\/uploads\/2021\/05\/tummy-tuck-in-turkey-istanbul-1-600x401.jpg 600w\" sizes=\"auto, (max-width: 682px) 100vw, 682px\" title=\"\">\t\t\t\t\t\t\t\t\t\t\t\t\t\t\t<\/div>\n\t\t\t\t\t<\/div>\n\t\t<\/div>\n\t\t\t\t\t<\/div>\n\t\t<\/section>\n\t\t\t\t<section class=\"wd-negative-gap elementor-section elementor-top-section elementor-element elementor-element-11f7318 elementor-section-boxed elementor-section-height-default elementor-section-height-default\" data-id=\"11f7318\" data-element_type=\"section\" data-e-type=\"section\">\n\t\t\t\t\t\t<div class=\"elementor-container elementor-column-gap-default\">\n\t\t\t\t\t<div class=\"elementor-column elementor-col-100 elementor-top-column elementor-element elementor-element-87e3c48\" data-id=\"87e3c48\" data-element_type=\"column\" data-e-type=\"column\">\n\t\t\t<div class=\"elementor-widget-wrap elementor-element-populated\">\n\t\t\t\t\t\t<div class=\"elementor-element elementor-element-b841a25 elementor-widget elementor-widget-heading\" data-id=\"b841a25\" data-element_type=\"widget\" data-e-type=\"widget\" data-widget_type=\"heading.default\">\n\t\t\t\t\t<h3 class=\"elementor-heading-title elementor-size-default\">Kar\u0131n Germe Esteti\u011fi Y\u00f6ntemleri<\/h3>\t\t\t\t<\/div>\n\t\t\t\t\t<\/div>\n\t\t<\/div>\n\t\t\t\t\t<\/div>\n\t\t<\/section>\n\t\t\t\t<section class=\"wd-negative-gap elementor-section elementor-top-section elementor-element elementor-element-f46f899 elementor-section-boxed elementor-section-height-default elementor-section-height-default\" data-id=\"f46f899\" data-element_type=\"section\" data-e-type=\"section\">\n\t\t\t\t\t\t<div class=\"elementor-container elementor-column-gap-default\">\n\t\t\t\t\t<div class=\"elementor-column elementor-col-100 elementor-top-column elementor-element elementor-element-655f685\" data-id=\"655f685\" data-element_type=\"column\" data-e-type=\"column\">\n\t\t\t<div class=\"elementor-widget-wrap elementor-element-populated\">\n\t\t\t\t\t\t<div class=\"elementor-element elementor-element-a0befb5 color-scheme-inherit text-left elementor-widget elementor-widget-text-editor\" data-id=\"a0befb5\" data-element_type=\"widget\" data-e-type=\"widget\" data-widget_type=\"text-editor.default\">\n\t\t\t\t\t\t\t\t\t<p>T\u00fcrkiye\u2019de hizmet veren profesyonel kurumlarda kar\u0131n germek esteti\u011fi i\u00e7in 2 farkl\u0131 y\u00f6ntem uygulanmaktad\u0131r. \u0130stanbul\u2019da kar\u0131n germe esteti\u011fi i\u00e7in profesyonel hizmet veren Estenbul Health kar\u0131n germe esteti\u011fi operasyonlar\u0131nda 2 farkl\u0131 y\u00f6ntem sunmaktad\u0131r.<\/p>\n<ul>\n<li>\n<h3 class=\"fusion-responsive-typography-calculated\" data-fontsize=\"22\" data-lineheight=\"42.02px\">Mini Kar\u0131n Germe Ameliyat\u0131<\/h3>\n<\/li>\n<\/ul>\n<p>Mini kar\u0131n germe esteti\u011fi genellikle alt kar\u0131n b\u00f6lgesinde g\u00f6r\u00fclen deformelerin giderilmesi i\u00e7in uygulana bir y\u00f6ntemdir. \u00d6zellikle kar\u0131n b\u00f6lgesinde a\u015f\u0131r\u0131 derecede fazla kilo fazlas\u0131 olmayan, \u00fcst kar\u0131n b\u00f6lgesinde herhangi bir sarkma, deri gev\u015femesi, ya\u011flanma olmayan ki\u015filere uygulanmaktad\u0131r. Mini kar\u0131n germe esteti\u011finde karn\u0131n \u00f6zellikle g\u00f6bek deli\u011fi alt\u0131 k\u0131sm\u0131nda yer alan fazla ya\u011flar\u0131n \u00e7\u0131kar\u0131l\u0131r. Mini kar\u0131n germe operasyonunda bilinmesi gereken en \u00f6nemli detay operasyonun sadece alt kar\u0131n b\u00f6lgesinde uyguland\u0131\u011f\u0131d\u0131r.<\/p>\n\t\t\t\t\t\t\t\t<\/div>\n\t\t\t\t\t<\/div>\n\t\t<\/div>\n\t\t\t\t\t<\/div>\n\t\t<\/section>\n\t\t\t\t<section class=\"wd-negative-gap elementor-section elementor-top-section elementor-element elementor-element-c61e961 elementor-section-boxed elementor-section-height-default elementor-section-height-default\" data-id=\"c61e961\" data-element_type=\"section\" data-e-type=\"section\">\n\t\t\t\t\t\t<div class=\"elementor-container elementor-column-gap-default\">\n\t\t\t\t\t<div class=\"elementor-column elementor-col-100 elementor-top-column elementor-element elementor-element-b172cf6\" data-id=\"b172cf6\" data-element_type=\"column\" data-e-type=\"column\">\n\t\t\t<div class=\"elementor-widget-wrap elementor-element-populated\">\n\t\t\t\t\t\t<div class=\"elementor-element elementor-element-7cbb7a1 elementor-widget elementor-widget-image\" data-id=\"7cbb7a1\" data-element_type=\"widget\" data-e-type=\"widget\" data-widget_type=\"image.default\">\n\t\t\t\t\t\t\t\t\t\t\t\t\t\t\t<img loading=\"lazy\" decoding=\"async\" width=\"800\" height=\"300\" src=\"https:\/\/estenbulhealth.com\/wp-content\/uploads\/2021\/05\/mini-tummy-tuck-surgery-in-turkey.jpg\" class=\"attachment-large size-large wp-image-12763\" alt=\"Tummy Tuck Surgery in Turkey\" srcset=\"https:\/\/estenbulhealth.com\/wp-content\/uploads\/2021\/05\/mini-tummy-tuck-surgery-in-turkey.jpg 800w, https:\/\/estenbulhealth.com\/wp-content\/uploads\/2021\/05\/mini-tummy-tuck-surgery-in-turkey-300x113.jpg 300w, https:\/\/estenbulhealth.com\/wp-content\/uploads\/2021\/05\/mini-tummy-tuck-surgery-in-turkey-768x288.jpg 768w, https:\/\/estenbulhealth.com\/wp-content\/uploads\/2021\/05\/mini-tummy-tuck-surgery-in-turkey-200x75.jpg 200w, https:\/\/estenbulhealth.com\/wp-content\/uploads\/2021\/05\/mini-tummy-tuck-surgery-in-turkey-400x150.jpg 400w, https:\/\/estenbulhealth.com\/wp-content\/uploads\/2021\/05\/mini-tummy-tuck-surgery-in-turkey-600x225.jpg 600w\" sizes=\"auto, (max-width: 800px) 100vw, 800px\" title=\"\">\t\t\t\t\t\t\t\t\t\t\t\t\t\t\t<\/div>\n\t\t\t\t\t<\/div>\n\t\t<\/div>\n\t\t\t\t\t<\/div>\n\t\t<\/section>\n\t\t\t\t<section class=\"wd-negative-gap elementor-section elementor-top-section elementor-element elementor-element-691182e elementor-section-boxed elementor-section-height-default elementor-section-height-default\" data-id=\"691182e\" data-element_type=\"section\" data-e-type=\"section\">\n\t\t\t\t\t\t<div class=\"elementor-container elementor-column-gap-default\">\n\t\t\t\t\t<div class=\"elementor-column elementor-col-100 elementor-top-column elementor-element elementor-element-842e717\" data-id=\"842e717\" data-element_type=\"column\" data-e-type=\"column\">\n\t\t\t<div class=\"elementor-widget-wrap elementor-element-populated\">\n\t\t\t\t\t\t<div class=\"elementor-element elementor-element-ba6836a color-scheme-inherit text-left elementor-widget elementor-widget-text-editor\" data-id=\"ba6836a\" data-element_type=\"widget\" data-e-type=\"widget\" data-widget_type=\"text-editor.default\">\n\t\t\t\t\t\t\t\t\t<ul>\n<li>\n<h3 class=\"fusion-responsive-typography-calculated\" data-fontsize=\"22\" data-lineheight=\"42.02px\">Tam Kar\u0131n Germe<\/h3>\n<\/li>\n<\/ul>\n<p>Tam kar\u0131n germe esteti\u011fi, kar\u0131n b\u00f6lgesinde genel olarak yap\u0131lmaktad\u0131r. G\u00f6bek deli\u011fi \u00fcst\u00fc b\u00f6lge dahil olmak \u00fczere; deri sarkmalar\u0131, kilo al\u0131p vermeye yada hamilelik sonras\u0131 g\u00f6r\u00fclen \u00e7atlaklar ve hamilelik sonras\u0131 sarkmalar\u0131n ayn\u0131 zamanda fazla kilolar\u0131n \u00e7\u00f6z\u00fcm\u00fcnde en etkili y\u00f6ntemlerin ba\u015f\u0131nda gelmektedir tam kar\u0131n germe esteti\u011fi.<\/p>\n\t\t\t\t\t\t\t\t<\/div>\n\t\t\t\t\t<\/div>\n\t\t<\/div>\n\t\t\t\t\t<\/div>\n\t\t<\/section>\n\t\t\t\t<section class=\"wd-negative-gap elementor-section elementor-top-section elementor-element elementor-element-488e9ce elementor-section-boxed elementor-section-height-default elementor-section-height-default\" data-id=\"488e9ce\" data-element_type=\"section\" data-e-type=\"section\">\n\t\t\t\t\t\t<div class=\"elementor-container elementor-column-gap-default\">\n\t\t\t\t\t<div class=\"elementor-column elementor-col-100 elementor-top-column elementor-element elementor-element-3faebf9\" data-id=\"3faebf9\" data-element_type=\"column\" data-e-type=\"column\">\n\t\t\t<div class=\"elementor-widget-wrap elementor-element-populated\">\n\t\t\t\t\t\t<div class=\"elementor-element elementor-element-a11ddda elementor-widget elementor-widget-image\" data-id=\"a11ddda\" data-element_type=\"widget\" data-e-type=\"widget\" data-widget_type=\"image.default\">\n\t\t\t\t\t\t\t\t\t\t\t\t\t\t\t<img loading=\"lazy\" decoding=\"async\" width=\"800\" height=\"300\" src=\"https:\/\/estenbulhealth.com\/wp-content\/uploads\/2021\/05\/abdominoplasty-full-tummy-tuck-in-turkey.jpg\" class=\"attachment-large size-large wp-image-12767\" alt=\"Abdominoplasty Tummy Tuck in Turkey Istanbul\" srcset=\"https:\/\/estenbulhealth.com\/wp-content\/uploads\/2021\/05\/abdominoplasty-full-tummy-tuck-in-turkey.jpg 800w, https:\/\/estenbulhealth.com\/wp-content\/uploads\/2021\/05\/abdominoplasty-full-tummy-tuck-in-turkey-300x113.jpg 300w, https:\/\/estenbulhealth.com\/wp-content\/uploads\/2021\/05\/abdominoplasty-full-tummy-tuck-in-turkey-768x288.jpg 768w, https:\/\/estenbulhealth.com\/wp-content\/uploads\/2021\/05\/abdominoplasty-full-tummy-tuck-in-turkey-200x75.jpg 200w, https:\/\/estenbulhealth.com\/wp-content\/uploads\/2021\/05\/abdominoplasty-full-tummy-tuck-in-turkey-400x150.jpg 400w, https:\/\/estenbulhealth.com\/wp-content\/uploads\/2021\/05\/abdominoplasty-full-tummy-tuck-in-turkey-600x225.jpg 600w\" sizes=\"auto, (max-width: 800px) 100vw, 800px\" title=\"\">\t\t\t\t\t\t\t\t\t\t\t\t\t\t\t<\/div>\n\t\t\t\t\t<\/div>\n\t\t<\/div>\n\t\t\t\t\t<\/div>\n\t\t<\/section>\n\t\t\t\t<section class=\"wd-negative-gap elementor-section elementor-top-section elementor-element elementor-element-4694865 elementor-section-boxed elementor-section-height-default elementor-section-height-default\" data-id=\"4694865\" data-element_type=\"section\" data-e-type=\"section\">\n\t\t\t\t\t\t<div class=\"elementor-container elementor-column-gap-default\">\n\t\t\t\t\t<div class=\"elementor-column elementor-col-100 elementor-top-column elementor-element elementor-element-2993308\" data-id=\"2993308\" data-element_type=\"column\" data-e-type=\"column\">\n\t\t\t<div class=\"elementor-widget-wrap elementor-element-populated\">\n\t\t\t\t\t\t<div class=\"elementor-element elementor-element-d1ab217 elementor-widget elementor-widget-heading\" data-id=\"d1ab217\" data-element_type=\"widget\" data-e-type=\"widget\" data-widget_type=\"heading.default\">\n\t\t\t\t\t<h3 class=\"elementor-heading-title elementor-size-default\">Kar\u0131n Germe Esteti\u011fi Ne Kadar S\u00fcrer?<\/h3>\t\t\t\t<\/div>\n\t\t\t\t\t<\/div>\n\t\t<\/div>\n\t\t\t\t\t<\/div>\n\t\t<\/section>\n\t\t\t\t<section class=\"wd-negative-gap elementor-section elementor-top-section elementor-element elementor-element-4f8faf6 elementor-section-boxed elementor-section-height-default elementor-section-height-default\" data-id=\"4f8faf6\" data-element_type=\"section\" data-e-type=\"section\">\n\t\t\t\t\t\t<div class=\"elementor-container elementor-column-gap-default\">\n\t\t\t\t\t<div class=\"elementor-column elementor-col-100 elementor-top-column elementor-element elementor-element-d9ca128\" data-id=\"d9ca128\" data-element_type=\"column\" data-e-type=\"column\">\n\t\t\t<div class=\"elementor-widget-wrap elementor-element-populated\">\n\t\t\t\t\t\t<div class=\"elementor-element elementor-element-d467188 color-scheme-inherit text-left elementor-widget elementor-widget-text-editor\" data-id=\"d467188\" data-element_type=\"widget\" data-e-type=\"widget\" data-widget_type=\"text-editor.default\">\n\t\t\t\t\t\t\t\t\t<p>T\u00fcm estetik operasyonlarda oldu\u011fu gibi kar\u0131n germe esteti\u011fi i\u00e7inde planlama ki\u015fiye \u00f6zel yap\u0131lmakta olup operasyonun s\u00fcreside planlamada yap\u0131lacak i\u015flemlere g\u00f6re belirlenmektedir. Vakadan vakaya de\u011fi\u015fkenlik g\u00f6stermekle beraber ortalama bir kar\u0131n germe esteti\u011fi 3 ile 5 saat aral\u0131\u011f\u0131nda s\u00fcrebilmektedir.<\/p>\n<p>Mini kar\u0131n germe esteti\u011fi operasyonlar\u0131nda ise bu s\u00fcre \u00e7ok daha k\u0131sa s\u00fcrebilmektedir.<\/p>\n<p>Kar\u0131n germe operasyonlar\u0131nda i\u015flem s\u00fcresini belirleyici bir\u00e7ok fakt\u00f6r vard\u0131r. Kar\u0131n germe esteti\u011fi yap\u0131lacak b\u00f6lgede sarkan derinin miktar\u0131, i\u015flem yap\u0131lacak alan\u0131n geni\u015fli\u011fi, derideki ya\u011f miktar\u0131 ve kombine olarak uygulanacak di\u011fer i\u015flemler operasyonun s\u00fcresinde belirleyici rol oynamaktad\u0131r.<\/p>\n\t\t\t\t\t\t\t\t<\/div>\n\t\t\t\t\t<\/div>\n\t\t<\/div>\n\t\t\t\t\t<\/div>\n\t\t<\/section>\n\t\t\t\t<section class=\"wd-negative-gap elementor-section elementor-top-section elementor-element elementor-element-0718a81 elementor-section-boxed elementor-section-height-default elementor-section-height-default\" data-id=\"0718a81\" data-element_type=\"section\" data-e-type=\"section\">\n\t\t\t\t\t\t<div class=\"elementor-container elementor-column-gap-default\">\n\t\t\t\t\t<div class=\"elementor-column elementor-col-100 elementor-top-column elementor-element elementor-element-63a70d6\" data-id=\"63a70d6\" data-element_type=\"column\" data-e-type=\"column\">\n\t\t\t<div class=\"elementor-widget-wrap elementor-element-populated\">\n\t\t\t\t\t\t<div class=\"elementor-element elementor-element-0da30ad elementor-widget elementor-widget-heading\" data-id=\"0da30ad\" data-element_type=\"widget\" data-e-type=\"widget\" data-widget_type=\"heading.default\">\n\t\t\t\t\t<h3 class=\"elementor-heading-title elementor-size-default\">Kimler Kar\u0131n Germe (Abdominoplasti) Yapt\u0131rmal\u0131d\u0131r?<\/h3>\t\t\t\t<\/div>\n\t\t\t\t\t<\/div>\n\t\t<\/div>\n\t\t\t\t\t<\/div>\n\t\t<\/section>\n\t\t\t\t<section class=\"wd-negative-gap elementor-section elementor-top-section elementor-element elementor-element-12e0b4f elementor-section-boxed elementor-section-height-default elementor-section-height-default\" data-id=\"12e0b4f\" data-element_type=\"section\" data-e-type=\"section\">\n\t\t\t\t\t\t<div class=\"elementor-container elementor-column-gap-default\">\n\t\t\t\t\t<div class=\"elementor-column elementor-col-100 elementor-top-column elementor-element elementor-element-90f41d1\" data-id=\"90f41d1\" data-element_type=\"column\" data-e-type=\"column\">\n\t\t\t<div class=\"elementor-widget-wrap elementor-element-populated\">\n\t\t\t\t\t\t<div class=\"elementor-element elementor-element-4714b18 color-scheme-inherit text-left elementor-widget elementor-widget-text-editor\" data-id=\"4714b18\" data-element_type=\"widget\" data-e-type=\"widget\" data-widget_type=\"text-editor.default\">\n\t\t\t\t\t\t\t\t\t<ul>\n<li>Kar\u0131n b\u00f6lgesinde olu\u015fan diyet veya alternatif y\u00f6ntemlerle \u00e7\u00f6z\u00fclemeyen kilo sorunlar\u0131 olan ki\u015filer<\/li>\n<li>Kar\u0131n b\u00f6lgesinde kilo al\u0131p vermeye ba\u011fl\u0131 \u00e7atlaklar\u0131 olan ki\u015filer<\/li>\n<li>Kar\u0131n b\u00f6lgesinde hamilelik sonras\u0131 \u00e7atlaklar\u0131 olan ki\u015filer<\/li>\n<li>Ya\u015fl\u0131l\u0131\u011fa ba\u011fl\u0131 deri sarkmalar\u0131 ya\u015fayan ki\u015filer<\/li>\n<li>Do\u011fum sonras\u0131 deri sarkmalar\u0131 olan ki\u015filer kar\u0131n germe esteti\u011fi yapt\u0131rabilmektedir.<\/li>\n<li>Kar\u0131n b\u00f6lgesindeki ya\u011flanma sonucu erkeklerde olduk\u00e7a s\u0131k olarak kar\u0131n germe esteti\u011fi tercih etmektedir.<\/li>\n<\/ul>\n<p>Kar\u0131n germe operasyonu her ne kadar estetik bir operasyon olsa da ayn\u0131 zamanda cerrahi bir m\u00fcdahaledir. Bu nedenle ki\u015finin genel sa\u011fl\u0131k durumunun da bu operasyona uygun olmas\u0131 \u00f6nemlidir. Kar\u0131n germe esteti\u011fi k\u0131sa vadede hamilelik planlamayan ki\u015filerin yapt\u0131rmas\u0131 \u00f6nerilen bir operasyondur.<\/p>\n\t\t\t\t\t\t\t\t<\/div>\n\t\t\t\t\t<\/div>\n\t\t<\/div>\n\t\t\t\t\t<\/div>\n\t\t<\/section>\n\t\t\t\t<section class=\"wd-negative-gap elementor-section elementor-top-section elementor-element elementor-element-0583f9a elementor-section-boxed elementor-section-height-default elementor-section-height-default\" data-id=\"0583f9a\" data-element_type=\"section\" data-e-type=\"section\">\n\t\t\t\t\t\t<div class=\"elementor-container elementor-column-gap-default\">\n\t\t\t\t\t<div class=\"elementor-column elementor-col-100 elementor-top-column elementor-element elementor-element-21f268c\" data-id=\"21f268c\" data-element_type=\"column\" data-e-type=\"column\">\n\t\t\t<div class=\"elementor-widget-wrap elementor-element-populated\">\n\t\t\t\t\t\t<div class=\"elementor-element elementor-element-ee07e59 elementor-widget elementor-widget-image\" data-id=\"ee07e59\" data-element_type=\"widget\" data-e-type=\"widget\" data-widget_type=\"image.default\">\n\t\t\t\t\t\t\t\t\t\t\t\t\t\t\t<img loading=\"lazy\" decoding=\"async\" width=\"682\" height=\"455\" src=\"https:\/\/estenbulhealth.com\/wp-content\/uploads\/2021\/05\/tummy-tuck-in-turkey-istanbul-2.jpg\" class=\"attachment-large size-large wp-image-12775\" alt=\"Tummy Tuck in Turkey\" srcset=\"https:\/\/estenbulhealth.com\/wp-content\/uploads\/2021\/05\/tummy-tuck-in-turkey-istanbul-2.jpg 682w, https:\/\/estenbulhealth.com\/wp-content\/uploads\/2021\/05\/tummy-tuck-in-turkey-istanbul-2-300x200.jpg 300w, https:\/\/estenbulhealth.com\/wp-content\/uploads\/2021\/05\/tummy-tuck-in-turkey-istanbul-2-200x133.jpg 200w, https:\/\/estenbulhealth.com\/wp-content\/uploads\/2021\/05\/tummy-tuck-in-turkey-istanbul-2-400x267.jpg 400w, https:\/\/estenbulhealth.com\/wp-content\/uploads\/2021\/05\/tummy-tuck-in-turkey-istanbul-2-600x400.jpg 600w\" sizes=\"auto, (max-width: 682px) 100vw, 682px\" title=\"\">\t\t\t\t\t\t\t\t\t\t\t\t\t\t\t<\/div>\n\t\t\t\t\t<\/div>\n\t\t<\/div>\n\t\t\t\t\t<\/div>\n\t\t<\/section>\n\t\t\t\t<section class=\"wd-negative-gap elementor-section elementor-top-section elementor-element elementor-element-c5a68df elementor-section-boxed elementor-section-height-default elementor-section-height-default\" data-id=\"c5a68df\" data-element_type=\"section\" data-e-type=\"section\">\n\t\t\t\t\t\t<div class=\"elementor-container elementor-column-gap-default\">\n\t\t\t\t\t<div class=\"elementor-column elementor-col-100 elementor-top-column elementor-element elementor-element-d31a021\" data-id=\"d31a021\" data-element_type=\"column\" data-e-type=\"column\">\n\t\t\t<div class=\"elementor-widget-wrap elementor-element-populated\">\n\t\t\t\t\t\t<div class=\"elementor-element elementor-element-d2bffd8 elementor-widget elementor-widget-heading\" data-id=\"d2bffd8\" data-element_type=\"widget\" data-e-type=\"widget\" data-widget_type=\"heading.default\">\n\t\t\t\t\t<h4 class=\"elementor-heading-title elementor-size-default\">Kar\u0131n Germe Esteti\u011fi Sonras\u0131 \u0130z Kal\u0131r M\u0131?<\/h4>\t\t\t\t<\/div>\n\t\t\t\t\t<\/div>\n\t\t<\/div>\n\t\t\t\t\t<\/div>\n\t\t<\/section>\n\t\t\t\t<section class=\"wd-negative-gap elementor-section elementor-top-section elementor-element elementor-element-b5be556 elementor-section-boxed elementor-section-height-default elementor-section-height-default\" data-id=\"b5be556\" data-element_type=\"section\" data-e-type=\"section\">\n\t\t\t\t\t\t<div class=\"elementor-container elementor-column-gap-default\">\n\t\t\t\t\t<div class=\"elementor-column elementor-col-100 elementor-top-column elementor-element elementor-element-a9c2519\" data-id=\"a9c2519\" data-element_type=\"column\" data-e-type=\"column\">\n\t\t\t<div class=\"elementor-widget-wrap elementor-element-populated\">\n\t\t\t\t\t\t<div class=\"elementor-element elementor-element-2b74986 color-scheme-inherit text-left elementor-widget elementor-widget-text-editor\" data-id=\"2b74986\" data-element_type=\"widget\" data-e-type=\"widget\" data-widget_type=\"text-editor.default\">\n\t\t\t\t\t\t\t\t\t<p>Kar\u0131n germe esteti\u011fi sonras\u0131 \u00e7ok belirgin olmayan biz iz kalmas\u0131 m\u00fcmk\u00fcnd\u00fcr. Bu iz baz\u0131 ki\u015filerde h\u0131zl\u0131ca iyile\u015fip neredeyse hi\u00e7 belli olmazken baz\u0131 ki\u015filerde \u00e7ok hafifte olsa belli olabilmektedir. Kar\u0131n germe esteti\u011fi, uzman hekimlerce yap\u0131ld\u0131\u011f\u0131nda izler m\u00fcmk\u00fcn oldu\u011funca hafif ve daha \u00f6nemlisi i\u00e7 \u00e7ama\u015f\u0131rlar\u0131 ile kamufle edilebilir \u015fekilde olacakt\u0131r.<\/p>\n<p>Kar\u0131n germe ameliyat\u0131 sonras\u0131nda olu\u015fan iz belirgin olmayan ve ki\u015fiyi rahats\u0131z edecek bir iz de\u011fildir. Kar\u0131n germe esteti\u011fi sonras\u0131nda izlerin daha h\u0131zl\u0131 kaybolmas\u0131 hekimlerin \u00f6nerilerini dikkat almal\u0131 ve bu konuda etki g\u00f6steren kremleri kullanabilirsiniz.<\/p>\n\t\t\t\t\t\t\t\t<\/div>\n\t\t\t\t\t<\/div>\n\t\t<\/div>\n\t\t\t\t\t<\/div>\n\t\t<\/section>\n\t\t\t\t<section class=\"wd-negative-gap elementor-section elementor-top-section elementor-element elementor-element-3b48ab7 elementor-section-boxed elementor-section-height-default elementor-section-height-default\" data-id=\"3b48ab7\" data-element_type=\"section\" data-e-type=\"section\">\n\t\t\t\t\t\t<div class=\"elementor-container elementor-column-gap-default\">\n\t\t\t\t\t<div class=\"elementor-column elementor-col-100 elementor-top-column elementor-element elementor-element-2ad89c7\" data-id=\"2ad89c7\" data-element_type=\"column\" data-e-type=\"column\">\n\t\t\t<div class=\"elementor-widget-wrap elementor-element-populated\">\n\t\t\t\t\t\t<div class=\"elementor-element elementor-element-f39759c elementor-widget elementor-widget-heading\" data-id=\"f39759c\" data-element_type=\"widget\" data-e-type=\"widget\" data-widget_type=\"heading.default\">\n\t\t\t\t\t<h4 class=\"elementor-heading-title elementor-size-default\">Kar\u0131n Germe Esteti\u011fi Sonras\u0131 Hamile Kal\u0131n\u0131r M\u0131?<\/h4>\t\t\t\t<\/div>\n\t\t\t\t\t<\/div>\n\t\t<\/div>\n\t\t\t\t\t<\/div>\n\t\t<\/section>\n\t\t\t\t<section class=\"wd-negative-gap elementor-section elementor-top-section elementor-element elementor-element-3290c9d elementor-section-boxed elementor-section-height-default elementor-section-height-default\" data-id=\"3290c9d\" data-element_type=\"section\" data-e-type=\"section\">\n\t\t\t\t\t\t<div class=\"elementor-container elementor-column-gap-default\">\n\t\t\t\t\t<div class=\"elementor-column elementor-col-100 elementor-top-column elementor-element elementor-element-f169086\" data-id=\"f169086\" data-element_type=\"column\" data-e-type=\"column\">\n\t\t\t<div class=\"elementor-widget-wrap elementor-element-populated\">\n\t\t\t\t\t\t<div class=\"elementor-element elementor-element-8395048 color-scheme-inherit text-left elementor-widget elementor-widget-text-editor\" data-id=\"8395048\" data-element_type=\"widget\" data-e-type=\"widget\" data-widget_type=\"text-editor.default\">\n\t\t\t\t\t\t\t\t\t<p>Kar\u0131n germe esteti\u011fi sonras\u0131nda hamile kal\u0131nmas\u0131 konusunda herhangi bir sak\u0131nca yoktur. Kar\u0131n germe esteti\u011fi hamile kalmaya etki eden bir operasyon de\u011fildir. Ancak b\u00f6ylesi bir estetik operasyon sonras\u0131nda elde edilen g\u00f6r\u00fcn\u00fcm\u00fcn uzun vadeli kal\u0131c\u0131 olmas\u0131 a\u00e7\u0131s\u0131ndan hemen hamile kal\u0131nmas\u0131 \u00f6nerilmemektedir. Hamilelik sonras\u0131 maalesef ki kar\u0131n b\u00f6lgesine elde edilen kusursuz g\u00f6r\u00fcn\u00fcmde yeninden deformasyonlar g\u00f6r\u00fclmesi m\u00fcmk\u00fcnd\u00fcr.<\/p>\n\t\t\t\t\t\t\t\t<\/div>\n\t\t\t\t\t<\/div>\n\t\t<\/div>\n\t\t\t\t\t<\/div>\n\t\t<\/section>\n\t\t\t\t<section class=\"wd-negative-gap elementor-section elementor-top-section elementor-element elementor-element-3f68269 elementor-section-boxed elementor-section-height-default elementor-section-height-default\" data-id=\"3f68269\" data-element_type=\"section\" data-e-type=\"section\">\n\t\t\t\t\t\t<div class=\"elementor-container elementor-column-gap-default\">\n\t\t\t\t\t<div class=\"elementor-column elementor-col-100 elementor-top-column elementor-element elementor-element-5bde95c\" data-id=\"5bde95c\" data-element_type=\"column\" data-e-type=\"column\">\n\t\t\t<div class=\"elementor-widget-wrap elementor-element-populated\">\n\t\t\t\t\t\t<div class=\"elementor-element elementor-element-c6454da elementor-widget elementor-widget-image\" data-id=\"c6454da\" data-element_type=\"widget\" data-e-type=\"widget\" data-widget_type=\"image.default\">\n\t\t\t\t\t\t\t\t\t\t\t\t\t\t\t<img loading=\"lazy\" decoding=\"async\" width=\"682\" height=\"405\" src=\"https:\/\/estenbulhealth.com\/wp-content\/uploads\/2021\/05\/tummy-tuck-in-turkey-istanbul-3.jpg\" class=\"attachment-large size-large wp-image-12779\" alt=\"Tummy Tuck in Turkey\" srcset=\"https:\/\/estenbulhealth.com\/wp-content\/uploads\/2021\/05\/tummy-tuck-in-turkey-istanbul-3.jpg 682w, https:\/\/estenbulhealth.com\/wp-content\/uploads\/2021\/05\/tummy-tuck-in-turkey-istanbul-3-300x178.jpg 300w, https:\/\/estenbulhealth.com\/wp-content\/uploads\/2021\/05\/tummy-tuck-in-turkey-istanbul-3-200x119.jpg 200w, https:\/\/estenbulhealth.com\/wp-content\/uploads\/2021\/05\/tummy-tuck-in-turkey-istanbul-3-400x238.jpg 400w, https:\/\/estenbulhealth.com\/wp-content\/uploads\/2021\/05\/tummy-tuck-in-turkey-istanbul-3-600x356.jpg 600w\" sizes=\"auto, (max-width: 682px) 100vw, 682px\" title=\"\">\t\t\t\t\t\t\t\t\t\t\t\t\t\t\t<\/div>\n\t\t\t\t\t<\/div>\n\t\t<\/div>\n\t\t\t\t\t<\/div>\n\t\t<\/section>\n\t\t\t\t<section class=\"wd-negative-gap elementor-section elementor-top-section elementor-element elementor-element-d313a2d elementor-section-boxed elementor-section-height-default elementor-section-height-default\" data-id=\"d313a2d\" data-element_type=\"section\" data-e-type=\"section\">\n\t\t\t\t\t\t<div class=\"elementor-container elementor-column-gap-default\">\n\t\t\t\t\t<div class=\"elementor-column elementor-col-100 elementor-top-column elementor-element elementor-element-315e1f4\" data-id=\"315e1f4\" data-element_type=\"column\" data-e-type=\"column\">\n\t\t\t<div class=\"elementor-widget-wrap elementor-element-populated\">\n\t\t\t\t\t\t<div class=\"elementor-element elementor-element-bd3344b elementor-widget elementor-widget-heading\" data-id=\"bd3344b\" data-element_type=\"widget\" data-e-type=\"widget\" data-widget_type=\"heading.default\">\n\t\t\t\t\t<h4 class=\"elementor-heading-title elementor-size-default\">Kar\u0131n Germe Ameliyat\u0131 Sonras\u0131 \u0130yile\u015fme<\/h4>\t\t\t\t<\/div>\n\t\t\t\t\t<\/div>\n\t\t<\/div>\n\t\t\t\t\t<\/div>\n\t\t<\/section>\n\t\t\t\t<section class=\"wd-negative-gap elementor-section elementor-top-section elementor-element elementor-element-64db7bd elementor-section-boxed elementor-section-height-default elementor-section-height-default\" data-id=\"64db7bd\" data-element_type=\"section\" data-e-type=\"section\">\n\t\t\t\t\t\t<div class=\"elementor-container elementor-column-gap-default\">\n\t\t\t\t\t<div class=\"elementor-column elementor-col-100 elementor-top-column elementor-element elementor-element-e9fcf26\" data-id=\"e9fcf26\" data-element_type=\"column\" data-e-type=\"column\">\n\t\t\t<div class=\"elementor-widget-wrap elementor-element-populated\">\n\t\t\t\t\t\t<div class=\"elementor-element elementor-element-d62c50b color-scheme-inherit text-left elementor-widget elementor-widget-text-editor\" data-id=\"d62c50b\" data-element_type=\"widget\" data-e-type=\"widget\" data-widget_type=\"text-editor.default\">\n\t\t\t\t\t\t\t\t\t<p>T\u00fcm cerrahi operasyonlar sonras\u0131nda oldu\u011fu gibi kar\u0131n germe esteti\u011fi sonras\u0131nda da \u00f6dem, k\u0131smi morarmalar ve a\u011fr\u0131lar\u0131n olmas\u0131 \u00e7ok ola\u011fand\u0131r. Bu durumlarda hekiminin \u00f6nerdi\u011fi a\u011fr\u0131 kesici ve varsa antibiyotikleri d\u00fczenli kullanman\u0131z \u00f6nerilmektedir.<\/p>\n<p>Kar\u0131n germe esteti\u011fi sonras\u0131nda ki\u015fiden ki\u015fiye de\u011fi\u015fmekle birlikte 1 veya 2 g\u00fcn hastanede yat\u0131\u015f gerebilmektedir.<\/p>\n<p>Kar\u0131n germe esteti\u011fi sonras\u0131nda, yap\u0131lan diki\u015flerin ortalama iyile\u015fme ve kaynama s\u00fcresi ortalama 5 ile 7 g\u00fcnd\u00fcr. Bu nedenle ilk 1 hafta ani hareketlerden ka\u00e7\u0131n\u0131lmal\u0131, \u00f6ks\u00fcrme veya hap\u015f\u0131rma durumlar\u0131nda ise olduk\u00e7a dikkatli olunmal\u0131d\u0131r.<\/p>\n<p>Kar\u0131n germe ameliyat\u0131 sonras\u0131nda ilk birka\u00e7 g\u00fcn m\u00fcmk\u00fcn olduk\u00e7a \u00e7ok dik durulmamas\u0131 \u00f6nerilmektedir.<\/p>\n<p>Kar\u0131n germe esteti\u011fi sonras\u0131nda ki\u015filer ilk 1 hafta sonras\u0131nda rahatl\u0131kla g\u00fcnl\u00fck aktivitelerini yerine getirebilmektedir.<\/p>\n<p>T\u00fcm cerrahi operasyonlarda oldu\u011fu gibi Kar\u0131n germe ameliyat\u0131 sonras\u0131nda da iyile\u015fmenin daha h\u0131zl\u0131 ilerlemesi i\u00e7in alkol ve sigara kullan\u0131m\u0131na bir s\u00fcre ara verilmesi \u00f6nerilmektedir.<\/p>\n<p>Kar\u0131n germe esteti\u011fi sonras\u0131nda ilk 8 hafta a\u011f\u0131r spor faaliyetlerinden uzak durulmas\u0131 \u00f6nemlidir. Bu zaman zarf\u0131nda hafif y\u00fcr\u00fcy\u00fc\u015fler \u00f6nerilmektedir.<\/p>\n<p>Kar\u0131n germe esteti\u011fi sonras\u0131 t\u00fcm vakalarda ge\u00e7erli olmak \u00fczere ilk 4 hafta operasyona \u00f6zel korse giymeleri \u00f6nerilmektedir. Bu korse hem operasyon sonras\u0131 peki\u015ftirme hem de koruma s\u00fcrecinde fayda sa\u011flamaktad\u0131r.<\/p>\n\t\t\t\t\t\t\t\t<\/div>\n\t\t\t\t\t<\/div>\n\t\t<\/div>\n\t\t\t\t\t<\/div>\n\t\t<\/section>\n\t\t\t\t<section class=\"wd-negative-gap elementor-section elementor-top-section elementor-element elementor-element-ea0f4ba elementor-section-boxed elementor-section-height-default elementor-section-height-default\" data-id=\"ea0f4ba\" data-element_type=\"section\" data-e-type=\"section\">\n\t\t\t\t\t\t<div class=\"elementor-container elementor-column-gap-default\">\n\t\t\t\t\t<div class=\"elementor-column elementor-col-100 elementor-top-column elementor-element elementor-element-4fb048e\" data-id=\"4fb048e\" data-element_type=\"column\" data-e-type=\"column\">\n\t\t\t<div class=\"elementor-widget-wrap elementor-element-populated\">\n\t\t\t\t\t\t<div class=\"elementor-element elementor-element-48fac3d elementor-widget elementor-widget-image\" data-id=\"48fac3d\" data-element_type=\"widget\" data-e-type=\"widget\" data-widget_type=\"image.default\">\n\t\t\t\t\t\t\t\t\t\t\t\t\t\t\t<img loading=\"lazy\" decoding=\"async\" width=\"682\" height=\"456\" src=\"https:\/\/estenbulhealth.com\/wp-content\/uploads\/2021\/05\/tummy-tuck-in-turkey-istanbul-4.jpg\" class=\"attachment-large size-large wp-image-12783\" alt=\"Plastic Surgery | Tummy Tuck in Turkey Istanbul\" srcset=\"https:\/\/estenbulhealth.com\/wp-content\/uploads\/2021\/05\/tummy-tuck-in-turkey-istanbul-4.jpg 682w, https:\/\/estenbulhealth.com\/wp-content\/uploads\/2021\/05\/tummy-tuck-in-turkey-istanbul-4-300x201.jpg 300w, https:\/\/estenbulhealth.com\/wp-content\/uploads\/2021\/05\/tummy-tuck-in-turkey-istanbul-4-200x134.jpg 200w, https:\/\/estenbulhealth.com\/wp-content\/uploads\/2021\/05\/tummy-tuck-in-turkey-istanbul-4-400x267.jpg 400w, https:\/\/estenbulhealth.com\/wp-content\/uploads\/2021\/05\/tummy-tuck-in-turkey-istanbul-4-600x401.jpg 600w\" sizes=\"auto, (max-width: 682px) 100vw, 682px\" title=\"\">\t\t\t\t\t\t\t\t\t\t\t\t\t\t\t<\/div>\n\t\t\t\t\t<\/div>\n\t\t<\/div>\n\t\t\t\t\t<\/div>\n\t\t<\/section>\n\t\t\t\t<section class=\"wd-negative-gap elementor-section elementor-top-section elementor-element elementor-element-c663bb9 elementor-section-boxed elementor-section-height-default elementor-section-height-default\" data-id=\"c663bb9\" data-element_type=\"section\" data-e-type=\"section\">\n\t\t\t\t\t\t<div class=\"elementor-container elementor-column-gap-default\">\n\t\t\t\t\t<div class=\"elementor-column elementor-col-100 elementor-top-column elementor-element elementor-element-60817a0\" data-id=\"60817a0\" data-element_type=\"column\" data-e-type=\"column\">\n\t\t\t<div class=\"elementor-widget-wrap elementor-element-populated\">\n\t\t\t\t\t\t<div class=\"elementor-element elementor-element-626df58 elementor-widget elementor-widget-heading\" data-id=\"626df58\" data-element_type=\"widget\" data-e-type=\"widget\" data-widget_type=\"heading.default\">\n\t\t\t\t\t<h4 class=\"elementor-heading-title elementor-size-default\">Kar\u0131n Germe Esteti\u011fi Fiyatlar\u0131 Nedir?<\/h4>\t\t\t\t<\/div>\n\t\t\t\t\t<\/div>\n\t\t<\/div>\n\t\t\t\t\t<\/div>\n\t\t<\/section>\n\t\t\t\t<section class=\"wd-negative-gap elementor-section elementor-top-section elementor-element elementor-element-d5c727a elementor-section-boxed elementor-section-height-default elementor-section-height-default\" data-id=\"d5c727a\" data-element_type=\"section\" data-e-type=\"section\">\n\t\t\t\t\t\t<div class=\"elementor-container elementor-column-gap-default\">\n\t\t\t\t\t<div class=\"elementor-column elementor-col-100 elementor-top-column elementor-element elementor-element-d8cd92d\" data-id=\"d8cd92d\" data-element_type=\"column\" data-e-type=\"column\">\n\t\t\t<div class=\"elementor-widget-wrap elementor-element-populated\">\n\t\t\t\t\t\t<div class=\"elementor-element elementor-element-949f433 color-scheme-inherit text-left elementor-widget elementor-widget-text-editor\" data-id=\"949f433\" data-element_type=\"widget\" data-e-type=\"widget\" data-widget_type=\"text-editor.default\">\n\t\t\t\t\t\t\t\t\t<p>Kar\u0131n germe esteti\u011fi yapt\u0131rmak isteyen herkesin en merak etti\u011fi konular\u0131n ba\u015f\u0131nda; \u2018Kar\u0131n germe esteti\u011fi ne kadar?\u2019 \u2018T\u00fcrkiye kar\u0131n germe esteti\u011fi \u2018 \u2018T\u00fcrkiye kar\u0131n germe esteti\u011fi fiyatlar\u0131\u2019 \u2018\u0130stanbul kar\u0131n germe esteti\u011fi fiyatlar\u0131\u2019 gibi sorular yer al\u0131yor. \u00d6ncelikle bilinmelidir ki bu t\u00fcr operasyonlar ki\u015fiye \u00f6zel planlad\u0131\u011f\u0131ndan dolay\u0131 net bir rakam vermek maalesef \u00e7ok m\u00fcmk\u00fcn de\u011fildir.<\/p>\n<p>Ki\u015fiye hangi y\u00f6ntemin kullan\u0131laca\u011f\u0131, kar\u0131n germe esteti\u011fi ile birlikte farkl\u0131 bir estetik operasyon yap\u0131l\u0131p yap\u0131lmayaca\u011f\u0131, kar\u0131n germe ameliyat\u0131 ger\u00e7ekle\u015fecek olan b\u00f6lgede sarkan derinin miktar\u0131, kar\u0131n germe esteti\u011fi yap\u0131lacak b\u00f6lgenin geni\u015fli\u011fi ve kar\u0131n b\u00f6lgesinde ya\u011f al\u0131m\u0131 olup olmayaca\u011f\u0131 gibi bir\u00e7ok belirleyici fakt\u00f6r vard\u0131r.<\/p>\n<p>Sizlerde T\u00fcrkiye\u2019de ve \u0130stanbul\u2019da profesyonel sa\u011fl\u0131k kurumlar\u0131nda alan\u0131na uzman hekimler taraf\u0131ndan hizmet almak, kar\u0131n germe hakk\u0131nda merak etti\u011finiz her \u015feyi sormak i\u00e7in \u00fccretsiz \u00f6n muayene randevusu almak i\u00e7in bizimle ileti\u015fime ge\u00e7ebilirsiniz.<\/p>\n\t\t\t\t\t\t\t\t<\/div>\n\t\t\t\t\t<\/div>\n\t\t<\/div>\n\t\t\t\t\t<\/div>\n\t\t<\/section>\n\t\t\t\t<section class=\"wd-negative-gap elementor-section elementor-top-section elementor-element elementor-element-06fe11e elementor-section-boxed elementor-section-height-default elementor-section-height-default\" data-id=\"06fe11e\" data-element_type=\"section\" data-e-type=\"section\">\n\t\t\t\t\t\t<div class=\"elementor-container elementor-column-gap-default\">\n\t\t\t\t\t<div class=\"elementor-column elementor-col-100 elementor-top-column elementor-element elementor-element-ebaacad\" data-id=\"ebaacad\" data-element_type=\"column\" data-e-type=\"column\">\n\t\t\t<div class=\"elementor-widget-wrap elementor-element-populated\">\n\t\t\t\t\t\t<div class=\"elementor-element elementor-element-1ec0abd elementor-widget-divider--view-line_icon elementor-view-default elementor-widget-divider--element-align-center elementor-widget elementor-widget-divider\" data-id=\"1ec0abd\" data-element_type=\"widget\" data-e-type=\"widget\" data-widget_type=\"divider.default\">\n\t\t\t\t\t\t\t<div class=\"elementor-divider\">\n\t\t\t<span class=\"elementor-divider-separator\">\n\t\t\t\t\t\t\t<div class=\"elementor-icon elementor-divider__element\">\n\t\t\t\t\t<svg aria-hidden=\"true\" class=\"e-font-icon-svg e-fas-hand-holding-heart\" viewBox=\"0 0 576 512\" xmlns=\"http:\/\/www.w3.org\/2000\/svg\"><path d=\"M275.3 250.5c7 7.4 18.4 7.4 25.5 0l108.9-114.2c31.6-33.2 29.8-88.2-5.6-118.8-30.8-26.7-76.7-21.9-104.9 7.7L288 36.9l-11.1-11.6C248.7-4.4 202.8-9.2 172 17.5c-35.3 30.6-37.2 85.6-5.6 118.8l108.9 114.2zm290 77.6c-11.8-10.7-30.2-10-42.6 0L430.3 402c-11.3 9.1-25.4 14-40 14H272c-8.8 0-16-7.2-16-16s7.2-16 16-16h78.3c15.9 0 30.7-10.9 33.3-26.6 3.3-20-12.1-37.4-31.6-37.4H192c-27 0-53.1 9.3-74.1 26.3L71.4 384H16c-8.8 0-16 7.2-16 16v96c0 8.8 7.2 16 16 16h356.8c14.5 0 28.6-4.9 40-14L564 377c15.2-12.1 16.4-35.3 1.3-48.9z\"><\/path><\/svg><\/div>\n\t\t\t\t\t\t<\/span>\n\t\t<\/div>\n\t\t\t\t\t\t<\/div>\n\t\t\t\t\t<\/div>\n\t\t<\/div>\n\t\t\t\t\t<\/div>\n\t\t<\/section>\n\t\t\t\t<section class=\"wd-negative-gap elementor-section elementor-top-section elementor-element elementor-element-15edbfdc elementor-section-boxed elementor-section-height-default elementor-section-height-default\" data-id=\"15edbfdc\" data-element_type=\"section\" data-e-type=\"section\">\n\t\t\t\t\t\t<div class=\"elementor-container elementor-column-gap-default\">\n\t\t\t\t\t<div class=\"elementor-column elementor-col-50 elementor-top-column elementor-element elementor-element-31f58765\" data-id=\"31f58765\" data-element_type=\"column\" data-e-type=\"column\" data-settings=\"{&quot;background_background&quot;:&quot;gradient&quot;}\">\n\t\t\t<div class=\"elementor-widget-wrap elementor-element-populated\">\n\t\t\t\t\t\t\t<\/div>\n\t\t<\/div>\n\t\t\t\t<div class=\"elementor-column elementor-col-50 elementor-top-column elementor-element elementor-element-5936fda0\" data-id=\"5936fda0\" data-element_type=\"column\" data-e-type=\"column\">\n\t\t\t<div class=\"elementor-widget-wrap elementor-element-populated\">\n\t\t\t\t\t\t<div class=\"elementor-element elementor-element-35e4d7b4 elementor-widget elementor-widget-heading\" data-id=\"35e4d7b4\" data-element_type=\"widget\" data-e-type=\"widget\" data-widget_type=\"heading.default\">\n\t\t\t\t\t<h2 class=\"elementor-heading-title elementor-size-default\">Bizimle ileti\u015fime ge\u00e7in!<\/h2>\t\t\t\t<\/div>\n\t\t\t\t<div class=\"elementor-element elementor-element-389ede9b color-scheme-inherit text-left elementor-widget elementor-widget-text-editor\" data-id=\"389ede9b\" data-element_type=\"widget\" data-e-type=\"widget\" data-widget_type=\"text-editor.default\">\n\t\t\t\t\t\t\t\t\t<p><strong>Y\u00f6netim Ofisi:<\/strong>\u00a0Cihannuma Mah. Akdo\u011fan Sok, No: 45\/2 Be\u015fikta\u015f, Istanbul, Turkey<\/p>\n<p><strong>Hastane:<\/strong>\u00a0Levent Mah. Yeni S\u00fcl\u00fcn Sok. No:13, 34353 Be\u015fikta\u015f\/\u0130stanbul<br \/>\n<strong>Telefon:<\/strong>\u00a0+90 (543) 337 1865<br \/>\n<strong>Whatsapp :<\/strong>\u00a0+90 (543) 337 1865<br \/>\n<strong>Email:\u00a0<\/strong>info@estenbulhealth.com<\/p>\n\t\t\t\t\t\t\t\t<\/div>\n\t\t\t\t\t<\/div>\n\t\t<\/div>\n\t\t\t\t\t<\/div>\n\t\t<\/section>\n\t\t\t\t<\/div>\n\t\t","protected":false},"excerpt":{"rendered":"<p>Kar\u0131n Germe Nedir? G\u00fcn\u00fcm\u00fczde pop\u00fclasyonu olduk\u00e7a artan kar\u0131n germe esteti\u011fi, son y\u0131llarda olduk\u00e7a s\u0131k tercih edilen estetik operasyonlar\u0131 aras\u0131nda yer<\/p>\n","protected":false},"author":24,"featured_media":0,"parent":0,"menu_order":0,"comment_status":"closed","ping_status":"closed","template":"","meta":{"content-type":"","footnotes":""},"class_list":["post-13455","page","type-page","status-publish","hentry"],"_links":{"self":[{"href":"https:\/\/estenbulhealth.com\/tr\/wp-json\/wp\/v2\/pages\/13455","targetHints":{"allow":["GET"]}}],"collection":[{"href":"https:\/\/estenbulhealth.com\/tr\/wp-json\/wp\/v2\/pages"}],"about":[{"href":"https:\/\/estenbulhealth.com\/tr\/wp-json\/wp\/v2\/types\/page"}],"author":[{"embeddable":true,"href":"https:\/\/estenbulhealth.com\/tr\/wp-json\/wp\/v2\/users\/24"}],"replies":[{"embeddable":true,"href":"https:\/\/estenbulhealth.com\/tr\/wp-json\/wp\/v2\/comments?post=13455"}],"version-history":[{"count":1,"href":"https:\/\/estenbulhealth.com\/tr\/wp-json\/wp\/v2\/pages\/13455\/revisions"}],"predecessor-version":[{"id":42178,"href":"https:\/\/estenbulhealth.com\/tr\/wp-json\/wp\/v2\/pages\/13455\/revisions\/42178"}],"wp:attachment":[{"href":"https:\/\/estenbulhealth.com\/tr\/wp-json\/wp\/v2\/media?parent=13455"}],"curies":[{"name":"wp","href":"https:\/\/api.w.org\/{rel}","templated":true}]}}