{"id":13425,"date":"2025-01-28T21:11:51","date_gmt":"2025-01-28T18:11:51","guid":{"rendered":"https:\/\/estenbulhealth.com\/dudak-kaldirma\/"},"modified":"2025-01-28T21:18:06","modified_gmt":"2025-01-28T18:18:06","slug":"dudak-kaldirma","status":"publish","type":"page","link":"https:\/\/estenbulhealth.com\/tr\/dudak-kaldirma\/","title":{"rendered":"Dudak Kald\u0131rma"},"content":{"rendered":"\t\t<div data-elementor-type=\"wp-page\" data-elementor-id=\"13425\" class=\"elementor elementor-13425\">\n\t\t\t\t\t\t<section class=\"wd-negative-gap elementor-section elementor-top-section elementor-element elementor-element-49171754 elementor-section-boxed elementor-section-height-default elementor-section-height-default\" data-id=\"49171754\" data-element_type=\"section\" data-e-type=\"section\">\n\t\t\t\t\t\t<div class=\"elementor-container elementor-column-gap-default\">\n\t\t\t\t\t<div class=\"elementor-column elementor-col-100 elementor-top-column elementor-element elementor-element-10795547\" data-id=\"10795547\" data-element_type=\"column\" data-e-type=\"column\">\n\t\t\t<div class=\"elementor-widget-wrap elementor-element-populated\">\n\t\t\t\t\t\t<div class=\"elementor-element elementor-element-1288449 color-scheme-inherit text-left elementor-widget elementor-widget-text-editor\" data-id=\"1288449\" data-element_type=\"widget\" data-e-type=\"widget\" data-widget_type=\"text-editor.default\">\n\t\t\t\t\t\t\t\t\t<h2>Dudak Kald\u0131rma Nedir?<\/h2><p>Geli\u015fen teknoloji bir\u00e7ok alanda oldu\u011fu gibi estetik alan\u0131nda da t\u00fcrl\u00fc \u00e7\u00f6z\u00fcmler sunmaya ve g\u00fczellik alg\u0131s\u0131n\u0131 de\u011fi\u015ftirmeye ba\u015flam\u0131\u015f durumda.<\/p><p>Son y\u0131llarda estetik operasyonlar konusunda ba\u015far\u0131s\u0131n\u0131 t\u00fcm d\u00fcnyan\u0131n konu\u015ftu\u011fu T\u00fcrkiye dudak kald\u0131rma operasyonlar\u0131 i\u00e7inde ciddi ba\u015far\u0131lara imza at\u0131yor. D\u00fcnya metropolleri aras\u0131nda yer alan \u0130stanbul\u2019da bir\u00e7ok klinik ve alan\u0131nda uzman hekimlerin dudak kald\u0131rma yani Lip Lift operasyonlar\u0131 hakk\u0131nda ba\u015far\u0131 hik\u00e2yeleri ise g\u00fcn ge\u00e7tik\u00e7e art\u0131yor.<\/p><p>Kad\u0131nlar\u0131n en s\u0131k tercih etti\u011fi y\u00fcz estetikleri aras\u0131nda yer alan dudak kald\u0131rma operasyonu ise g\u00fcn\u00fcm\u00fczde olduk\u00e7a talep g\u00f6ren ve pop\u00fcler i\u015flemler aras\u0131nda yer almakta.<\/p><p>Olduk\u00e7a pop\u00fcler olan dudak kald\u0131rma di\u011fer ad\u0131 ile \u2018Lip Lift\u2019 \u00f6zellikle dudak b\u00f6lgesinde ve s\u0131kl\u0131kla \u00fcst dudak i\u00e7in yap\u0131lan uygulamalard\u0131r. Lip lift operasyonlar\u0131 dudak b\u00fcy\u00fctme olarak tan\u0131mlan\u0131rken bu operasyonun en \u00f6nemli \u00f6zelli\u011fi herhangi bir dolgu maddesi kullan\u0131lmadan yap\u0131lmas\u0131d\u0131r.<\/p><p>Lip Lift duda\u011f\u0131n yukar\u0131 do\u011fru kald\u0131r\u0131larak daha dolgun bir g\u00f6r\u00fcn\u00fcm elde edilmesini sa\u011flarken y\u00fcz hatlar\u0131n\u0131 daha belirgin hale getirir.<\/p>\t\t\t\t\t\t\t\t<\/div>\n\t\t\t\t\t<\/div>\n\t\t<\/div>\n\t\t\t\t\t<\/div>\n\t\t<\/section>\n\t\t\t\t<section class=\"wd-negative-gap elementor-section elementor-top-section elementor-element elementor-element-3154f888 elementor-section-boxed elementor-section-height-default elementor-section-height-default\" data-id=\"3154f888\" data-element_type=\"section\" data-e-type=\"section\">\n\t\t\t\t\t\t<div class=\"elementor-container elementor-column-gap-default\">\n\t\t\t\t\t<div class=\"elementor-column elementor-col-100 elementor-top-column elementor-element elementor-element-4e6487a\" data-id=\"4e6487a\" data-element_type=\"column\" data-e-type=\"column\">\n\t\t\t<div class=\"elementor-widget-wrap elementor-element-populated\">\n\t\t\t\t\t\t<div class=\"elementor-element elementor-element-24593d7c elementor-widget elementor-widget-image\" data-id=\"24593d7c\" data-element_type=\"widget\" data-e-type=\"widget\" data-widget_type=\"image.default\">\n\t\t\t\t\t\t\t\t\t\t\t\t\t\t\t<img loading=\"lazy\" decoding=\"async\" width=\"682\" height=\"339\" src=\"https:\/\/estenbulhealth.com\/wp-content\/uploads\/2021\/05\/lip-lift-in-turkey.jpg\" class=\"attachment-large size-large wp-image-12872\" alt=\"Plastic Surgery | Lip Lift in Turkey Istanbul\" srcset=\"https:\/\/estenbulhealth.com\/wp-content\/uploads\/2021\/05\/lip-lift-in-turkey.jpg 682w, https:\/\/estenbulhealth.com\/wp-content\/uploads\/2021\/05\/lip-lift-in-turkey-300x149.jpg 300w, https:\/\/estenbulhealth.com\/wp-content\/uploads\/2021\/05\/lip-lift-in-turkey-200x99.jpg 200w, https:\/\/estenbulhealth.com\/wp-content\/uploads\/2021\/05\/lip-lift-in-turkey-400x199.jpg 400w, https:\/\/estenbulhealth.com\/wp-content\/uploads\/2021\/05\/lip-lift-in-turkey-600x298.jpg 600w\" sizes=\"auto, (max-width: 682px) 100vw, 682px\" title=\"\">\t\t\t\t\t\t\t\t\t\t\t\t\t\t\t<\/div>\n\t\t\t\t\t<\/div>\n\t\t<\/div>\n\t\t\t\t\t<\/div>\n\t\t<\/section>\n\t\t\t\t<section class=\"wd-negative-gap elementor-section elementor-top-section elementor-element elementor-element-2035e8b elementor-section-boxed elementor-section-height-default elementor-section-height-default\" data-id=\"2035e8b\" data-element_type=\"section\" data-e-type=\"section\">\n\t\t\t\t\t\t<div class=\"elementor-container elementor-column-gap-default\">\n\t\t\t\t\t<div class=\"elementor-column elementor-col-100 elementor-top-column elementor-element elementor-element-654fd22\" data-id=\"654fd22\" data-element_type=\"column\" data-e-type=\"column\">\n\t\t\t<div class=\"elementor-widget-wrap elementor-element-populated\">\n\t\t\t\t\t\t<div class=\"elementor-element elementor-element-ce9a8d1 color-scheme-inherit text-left elementor-widget elementor-widget-text-editor\" data-id=\"ce9a8d1\" data-element_type=\"widget\" data-e-type=\"widget\" data-widget_type=\"text-editor.default\">\n\t\t\t\t\t\t\t\t\t<p>T\u00fcrkiye ise bu konuda ba\u015far\u0131s\u0131n\u0131 d\u00fcnyan\u0131n d\u00f6rt bir noktas\u0131na duyurmu\u015f durumda. Estetik operasyonlar\u0131n neredeyse tamam\u0131nda %100 memnuniyet sa\u011flayan T\u00fcrkiye\u2019de \u0130stanbul\u2019da yer alan Estenbul Health dudak kald\u0131rma esteti\u011fi hakk\u0131nda merak etti\u011finiz t\u00fcm sorular\u0131n\u0131z\u0131 yan\u0131tl\u0131yor.<\/p>\n<p>\u00d6zellikle burun ile dudak aras\u0131ndaki mesafe olmas\u0131 gerekenden uzun olan ki\u015filerin de tercih etti\u011fi dudak kald\u0131rma di\u011fer ad\u0131 ile Lip Lift operasyonu ile dudak ve burun aras\u0131ndaki mesafe k\u0131salt\u0131l\u0131rken dudaklarda daha dolgun bir g\u00f6r\u00fcn\u00fcm elde edilmesi ayn\u0131 anda ger\u00e7ekle\u015fir.<\/p>\n\t\t\t\t\t\t\t\t<\/div>\n\t\t\t\t\t<\/div>\n\t\t<\/div>\n\t\t\t\t\t<\/div>\n\t\t<\/section>\n\t\t\t\t<section class=\"wd-negative-gap elementor-section elementor-top-section elementor-element elementor-element-4d6be1a6 elementor-section-boxed elementor-section-height-default elementor-section-height-default\" data-id=\"4d6be1a6\" data-element_type=\"section\" data-e-type=\"section\">\n\t\t\t\t\t\t<div class=\"elementor-container elementor-column-gap-default\">\n\t\t\t\t\t<div class=\"elementor-column elementor-col-100 elementor-top-column elementor-element elementor-element-66f0e36e\" data-id=\"66f0e36e\" data-element_type=\"column\" data-e-type=\"column\">\n\t\t\t<div class=\"elementor-widget-wrap elementor-element-populated\">\n\t\t\t\t\t\t<div class=\"elementor-element elementor-element-208016af elementor-widget elementor-widget-heading\" data-id=\"208016af\" data-element_type=\"widget\" data-e-type=\"widget\" data-widget_type=\"heading.default\">\n\t\t\t\t\t<h3 class=\"elementor-heading-title elementor-size-default\">Dudak Kald\u0131rma Ne \u0130\u015fe Yarar?<\/h3>\t\t\t\t<\/div>\n\t\t\t\t\t<\/div>\n\t\t<\/div>\n\t\t\t\t\t<\/div>\n\t\t<\/section>\n\t\t\t\t<section class=\"wd-negative-gap elementor-section elementor-top-section elementor-element elementor-element-206916a0 elementor-section-boxed elementor-section-height-default elementor-section-height-default\" data-id=\"206916a0\" data-element_type=\"section\" data-e-type=\"section\">\n\t\t\t\t\t\t<div class=\"elementor-container elementor-column-gap-default\">\n\t\t\t\t\t<div class=\"elementor-column elementor-col-100 elementor-top-column elementor-element elementor-element-6a2cc234\" data-id=\"6a2cc234\" data-element_type=\"column\" data-e-type=\"column\">\n\t\t\t<div class=\"elementor-widget-wrap elementor-element-populated\">\n\t\t\t\t\t\t<div class=\"elementor-element elementor-element-10f1303 color-scheme-inherit text-left elementor-widget elementor-widget-text-editor\" data-id=\"10f1303\" data-element_type=\"widget\" data-e-type=\"widget\" data-widget_type=\"text-editor.default\">\n\t\t\t\t\t\t\t\t\t<ul>\n<li>Herhangi bir dolgu maddesi kullan\u0131lmadan dudaklar\u0131n dolgunla\u015fmas\u0131 sa\u011flan\u0131r.<\/li>\n<li>Burun ve \u00fcst dudak aras\u0131nda olmas\u0131 gereken mesafe ayarlan\u0131r<\/li>\n<li>\u00d6zelikle \u00fcst di\u015flerin daha belirgin g\u00f6r\u00fcnmesi sa\u011flan\u0131r<\/li>\n<li>Farkl\u0131 bir operasyona gerek kalmadan dudaklar hacim kazan\u0131r<\/li>\n<li>Y\u00fcz asimetrisi ortadan kald\u0131r\u0131l\u0131r daha gen\u00e7 bir g\u00f6r\u00fcn\u00fcm elde edilir\n<\/li>\n<\/ul>\n\t\t\t\t\t\t\t\t<\/div>\n\t\t\t\t\t<\/div>\n\t\t<\/div>\n\t\t\t\t\t<\/div>\n\t\t<\/section>\n\t\t\t\t<section class=\"wd-negative-gap elementor-section elementor-top-section elementor-element elementor-element-21fa633e elementor-section-boxed elementor-section-height-default elementor-section-height-default\" data-id=\"21fa633e\" data-element_type=\"section\" data-e-type=\"section\">\n\t\t\t\t\t\t<div class=\"elementor-container elementor-column-gap-default\">\n\t\t\t\t\t<div class=\"elementor-column elementor-col-100 elementor-top-column elementor-element elementor-element-997315e\" data-id=\"997315e\" data-element_type=\"column\" data-e-type=\"column\">\n\t\t\t<div class=\"elementor-widget-wrap elementor-element-populated\">\n\t\t\t\t\t\t<div class=\"elementor-element elementor-element-3c898968 elementor-widget elementor-widget-heading\" data-id=\"3c898968\" data-element_type=\"widget\" data-e-type=\"widget\" data-widget_type=\"heading.default\">\n\t\t\t\t\t<h3 class=\"elementor-heading-title elementor-size-default\">Kimler Dudak Kald\u0131rma \u0130\u015flemi i\u00e7in Uygun Adayd\u0131r?<\/h3>\t\t\t\t<\/div>\n\t\t\t\t\t<\/div>\n\t\t<\/div>\n\t\t\t\t\t<\/div>\n\t\t<\/section>\n\t\t\t\t<section class=\"wd-negative-gap elementor-section elementor-top-section elementor-element elementor-element-12ad2d4d elementor-section-boxed elementor-section-height-default elementor-section-height-default\" data-id=\"12ad2d4d\" data-element_type=\"section\" data-e-type=\"section\">\n\t\t\t\t\t\t<div class=\"elementor-container elementor-column-gap-default\">\n\t\t\t\t\t<div class=\"elementor-column elementor-col-100 elementor-top-column elementor-element elementor-element-1376d9a2\" data-id=\"1376d9a2\" data-element_type=\"column\" data-e-type=\"column\">\n\t\t\t<div class=\"elementor-widget-wrap elementor-element-populated\">\n\t\t\t\t\t\t<div class=\"elementor-element elementor-element-6c69ae0 color-scheme-inherit text-left elementor-widget elementor-widget-text-editor\" data-id=\"6c69ae0\" data-element_type=\"widget\" data-e-type=\"widget\" data-widget_type=\"text-editor.default\">\n\t\t\t\t\t\t\t\t\t<ul>\n<li>\u00dcst dudak ve burun aras\u0131 mesafe olmas\u0131 gereken \u00f6l\u00e7\u00fcn\u00fcn \u00fczerinde olanlar<\/li>\n<li>\u00dcst duda\u011f\u0131 ince oldu\u011fu i\u00e7in s\u00fcrekli dolgu yapt\u0131ranlar\n<\/li>\n<li>\u00dcst duda\u011f\u0131 olmas\u0131 gerekenden daha uzun olanlar<\/li>\n<li>\u00dcst dudakta asitmeti veya i\u00e7e d\u00f6n\u00fckl\u00fck olanlar<\/li>\n<li>Ya\u015flanmaya ba\u011fl\u0131 olarak dudak sarkmas\u0131 ya\u015fayanlar<\/li>\n<li>Dudaklar\u0131 ince olan ve dolgu yapt\u0131ramayanlar dudak kald\u0131rma operasyonu yapt\u0131rabilmektedir.<\/li>\n<\/ul>\n\t\t\t\t\t\t\t\t<\/div>\n\t\t\t\t\t<\/div>\n\t\t<\/div>\n\t\t\t\t\t<\/div>\n\t\t<\/section>\n\t\t\t\t<section class=\"wd-negative-gap elementor-section elementor-top-section elementor-element elementor-element-d9815c5 elementor-section-boxed elementor-section-height-default elementor-section-height-default\" data-id=\"d9815c5\" data-element_type=\"section\" data-e-type=\"section\">\n\t\t\t\t\t\t<div class=\"elementor-container elementor-column-gap-default\">\n\t\t\t\t\t<div class=\"elementor-column elementor-col-100 elementor-top-column elementor-element elementor-element-493d7ae4\" data-id=\"493d7ae4\" data-element_type=\"column\" data-e-type=\"column\">\n\t\t\t<div class=\"elementor-widget-wrap elementor-element-populated\">\n\t\t\t\t\t\t<div class=\"elementor-element elementor-element-65270192 elementor-widget elementor-widget-image\" data-id=\"65270192\" data-element_type=\"widget\" data-e-type=\"widget\" data-widget_type=\"image.default\">\n\t\t\t\t\t\t\t\t\t\t\t\t\t\t\t<img loading=\"lazy\" decoding=\"async\" width=\"682\" height=\"268\" src=\"https:\/\/estenbulhealth.com\/wp-content\/uploads\/2021\/05\/lip-lift-in-turkey-1.jpg\" class=\"attachment-large size-large wp-image-12876\" alt=\"Lip Lift Surgery in Turkey\" srcset=\"https:\/\/estenbulhealth.com\/wp-content\/uploads\/2021\/05\/lip-lift-in-turkey-1.jpg 682w, https:\/\/estenbulhealth.com\/wp-content\/uploads\/2021\/05\/lip-lift-in-turkey-1-300x118.jpg 300w, https:\/\/estenbulhealth.com\/wp-content\/uploads\/2021\/05\/lip-lift-in-turkey-1-200x79.jpg 200w, https:\/\/estenbulhealth.com\/wp-content\/uploads\/2021\/05\/lip-lift-in-turkey-1-400x157.jpg 400w, https:\/\/estenbulhealth.com\/wp-content\/uploads\/2021\/05\/lip-lift-in-turkey-1-600x236.jpg 600w\" sizes=\"auto, (max-width: 682px) 100vw, 682px\" title=\"\">\t\t\t\t\t\t\t\t\t\t\t\t\t\t\t<\/div>\n\t\t\t\t\t<\/div>\n\t\t<\/div>\n\t\t\t\t\t<\/div>\n\t\t<\/section>\n\t\t\t\t<section class=\"wd-negative-gap elementor-section elementor-top-section elementor-element elementor-element-646b1346 elementor-section-boxed elementor-section-height-default elementor-section-height-default\" data-id=\"646b1346\" data-element_type=\"section\" data-e-type=\"section\">\n\t\t\t\t\t\t<div class=\"elementor-container elementor-column-gap-default\">\n\t\t\t\t\t<div class=\"elementor-column elementor-col-100 elementor-top-column elementor-element elementor-element-20e8108d\" data-id=\"20e8108d\" data-element_type=\"column\" data-e-type=\"column\">\n\t\t\t<div class=\"elementor-widget-wrap elementor-element-populated\">\n\t\t\t\t\t\t<div class=\"elementor-element elementor-element-173dbda0 elementor-widget elementor-widget-heading\" data-id=\"173dbda0\" data-element_type=\"widget\" data-e-type=\"widget\" data-widget_type=\"heading.default\">\n\t\t\t\t\t<h3 class=\"elementor-heading-title elementor-size-default\">Dudak Kald\u0131rma Ameliyat\u0131 Sonras\u0131 \u0130yile\u015fme<\/h3>\t\t\t\t<\/div>\n\t\t\t\t\t<\/div>\n\t\t<\/div>\n\t\t\t\t\t<\/div>\n\t\t<\/section>\n\t\t\t\t<section class=\"wd-negative-gap elementor-section elementor-top-section elementor-element elementor-element-c8575b3 elementor-section-boxed elementor-section-height-default elementor-section-height-default\" data-id=\"c8575b3\" data-element_type=\"section\" data-e-type=\"section\">\n\t\t\t\t\t\t<div class=\"elementor-container elementor-column-gap-default\">\n\t\t\t\t\t<div class=\"elementor-column elementor-col-100 elementor-top-column elementor-element elementor-element-1a9944ab\" data-id=\"1a9944ab\" data-element_type=\"column\" data-e-type=\"column\">\n\t\t\t<div class=\"elementor-widget-wrap elementor-element-populated\">\n\t\t\t\t\t\t<div class=\"elementor-element elementor-element-772b9d47 color-scheme-inherit text-left elementor-widget elementor-widget-text-editor\" data-id=\"772b9d47\" data-element_type=\"widget\" data-e-type=\"widget\" data-widget_type=\"text-editor.default\">\n\t\t\t\t\t\t\t\t\t<p>T\u00fcm cerrahi m\u00fcdahalelerde oldu\u011fu gibi Dudak kald\u0131rma ameliyat\u0131 sonras\u0131nda ilk 3 g\u00fcn k\u0131smi morarmalar, \u015fi\u015flikler g\u00f6r\u00fclmesi ola\u011fan ve beklenen bir durumdur. Bu s\u00fcre\u00e7te dudak \u00fczerine so\u011fuk kompres uygulanmas\u0131 \u00f6nerilmektedir. Dudak kald\u0131rma yani Lip Lift sonras\u0131 iyile\u015fme s\u00fcresi di\u011fer t\u00fcm cerrahi operasyonlarda da oldu\u011fu gibi ki\u015fiden ki\u015fiye g\u00f6re de\u011fi\u015fkenlik g\u00f6stermektedir.<\/p>\n<p>Genel olarak dudak kald\u0131rma esteti\u011fi sonras\u0131 iyile\u015fme s\u00fcresinin 1 hafta ile 2 hafta aral\u0131\u011f\u0131nda oldu\u011funu s\u00f6ylemek m\u00fcmk\u00fcnd\u00fcr. Bu s\u00fcre\u00e7te iyile\u015fme kendi kendine ola\u011fan \u015fekilde ger\u00e7ekle\u015fecektir. Burun ucu bitiminde belirli belirsiz iz kalan bu operasyonda en \u00f6nemli detay profesyonel ellerden hizmet al\u0131nmas\u0131d\u0131r.<\/p>\n<p>Lip Lift yani dudak kald\u0131rma ameliyat\u0131 sonras\u0131 en s\u0131k sorulan soru ise \u2018dudak kald\u0131rma esteti\u011fi sonras\u0131 dudak hareketlerinde k\u0131s\u0131tlama olup olmayaca\u011f\u0131\u2019 y\u00f6n\u00fcndedir. Lip lift yani dudak kald\u0131rma esteti\u011fi sonras\u0131nda ilk 48 saat sonras\u0131nda dudak hareketlerinde herhangi bir k\u0131s\u0131tlama olmamaktad\u0131r. \u0130lk 48 saat biraz daha kontroll\u00fc olmas\u0131 \u00f6nerilmektedir.<\/p>\n<p>Dudak kald\u0131rma esteti\u011fi ayn\u0131 zamanda cerrahi bir m\u00fcdahale olmas\u0131 nedeniyle mutlaka profesyonel sa\u011fl\u0131k kurumlar\u0131nda ve alan\u0131nda uzman hekimlerce hizmet al\u0131nmal\u0131d\u0131r. T\u00fcrkiye Dudak Kald\u0131rma esteti\u011fi konusunda olduk\u00e7a ba\u015far\u0131l\u0131 sonu\u00e7lar verirken, Estenbul Health olarak \u0130stanbul da Dudak Kald\u0131rma ameliyat\u0131 i\u00e7in alan\u0131nda uzman hekimlerimizle hizmet sunmaktay\u0131z.<\/p>\n\t\t\t\t\t\t\t\t<\/div>\n\t\t\t\t\t<\/div>\n\t\t<\/div>\n\t\t\t\t\t<\/div>\n\t\t<\/section>\n\t\t\t\t<section class=\"wd-negative-gap elementor-section elementor-top-section elementor-element elementor-element-1c59d5bc elementor-section-boxed elementor-section-height-default elementor-section-height-default\" data-id=\"1c59d5bc\" data-element_type=\"section\" data-e-type=\"section\">\n\t\t\t\t\t\t<div class=\"elementor-container elementor-column-gap-default\">\n\t\t\t\t\t<div class=\"elementor-column elementor-col-100 elementor-top-column elementor-element elementor-element-5e852f20\" data-id=\"5e852f20\" data-element_type=\"column\" data-e-type=\"column\">\n\t\t\t<div class=\"elementor-widget-wrap elementor-element-populated\">\n\t\t\t\t\t\t<div class=\"elementor-element elementor-element-32c14669 elementor-widget elementor-widget-heading\" data-id=\"32c14669\" data-element_type=\"widget\" data-e-type=\"widget\" data-widget_type=\"heading.default\">\n\t\t\t\t\t<h3 class=\"elementor-heading-title elementor-size-default\">Dudak Kald\u0131rma \u0130\u015fleminde Ya\u015f S\u0131n\u0131r\u0131 Var M\u0131d\u0131r?<\/h3>\t\t\t\t<\/div>\n\t\t\t\t\t<\/div>\n\t\t<\/div>\n\t\t\t\t\t<\/div>\n\t\t<\/section>\n\t\t\t\t<section class=\"wd-negative-gap elementor-section elementor-top-section elementor-element elementor-element-1c058fb6 elementor-section-boxed elementor-section-height-default elementor-section-height-default\" data-id=\"1c058fb6\" data-element_type=\"section\" data-e-type=\"section\">\n\t\t\t\t\t\t<div class=\"elementor-container elementor-column-gap-default\">\n\t\t\t\t\t<div class=\"elementor-column elementor-col-100 elementor-top-column elementor-element elementor-element-8587584\" data-id=\"8587584\" data-element_type=\"column\" data-e-type=\"column\">\n\t\t\t<div class=\"elementor-widget-wrap elementor-element-populated\">\n\t\t\t\t\t\t<div class=\"elementor-element elementor-element-48fee902 color-scheme-inherit text-left elementor-widget elementor-widget-text-editor\" data-id=\"48fee902\" data-element_type=\"widget\" data-e-type=\"widget\" data-widget_type=\"text-editor.default\">\n\t\t\t\t\t\t\t\t\t<p>Dudak kald\u0131rma operasyonunda da yine di\u011fer t\u00fcm estetik operasyonlar\u0131n bir \u00e7o\u011funda oldu\u011fu gibi herhangi bir ya\u015f k\u0131s\u0131tlamas\u0131 yoktur. Ancak bu tip estetik ve cerrahi m\u00fcdahalelerde ki\u015filerin karar verme s\u00fcreci \u00f6nemlidir. Operasyon \u00f6ncesi ve sonras\u0131 t\u00fcm s\u00fcre\u00e7ler hakk\u0131nda iyi bilgi sahibi olmak olduk\u00e7a \u00f6nemlidir. Fiziksel olarak herhangi bir sa\u011fl\u0131k sorunu olmayan ki\u015filer dudak kald\u0131rma yani Lip Lift yapt\u0131rabilmektedir.<\/p>\n\t\t\t\t\t\t\t\t<\/div>\n\t\t\t\t\t<\/div>\n\t\t<\/div>\n\t\t\t\t\t<\/div>\n\t\t<\/section>\n\t\t\t\t<section class=\"wd-negative-gap elementor-section elementor-top-section elementor-element elementor-element-19f7e095 elementor-section-boxed elementor-section-height-default elementor-section-height-default\" data-id=\"19f7e095\" data-element_type=\"section\" data-e-type=\"section\">\n\t\t\t\t\t\t<div class=\"elementor-container elementor-column-gap-default\">\n\t\t\t\t\t<div class=\"elementor-column elementor-col-100 elementor-top-column elementor-element elementor-element-65bc6e38\" data-id=\"65bc6e38\" data-element_type=\"column\" data-e-type=\"column\">\n\t\t\t<div class=\"elementor-widget-wrap elementor-element-populated\">\n\t\t\t\t\t\t<div class=\"elementor-element elementor-element-51363507 elementor-widget elementor-widget-image\" data-id=\"51363507\" data-element_type=\"widget\" data-e-type=\"widget\" data-widget_type=\"image.default\">\n\t\t\t\t\t\t\t\t\t\t\t\t\t\t\t<img loading=\"lazy\" decoding=\"async\" width=\"682\" height=\"342\" src=\"https:\/\/estenbulhealth.com\/wp-content\/uploads\/2021\/05\/lip-lift-in-turkey-2.jpg\" class=\"attachment-large size-large wp-image-12880\" alt=\"Lip Lift in Turkey | Plastic Surgery\" srcset=\"https:\/\/estenbulhealth.com\/wp-content\/uploads\/2021\/05\/lip-lift-in-turkey-2.jpg 682w, https:\/\/estenbulhealth.com\/wp-content\/uploads\/2021\/05\/lip-lift-in-turkey-2-300x150.jpg 300w, https:\/\/estenbulhealth.com\/wp-content\/uploads\/2021\/05\/lip-lift-in-turkey-2-200x100.jpg 200w, https:\/\/estenbulhealth.com\/wp-content\/uploads\/2021\/05\/lip-lift-in-turkey-2-400x201.jpg 400w, https:\/\/estenbulhealth.com\/wp-content\/uploads\/2021\/05\/lip-lift-in-turkey-2-600x301.jpg 600w, https:\/\/estenbulhealth.com\/wp-content\/uploads\/2021\/05\/lip-lift-in-turkey-2-540x272.jpg 540w\" sizes=\"auto, (max-width: 682px) 100vw, 682px\" title=\"\">\t\t\t\t\t\t\t\t\t\t\t\t\t\t\t<\/div>\n\t\t\t\t\t<\/div>\n\t\t<\/div>\n\t\t\t\t\t<\/div>\n\t\t<\/section>\n\t\t\t\t<section class=\"wd-negative-gap elementor-section elementor-top-section elementor-element elementor-element-4bf5881 elementor-section-boxed elementor-section-height-default elementor-section-height-default\" data-id=\"4bf5881\" data-element_type=\"section\" data-e-type=\"section\">\n\t\t\t\t\t\t<div class=\"elementor-container elementor-column-gap-default\">\n\t\t\t\t\t<div class=\"elementor-column elementor-col-100 elementor-top-column elementor-element elementor-element-bec0027\" data-id=\"bec0027\" data-element_type=\"column\" data-e-type=\"column\">\n\t\t\t<div class=\"elementor-widget-wrap elementor-element-populated\">\n\t\t\t\t\t\t<div class=\"elementor-element elementor-element-a568e6a elementor-widget elementor-widget-heading\" data-id=\"a568e6a\" data-element_type=\"widget\" data-e-type=\"widget\" data-widget_type=\"heading.default\">\n\t\t\t\t\t<h3 class=\"elementor-heading-title elementor-size-default\">Dudak Kald\u0131rma Nas\u0131l Uygulan\u0131r?<\/h3>\t\t\t\t<\/div>\n\t\t\t\t\t<\/div>\n\t\t<\/div>\n\t\t\t\t\t<\/div>\n\t\t<\/section>\n\t\t\t\t<section class=\"wd-negative-gap elementor-section elementor-top-section elementor-element elementor-element-4db31408 elementor-section-boxed elementor-section-height-default elementor-section-height-default\" data-id=\"4db31408\" data-element_type=\"section\" data-e-type=\"section\">\n\t\t\t\t\t\t<div class=\"elementor-container elementor-column-gap-default\">\n\t\t\t\t\t<div class=\"elementor-column elementor-col-100 elementor-top-column elementor-element elementor-element-52d9d666\" data-id=\"52d9d666\" data-element_type=\"column\" data-e-type=\"column\">\n\t\t\t<div class=\"elementor-widget-wrap elementor-element-populated\">\n\t\t\t\t\t\t<div class=\"elementor-element elementor-element-44f65a99 color-scheme-inherit text-left elementor-widget elementor-widget-text-editor\" data-id=\"44f65a99\" data-element_type=\"widget\" data-e-type=\"widget\" data-widget_type=\"text-editor.default\">\n\t\t\t\t\t\t\t\t\t<p>Dudak kald\u0131rma di\u011fer ad\u0131 ile Lip Lift operasyonlar\u0131 ile dudaklar\u0131n daha belirgin ve dolgun bir g\u00f6r\u00fcn\u00fcme kavu\u015fmas\u0131 hedeflenmektedir. Herhangi bir dolgu malzemesi kullan\u0131lmad\u0131\u011f\u0131ndan dolay\u0131 elde edilen g\u00f6r\u00fcn\u00fcm \u00e7ok daha do\u011fal olmakla birlikte \u00e7ok daha sa\u011fl\u0131kl\u0131 bir operasyondur.<\/p>\n<p>Dudak ile burun aras\u0131nda ki uzunlu\u011fun ideal \u00f6l\u00e7\u00fcs\u00fc i\u00e7in 10 ile 15 mm kabul g\u00f6rmektedir. Bu \u00f6l\u00e7\u00fcm ki\u015fiden ki\u015fiye de\u011fi\u015fmekle beraber y\u00fcz\u00fcn genel hatlar\u0131 da baz al\u0131nmaktad\u0131r.<\/p>\n\t\t\t\t\t\t\t\t<\/div>\n\t\t\t\t\t<\/div>\n\t\t<\/div>\n\t\t\t\t\t<\/div>\n\t\t<\/section>\n\t\t\t\t<section class=\"wd-negative-gap elementor-section elementor-top-section elementor-element elementor-element-d98fe78 elementor-section-boxed elementor-section-height-default elementor-section-height-default\" data-id=\"d98fe78\" data-element_type=\"section\" data-e-type=\"section\">\n\t\t\t\t\t\t<div class=\"elementor-container elementor-column-gap-default\">\n\t\t\t\t\t<div class=\"elementor-column elementor-col-100 elementor-top-column elementor-element elementor-element-fec0430\" data-id=\"fec0430\" data-element_type=\"column\" data-e-type=\"column\">\n\t\t\t<div class=\"elementor-widget-wrap elementor-element-populated\">\n\t\t\t\t\t\t<div class=\"elementor-element elementor-element-f3f90ba elementor-widget elementor-widget-image\" data-id=\"f3f90ba\" data-element_type=\"widget\" data-e-type=\"widget\" data-widget_type=\"image.default\">\n\t\t\t\t\t\t\t\t\t\t\t\t\t\t\t<img loading=\"lazy\" decoding=\"async\" width=\"600\" height=\"300\" src=\"https:\/\/estenbulhealth.com\/wp-content\/uploads\/2021\/05\/lip-lift-surgery-before-after.jpg\" class=\"attachment-large size-large wp-image-12884\" alt=\"Lip Lift Surgery Before After\" srcset=\"https:\/\/estenbulhealth.com\/wp-content\/uploads\/2021\/05\/lip-lift-surgery-before-after.jpg 600w, https:\/\/estenbulhealth.com\/wp-content\/uploads\/2021\/05\/lip-lift-surgery-before-after-300x150.jpg 300w, https:\/\/estenbulhealth.com\/wp-content\/uploads\/2021\/05\/lip-lift-surgery-before-after-200x100.jpg 200w, https:\/\/estenbulhealth.com\/wp-content\/uploads\/2021\/05\/lip-lift-surgery-before-after-400x200.jpg 400w\" sizes=\"auto, (max-width: 600px) 100vw, 600px\" title=\"\">\t\t\t\t\t\t\t\t\t\t\t\t\t\t\t<\/div>\n\t\t\t\t\t<\/div>\n\t\t<\/div>\n\t\t\t\t\t<\/div>\n\t\t<\/section>\n\t\t\t\t<section class=\"wd-negative-gap elementor-section elementor-top-section elementor-element elementor-element-11ed47d6 elementor-section-boxed elementor-section-height-default elementor-section-height-default\" data-id=\"11ed47d6\" data-element_type=\"section\" data-e-type=\"section\">\n\t\t\t\t\t\t<div class=\"elementor-container elementor-column-gap-default\">\n\t\t\t\t\t<div class=\"elementor-column elementor-col-100 elementor-top-column elementor-element elementor-element-a3bbda0\" data-id=\"a3bbda0\" data-element_type=\"column\" data-e-type=\"column\">\n\t\t\t<div class=\"elementor-widget-wrap elementor-element-populated\">\n\t\t\t\t\t\t<div class=\"elementor-element elementor-element-5f51a1a5 elementor-widget elementor-widget-heading\" data-id=\"5f51a1a5\" data-element_type=\"widget\" data-e-type=\"widget\" data-widget_type=\"heading.default\">\n\t\t\t\t\t<h3 class=\"elementor-heading-title elementor-size-default\">Dudak Kald\u0131rma \u0130\u015flemi Ne Kadar S\u00fcrer?<\/h3>\t\t\t\t<\/div>\n\t\t\t\t\t<\/div>\n\t\t<\/div>\n\t\t\t\t\t<\/div>\n\t\t<\/section>\n\t\t\t\t<section class=\"wd-negative-gap elementor-section elementor-top-section elementor-element elementor-element-2229dec8 elementor-section-boxed elementor-section-height-default elementor-section-height-default\" data-id=\"2229dec8\" data-element_type=\"section\" data-e-type=\"section\">\n\t\t\t\t\t\t<div class=\"elementor-container elementor-column-gap-default\">\n\t\t\t\t\t<div class=\"elementor-column elementor-col-100 elementor-top-column elementor-element elementor-element-64870ea4\" data-id=\"64870ea4\" data-element_type=\"column\" data-e-type=\"column\">\n\t\t\t<div class=\"elementor-widget-wrap elementor-element-populated\">\n\t\t\t\t\t\t<div class=\"elementor-element elementor-element-52552a79 color-scheme-inherit text-left elementor-widget elementor-widget-text-editor\" data-id=\"52552a79\" data-element_type=\"widget\" data-e-type=\"widget\" data-widget_type=\"text-editor.default\">\n\t\t\t\t\t\t\t\t\t<p>Operasyona ve operasyonla beraber yap\u0131lacak kombine di\u011fer i\u015flemlere ba\u011fl\u0131 olarak dudak kald\u0131rma ameliyat s\u00fcreleri ki\u015fiden ki\u015fiye g\u00f6re de\u011fi\u015fkenlik g\u00f6sterebilmektedir. Ancak genel olarak dudak kald\u0131rma operasyonlar\u0131 45 ile 60 dakika aral\u0131\u011f\u0131nda s\u00fcrmektedir 45 dk i\u00e7inde uzun s\u00fcre kal\u0131c\u0131 kalk\u0131k dudaklara kavu\u015fabilirsiniz.<\/p>\n\t\t\t\t\t\t\t\t<\/div>\n\t\t\t\t\t<\/div>\n\t\t<\/div>\n\t\t\t\t\t<\/div>\n\t\t<\/section>\n\t\t\t\t<section class=\"wd-negative-gap elementor-section elementor-top-section elementor-element elementor-element-154ca3cf elementor-section-boxed elementor-section-height-default elementor-section-height-default\" data-id=\"154ca3cf\" data-element_type=\"section\" data-e-type=\"section\">\n\t\t\t\t\t\t<div class=\"elementor-container elementor-column-gap-default\">\n\t\t\t\t\t<div class=\"elementor-column elementor-col-100 elementor-top-column elementor-element elementor-element-364abef7\" data-id=\"364abef7\" data-element_type=\"column\" data-e-type=\"column\">\n\t\t\t<div class=\"elementor-widget-wrap elementor-element-populated\">\n\t\t\t\t\t\t<div class=\"elementor-element elementor-element-3fc82391 elementor-widget elementor-widget-heading\" data-id=\"3fc82391\" data-element_type=\"widget\" data-e-type=\"widget\" data-widget_type=\"heading.default\">\n\t\t\t\t\t<h3 class=\"elementor-heading-title elementor-size-default\">Dudak Kald\u0131rma \u0130\u015flemi Fiyatlar\u0131 2021<\/h3>\t\t\t\t<\/div>\n\t\t\t\t\t<\/div>\n\t\t<\/div>\n\t\t\t\t\t<\/div>\n\t\t<\/section>\n\t\t\t\t<section class=\"wd-negative-gap elementor-section elementor-top-section elementor-element elementor-element-2bd826bc elementor-section-boxed elementor-section-height-default elementor-section-height-default\" data-id=\"2bd826bc\" data-element_type=\"section\" data-e-type=\"section\">\n\t\t\t\t\t\t<div class=\"elementor-container elementor-column-gap-default\">\n\t\t\t\t\t<div class=\"elementor-column elementor-col-100 elementor-top-column elementor-element elementor-element-22005ba6\" data-id=\"22005ba6\" data-element_type=\"column\" data-e-type=\"column\">\n\t\t\t<div class=\"elementor-widget-wrap elementor-element-populated\">\n\t\t\t\t\t\t<div class=\"elementor-element elementor-element-533f24b6 color-scheme-inherit text-left elementor-widget elementor-widget-text-editor\" data-id=\"533f24b6\" data-element_type=\"widget\" data-e-type=\"widget\" data-widget_type=\"text-editor.default\">\n\t\t\t\t\t\t\t\t\t<p>Lip lift ameliyat\u0131 fiyatlar\u0131 ameliyat\u0131n\u0131z\u0131 yapacak doktorun tecr\u00fcbesinden, lokal anestezi veya hastane ortam\u0131nda yap\u0131lacak olmas\u0131ndan dolay\u0131 farkl\u0131 fiyatlar alabilece\u011finiz ancak \u00f6ncesinde uygun olup olmad\u0131\u011f\u0131n\u0131za karar verilmesi gereken bir durumdur.<\/p>\n<p>Dudak kald\u0131rma ameliyat\u0131 fiyatlar\u0131, ek tedavilerin yap\u0131l\u0131p yap\u0131lmayaca\u011f\u0131na, se\u00e7ilen ameliyat tekni\u011fine g\u00f6re de\u011fi\u015fiklik g\u00f6sterir. En sa\u011fl\u0131kl\u0131 dudak kald\u0131rma lip lift ameliyat\u0131 fiyatlar\u0131 i\u00e7in doktor muayenesi olup gerekli planlamalar\u0131n iyi bir \u015fekilde yap\u0131lmas\u0131 gerekir.<\/p>\n<p>Geli\u015fen teknoloji sayesinde g\u00fcn\u00fcm\u00fcz\u00fcn en yayg\u0131n tercih edilen bir di\u011fer estetik operasyonu aras\u0131nda yer alan \u2018dudak kald\u0131rma esteti\u011fi hakk\u0131nda bir\u00e7ok merak edilen soru mevcuttur. Ancak bu sorular\u0131n en ba\u015f\u0131nda, \u2018T\u00fcrkiye dudak kald\u0131rma esteti\u011fi fiyatlar\u0131 nelerdir?\u2019 \u20182021 \u0130stanbul dudak kald\u0131rma ameliyat\u0131 fiyatlar\u0131 nedir\u2019 \u2018dudak kald\u0131rma esteti\u011fi fiyatlar\u0131 2021\u2019 \u015feklindedir.<\/p>\n\t\t\t\t\t\t\t\t<\/div>\n\t\t\t\t\t<\/div>\n\t\t<\/div>\n\t\t\t\t\t<\/div>\n\t\t<\/section>\n\t\t\t\t<section class=\"wd-negative-gap elementor-section elementor-top-section elementor-element elementor-element-54e8ec3f elementor-section-boxed elementor-section-height-default elementor-section-height-default\" data-id=\"54e8ec3f\" data-element_type=\"section\" data-e-type=\"section\">\n\t\t\t\t\t\t<div class=\"elementor-container elementor-column-gap-default\">\n\t\t\t\t\t<div class=\"elementor-column elementor-col-100 elementor-top-column elementor-element elementor-element-7ff098af\" data-id=\"7ff098af\" data-element_type=\"column\" data-e-type=\"column\">\n\t\t\t<div class=\"elementor-widget-wrap elementor-element-populated\">\n\t\t\t\t\t\t<div class=\"elementor-element elementor-element-77adece1 elementor-widget elementor-widget-heading\" data-id=\"77adece1\" data-element_type=\"widget\" data-e-type=\"widget\" data-widget_type=\"heading.default\">\n\t\t\t\t\t<h3 class=\"elementor-heading-title elementor-size-default\">Dudak Kald\u0131rma \u0130\u015flemi Fiyatlar\u0131 2021<\/h3>\t\t\t\t<\/div>\n\t\t\t\t\t<\/div>\n\t\t<\/div>\n\t\t\t\t\t<\/div>\n\t\t<\/section>\n\t\t\t\t<section class=\"wd-negative-gap elementor-section elementor-top-section elementor-element elementor-element-12b17757 elementor-section-boxed elementor-section-height-default elementor-section-height-default\" data-id=\"12b17757\" data-element_type=\"section\" data-e-type=\"section\">\n\t\t\t\t\t\t<div class=\"elementor-container elementor-column-gap-default\">\n\t\t\t\t\t<div class=\"elementor-column elementor-col-100 elementor-top-column elementor-element elementor-element-635a9f46\" data-id=\"635a9f46\" data-element_type=\"column\" data-e-type=\"column\">\n\t\t\t<div class=\"elementor-widget-wrap elementor-element-populated\">\n\t\t\t\t\t\t<div class=\"elementor-element elementor-element-7442cfda color-scheme-inherit text-left elementor-widget elementor-widget-text-editor\" data-id=\"7442cfda\" data-element_type=\"widget\" data-e-type=\"widget\" data-widget_type=\"text-editor.default\">\n\t\t\t\t\t\t\t\t\t<p>Dudak kald\u0131rma esteti\u011fi ameliyatlar\u0131nda her vaka i\u00e7in uygulanacak i\u015flemler birbirinden farkl\u0131 olabilmektedir. Bu operasyonlarda operasyonun fiyat\u0131n\u0131 etkileyen birden \u00e7ok belirleyici bulunmaktad\u0131r. Dudak kald\u0131rma ameliyat\u0131nda uygulanacak olan y\u00f6ntem, kullan\u0131lacak olan ekipman, operasyonu yapacak olan hekim ve hastane \u00fccretleri ve dudak kald\u0131rma ameliyat\u0131 ile birlikte kombine bir operasyon olup olmayaca\u011f\u0131 fiyat\u0131 direkt olarak etkilemektedir.<\/p>\n<p>Sizlerde T\u00fcrkiye\u2019de profesyonel sa\u011fl\u0131k kurumlar\u0131nda alan\u0131na uzman hekimler taraf\u0131ndan hizmet almak, dudak kald\u0131rma esteti\u011fi hakk\u0131nda merak etti\u011finiz her \u015feyi sormak i\u00e7in \u00fccretsiz \u00f6n muayene randevusu almak i\u00e7in bizimle ileti\u015fime ge\u00e7ebilirsiniz.<\/p>\n\t\t\t\t\t\t\t\t<\/div>\n\t\t\t\t\t<\/div>\n\t\t<\/div>\n\t\t\t\t\t<\/div>\n\t\t<\/section>\n\t\t\t\t<section class=\"wd-negative-gap elementor-section elementor-top-section elementor-element elementor-element-b2a2144 elementor-section-boxed elementor-section-height-default elementor-section-height-default\" data-id=\"b2a2144\" data-element_type=\"section\" data-e-type=\"section\">\n\t\t\t\t\t\t<div class=\"elementor-container elementor-column-gap-default\">\n\t\t\t\t\t<div class=\"elementor-column elementor-col-100 elementor-top-column elementor-element elementor-element-74f926e\" data-id=\"74f926e\" data-element_type=\"column\" data-e-type=\"column\">\n\t\t\t<div class=\"elementor-widget-wrap elementor-element-populated\">\n\t\t\t\t\t\t<div class=\"elementor-element elementor-element-6ec0535 elementor-widget elementor-widget-image\" data-id=\"6ec0535\" data-element_type=\"widget\" data-e-type=\"widget\" data-widget_type=\"image.default\">\n\t\t\t\t\t\t\t\t\t\t\t\t\t\t\t<img loading=\"lazy\" decoding=\"async\" width=\"652\" height=\"491\" src=\"https:\/\/estenbulhealth.com\/wp-content\/uploads\/2021\/05\/lip-lift-in-turkey-3.jpg\" class=\"attachment-large size-large wp-image-12888\" alt=\"Lip Lift in Turkey\" srcset=\"https:\/\/estenbulhealth.com\/wp-content\/uploads\/2021\/05\/lip-lift-in-turkey-3.jpg 652w, https:\/\/estenbulhealth.com\/wp-content\/uploads\/2021\/05\/lip-lift-in-turkey-3-300x226.jpg 300w, https:\/\/estenbulhealth.com\/wp-content\/uploads\/2021\/05\/lip-lift-in-turkey-3-200x151.jpg 200w, https:\/\/estenbulhealth.com\/wp-content\/uploads\/2021\/05\/lip-lift-in-turkey-3-400x301.jpg 400w, https:\/\/estenbulhealth.com\/wp-content\/uploads\/2021\/05\/lip-lift-in-turkey-3-600x452.jpg 600w\" sizes=\"auto, (max-width: 652px) 100vw, 652px\" title=\"\">\t\t\t\t\t\t\t\t\t\t\t\t\t\t\t<\/div>\n\t\t\t\t\t<\/div>\n\t\t<\/div>\n\t\t\t\t\t<\/div>\n\t\t<\/section>\n\t\t\t\t<section class=\"wd-negative-gap elementor-section elementor-top-section elementor-element elementor-element-333f05cf elementor-section-boxed elementor-section-height-default elementor-section-height-default\" data-id=\"333f05cf\" data-element_type=\"section\" data-e-type=\"section\">\n\t\t\t\t\t\t<div class=\"elementor-container elementor-column-gap-default\">\n\t\t\t\t\t<div class=\"elementor-column elementor-col-100 elementor-top-column elementor-element elementor-element-1f6465b\" data-id=\"1f6465b\" data-element_type=\"column\" data-e-type=\"column\">\n\t\t\t<div class=\"elementor-widget-wrap elementor-element-populated\">\n\t\t\t\t\t\t<div class=\"elementor-element elementor-element-fd36384 color-scheme-inherit text-left elementor-widget elementor-widget-text-editor\" data-id=\"fd36384\" data-element_type=\"widget\" data-e-type=\"widget\" data-widget_type=\"text-editor.default\">\n\t\t\t\t\t\t\t\t\t<p>Sizlerde T\u00fcrkiye\u2019de profesyonel sa\u011fl\u0131k kurumlar\u0131nda alan\u0131na uzman hekimler taraf\u0131ndan hizmet almak, dudak kald\u0131rma esteti\u011fi hakk\u0131nda merak etti\u011finiz her \u015feyi sormak i\u00e7in \u00fccretsiz \u00f6n muayene randevusu almak i\u00e7in bizimle ileti\u015fime ge\u00e7ebilirsiniz.<\/p>\n\t\t\t\t\t\t\t\t<\/div>\n\t\t\t\t\t<\/div>\n\t\t<\/div>\n\t\t\t\t\t<\/div>\n\t\t<\/section>\n\t\t\t\t<section class=\"wd-negative-gap elementor-section elementor-top-section elementor-element elementor-element-6564cefa elementor-section-boxed elementor-section-height-default elementor-section-height-default\" data-id=\"6564cefa\" data-element_type=\"section\" data-e-type=\"section\">\n\t\t\t\t\t\t<div class=\"elementor-container elementor-column-gap-default\">\n\t\t\t\t\t<div class=\"elementor-column elementor-col-100 elementor-top-column elementor-element elementor-element-291f41b1\" data-id=\"291f41b1\" data-element_type=\"column\" data-e-type=\"column\">\n\t\t\t<div class=\"elementor-widget-wrap elementor-element-populated\">\n\t\t\t\t\t\t<div class=\"elementor-element elementor-element-7e24eafa elementor-widget-divider--view-line_icon elementor-view-default elementor-widget-divider--element-align-center elementor-widget elementor-widget-divider\" data-id=\"7e24eafa\" data-element_type=\"widget\" data-e-type=\"widget\" data-widget_type=\"divider.default\">\n\t\t\t\t\t\t\t<div class=\"elementor-divider\">\n\t\t\t<span class=\"elementor-divider-separator\">\n\t\t\t\t\t\t\t<div class=\"elementor-icon elementor-divider__element\">\n\t\t\t\t\t<svg aria-hidden=\"true\" class=\"e-font-icon-svg e-fas-hand-holding-heart\" viewBox=\"0 0 576 512\" xmlns=\"http:\/\/www.w3.org\/2000\/svg\"><path d=\"M275.3 250.5c7 7.4 18.4 7.4 25.5 0l108.9-114.2c31.6-33.2 29.8-88.2-5.6-118.8-30.8-26.7-76.7-21.9-104.9 7.7L288 36.9l-11.1-11.6C248.7-4.4 202.8-9.2 172 17.5c-35.3 30.6-37.2 85.6-5.6 118.8l108.9 114.2zm290 77.6c-11.8-10.7-30.2-10-42.6 0L430.3 402c-11.3 9.1-25.4 14-40 14H272c-8.8 0-16-7.2-16-16s7.2-16 16-16h78.3c15.9 0 30.7-10.9 33.3-26.6 3.3-20-12.1-37.4-31.6-37.4H192c-27 0-53.1 9.3-74.1 26.3L71.4 384H16c-8.8 0-16 7.2-16 16v96c0 8.8 7.2 16 16 16h356.8c14.5 0 28.6-4.9 40-14L564 377c15.2-12.1 16.4-35.3 1.3-48.9z\"><\/path><\/svg><\/div>\n\t\t\t\t\t\t<\/span>\n\t\t<\/div>\n\t\t\t\t\t\t<\/div>\n\t\t\t\t\t<\/div>\n\t\t<\/div>\n\t\t\t\t\t<\/div>\n\t\t<\/section>\n\t\t\t\t<section class=\"wd-negative-gap elementor-section elementor-top-section elementor-element elementor-element-2c391f4e elementor-section-boxed elementor-section-height-default elementor-section-height-default\" data-id=\"2c391f4e\" data-element_type=\"section\" data-e-type=\"section\">\n\t\t\t\t\t\t<div class=\"elementor-container elementor-column-gap-default\">\n\t\t\t\t\t<div class=\"elementor-column elementor-col-50 elementor-top-column elementor-element elementor-element-43f45f62\" data-id=\"43f45f62\" data-element_type=\"column\" data-e-type=\"column\" data-settings=\"{&quot;background_background&quot;:&quot;gradient&quot;}\">\n\t\t\t<div class=\"elementor-widget-wrap elementor-element-populated\">\n\t\t\t\t\t\t\t<\/div>\n\t\t<\/div>\n\t\t\t\t<div class=\"elementor-column elementor-col-50 elementor-top-column elementor-element elementor-element-531f1e08\" data-id=\"531f1e08\" data-element_type=\"column\" data-e-type=\"column\">\n\t\t\t<div class=\"elementor-widget-wrap elementor-element-populated\">\n\t\t\t\t\t\t<div class=\"elementor-element elementor-element-544994df elementor-widget elementor-widget-heading\" data-id=\"544994df\" data-element_type=\"widget\" data-e-type=\"widget\" data-widget_type=\"heading.default\">\n\t\t\t\t\t<h2 class=\"elementor-heading-title elementor-size-default\">\u0130leti\u015fim!<\/h2>\t\t\t\t<\/div>\n\t\t\t\t<div class=\"elementor-element elementor-element-7683837b color-scheme-inherit text-left elementor-widget elementor-widget-text-editor\" data-id=\"7683837b\" data-element_type=\"widget\" data-e-type=\"widget\" data-widget_type=\"text-editor.default\">\n\t\t\t\t\t\t\t\t\t<p><strong>Y\u00f6netim Ofisi:<\/strong> Cihannuma Mah. Akdo\u011fan Sok, No: 45\/2 Be\u015fikta\u015f, \u0130stanbul, T\u00fcrkiye<\/p>\n<p><strong>Hastane:<\/strong>\u00a0Levent Mah. Yeni S\u00fcl\u00fcn Sok. No:13, 34353 Be\u015fikta\u015f\/\u0130stanbul<br \/>\n<strong>Telefon:<\/strong>\u00a0+90 (543) 337 1865<br \/>\n<strong>Whatsapp :<\/strong>\u00a0+90 (543) 337 1865<br \/>\n<strong>Email:\u00a0<\/strong>info@estenbulhealth.com<\/p>\n\t\t\t\t\t\t\t\t<\/div>\n\t\t\t\t\t<\/div>\n\t\t<\/div>\n\t\t\t\t\t<\/div>\n\t\t<\/section>\n\t\t\t\t<section class=\"wd-negative-gap elementor-section elementor-top-section elementor-element elementor-element-59163c8 elementor-section-boxed elementor-section-height-default elementor-section-height-default\" data-id=\"59163c8\" data-element_type=\"section\" data-e-type=\"section\">\n\t\t\t\t\t\t<div class=\"elementor-container elementor-column-gap-default\">\n\t\t\t\t\t<div class=\"elementor-column elementor-col-100 elementor-top-column elementor-element elementor-element-8056108\" data-id=\"8056108\" data-element_type=\"column\" data-e-type=\"column\">\n\t\t\t<div class=\"elementor-widget-wrap elementor-element-populated\">\n\t\t\t\t\t\t<div class=\"elementor-element elementor-element-b361023 elementor-widget-divider--view-line_icon elementor-view-default elementor-widget-divider--element-align-center elementor-widget elementor-widget-divider\" data-id=\"b361023\" data-element_type=\"widget\" data-e-type=\"widget\" data-widget_type=\"divider.default\">\n\t\t\t\t\t\t\t<div class=\"elementor-divider\">\n\t\t\t<span class=\"elementor-divider-separator\">\n\t\t\t\t\t\t\t<div class=\"elementor-icon elementor-divider__element\">\n\t\t\t\t\t<svg aria-hidden=\"true\" class=\"e-font-icon-svg e-fas-hand-holding-heart\" viewBox=\"0 0 576 512\" xmlns=\"http:\/\/www.w3.org\/2000\/svg\"><path d=\"M275.3 250.5c7 7.4 18.4 7.4 25.5 0l108.9-114.2c31.6-33.2 29.8-88.2-5.6-118.8-30.8-26.7-76.7-21.9-104.9 7.7L288 36.9l-11.1-11.6C248.7-4.4 202.8-9.2 172 17.5c-35.3 30.6-37.2 85.6-5.6 118.8l108.9 114.2zm290 77.6c-11.8-10.7-30.2-10-42.6 0L430.3 402c-11.3 9.1-25.4 14-40 14H272c-8.8 0-16-7.2-16-16s7.2-16 16-16h78.3c15.9 0 30.7-10.9 33.3-26.6 3.3-20-12.1-37.4-31.6-37.4H192c-27 0-53.1 9.3-74.1 26.3L71.4 384H16c-8.8 0-16 7.2-16 16v96c0 8.8 7.2 16 16 16h356.8c14.5 0 28.6-4.9 40-14L564 377c15.2-12.1 16.4-35.3 1.3-48.9z\"><\/path><\/svg><\/div>\n\t\t\t\t\t\t<\/span>\n\t\t<\/div>\n\t\t\t\t\t\t<\/div>\n\t\t\t\t\t<\/div>\n\t\t<\/div>\n\t\t\t\t\t<\/div>\n\t\t<\/section>\n\t\t\t\t<\/div>\n\t\t","protected":false},"excerpt":{"rendered":"<p>Dudak Kald\u0131rma Nedir? Geli\u015fen teknoloji bir\u00e7ok alanda oldu\u011fu gibi estetik alan\u0131nda da t\u00fcrl\u00fc \u00e7\u00f6z\u00fcmler sunmaya ve g\u00fczellik alg\u0131s\u0131n\u0131 de\u011fi\u015ftirmeye ba\u015flam\u0131\u015f<\/p>\n","protected":false},"author":24,"featured_media":0,"parent":0,"menu_order":0,"comment_status":"closed","ping_status":"closed","template":"","meta":{"content-type":"","footnotes":""},"class_list":["post-13425","page","type-page","status-publish","hentry"],"_links":{"self":[{"href":"https:\/\/estenbulhealth.com\/tr\/wp-json\/wp\/v2\/pages\/13425","targetHints":{"allow":["GET"]}}],"collection":[{"href":"https:\/\/estenbulhealth.com\/tr\/wp-json\/wp\/v2\/pages"}],"about":[{"href":"https:\/\/estenbulhealth.com\/tr\/wp-json\/wp\/v2\/types\/page"}],"author":[{"embeddable":true,"href":"https:\/\/estenbulhealth.com\/tr\/wp-json\/wp\/v2\/users\/24"}],"replies":[{"embeddable":true,"href":"https:\/\/estenbulhealth.com\/tr\/wp-json\/wp\/v2\/comments?post=13425"}],"version-history":[{"count":1,"href":"https:\/\/estenbulhealth.com\/tr\/wp-json\/wp\/v2\/pages\/13425\/revisions"}],"predecessor-version":[{"id":42169,"href":"https:\/\/estenbulhealth.com\/tr\/wp-json\/wp\/v2\/pages\/13425\/revisions\/42169"}],"wp:attachment":[{"href":"https:\/\/estenbulhealth.com\/tr\/wp-json\/wp\/v2\/media?parent=13425"}],"curies":[{"name":"wp","href":"https:\/\/api.w.org\/{rel}","templated":true}]}}