{"id":13345,"date":"2025-01-28T21:12:16","date_gmt":"2025-01-28T18:12:16","guid":{"rendered":"https:\/\/estenbulhealth.com\/bacak-germe\/"},"modified":"2025-01-28T21:17:57","modified_gmt":"2025-01-28T18:17:57","slug":"bacak-germe","status":"publish","type":"page","link":"https:\/\/estenbulhealth.com\/tr\/bacak-germe\/","title":{"rendered":"Bacak Germe"},"content":{"rendered":"\t\t<div data-elementor-type=\"wp-page\" data-elementor-id=\"13345\" class=\"elementor elementor-13345\">\n\t\t\t\t\t\t<section class=\"wd-negative-gap elementor-section elementor-top-section elementor-element elementor-element-f535632 elementor-section-boxed elementor-section-height-default elementor-section-height-default\" data-id=\"f535632\" data-element_type=\"section\" data-e-type=\"section\">\n\t\t\t\t\t\t<div class=\"elementor-container elementor-column-gap-default\">\n\t\t\t\t\t<div class=\"elementor-column elementor-col-50 elementor-top-column elementor-element elementor-element-6183e74\" data-id=\"6183e74\" data-element_type=\"column\" data-e-type=\"column\">\n\t\t\t<div class=\"elementor-widget-wrap elementor-element-populated\">\n\t\t\t\t\t\t<div class=\"elementor-element elementor-element-096c84a color-scheme-inherit text-left elementor-widget elementor-widget-text-editor\" data-id=\"096c84a\" data-element_type=\"widget\" data-e-type=\"widget\" data-widget_type=\"text-editor.default\">\n\t\t\t\t\t\t\t\t\t<h2>Bacak Germe Nedir?<\/h2><p>G\u00fcn\u00fcm\u00fcz \u015fartlar\u0131nda teknolojinin geli\u015fmesi estetik operasyonlar i\u00e7inde her \u015fik\u00e2yetin \u00e7\u00f6z\u00fcm\u00fcnde ciddi rol oynam\u0131\u015ft\u0131r. Meme b\u00fcy\u00fctme, kar\u0131n germe, kol germe, liposuction operasyonlar\u0131 sonras\u0131nda en yayg\u0131n operasyonlar\u0131n aras\u0131na h\u0131zla giren bir di\u011fer estetik m\u00fcdahale ise bacak germedir.\u00a0<span style=\"color: var( --e-global-color-text ); font-family: var( --e-global-typography-text-font-family ), Sans-serif; font-weight: var( --e-global-typography-text-font-weight ); background-color: var(--content_bg_color); font-size: var(--body_typography-font-size); font-style: var(--body_typography-font-style,normal); letter-spacing: var(--body_typography-letter-spacing);\">Bacak germe esteti\u011fi bir\u00e7ok nedenle tercih edilebilmektedir. \u00d6zellikle ani kilo al\u0131p vermelerde, ya\u015flanmaya ba\u011fl\u0131 deri sarkmalar\u0131nda bacak germe esteti\u011fi ile hayal edilen g\u00f6r\u00fcn\u00fcme kavu\u015fmak m\u00fcmk\u00fcn hale gelmi\u015f durumdad\u0131r.<\/span><\/p>\t\t\t\t\t\t\t\t<\/div>\n\t\t\t\t\t<\/div>\n\t\t<\/div>\n\t\t\t\t<div class=\"elementor-column elementor-col-50 elementor-top-column elementor-element elementor-element-a5f0266\" data-id=\"a5f0266\" data-element_type=\"column\" data-e-type=\"column\">\n\t\t\t<div class=\"elementor-widget-wrap elementor-element-populated\">\n\t\t\t\t\t\t<div class=\"elementor-element elementor-element-12dfbd07 elementor-widget elementor-widget-image\" data-id=\"12dfbd07\" data-element_type=\"widget\" data-e-type=\"widget\" data-widget_type=\"image.default\">\n\t\t\t\t\t\t\t\t\t\t\t\t\t\t\t<img loading=\"lazy\" decoding=\"async\" width=\"682\" height=\"358\" src=\"https:\/\/estenbulhealth.com\/wp-content\/uploads\/2021\/05\/Thigh-Lift-in-turkey-1.jpg\" class=\"attachment-large size-large wp-image-12803\" alt=\"Thigh Lift in Turkey Istanbul\" srcset=\"https:\/\/estenbulhealth.com\/wp-content\/uploads\/2021\/05\/Thigh-Lift-in-turkey-1.jpg 682w, https:\/\/estenbulhealth.com\/wp-content\/uploads\/2021\/05\/Thigh-Lift-in-turkey-1-300x157.jpg 300w, https:\/\/estenbulhealth.com\/wp-content\/uploads\/2021\/05\/Thigh-Lift-in-turkey-1-200x105.jpg 200w, https:\/\/estenbulhealth.com\/wp-content\/uploads\/2021\/05\/Thigh-Lift-in-turkey-1-400x210.jpg 400w, https:\/\/estenbulhealth.com\/wp-content\/uploads\/2021\/05\/Thigh-Lift-in-turkey-1-600x315.jpg 600w\" sizes=\"auto, (max-width: 682px) 100vw, 682px\" title=\"\">\t\t\t\t\t\t\t\t\t\t\t\t\t\t\t<\/div>\n\t\t\t\t\t<\/div>\n\t\t<\/div>\n\t\t\t\t\t<\/div>\n\t\t<\/section>\n\t\t\t\t<section class=\"wd-negative-gap elementor-section elementor-top-section elementor-element elementor-element-d061c47 elementor-section-boxed elementor-section-height-default elementor-section-height-default\" data-id=\"d061c47\" data-element_type=\"section\" data-e-type=\"section\">\n\t\t\t\t\t\t<div class=\"elementor-container elementor-column-gap-default\">\n\t\t\t\t\t<div class=\"elementor-column elementor-col-100 elementor-top-column elementor-element elementor-element-6035edb\" data-id=\"6035edb\" data-element_type=\"column\" data-e-type=\"column\">\n\t\t\t<div class=\"elementor-widget-wrap elementor-element-populated\">\n\t\t\t\t\t\t<div class=\"elementor-element elementor-element-629cc50b color-scheme-inherit text-left elementor-widget elementor-widget-text-editor\" data-id=\"629cc50b\" data-element_type=\"widget\" data-e-type=\"widget\" data-widget_type=\"text-editor.default\">\n\t\t\t\t\t\t\t\t\t<p><span style=\"color: var( --e-global-color-text ); font-family: var( --e-global-typography-text-font-family ), Sans-serif; font-weight: var( --e-global-typography-text-font-weight ); background-color: var(--content_bg_color); font-size: var(--body_typography-font-size); font-style: var(--body_typography-font-style,normal); letter-spacing: var(--body_typography-letter-spacing);\">\u00a0<\/span><span style=\"color: var( --e-global-color-text ); font-family: var( --e-global-typography-text-font-family ), Sans-serif; font-weight: var( --e-global-typography-text-font-weight ); font-size: var(--body_typography-font-size); font-style: var(--body_typography-font-style,normal); letter-spacing: var(--body_typography-letter-spacing); background-color: var(--content_bg_color);\">\u00a0<\/span><span style=\"color: var( --e-global-color-text ); font-family: var( --e-global-typography-text-font-family ), Sans-serif; font-weight: var( --e-global-typography-text-font-weight ); font-size: var(--body_typography-font-size); font-style: var(--body_typography-font-style,normal); letter-spacing: var(--body_typography-letter-spacing); background-color: var(--content_bg_color);\">\u00d6zellikle \u00fcst bacak olarak belirtilen b\u00f6lgede deri hassasiyeti olduk\u00e7a y\u00fcksektir bu nedenle zay\u0131flama sonras\u0131 sarkmalar\u0131n ve \u00e7atlamalar\u0131n g\u00f6r\u00fclmesi de \u00e7ok ola\u011fand\u0131r.\u00a0<\/span><span style=\"background-color: var(--content_bg_color); color: var( --e-global-color-text ); font-family: var( --e-global-typography-text-font-family ), Sans-serif; font-size: var(--body_typography-font-size); font-style: var(--body_typography-font-style,normal); font-weight: var( --e-global-typography-text-font-weight ); letter-spacing: var(--body_typography-letter-spacing);\">Ani kilo vermeler veya hamilelik sonras\u0131 d\u00f6nemlerde g\u00f6r\u00fclen bacak derisi sarkmalar\u0131nda \u00fcst bacak derisi i\u00e7in bacak germe operasyonu ba\u015far\u0131l\u0131 sonu\u00e7lar vermektedir.<\/span><\/p><p>Estetik operasyonlar\u0131n neredeyse tamam\u0131nda %100 memnuniyet sa\u011flayan T\u00fcrkiye\u2019de \u0130stanbul\u2019da yer alan Estenbul Health bacak germe esteti\u011fi hakk\u0131nda merak etti\u011finiz t\u00fcm sorular\u0131n\u0131z\u0131 yan\u0131tl\u0131yor.<\/p>\t\t\t\t\t\t\t\t<\/div>\n\t\t\t\t\t<\/div>\n\t\t<\/div>\n\t\t\t\t\t<\/div>\n\t\t<\/section>\n\t\t\t\t<section class=\"wd-negative-gap elementor-section elementor-top-section elementor-element elementor-element-16ef12df elementor-section-boxed elementor-section-height-default elementor-section-height-default\" data-id=\"16ef12df\" data-element_type=\"section\" data-e-type=\"section\">\n\t\t\t\t\t\t<div class=\"elementor-container elementor-column-gap-default\">\n\t\t\t\t\t<div class=\"elementor-column elementor-col-100 elementor-top-column elementor-element elementor-element-227ea4a0\" data-id=\"227ea4a0\" data-element_type=\"column\" data-e-type=\"column\">\n\t\t\t<div class=\"elementor-widget-wrap elementor-element-populated\">\n\t\t\t\t\t\t<div class=\"elementor-element elementor-element-9230947 color-scheme-inherit text-left elementor-widget elementor-widget-text-editor\" data-id=\"9230947\" data-element_type=\"widget\" data-e-type=\"widget\" data-widget_type=\"text-editor.default\">\n\t\t\t\t\t\t\t\t\t<p class=\"p2\">Son y\u0131llarda estetik operasyonlar konusunda ba\u015far\u0131s\u0131n\u0131 t\u00fcm d\u00fcnyan\u0131n konu\u015ftu\u011fu T\u00fcrkiye bacak germe operasyonlar\u0131 i\u00e7inde ciddi ba\u015far\u0131lara imza at\u0131yor. D\u00fcnyan\u0131n metropolleri aras\u0131nda yer alan \u0130stanbul\u2019da bir\u00e7ok klinik ve alan\u0131nda uzman hekimlerin kar\u0131n germe operasyonlar\u0131 hakk\u0131nda ba\u015far\u0131 hik\u00e2yeleri ise g\u00fcn ge\u00e7tik\u00e7e art\u0131yor.<\/p>\n<p class=\"p2\">Deri sarkmalar\u0131 hem estetik g\u00f6r\u00fcn\u00fcm a\u00e7\u0131s\u0131ndan hem de bacaklar\u0131n s\u00fcrt\u00fcnmesi sonucunda olu\u015fan pi\u015fikler nedeniyle kad\u0131n erkek ay\u0131t etmeksizin tercih edebildi\u011fi bir estetik m\u00fcdahaledir.<\/p>\n<p class=\"p2\">Bacak germe ameliyat\u0131 ayn\u0131 zamanda liposuction tedavisinde tamamlay\u0131c\u0131 operasyon olarak da tercih edilmektedir. Bacak germe esteti\u011fi ile sarkan derinin al\u0131narak bacaklarda estetik g\u00f6r\u00fcn\u00fcm hedeflenmektedir.<\/p>\n\t\t\t\t\t\t\t\t<\/div>\n\t\t\t\t\t<\/div>\n\t\t<\/div>\n\t\t\t\t\t<\/div>\n\t\t<\/section>\n\t\t\t\t<section class=\"wd-negative-gap elementor-section elementor-top-section elementor-element elementor-element-8b2a181 elementor-section-boxed elementor-section-height-default elementor-section-height-default\" data-id=\"8b2a181\" data-element_type=\"section\" data-e-type=\"section\">\n\t\t\t\t\t\t<div class=\"elementor-container elementor-column-gap-default\">\n\t\t\t\t\t<div class=\"elementor-column elementor-col-100 elementor-top-column elementor-element elementor-element-63d9925\" data-id=\"63d9925\" data-element_type=\"column\" data-e-type=\"column\">\n\t\t\t<div class=\"elementor-widget-wrap elementor-element-populated\">\n\t\t\t\t\t\t<div class=\"elementor-element elementor-element-6929ad0 elementor-widget elementor-widget-heading\" data-id=\"6929ad0\" data-element_type=\"widget\" data-e-type=\"widget\" data-widget_type=\"heading.default\">\n\t\t\t\t\t<h3 class=\"elementor-heading-title elementor-size-default\">Bacak Germe Ameliyat\u0131 Ne Kadar S\u00fcrer?<\/h3>\t\t\t\t<\/div>\n\t\t\t\t\t<\/div>\n\t\t<\/div>\n\t\t\t\t\t<\/div>\n\t\t<\/section>\n\t\t\t\t<section class=\"wd-negative-gap elementor-section elementor-top-section elementor-element elementor-element-a0323f1 elementor-section-boxed elementor-section-height-default elementor-section-height-default\" data-id=\"a0323f1\" data-element_type=\"section\" data-e-type=\"section\">\n\t\t\t\t\t\t<div class=\"elementor-container elementor-column-gap-default\">\n\t\t\t\t\t<div class=\"elementor-column elementor-col-50 elementor-top-column elementor-element elementor-element-468ed58\" data-id=\"468ed58\" data-element_type=\"column\" data-e-type=\"column\">\n\t\t\t<div class=\"elementor-widget-wrap elementor-element-populated\">\n\t\t\t\t\t\t<div class=\"elementor-element elementor-element-342e4ba color-scheme-inherit text-left elementor-widget elementor-widget-text-editor\" data-id=\"342e4ba\" data-element_type=\"widget\" data-e-type=\"widget\" data-widget_type=\"text-editor.default\">\n\t\t\t\t\t\t\t\t\t<p class=\"p2\">Bacak germe esteti\u011fi i\u00e7in operasyon s\u00fcresi hastadan hastaya g\u00f6re de\u011fi\u015fkenlik g\u00f6sterebilmektedir. Bacak germe ameliyat\u0131 i\u00e7in operasyonun s\u00fcresi yap\u0131lacak olan ilk muayene sonras\u0131nda \u00e7ok net \u015fekilde belirlenebilmektedir. Ayr\u0131ca bacak germe ameliyat\u0131 ile yap\u0131lacak olan kombine i\u015flemlerde operasyon s\u00fcresini etkilemektedir. Sadece bacak germe operasyonu i\u00e7in genel olarak ortalama 3 saat kadar s\u00fcrebilen bir operasyon oldu\u011funu s\u00f6ylemek m\u00fcmk\u00fcnd\u00fcr.<\/p>\t\t\t\t\t\t\t\t<\/div>\n\t\t\t\t\t<\/div>\n\t\t<\/div>\n\t\t\t\t<div class=\"elementor-column elementor-col-50 elementor-top-column elementor-element elementor-element-84aff2c\" data-id=\"84aff2c\" data-element_type=\"column\" data-e-type=\"column\">\n\t\t\t<div class=\"elementor-widget-wrap elementor-element-populated\">\n\t\t\t\t\t\t<div class=\"elementor-element elementor-element-3c738ff elementor-widget elementor-widget-image\" data-id=\"3c738ff\" data-element_type=\"widget\" data-e-type=\"widget\" data-widget_type=\"image.default\">\n\t\t\t\t\t\t\t\t\t\t\t\t\t\t\t<img loading=\"lazy\" decoding=\"async\" width=\"652\" height=\"436\" src=\"https:\/\/estenbulhealth.com\/wp-content\/uploads\/2021\/05\/Thigh-Lift-in-turkey-istanbul-1.jpg\" class=\"attachment-large size-large wp-image-12807\" alt=\"Thigh Lift Surgery in Turkey\" srcset=\"https:\/\/estenbulhealth.com\/wp-content\/uploads\/2021\/05\/Thigh-Lift-in-turkey-istanbul-1.jpg 652w, https:\/\/estenbulhealth.com\/wp-content\/uploads\/2021\/05\/Thigh-Lift-in-turkey-istanbul-1-300x201.jpg 300w, https:\/\/estenbulhealth.com\/wp-content\/uploads\/2021\/05\/Thigh-Lift-in-turkey-istanbul-1-200x134.jpg 200w, https:\/\/estenbulhealth.com\/wp-content\/uploads\/2021\/05\/Thigh-Lift-in-turkey-istanbul-1-400x267.jpg 400w, https:\/\/estenbulhealth.com\/wp-content\/uploads\/2021\/05\/Thigh-Lift-in-turkey-istanbul-1-600x401.jpg 600w\" sizes=\"auto, (max-width: 652px) 100vw, 652px\" title=\"\">\t\t\t\t\t\t\t\t\t\t\t\t\t\t\t<\/div>\n\t\t\t\t\t<\/div>\n\t\t<\/div>\n\t\t\t\t\t<\/div>\n\t\t<\/section>\n\t\t\t\t<section class=\"wd-negative-gap elementor-section elementor-top-section elementor-element elementor-element-fb4e3be elementor-section-boxed elementor-section-height-default elementor-section-height-default\" data-id=\"fb4e3be\" data-element_type=\"section\" data-e-type=\"section\">\n\t\t\t\t\t\t<div class=\"elementor-container elementor-column-gap-default\">\n\t\t\t\t\t<div class=\"elementor-column elementor-col-100 elementor-top-column elementor-element elementor-element-1b63311\" data-id=\"1b63311\" data-element_type=\"column\" data-e-type=\"column\">\n\t\t\t<div class=\"elementor-widget-wrap elementor-element-populated\">\n\t\t\t\t\t\t<div class=\"elementor-element elementor-element-3b97e75 color-scheme-inherit text-left elementor-widget elementor-widget-text-editor\" data-id=\"3b97e75\" data-element_type=\"widget\" data-e-type=\"widget\" data-widget_type=\"text-editor.default\">\n\t\t\t\t\t\t\t\t\t<p>Bacak germe esteti\u011fi ayn\u0131 zamanda cerrahi bir m\u00fcdahale olmas\u0131 nedeniyle mutlaka profesyonel sa\u011fl\u0131k kurumlar\u0131nda ve alan\u0131nda uzman hekimlerce hizmet al\u0131nmal\u0131d\u0131r. T\u00fcrkiye Bacak germe esteti\u011fi konusunda olduk\u00e7a ba\u015far\u0131l\u0131 sonu\u00e7lar verirken, Estenbul Health olarak \u0130stanbul da Bacak germe esteti\u011fi i\u00e7in alan\u0131nda uzman hekimlerimizle hizmet sunmaktay\u0131z.<\/p>\t\t\t\t\t\t\t\t<\/div>\n\t\t\t\t\t<\/div>\n\t\t<\/div>\n\t\t\t\t\t<\/div>\n\t\t<\/section>\n\t\t\t\t<section class=\"wd-negative-gap elementor-section elementor-top-section elementor-element elementor-element-60e36f3 elementor-section-boxed elementor-section-height-default elementor-section-height-default\" data-id=\"60e36f3\" data-element_type=\"section\" data-e-type=\"section\">\n\t\t\t\t\t\t<div class=\"elementor-container elementor-column-gap-default\">\n\t\t\t\t\t<div class=\"elementor-column elementor-col-100 elementor-top-column elementor-element elementor-element-19db0fd\" data-id=\"19db0fd\" data-element_type=\"column\" data-e-type=\"column\">\n\t\t\t<div class=\"elementor-widget-wrap elementor-element-populated\">\n\t\t\t\t\t\t<div class=\"elementor-element elementor-element-3552029 elementor-widget elementor-widget-heading\" data-id=\"3552029\" data-element_type=\"widget\" data-e-type=\"widget\" data-widget_type=\"heading.default\">\n\t\t\t\t\t<h3 class=\"elementor-heading-title elementor-size-default\">Bacak Germe Sonras\u0131 Dikkat Edilmesi Gerekenler<\/h3>\t\t\t\t<\/div>\n\t\t\t\t\t<\/div>\n\t\t<\/div>\n\t\t\t\t\t<\/div>\n\t\t<\/section>\n\t\t\t\t<section class=\"wd-negative-gap elementor-section elementor-top-section elementor-element elementor-element-0dc5384 elementor-section-boxed elementor-section-height-default elementor-section-height-default\" data-id=\"0dc5384\" data-element_type=\"section\" data-e-type=\"section\">\n\t\t\t\t\t\t<div class=\"elementor-container elementor-column-gap-default\">\n\t\t\t\t\t<div class=\"elementor-column elementor-col-100 elementor-top-column elementor-element elementor-element-773c989\" data-id=\"773c989\" data-element_type=\"column\" data-e-type=\"column\">\n\t\t\t<div class=\"elementor-widget-wrap elementor-element-populated\">\n\t\t\t\t\t\t<div class=\"elementor-element elementor-element-10913cd color-scheme-inherit text-left elementor-widget elementor-widget-text-editor\" data-id=\"10913cd\" data-element_type=\"widget\" data-e-type=\"widget\" data-widget_type=\"text-editor.default\">\n\t\t\t\t\t\t\t\t\t<p class=\"p2\">Bacak germe esteti\u011fi her ne kadar cerrahi bir operasyon olsa da, operasyondan sonra g\u00fcnl\u00fck hayata d\u00f6n\u00fc\u015f di\u011fer cerrahi m\u00fcdahalelere k\u0131yasla \u00e7ok daha h\u0131zl\u0131 ve kolayd\u0131r.<\/p>\n<p class=\"p2\">Bacak germe ameliyat\u0131 sonras\u0131 en \u00f6nemli ilk a\u015fama hastan\u0131n ortalama 2 hafta s\u00fcresince a\u011f\u0131r ve yo\u011fun hareketler ve aktivitelerden uzak durmas\u0131d\u0131r.<\/p>\n<p class=\"p2\">Bir\u00e7ok estetik m\u00fcdahale sonras\u0131nda oldu\u011fu gibi bacak germe ameliyat\u0131 sonras\u0131nda da hastan\u0131n ortalama 2 ile 4 hafta s\u00fcresince korse giymesi \u00f6nerilmektedir.<\/p>\n<p class=\"p2\">T\u00fcm cerrahi operasyonlarda oldu\u011fu gibi bacak germe ameliyat\u0131 sonras\u0131nda da a\u011fr\u0131lar\u0131n, morarma ve \u00f6demlerin olmas\u0131 \u00e7ok ola\u011fan ve beklenen bir durumdur. Bu gibi durumlarda herhangi bir pani\u011fe gerek olmadan alan\u0131nda uzman olan hekim y\u00f6nlendirmelerinin dikkate al\u0131nmas\u0131 ve a\u011fr\u0131lar i\u00e7in yine hekimin \u00f6nerdi\u011fi ve hekimin bilgisi dahilinde ila\u00e7 ve antibiyotiklerin kullan\u0131lmas\u0131 \u00f6nerilmektedir.<\/p>\n<p class=\"p2\">Operasyon sonras\u0131nda olu\u015fan \u00f6dem ve morarmalar ise kendili\u011finden iyile\u015fecek ve \u00f6dem kendili\u011finden ge\u00e7ecektir. \u00d6dem ile ilgili olarakta s\u00fcrecin h\u0131zlanmas\u0131 konusunda \u00f6nerilerle ilgili yine uzman hekimden destek istemek m\u00fcmk\u00fcnd\u00fcr.<\/p>\n<p class=\"p2\">Bacak germe ameliyat\u0131 sonras\u0131nda banyo ve du\u015f i\u00e7in ortalama 2 veya 3 g\u00fcn beklenmesi gerekmektedir.<\/p>\n\t\t\t\t\t\t\t\t<\/div>\n\t\t\t\t\t<\/div>\n\t\t<\/div>\n\t\t\t\t\t<\/div>\n\t\t<\/section>\n\t\t\t\t<section class=\"wd-negative-gap elementor-section elementor-top-section elementor-element elementor-element-b23043b elementor-section-boxed elementor-section-height-default elementor-section-height-default\" data-id=\"b23043b\" data-element_type=\"section\" data-e-type=\"section\">\n\t\t\t\t\t\t<div class=\"elementor-container elementor-column-gap-default\">\n\t\t\t\t\t<div class=\"elementor-column elementor-col-50 elementor-top-column elementor-element elementor-element-ece5eac\" data-id=\"ece5eac\" data-element_type=\"column\" data-e-type=\"column\">\n\t\t\t<div class=\"elementor-widget-wrap elementor-element-populated\">\n\t\t\t\t\t\t<div class=\"elementor-element elementor-element-81d60a4 color-scheme-inherit text-left elementor-widget elementor-widget-text-editor\" data-id=\"81d60a4\" data-element_type=\"widget\" data-e-type=\"widget\" data-widget_type=\"text-editor.default\">\n\t\t\t\t\t\t\t\t\t<p class=\"p2\">T\u00fcm cerrahi operasyonlarda oldu\u011fu gibi bacak germe ameliyat\u0131 sonras\u0131nda da a\u011fr\u0131lar\u0131n, morarma ve \u00f6demlerin olmas\u0131 \u00e7ok ola\u011fan ve beklenen bir durumdur. Bu gibi durumlarda herhangi bir pani\u011fe gerek olmadan alan\u0131nda uzman olan hekim y\u00f6nlendirmelerinin dikkate al\u0131nmas\u0131 ve a\u011fr\u0131lar i\u00e7in yine hekimin \u00f6nerdi\u011fi ve hekimin bilgisi dahilinde ila\u00e7 ve antibiyotiklerin kullan\u0131lmas\u0131 \u00f6nerilmektedir.<\/p><p class=\"p2\">Operasyon sonras\u0131nda olu\u015fan \u00f6dem ve morarmalar ise kendili\u011finden iyile\u015fecek ve \u00f6dem kendili\u011finden ge\u00e7ecektir. \u00d6dem ile ilgili olarakta s\u00fcrecin h\u0131zlanmas\u0131 konusunda \u00f6nerilerle ilgili yine uzman hekimden destek istemek m\u00fcmk\u00fcnd\u00fcr.<\/p>\t\t\t\t\t\t\t\t<\/div>\n\t\t\t\t\t<\/div>\n\t\t<\/div>\n\t\t\t\t<div class=\"elementor-column elementor-col-50 elementor-top-column elementor-element elementor-element-0b023aa\" data-id=\"0b023aa\" data-element_type=\"column\" data-e-type=\"column\">\n\t\t\t<div class=\"elementor-widget-wrap elementor-element-populated\">\n\t\t\t\t\t\t<div class=\"elementor-element elementor-element-f43f5ff elementor-widget elementor-widget-image\" data-id=\"f43f5ff\" data-element_type=\"widget\" data-e-type=\"widget\" data-widget_type=\"image.default\">\n\t\t\t\t\t\t\t\t\t\t\t\t\t\t\t<img loading=\"lazy\" decoding=\"async\" width=\"652\" height=\"390\" src=\"https:\/\/estenbulhealth.com\/wp-content\/uploads\/2021\/05\/Thigh-Lift-in-turkey-istanbul-2.jpg\" class=\"attachment-large size-large wp-image-12811\" alt=\"Plastic Surgery | Thigh Lift in Turkey Istanbul\" srcset=\"https:\/\/estenbulhealth.com\/wp-content\/uploads\/2021\/05\/Thigh-Lift-in-turkey-istanbul-2.jpg 652w, https:\/\/estenbulhealth.com\/wp-content\/uploads\/2021\/05\/Thigh-Lift-in-turkey-istanbul-2-300x179.jpg 300w, https:\/\/estenbulhealth.com\/wp-content\/uploads\/2021\/05\/Thigh-Lift-in-turkey-istanbul-2-200x120.jpg 200w, https:\/\/estenbulhealth.com\/wp-content\/uploads\/2021\/05\/Thigh-Lift-in-turkey-istanbul-2-400x239.jpg 400w, https:\/\/estenbulhealth.com\/wp-content\/uploads\/2021\/05\/Thigh-Lift-in-turkey-istanbul-2-600x359.jpg 600w\" sizes=\"auto, (max-width: 652px) 100vw, 652px\" title=\"\">\t\t\t\t\t\t\t\t\t\t\t\t\t\t\t<\/div>\n\t\t\t\t\t<\/div>\n\t\t<\/div>\n\t\t\t\t\t<\/div>\n\t\t<\/section>\n\t\t\t\t<section class=\"wd-negative-gap elementor-section elementor-top-section elementor-element elementor-element-53ed2c4 elementor-section-boxed elementor-section-height-default elementor-section-height-default\" data-id=\"53ed2c4\" data-element_type=\"section\" data-e-type=\"section\">\n\t\t\t\t\t\t<div class=\"elementor-container elementor-column-gap-default\">\n\t\t\t\t\t<div class=\"elementor-column elementor-col-100 elementor-top-column elementor-element elementor-element-9519386\" data-id=\"9519386\" data-element_type=\"column\" data-e-type=\"column\">\n\t\t\t<div class=\"elementor-widget-wrap elementor-element-populated\">\n\t\t\t\t\t\t<div class=\"elementor-element elementor-element-c2b1400 color-scheme-inherit text-left elementor-widget elementor-widget-text-editor\" data-id=\"c2b1400\" data-element_type=\"widget\" data-e-type=\"widget\" data-widget_type=\"text-editor.default\">\n\t\t\t\t\t\t\t\t\t<p class=\"p2\">Bacak germe ameliyat\u0131 sonras\u0131nda banyo ve du\u015f i\u00e7in ortalama 2 veya 3 g\u00fcn beklenmesi gerekmektedir.<\/p><p class=\"p2\">Bacak germe esteti\u011fi sonras\u0131nda spor faaliyetlerine ise yine ki\u015fiden ki\u015fiye de\u011fi\u015fkenlik g\u00f6stermekle beraber ortalama 4 ile 6 hafta s\u00fcresince ara verilmesi gerekmektedir.<\/p><p class=\"p2\">Bacak germe ameliyat\u0131 sonras\u0131nda istirahat olduk\u00e7a \u00f6nemlidir, diki\u015f b\u00f6lgesinin maksimum \u00f6zenle korunmas\u0131 gerekti\u011finden dolay\u0131 ilk 1 hafta d\u00fczenli istirahat \u00f6nerilmektedir.<\/p><p class=\"p2\">Her cerrahi m\u00fcdahalede oldu\u011fu gibi bacak germe esteti\u011fi \u00f6ncesinde ve sonras\u0131nda iyile\u015fme s\u00fcrecini olumsuz etkileyece\u011fi ve yava\u015flataca\u011f\u0131ndan dolay\u0131 sigara ve alkol kullan\u0131m\u0131na ortalama 2 ile 4 hafta ara verilmesi \u00f6nerilmektedir.<\/p><p class=\"p2\">Bacak germe esteti\u011fi yapt\u0131racak olan ki\u015filerin, varsa kronik rahats\u0131zl\u0131klar veya d\u00fczenli kulland\u0131klar\u0131 ila\u00e7lar\u0131 bacak germe ameliyat\u0131 \u00f6ncesinde hekimleri ile payla\u015fmas\u0131 gereklidir.<\/p>\t\t\t\t\t\t\t\t<\/div>\n\t\t\t\t\t<\/div>\n\t\t<\/div>\n\t\t\t\t\t<\/div>\n\t\t<\/section>\n\t\t\t\t<section class=\"wd-negative-gap elementor-section elementor-top-section elementor-element elementor-element-6797f46 elementor-section-boxed elementor-section-height-default elementor-section-height-default\" data-id=\"6797f46\" data-element_type=\"section\" data-e-type=\"section\">\n\t\t\t\t\t\t<div class=\"elementor-container elementor-column-gap-default\">\n\t\t\t\t\t<div class=\"elementor-column elementor-col-100 elementor-top-column elementor-element elementor-element-9736306\" data-id=\"9736306\" data-element_type=\"column\" data-e-type=\"column\">\n\t\t\t<div class=\"elementor-widget-wrap elementor-element-populated\">\n\t\t\t\t\t\t<div class=\"elementor-element elementor-element-5013174 elementor-widget elementor-widget-heading\" data-id=\"5013174\" data-element_type=\"widget\" data-e-type=\"widget\" data-widget_type=\"heading.default\">\n\t\t\t\t\t<h3 class=\"elementor-heading-title elementor-size-default\">Kimler Bacak Germe Ameliyat\u0131 Yapt\u0131rabilir?<\/h3>\t\t\t\t<\/div>\n\t\t\t\t\t<\/div>\n\t\t<\/div>\n\t\t\t\t\t<\/div>\n\t\t<\/section>\n\t\t\t\t<section class=\"wd-negative-gap elementor-section elementor-top-section elementor-element elementor-element-5f78d0e elementor-section-boxed elementor-section-height-default elementor-section-height-default\" data-id=\"5f78d0e\" data-element_type=\"section\" data-e-type=\"section\">\n\t\t\t\t\t\t<div class=\"elementor-container elementor-column-gap-default\">\n\t\t\t\t\t<div class=\"elementor-column elementor-col-50 elementor-top-column elementor-element elementor-element-bed7bac\" data-id=\"bed7bac\" data-element_type=\"column\" data-e-type=\"column\">\n\t\t\t<div class=\"elementor-widget-wrap elementor-element-populated\">\n\t\t\t\t\t\t<div class=\"elementor-element elementor-element-a2850fe color-scheme-inherit text-left elementor-widget elementor-widget-text-editor\" data-id=\"a2850fe\" data-element_type=\"widget\" data-e-type=\"widget\" data-widget_type=\"text-editor.default\">\n\t\t\t\t\t\t\t\t\t<ul>\n<li class=\"p2\">H\u0131zl\u0131 kilo al\u0131p verme sonras\u0131nda bacak derilerinde sarkmalar g\u00f6r\u00fclen ki\u015filer<\/li>\n<li class=\"p2\">Ya\u015flanmaya ba\u011fl\u0131 bacak b\u00f6lgesinde deri sarkmalar\u0131 g\u00f6r\u00fclen ki\u015filer<\/li>\n<li class=\"p2\">Hamilelik sonras\u0131 bacak b\u00f6lgesinde sarkma ve \u00e7atlaklar g\u00f6r\u00fclen ki\u015filer<\/li>\n<li class=\"p2\">Genetik olarak doku gev\u015fekli\u011fine ba\u011fl\u0131 bacak b\u00f6lgesinde sarkma olan ki\u015filer ve sa\u011fl\u0131k ko\u015fullar\u0131 bacak germe esteti\u011fine engel olmayan herkes tercihine g\u00f6re bacak germe ameliyat\u0131 olabilmektedir.<\/li>\n<\/ul>\n\t\t\t\t\t\t\t\t<\/div>\n\t\t\t\t\t<\/div>\n\t\t<\/div>\n\t\t\t\t<div class=\"elementor-column elementor-col-50 elementor-top-column elementor-element elementor-element-7fea2f3\" data-id=\"7fea2f3\" data-element_type=\"column\" data-e-type=\"column\">\n\t\t\t<div class=\"elementor-widget-wrap elementor-element-populated\">\n\t\t\t\t\t\t<div class=\"elementor-element elementor-element-031670f elementor-widget elementor-widget-image\" data-id=\"031670f\" data-element_type=\"widget\" data-e-type=\"widget\" data-widget_type=\"image.default\">\n\t\t\t\t\t\t\t\t\t\t\t\t\t\t\t<img loading=\"lazy\" decoding=\"async\" width=\"652\" height=\"327\" src=\"https:\/\/estenbulhealth.com\/wp-content\/uploads\/2021\/05\/Thigh-Lift-in-turkey-3.jpg\" class=\"attachment-large size-large wp-image-12815\" alt=\"Thigh Lift Surgery in Turkey\" srcset=\"https:\/\/estenbulhealth.com\/wp-content\/uploads\/2021\/05\/Thigh-Lift-in-turkey-3.jpg 652w, https:\/\/estenbulhealth.com\/wp-content\/uploads\/2021\/05\/Thigh-Lift-in-turkey-3-300x150.jpg 300w, https:\/\/estenbulhealth.com\/wp-content\/uploads\/2021\/05\/Thigh-Lift-in-turkey-3-200x100.jpg 200w, https:\/\/estenbulhealth.com\/wp-content\/uploads\/2021\/05\/Thigh-Lift-in-turkey-3-400x201.jpg 400w, https:\/\/estenbulhealth.com\/wp-content\/uploads\/2021\/05\/Thigh-Lift-in-turkey-3-600x301.jpg 600w, https:\/\/estenbulhealth.com\/wp-content\/uploads\/2021\/05\/Thigh-Lift-in-turkey-3-540x272.jpg 540w\" sizes=\"auto, (max-width: 652px) 100vw, 652px\" title=\"\">\t\t\t\t\t\t\t\t\t\t\t\t\t\t\t<\/div>\n\t\t\t\t\t<\/div>\n\t\t<\/div>\n\t\t\t\t\t<\/div>\n\t\t<\/section>\n\t\t\t\t<section class=\"wd-negative-gap elementor-section elementor-top-section elementor-element elementor-element-ee876b2 elementor-section-boxed elementor-section-height-default elementor-section-height-default\" data-id=\"ee876b2\" data-element_type=\"section\" data-e-type=\"section\">\n\t\t\t\t\t\t<div class=\"elementor-container elementor-column-gap-default\">\n\t\t\t\t\t<div class=\"elementor-column elementor-col-100 elementor-top-column elementor-element elementor-element-d1ac269\" data-id=\"d1ac269\" data-element_type=\"column\" data-e-type=\"column\">\n\t\t\t<div class=\"elementor-widget-wrap elementor-element-populated\">\n\t\t\t\t\t\t<div class=\"elementor-element elementor-element-6aa432a elementor-widget elementor-widget-heading\" data-id=\"6aa432a\" data-element_type=\"widget\" data-e-type=\"widget\" data-widget_type=\"heading.default\">\n\t\t\t\t\t<h3 class=\"elementor-heading-title elementor-size-default\">Bacak Germe Ameliyat\u0131 Fiyatlar\u0131<\/h3>\t\t\t\t<\/div>\n\t\t\t\t\t<\/div>\n\t\t<\/div>\n\t\t\t\t\t<\/div>\n\t\t<\/section>\n\t\t\t\t<section class=\"wd-negative-gap elementor-section elementor-top-section elementor-element elementor-element-ebb7275 elementor-section-boxed elementor-section-height-default elementor-section-height-default\" data-id=\"ebb7275\" data-element_type=\"section\" data-e-type=\"section\">\n\t\t\t\t\t\t<div class=\"elementor-container elementor-column-gap-default\">\n\t\t\t\t\t<div class=\"elementor-column elementor-col-50 elementor-top-column elementor-element elementor-element-913d8a0\" data-id=\"913d8a0\" data-element_type=\"column\" data-e-type=\"column\">\n\t\t\t<div class=\"elementor-widget-wrap elementor-element-populated\">\n\t\t\t\t\t\t<div class=\"elementor-element elementor-element-864f888 color-scheme-inherit text-left elementor-widget elementor-widget-text-editor\" data-id=\"864f888\" data-element_type=\"widget\" data-e-type=\"widget\" data-widget_type=\"text-editor.default\">\n\t\t\t\t\t\t\t\t\t<p>Bacak germe ameliyat\u0131 fiyatlar\u0131, bacaktaki sarkma miktar\u0131na, bacakta bulunan ya\u011f dokular\u0131n\u0131n miktar\u0131na, ek tedavilerin yap\u0131l\u0131p yap\u0131lmayaca\u011f\u0131na, se\u00e7ilen ameliyat tekni\u011fine g\u00f6re de\u011fi\u015fiklik g\u00f6sterir. En sa\u011fl\u0131kl\u0131 bacak germe ameliyat\u0131 fiyatlar\u0131 i\u00e7in doktor muayenesi olup gerekli planlamalar\u0131n iyi bir \u015fekilde yap\u0131lmas\u0131 gerekir.<\/p>\t\t\t\t\t\t\t\t<\/div>\n\t\t\t\t\t<\/div>\n\t\t<\/div>\n\t\t\t\t<div class=\"elementor-column elementor-col-50 elementor-top-column elementor-element elementor-element-7357ca1\" data-id=\"7357ca1\" data-element_type=\"column\" data-e-type=\"column\">\n\t\t\t<div class=\"elementor-widget-wrap elementor-element-populated\">\n\t\t\t\t\t\t<div class=\"elementor-element elementor-element-c1606b0 elementor-widget elementor-widget-image\" data-id=\"c1606b0\" data-element_type=\"widget\" data-e-type=\"widget\" data-widget_type=\"image.default\">\n\t\t\t\t\t\t\t\t\t\t\t\t\t\t\t<img loading=\"lazy\" decoding=\"async\" width=\"652\" height=\"240\" src=\"https:\/\/estenbulhealth.com\/wp-content\/uploads\/2021\/05\/Thigh-Lift-in-turkey-4.jpg\" class=\"attachment-large size-large wp-image-12819\" alt=\"Thigh Lift Surgery in Turkey\" srcset=\"https:\/\/estenbulhealth.com\/wp-content\/uploads\/2021\/05\/Thigh-Lift-in-turkey-4.jpg 652w, https:\/\/estenbulhealth.com\/wp-content\/uploads\/2021\/05\/Thigh-Lift-in-turkey-4-300x110.jpg 300w, https:\/\/estenbulhealth.com\/wp-content\/uploads\/2021\/05\/Thigh-Lift-in-turkey-4-200x74.jpg 200w, https:\/\/estenbulhealth.com\/wp-content\/uploads\/2021\/05\/Thigh-Lift-in-turkey-4-400x147.jpg 400w, https:\/\/estenbulhealth.com\/wp-content\/uploads\/2021\/05\/Thigh-Lift-in-turkey-4-600x221.jpg 600w\" sizes=\"auto, (max-width: 652px) 100vw, 652px\" title=\"\">\t\t\t\t\t\t\t\t\t\t\t\t\t\t\t<\/div>\n\t\t\t\t\t<\/div>\n\t\t<\/div>\n\t\t\t\t\t<\/div>\n\t\t<\/section>\n\t\t\t\t<section class=\"wd-negative-gap elementor-section elementor-top-section elementor-element elementor-element-7d889d8 elementor-section-boxed elementor-section-height-default elementor-section-height-default\" data-id=\"7d889d8\" data-element_type=\"section\" data-e-type=\"section\">\n\t\t\t\t\t\t<div class=\"elementor-container elementor-column-gap-default\">\n\t\t\t\t\t<div class=\"elementor-column elementor-col-100 elementor-top-column elementor-element elementor-element-319c284\" data-id=\"319c284\" data-element_type=\"column\" data-e-type=\"column\">\n\t\t\t<div class=\"elementor-widget-wrap elementor-element-populated\">\n\t\t\t\t\t\t<div class=\"elementor-element elementor-element-86c47f9 color-scheme-inherit text-left elementor-widget elementor-widget-text-editor\" data-id=\"86c47f9\" data-element_type=\"widget\" data-e-type=\"widget\" data-widget_type=\"text-editor.default\">\n\t\t\t\t\t\t\t\t\t<p class=\"p2\"><span style=\"color: var( --e-global-color-text ); font-family: var( --e-global-typography-text-font-family ), Sans-serif; font-weight: var( --e-global-typography-text-font-weight ); background-color: var(--content_bg_color); font-size: var(--body_typography-font-size); font-style: var(--body_typography-font-style,normal); letter-spacing: var(--body_typography-letter-spacing);\">Geli\u015fen teknoloji sayesinde g\u00fcn\u00fcm\u00fcz\u00fcn en yayg\u0131n tercih edilen bir di\u011fer estetik operasyonu aras\u0131nda yer alan \u2018bacak germe esteti\u011fi hakk\u0131nda bir\u00e7ok merak edilen soru mevcuttur. Ancak bu sorular\u0131n en ba\u015f\u0131nda, \u2018T\u00fcrkiye bacak germe esteti\u011fi fiyatlar\u0131 nelerdir?\u2019 \u20182021 \u0130stanbul bacak germe ameliyat\u0131 fiyatlar\u0131 nedir\u2019 \u2018bacak germe esteti\u011fi fiyatlar\u0131 2021\u2019 \u015feklindedir.<\/span><\/p><p class=\"p2\">Bacak germe esteti\u011fi ameliyatlar\u0131nda her vaka i\u00e7in uygulanacak i\u015flemler birbirinden farkl\u0131 olabilmektedir. Bu operasyonlarda operasyonun fiyat\u0131n\u0131 etkileyen birden \u00e7ok belirleyici bulunmaktad\u0131r. Bacak germe ameliyat\u0131nda uygulanacak olan y\u00f6ntem, kullan\u0131lacak olan ekipman, operasyonu yapacak olan hekim ve hastane \u00fccretleri ve bacak germe ameliyat\u0131 ile birlikte kombine bir operasyon olup olmayaca\u011f\u0131 fiyat\u0131 direkt olarak etkilemektedir.<\/p>\t\t\t\t\t\t\t\t<\/div>\n\t\t\t\t\t<\/div>\n\t\t<\/div>\n\t\t\t\t\t<\/div>\n\t\t<\/section>\n\t\t\t\t<section class=\"wd-negative-gap elementor-section elementor-top-section elementor-element elementor-element-b103a20 elementor-section-boxed elementor-section-height-default elementor-section-height-default\" data-id=\"b103a20\" data-element_type=\"section\" data-e-type=\"section\">\n\t\t\t\t\t\t<div class=\"elementor-container elementor-column-gap-default\">\n\t\t\t\t\t<div class=\"elementor-column elementor-col-100 elementor-top-column elementor-element elementor-element-37ff35b\" data-id=\"37ff35b\" data-element_type=\"column\" data-e-type=\"column\">\n\t\t\t<div class=\"elementor-widget-wrap elementor-element-populated\">\n\t\t\t\t\t\t<div class=\"elementor-element elementor-element-84498c0 color-scheme-inherit text-left elementor-widget elementor-widget-text-editor\" data-id=\"84498c0\" data-element_type=\"widget\" data-e-type=\"widget\" data-widget_type=\"text-editor.default\">\n\t\t\t\t\t\t\t\t\t<p class=\"p2\">D\u00fcnyan\u0131n estetik operasyonlarda en ba\u015far\u0131l\u0131 noktalar\u0131ndan biri olan T\u00fcrkiye ise bu anlamda \u00e7ok ba\u015far\u0131l\u0131 sonu\u00e7lar sunmaktad\u0131r. Ancak fiyatland\u0131rma i\u00e7in kesin bilgi vermek maalesef m\u00fcmk\u00fcn de\u011fildir. Bacak germe esteti\u011fi i\u00e7in do\u011fru fiyatland\u0131rma alan\u0131nda uzman hekimler taraf\u0131ndan yap\u0131lan \u00f6n muayenede ki\u015fiye \u00f6zel planlama ile belirlenmektedir. Bir\u00e7ok klinik sabit fiyat sunuyor g\u00f6r\u00fcnse de sonras\u0131nda fiyatlar\u0131n de\u011fi\u015fmesi muhtemeldir. Bu nedenle \u2018bacak germe esteti\u011fi T\u00fcrkiye\u2019 \u0130stanbul bacak germe ameliyat\u0131 fiyatlar\u0131\u2019 \u2018bacak germe esteti\u011fi fiyatlar\u0131 T\u00fcrkiye\u2019 gibi sorulara net bir yan\u0131t vermek hem m\u00fcmk\u00fcn hem de do\u011fru de\u011fildir.<\/p>\n<p class=\"p2\">Sizlerde T\u00fcrkiye\u2019de profesyonel sa\u011fl\u0131k kurumlar\u0131nda alan\u0131na uzman hekimler taraf\u0131ndan hizmet almak, bacak germe esteti\u011fi hakk\u0131nda merak etti\u011finiz her \u015feyi sormak i\u00e7in \u00fccretsiz \u00f6n muayene randevusu almak i\u00e7in bizimle ileti\u015fime ge\u00e7ebilirsiniz.<\/p>\n\t\t\t\t\t\t\t\t<\/div>\n\t\t\t\t\t<\/div>\n\t\t<\/div>\n\t\t\t\t\t<\/div>\n\t\t<\/section>\n\t\t\t\t<section class=\"wd-negative-gap elementor-section elementor-top-section elementor-element elementor-element-6ab601b elementor-section-boxed elementor-section-height-default elementor-section-height-default\" data-id=\"6ab601b\" data-element_type=\"section\" data-e-type=\"section\">\n\t\t\t\t\t\t<div class=\"elementor-container elementor-column-gap-default\">\n\t\t\t\t\t<div class=\"elementor-column elementor-col-100 elementor-top-column elementor-element elementor-element-4193775\" data-id=\"4193775\" data-element_type=\"column\" data-e-type=\"column\">\n\t\t\t<div class=\"elementor-widget-wrap elementor-element-populated\">\n\t\t\t\t\t\t<div class=\"elementor-element elementor-element-9318478 elementor-widget-divider--view-line_icon elementor-view-default elementor-widget-divider--element-align-center elementor-widget elementor-widget-divider\" data-id=\"9318478\" data-element_type=\"widget\" data-e-type=\"widget\" data-widget_type=\"divider.default\">\n\t\t\t\t\t\t\t<div class=\"elementor-divider\">\n\t\t\t<span class=\"elementor-divider-separator\">\n\t\t\t\t\t\t\t<div class=\"elementor-icon elementor-divider__element\">\n\t\t\t\t\t<svg aria-hidden=\"true\" class=\"e-font-icon-svg e-fas-hand-holding-heart\" viewBox=\"0 0 576 512\" xmlns=\"http:\/\/www.w3.org\/2000\/svg\"><path d=\"M275.3 250.5c7 7.4 18.4 7.4 25.5 0l108.9-114.2c31.6-33.2 29.8-88.2-5.6-118.8-30.8-26.7-76.7-21.9-104.9 7.7L288 36.9l-11.1-11.6C248.7-4.4 202.8-9.2 172 17.5c-35.3 30.6-37.2 85.6-5.6 118.8l108.9 114.2zm290 77.6c-11.8-10.7-30.2-10-42.6 0L430.3 402c-11.3 9.1-25.4 14-40 14H272c-8.8 0-16-7.2-16-16s7.2-16 16-16h78.3c15.9 0 30.7-10.9 33.3-26.6 3.3-20-12.1-37.4-31.6-37.4H192c-27 0-53.1 9.3-74.1 26.3L71.4 384H16c-8.8 0-16 7.2-16 16v96c0 8.8 7.2 16 16 16h356.8c14.5 0 28.6-4.9 40-14L564 377c15.2-12.1 16.4-35.3 1.3-48.9z\"><\/path><\/svg><\/div>\n\t\t\t\t\t\t<\/span>\n\t\t<\/div>\n\t\t\t\t\t\t<\/div>\n\t\t\t\t\t<\/div>\n\t\t<\/div>\n\t\t\t\t\t<\/div>\n\t\t<\/section>\n\t\t\t\t<section class=\"wd-negative-gap elementor-section elementor-top-section elementor-element elementor-element-4f6e188c elementor-section-boxed elementor-section-height-default elementor-section-height-default\" data-id=\"4f6e188c\" data-element_type=\"section\" data-e-type=\"section\">\n\t\t\t\t\t\t<div class=\"elementor-container elementor-column-gap-default\">\n\t\t\t\t\t<div class=\"elementor-column elementor-col-50 elementor-top-column elementor-element elementor-element-5018cde4\" data-id=\"5018cde4\" data-element_type=\"column\" data-e-type=\"column\" data-settings=\"{&quot;background_background&quot;:&quot;gradient&quot;}\">\n\t\t\t<div class=\"elementor-widget-wrap elementor-element-populated\">\n\t\t\t\t\t\t\t<\/div>\n\t\t<\/div>\n\t\t\t\t<div class=\"elementor-column elementor-col-50 elementor-top-column elementor-element elementor-element-44368f8e\" data-id=\"44368f8e\" data-element_type=\"column\" data-e-type=\"column\">\n\t\t\t<div class=\"elementor-widget-wrap elementor-element-populated\">\n\t\t\t\t\t\t<div class=\"elementor-element elementor-element-7ca07c79 elementor-widget elementor-widget-heading\" data-id=\"7ca07c79\" data-element_type=\"widget\" data-e-type=\"widget\" data-widget_type=\"heading.default\">\n\t\t\t\t\t<h2 class=\"elementor-heading-title elementor-size-default\">Bizimle ileti\u015fime ge\u00e7in!<\/h2>\t\t\t\t<\/div>\n\t\t\t\t<div class=\"elementor-element elementor-element-4fa0bec9 color-scheme-inherit text-left elementor-widget elementor-widget-text-editor\" data-id=\"4fa0bec9\" data-element_type=\"widget\" data-e-type=\"widget\" data-widget_type=\"text-editor.default\">\n\t\t\t\t\t\t\t\t\t<p><strong>Y\u00f6netim Ofisi:<\/strong> Cihannuma Mah. Akdo\u011fan Sok, No: 45\/2 Be\u015fikta\u015f, Istanbul, T\u00fcrkiye<\/p>\n<p><strong>Hastane:<\/strong>\u00a0Levent Mah. Yeni S\u00fcl\u00fcn Sok. No:13, 34353 Be\u015fikta\u015f\/\u0130stanbul<br \/>\n<strong>Telefon:<\/strong>\u00a0+90 (543) 337 1865<br \/>\n<strong>Whatsapp :<\/strong>\u00a0+90 (543) 337 1865<br \/>\n<strong>Email:\u00a0<\/strong>info@estenbulhealth.com<\/p>\n\t\t\t\t\t\t\t\t<\/div>\n\t\t\t\t\t<\/div>\n\t\t<\/div>\n\t\t\t\t\t<\/div>\n\t\t<\/section>\n\t\t\t\t<\/div>\n\t\t","protected":false},"excerpt":{"rendered":"<p>Bacak Germe Nedir? G\u00fcn\u00fcm\u00fcz \u015fartlar\u0131nda teknolojinin geli\u015fmesi estetik operasyonlar i\u00e7inde her \u015fik\u00e2yetin \u00e7\u00f6z\u00fcm\u00fcnde ciddi rol oynam\u0131\u015ft\u0131r. Meme b\u00fcy\u00fctme, kar\u0131n germe,<\/p>\n","protected":false},"author":24,"featured_media":0,"parent":0,"menu_order":0,"comment_status":"closed","ping_status":"closed","template":"","meta":{"content-type":"","footnotes":""},"class_list":["post-13345","page","type-page","status-publish","hentry"],"_links":{"self":[{"href":"https:\/\/estenbulhealth.com\/tr\/wp-json\/wp\/v2\/pages\/13345","targetHints":{"allow":["GET"]}}],"collection":[{"href":"https:\/\/estenbulhealth.com\/tr\/wp-json\/wp\/v2\/pages"}],"about":[{"href":"https:\/\/estenbulhealth.com\/tr\/wp-json\/wp\/v2\/types\/page"}],"author":[{"embeddable":true,"href":"https:\/\/estenbulhealth.com\/tr\/wp-json\/wp\/v2\/users\/24"}],"replies":[{"embeddable":true,"href":"https:\/\/estenbulhealth.com\/tr\/wp-json\/wp\/v2\/comments?post=13345"}],"version-history":[{"count":1,"href":"https:\/\/estenbulhealth.com\/tr\/wp-json\/wp\/v2\/pages\/13345\/revisions"}],"predecessor-version":[{"id":42166,"href":"https:\/\/estenbulhealth.com\/tr\/wp-json\/wp\/v2\/pages\/13345\/revisions\/42166"}],"wp:attachment":[{"href":"https:\/\/estenbulhealth.com\/tr\/wp-json\/wp\/v2\/media?parent=13345"}],"curies":[{"name":"wp","href":"https:\/\/api.w.org\/{rel}","templated":true}]}}