{"id":13320,"date":"2025-01-28T21:11:28","date_gmt":"2025-01-28T18:11:28","guid":{"rendered":"https:\/\/estenbulhealth.com\/goz-kapagi-estetigi\/"},"modified":"2025-01-28T21:18:19","modified_gmt":"2025-01-28T18:18:19","slug":"goz-kapagi-estetigi","status":"publish","type":"page","link":"https:\/\/estenbulhealth.com\/tr\/goz-kapagi-estetigi\/","title":{"rendered":"G\u00f6z Kapa\u011f\u0131 Esteti\u011fi"},"content":{"rendered":"\t\t<div data-elementor-type=\"wp-page\" data-elementor-id=\"13320\" class=\"elementor elementor-13320\">\n\t\t\t\t\t\t<section class=\"wd-negative-gap elementor-section elementor-top-section elementor-element elementor-element-583222b0 elementor-section-boxed elementor-section-height-default elementor-section-height-default\" data-id=\"583222b0\" data-element_type=\"section\" data-e-type=\"section\">\n\t\t\t\t\t\t<div class=\"elementor-container elementor-column-gap-default\">\n\t\t\t\t\t<div class=\"elementor-column elementor-col-100 elementor-top-column elementor-element elementor-element-2be15581\" data-id=\"2be15581\" data-element_type=\"column\" data-e-type=\"column\">\n\t\t\t<div class=\"elementor-widget-wrap elementor-element-populated\">\n\t\t\t\t\t\t<div class=\"elementor-element elementor-element-36029c51 color-scheme-inherit text-left elementor-widget elementor-widget-text-editor\" data-id=\"36029c51\" data-element_type=\"widget\" data-e-type=\"widget\" data-widget_type=\"text-editor.default\">\n\t\t\t\t\t\t\t\t\t<h2>G\u00f6z Kapa\u011f\u0131 Esteti\u011fi Nedir?<\/h2><p>Kad\u0131n erkek ay\u0131rt etmeden kusursuz g\u00fczelli\u011fin hedeflendi\u011fi g\u00fcn\u00fcm\u00fczde teknolojinin ilerlemesiyle birlikte bir\u00e7ok sorunun \u00e7\u00f6z\u00fcm\u00fc m\u00fcmk\u00fcn hale gelmi\u015f durumda.<\/p><p>Ge\u00e7mi\u015ften g\u00fcn\u00fcm\u00fcze do\u011fal y\u00f6ntemler denenmi\u015f alternatif kremler veya kozmetik \u00fcr\u00fcnler geli\u015ftirilmi\u015f olsa da, \u00f6zellikle g\u00f6zkapa\u011f\u0131 sarkmalar\u0131nda maalesef istenen sonuca ula\u015fmak m\u00fcmk\u00fcn olmam\u0131\u015ft\u0131r. \u00d6zellikle ilerleyen ya\u015flarda g\u00f6r\u00fclen, g\u00f6z kapaklar\u0131nda ortaya \u00e7\u0131kan sarkmalar ve olu\u015fan torbalar\u0131n telafisi art\u0131k m\u00fcmk\u00fcn durumda.<\/p><p>G\u00f6z kapa\u011f\u0131 esteti\u011fi olarak adland\u0131r\u0131lan ve teknik ad\u0131 Blefaroplasti olan operasyonda, ya\u015flanmaya ba\u011fl\u0131 elastikiyetini kaybeden deride olu\u015fan sarkmalara m\u00fcdahale edilir. Blefaroplasti g\u00f6zalt\u0131 ve \u00fcst\u00fcndeki fazla dokunun \u00e7\u0131kar\u0131ld\u0131\u011f\u0131 ve g\u00f6z \u00e7evresinin gergin hale getirilmesi operasyonudur.<\/p><p>T\u00fcrkiye ise bu konuda ba\u015far\u0131s\u0131n\u0131 d\u00fcnyan\u0131n d\u00f6rt bir noktas\u0131na duyurmu\u015f durumda. Estetik operasyonlar\u0131n neredeyse tamam\u0131nda %100 memnuniyet sa\u011flayan ve T\u00fcrkiye\u2019de \u0130stanbul\u2019da yer alan Estenbulhealt kol G\u00f6z kapa\u011f\u0131 esteti\u011fi hakk\u0131nda merak etti\u011finiz t\u00fcm sorular\u0131n\u0131z\u0131 yan\u0131tl\u0131yor.<\/p><p>G\u00f6z kapa\u011f\u0131 esteti\u011fi operasyonlar\u0131nda ki\u015finin ihtiyac\u0131 ve tercihine g\u00f6re sadece alt g\u00f6z kapa\u011f\u0131 esteti\u011fi, sadece \u00fcst g\u00f6z kapa\u011f\u0131 esteti\u011fi veya kombine olarak alt ve \u00fcst g\u00f6z kapa\u011f\u0131 esteti\u011fi beraber yap\u0131labilmektedir.<\/p><p>G\u00f6z kapa\u011f\u0131 esteti\u011fi yap\u0131lacak i\u015fleme g\u00f6re de\u011fi\u015fkenlik g\u00f6stermekle birlikte ortalama 45 dakika ile 90 dakika aral\u0131\u011f\u0131nda s\u00fcrmektedir. G\u00f6z kapa\u011f\u0131 esteti\u011fi lokal anestezi iler ger\u00e7ekle\u015ftirilmektedir.<\/p>\t\t\t\t\t\t\t\t<\/div>\n\t\t\t\t\t<\/div>\n\t\t<\/div>\n\t\t\t\t\t<\/div>\n\t\t<\/section>\n\t\t\t\t<section class=\"wd-negative-gap elementor-section elementor-top-section elementor-element elementor-element-3f39460e elementor-section-boxed elementor-section-height-default elementor-section-height-default\" data-id=\"3f39460e\" data-element_type=\"section\" data-e-type=\"section\">\n\t\t\t\t\t\t<div class=\"elementor-container elementor-column-gap-default\">\n\t\t\t\t\t<div class=\"elementor-column elementor-col-100 elementor-top-column elementor-element elementor-element-b5bf232\" data-id=\"b5bf232\" data-element_type=\"column\" data-e-type=\"column\">\n\t\t\t<div class=\"elementor-widget-wrap elementor-element-populated\">\n\t\t\t\t\t\t<div class=\"elementor-element elementor-element-61bf146c elementor-widget elementor-widget-image\" data-id=\"61bf146c\" data-element_type=\"widget\" data-e-type=\"widget\" data-widget_type=\"image.default\">\n\t\t\t\t\t\t\t\t\t\t\t\t\t\t\t<img loading=\"lazy\" decoding=\"async\" width=\"682\" height=\"238\" src=\"https:\/\/estenbulhealth.com\/wp-content\/uploads\/2021\/05\/eyelid-sugery-turkey.jpg\" class=\"attachment-large size-large wp-image-12925\" alt=\"Eyelid Surgery in Turkey Istanbul\" srcset=\"https:\/\/estenbulhealth.com\/wp-content\/uploads\/2021\/05\/eyelid-sugery-turkey.jpg 682w, https:\/\/estenbulhealth.com\/wp-content\/uploads\/2021\/05\/eyelid-sugery-turkey-300x105.jpg 300w, https:\/\/estenbulhealth.com\/wp-content\/uploads\/2021\/05\/eyelid-sugery-turkey-200x70.jpg 200w, https:\/\/estenbulhealth.com\/wp-content\/uploads\/2021\/05\/eyelid-sugery-turkey-400x140.jpg 400w, https:\/\/estenbulhealth.com\/wp-content\/uploads\/2021\/05\/eyelid-sugery-turkey-600x209.jpg 600w\" sizes=\"auto, (max-width: 682px) 100vw, 682px\" title=\"\">\t\t\t\t\t\t\t\t\t\t\t\t\t\t\t<\/div>\n\t\t\t\t\t<\/div>\n\t\t<\/div>\n\t\t\t\t\t<\/div>\n\t\t<\/section>\n\t\t\t\t<section class=\"wd-negative-gap elementor-section elementor-top-section elementor-element elementor-element-705e937d elementor-section-boxed elementor-section-height-default elementor-section-height-default\" data-id=\"705e937d\" data-element_type=\"section\" data-e-type=\"section\">\n\t\t\t\t\t\t<div class=\"elementor-container elementor-column-gap-default\">\n\t\t\t\t\t<div class=\"elementor-column elementor-col-100 elementor-top-column elementor-element elementor-element-45c1c87\" data-id=\"45c1c87\" data-element_type=\"column\" data-e-type=\"column\">\n\t\t\t<div class=\"elementor-widget-wrap elementor-element-populated\">\n\t\t\t\t\t\t<div class=\"elementor-element elementor-element-a451d38 elementor-widget elementor-widget-heading\" data-id=\"a451d38\" data-element_type=\"widget\" data-e-type=\"widget\" data-widget_type=\"heading.default\">\n\t\t\t\t\t<h2 class=\"elementor-heading-title elementor-size-default\">Hangi Durumlarda G\u00f6z Kapa\u011f\u0131 Esteti\u011fi Tercih Edilir?<\/h2>\t\t\t\t<\/div>\n\t\t\t\t\t<\/div>\n\t\t<\/div>\n\t\t\t\t\t<\/div>\n\t\t<\/section>\n\t\t\t\t<section class=\"wd-negative-gap elementor-section elementor-top-section elementor-element elementor-element-4badb1cd elementor-section-boxed elementor-section-height-default elementor-section-height-default\" data-id=\"4badb1cd\" data-element_type=\"section\" data-e-type=\"section\">\n\t\t\t\t\t\t<div class=\"elementor-container elementor-column-gap-default\">\n\t\t\t\t\t<div class=\"elementor-column elementor-col-100 elementor-top-column elementor-element elementor-element-5a7539ff\" data-id=\"5a7539ff\" data-element_type=\"column\" data-e-type=\"column\">\n\t\t\t<div class=\"elementor-widget-wrap elementor-element-populated\">\n\t\t\t\t\t\t<div class=\"elementor-element elementor-element-30c11218 color-scheme-inherit text-left elementor-widget elementor-widget-text-editor\" data-id=\"30c11218\" data-element_type=\"widget\" data-e-type=\"widget\" data-widget_type=\"text-editor.default\">\n\t\t\t\t\t\t\t\t\t<p>G\u00f6z kapa\u011f\u0131 esteti\u011fi genellikle ya\u015flanman\u0131n cilt \u00fczerindeki etkilerinin yok edilmesi konusunda tercih edilse de buna ek olarak; \u00fcst g\u00f6z kapa\u011f\u0131 d\u00fc\u015f\u00fck olan ki\u015filer taraf\u0131ndan da tercih edilebilmektedir. Genelde 30 lu ya\u015flar sonras\u0131nda g\u00f6z kenarlar\u0131nda ortaya \u00e7\u0131kan ve kazaya\u011f\u0131 ad\u0131 verilen \u00e7izgiler, g\u00f6zaltlar\u0131nda do\u011fu\u015ftan gelen veya sonradan olu\u015fan torbalanmalar nedeniyle de g\u00f6z kapa\u011f\u0131 esteti\u011fi tercih edilebilmektedir.<\/p>\n<p>G\u00f6z kapa\u011f\u0131 esteti\u011fi sonras\u0131 ki\u015finin g\u00f6r\u00fcn\u00fcmde daha enerjik bir duru\u015f, canl\u0131l\u0131k ve an\u0131 zamanda daha gen\u00e7 bir g\u00f6r\u00fcn\u00fcm elde etmek m\u00fcmk\u00fcnd\u00fcr.<\/p>\n\t\t\t\t\t\t\t\t<\/div>\n\t\t\t\t\t<\/div>\n\t\t<\/div>\n\t\t\t\t\t<\/div>\n\t\t<\/section>\n\t\t\t\t<section class=\"wd-negative-gap elementor-section elementor-top-section elementor-element elementor-element-7c292d6c elementor-section-boxed elementor-section-height-default elementor-section-height-default\" data-id=\"7c292d6c\" data-element_type=\"section\" data-e-type=\"section\">\n\t\t\t\t\t\t<div class=\"elementor-container elementor-column-gap-default\">\n\t\t\t\t\t<div class=\"elementor-column elementor-col-100 elementor-top-column elementor-element elementor-element-114163a0\" data-id=\"114163a0\" data-element_type=\"column\" data-e-type=\"column\">\n\t\t\t<div class=\"elementor-widget-wrap elementor-element-populated\">\n\t\t\t\t\t\t<div class=\"elementor-element elementor-element-7e4e16d1 elementor-widget elementor-widget-heading\" data-id=\"7e4e16d1\" data-element_type=\"widget\" data-e-type=\"widget\" data-widget_type=\"heading.default\">\n\t\t\t\t\t<h2 class=\"elementor-heading-title elementor-size-default\">G\u00f6z Kapa\u011f\u0131 Esteti\u011fi Sonras\u0131 \u0130z Kal\u0131r m\u0131?<\/h2>\t\t\t\t<\/div>\n\t\t\t\t\t<\/div>\n\t\t<\/div>\n\t\t\t\t\t<\/div>\n\t\t<\/section>\n\t\t\t\t<section class=\"wd-negative-gap elementor-section elementor-top-section elementor-element elementor-element-49940ef2 elementor-section-boxed elementor-section-height-default elementor-section-height-default\" data-id=\"49940ef2\" data-element_type=\"section\" data-e-type=\"section\">\n\t\t\t\t\t\t<div class=\"elementor-container elementor-column-gap-default\">\n\t\t\t\t\t<div class=\"elementor-column elementor-col-100 elementor-top-column elementor-element elementor-element-6996448b\" data-id=\"6996448b\" data-element_type=\"column\" data-e-type=\"column\">\n\t\t\t<div class=\"elementor-widget-wrap elementor-element-populated\">\n\t\t\t\t\t\t<div class=\"elementor-element elementor-element-a7bd661 color-scheme-inherit text-left elementor-widget elementor-widget-text-editor\" data-id=\"a7bd661\" data-element_type=\"widget\" data-e-type=\"widget\" data-widget_type=\"text-editor.default\">\n\t\t\t\t\t\t\t\t\t<p>G\u00f6z kapa\u011f\u0131 estetiklerinde, alt ve \u00fcst g\u00f6z kapa\u011f\u0131 olmak \u00fczere yap\u0131lan kesiler sonras\u0131nda \u00e7ok hafif izler kalmas\u0131 beklenen bir durumdur. Bu operasyonlarda olu\u015facak izler ve izlerin iyile\u015fme s\u00fcresi, izlerin b\u00fcy\u00fckl\u00fc\u011f\u00fc operasyonu ger\u00e7ekle\u015ftirecek uzman\u0131n profesyonelli\u011fiyle de ba\u011flant\u0131l\u0131d\u0131r. Profesyonel ellerde yap\u0131lan operasyonlarda yap\u0131lan kesiler en az belli olacak yerlerde yap\u0131l\u0131r ve operasyon sonras\u0131nda ortalama 8 hafta sonra tamamen g\u00f6r\u00fcnmez bir hale gelir.<\/p>\n\t\t\t\t\t\t\t\t<\/div>\n\t\t\t\t\t<\/div>\n\t\t<\/div>\n\t\t\t\t\t<\/div>\n\t\t<\/section>\n\t\t\t\t<section class=\"wd-negative-gap elementor-section elementor-top-section elementor-element elementor-element-33d1cecc elementor-section-boxed elementor-section-height-default elementor-section-height-default\" data-id=\"33d1cecc\" data-element_type=\"section\" data-e-type=\"section\">\n\t\t\t\t\t\t<div class=\"elementor-container elementor-column-gap-default\">\n\t\t\t\t\t<div class=\"elementor-column elementor-col-100 elementor-top-column elementor-element elementor-element-5fac7f8a\" data-id=\"5fac7f8a\" data-element_type=\"column\" data-e-type=\"column\">\n\t\t\t<div class=\"elementor-widget-wrap elementor-element-populated\">\n\t\t\t\t\t\t<div class=\"elementor-element elementor-element-1d5e6650 elementor-widget elementor-widget-image\" data-id=\"1d5e6650\" data-element_type=\"widget\" data-e-type=\"widget\" data-widget_type=\"image.default\">\n\t\t\t\t\t\t\t\t\t\t\t\t\t\t\t<img loading=\"lazy\" decoding=\"async\" width=\"682\" height=\"384\" src=\"https:\/\/estenbulhealth.com\/wp-content\/uploads\/2021\/05\/eyelid-surgery-turkey-1.jpg\" class=\"attachment-large size-large wp-image-12929\" alt=\"Eyelid Surgery in Turkey\" srcset=\"https:\/\/estenbulhealth.com\/wp-content\/uploads\/2021\/05\/eyelid-surgery-turkey-1.jpg 682w, https:\/\/estenbulhealth.com\/wp-content\/uploads\/2021\/05\/eyelid-surgery-turkey-1-300x169.jpg 300w, https:\/\/estenbulhealth.com\/wp-content\/uploads\/2021\/05\/eyelid-surgery-turkey-1-200x113.jpg 200w, https:\/\/estenbulhealth.com\/wp-content\/uploads\/2021\/05\/eyelid-surgery-turkey-1-400x225.jpg 400w, https:\/\/estenbulhealth.com\/wp-content\/uploads\/2021\/05\/eyelid-surgery-turkey-1-600x338.jpg 600w\" sizes=\"auto, (max-width: 682px) 100vw, 682px\" title=\"\">\t\t\t\t\t\t\t\t\t\t\t\t\t\t\t<\/div>\n\t\t\t\t\t<\/div>\n\t\t<\/div>\n\t\t\t\t\t<\/div>\n\t\t<\/section>\n\t\t\t\t<section class=\"wd-negative-gap elementor-section elementor-top-section elementor-element elementor-element-237d0fc5 elementor-section-boxed elementor-section-height-default elementor-section-height-default\" data-id=\"237d0fc5\" data-element_type=\"section\" data-e-type=\"section\">\n\t\t\t\t\t\t<div class=\"elementor-container elementor-column-gap-default\">\n\t\t\t\t\t<div class=\"elementor-column elementor-col-100 elementor-top-column elementor-element elementor-element-5d076e8\" data-id=\"5d076e8\" data-element_type=\"column\" data-e-type=\"column\">\n\t\t\t<div class=\"elementor-widget-wrap elementor-element-populated\">\n\t\t\t\t\t\t<div class=\"elementor-element elementor-element-3148aa25 elementor-widget elementor-widget-heading\" data-id=\"3148aa25\" data-element_type=\"widget\" data-e-type=\"widget\" data-widget_type=\"heading.default\">\n\t\t\t\t\t<h2 class=\"elementor-heading-title elementor-size-default\">G\u00f6z Kapa\u011f\u0131 Ameliyat\u0131 Sonras\u0131 \u0130yile\u015fme<\/h2>\t\t\t\t<\/div>\n\t\t\t\t\t<\/div>\n\t\t<\/div>\n\t\t\t\t\t<\/div>\n\t\t<\/section>\n\t\t\t\t<section class=\"wd-negative-gap elementor-section elementor-top-section elementor-element elementor-element-395abbe3 elementor-section-boxed elementor-section-height-default elementor-section-height-default\" data-id=\"395abbe3\" data-element_type=\"section\" data-e-type=\"section\">\n\t\t\t\t\t\t<div class=\"elementor-container elementor-column-gap-default\">\n\t\t\t\t\t<div class=\"elementor-column elementor-col-100 elementor-top-column elementor-element elementor-element-70ab9326\" data-id=\"70ab9326\" data-element_type=\"column\" data-e-type=\"column\">\n\t\t\t<div class=\"elementor-widget-wrap elementor-element-populated\">\n\t\t\t\t\t\t<div class=\"elementor-element elementor-element-12a5cfb9 color-scheme-inherit text-left elementor-widget elementor-widget-text-editor\" data-id=\"12a5cfb9\" data-element_type=\"widget\" data-e-type=\"widget\" data-widget_type=\"text-editor.default\">\n\t\t\t\t\t\t\t\t\t<p>G\u00f6z kapa\u011f\u0131 esteti\u011fi lokal anestezi uygulanarak yap\u0131lan bir operasyondur. Bu tip operasyonlar\u0131n tamam\u0131nda g\u00f6r\u00fcld\u00fc\u011f\u00fc gibi g\u00f6z kapa\u011f\u0131 esteti\u011fi sonras\u0131nda da hafif morarmalar ve \u00f6dem olu\u015fmas\u0131 \u00e7ok ola\u011fan ve haz\u0131rl\u0131kl\u0131 olunmas\u0131 gereken bir durumdur.<\/p>\n<p>Ortalama olarak 1 hafta i\u00e7inde morarmalar\u0131n iyile\u015fti\u011fi g\u00f6r\u00fclecektir. Yine g\u00f6z kapa\u011f\u0131 esteti\u011fi sonras\u0131nda, kesi b\u00f6lgesinde tahri\u015f ve ka\u015f\u0131nma g\u00f6r\u00fclebilen durumlar aras\u0131ndad\u0131r. Bu gibi durumlarda ka\u015f\u0131nmamas\u0131 \u00f6nemlidir.<\/p>\n<p>Operasyon sonras\u0131nda ilk 48 saat hafif a\u011fr\u0131 g\u00f6r\u00fclmesi muhtemeldir bu tip durumlarda hekim \u00f6nerisi ile a\u011fr\u0131 kesici al\u0131nabilmektedir. G\u00f6z kapa\u011f\u0131 esteti\u011fi sonras\u0131nda ilk 1 hafta televizyon izleme, bilgisayar kullan\u0131m\u0131 ve kitap okuma faaliyetlerine ara verilmesi \u00f6nerilmektedir.<\/p>\n<p>G\u00f6z kapa\u011f\u0131 esteti\u011fi sonras\u0131ndaki ilk 1 ay s\u00fcresince yine t\u00fcm cerrahi m\u00fcdahalelerde oldu\u011fu gibi beslenmeye dikkat edilmesi, sigara ve alkolden uzak durulmas\u0131, a\u011f\u0131r ve yorucu spor aktivitelerine ara verilmesi \u00f6nerilmektedir.<\/p>\n\t\t\t\t\t\t\t\t<\/div>\n\t\t\t\t\t<\/div>\n\t\t<\/div>\n\t\t\t\t\t<\/div>\n\t\t<\/section>\n\t\t\t\t<section class=\"wd-negative-gap elementor-section elementor-top-section elementor-element elementor-element-68cd6db elementor-section-boxed elementor-section-height-default elementor-section-height-default\" data-id=\"68cd6db\" data-element_type=\"section\" data-e-type=\"section\">\n\t\t\t\t\t\t<div class=\"elementor-container elementor-column-gap-default\">\n\t\t\t\t\t<div class=\"elementor-column elementor-col-100 elementor-top-column elementor-element elementor-element-419522c6\" data-id=\"419522c6\" data-element_type=\"column\" data-e-type=\"column\">\n\t\t\t<div class=\"elementor-widget-wrap elementor-element-populated\">\n\t\t\t\t\t\t<div class=\"elementor-element elementor-element-272643b8 elementor-widget elementor-widget-heading\" data-id=\"272643b8\" data-element_type=\"widget\" data-e-type=\"widget\" data-widget_type=\"heading.default\">\n\t\t\t\t\t<h2 class=\"elementor-heading-title elementor-size-default\">G\u00f6z Kapa\u011f\u0131 Esteti\u011fi (Blefaroplasti) Ka\u00e7 Ya\u015f\u0131nda Yap\u0131l\u0131r?<\/h2>\t\t\t\t<\/div>\n\t\t\t\t\t<\/div>\n\t\t<\/div>\n\t\t\t\t\t<\/div>\n\t\t<\/section>\n\t\t\t\t<section class=\"wd-negative-gap elementor-section elementor-top-section elementor-element elementor-element-d94c249 elementor-section-boxed elementor-section-height-default elementor-section-height-default\" data-id=\"d94c249\" data-element_type=\"section\" data-e-type=\"section\">\n\t\t\t\t\t\t<div class=\"elementor-container elementor-column-gap-default\">\n\t\t\t\t\t<div class=\"elementor-column elementor-col-100 elementor-top-column elementor-element elementor-element-27b49620\" data-id=\"27b49620\" data-element_type=\"column\" data-e-type=\"column\">\n\t\t\t<div class=\"elementor-widget-wrap elementor-element-populated\">\n\t\t\t\t\t\t<div class=\"elementor-element elementor-element-4c3124e7 color-scheme-inherit text-left elementor-widget elementor-widget-text-editor\" data-id=\"4c3124e7\" data-element_type=\"widget\" data-e-type=\"widget\" data-widget_type=\"text-editor.default\">\n\t\t\t\t\t\t\t\t\t<p>G\u00f6z kapa\u011f\u0131 esteti\u011finin ka\u00e7 ya\u015f\u0131nda yap\u0131lmas\u0131 gerekti\u011fi bu konuda en s\u0131k sorulan sorulardan bir di\u011feridir.<\/p>\n<p>\u00d6ncelikle g\u00f6z kapa\u011f\u0131 esteti\u011finin hangi durumda ve ne ama\u00e7la yap\u0131ld\u0131\u011f\u0131 \u00f6nemlidir.<\/p>\n<p>G\u00f6z kapa\u011f\u0131 esteti\u011fi ya\u015flanman\u0131n ka\u00e7\u0131n\u0131lmaz belirtilerini ortadan kald\u0131rmak, daha enerji dolu daha canl\u0131 ve \u00f6zg\u00fcvenli bir duru\u015f elde etmek i\u00e7in yap\u0131lacak bir g\u00f6z kapa\u011f\u0131 esteti\u011fi i\u00e7in ideal ya\u015f s\u0131n\u0131r\u0131 30 lu ya\u015flar sonras\u0131d\u0131r.<\/p>\n\t\t\t\t\t\t\t\t<\/div>\n\t\t\t\t\t<\/div>\n\t\t<\/div>\n\t\t\t\t\t<\/div>\n\t\t<\/section>\n\t\t\t\t<section class=\"wd-negative-gap elementor-section elementor-top-section elementor-element elementor-element-2777e72 elementor-section-boxed elementor-section-height-default elementor-section-height-default\" data-id=\"2777e72\" data-element_type=\"section\" data-e-type=\"section\">\n\t\t\t\t\t\t<div class=\"elementor-container elementor-column-gap-default\">\n\t\t\t\t\t<div class=\"elementor-column elementor-col-100 elementor-top-column elementor-element elementor-element-494b745\" data-id=\"494b745\" data-element_type=\"column\" data-e-type=\"column\">\n\t\t\t<div class=\"elementor-widget-wrap elementor-element-populated\">\n\t\t\t\t\t\t<div class=\"elementor-element elementor-element-3a7c58a elementor-widget elementor-widget-image\" data-id=\"3a7c58a\" data-element_type=\"widget\" data-e-type=\"widget\" data-widget_type=\"image.default\">\n\t\t\t\t\t\t\t\t\t\t\t\t\t\t\t<img loading=\"lazy\" decoding=\"async\" width=\"600\" height=\"300\" src=\"https:\/\/estenbulhealth.com\/wp-content\/uploads\/2021\/05\/eyelid-surgery-process.jpg\" class=\"attachment-large size-large wp-image-12933\" alt=\"Eyelid Surgery Process\" srcset=\"https:\/\/estenbulhealth.com\/wp-content\/uploads\/2021\/05\/eyelid-surgery-process.jpg 600w, https:\/\/estenbulhealth.com\/wp-content\/uploads\/2021\/05\/eyelid-surgery-process-300x150.jpg 300w, https:\/\/estenbulhealth.com\/wp-content\/uploads\/2021\/05\/eyelid-surgery-process-200x100.jpg 200w, https:\/\/estenbulhealth.com\/wp-content\/uploads\/2021\/05\/eyelid-surgery-process-400x200.jpg 400w\" sizes=\"auto, (max-width: 600px) 100vw, 600px\" title=\"\">\t\t\t\t\t\t\t\t\t\t\t\t\t\t\t<\/div>\n\t\t\t\t\t<\/div>\n\t\t<\/div>\n\t\t\t\t\t<\/div>\n\t\t<\/section>\n\t\t\t\t<section class=\"wd-negative-gap elementor-section elementor-top-section elementor-element elementor-element-1d58b358 elementor-section-boxed elementor-section-height-default elementor-section-height-default\" data-id=\"1d58b358\" data-element_type=\"section\" data-e-type=\"section\">\n\t\t\t\t\t\t<div class=\"elementor-container elementor-column-gap-default\">\n\t\t\t\t\t<div class=\"elementor-column elementor-col-100 elementor-top-column elementor-element elementor-element-2300d595\" data-id=\"2300d595\" data-element_type=\"column\" data-e-type=\"column\">\n\t\t\t<div class=\"elementor-widget-wrap elementor-element-populated\">\n\t\t\t\t\t\t<div class=\"elementor-element elementor-element-918bd12 color-scheme-inherit text-left elementor-widget elementor-widget-text-editor\" data-id=\"918bd12\" data-element_type=\"widget\" data-e-type=\"widget\" data-widget_type=\"text-editor.default\">\n\t\t\t\t\t\t\t\t\t<p>Ancak ki\u015fi ya\u015flanmadan ba\u011f\u0131ms\u0131z olarak g\u00f6zalt\u0131 torbalar\u0131na sahipse veya g\u00f6z \u00e7evresinde ki k\u0131r\u0131\u015f\u0131kl\u0131klar ve sarkmalar mevcutsa g\u00f6z kapa\u011f\u0131 esteti\u011fini ihtiya\u00e7 duydu\u011fu ya\u015fta yapt\u0131rabilmektedir.<\/p>\n<p>G\u00f6z kapa\u011f\u0131 esteti\u011fi yapt\u0131rmaya karar veren ki\u015filerin \u00f6ncelikle ihtiya\u00e7lar\u0131 belirlenir ve bu neticede operasyon uygulan\u0131r. Bu nedenle g\u00f6z kapa\u011f\u0131 esteti\u011fi i\u00e7in genel olarak belirli bir ya\u015ftan sonra yap\u0131l\u0131r veya belirli bir ya\u015ftan \u00f6nce g\u00f6z kapa\u011f\u0131 esteti\u011fi yap\u0131lmaz demek do\u011fru kabul edilmemektedir.<\/p>\n<p>G\u00f6z kapa\u011f\u0131 esteti\u011fi ayn\u0131 zamanda cerrahi bir m\u00fcdahale olmas\u0131 nedeniyle mutlaka profesyonel sa\u011fl\u0131k kurumlar\u0131nda ve alan\u0131nda uzman hekimlerce hizmet al\u0131nmal\u0131d\u0131r. T\u00fcrkiye G\u00f6z kapa\u011f\u0131 esteti\u011fi konusunda olduk\u00e7a ba\u015far\u0131l\u0131 sonu\u00e7lar verirken, Estenbulhealth olarak \u0130stanbul da G\u00f6z kapa\u011f\u0131 esteti\u011fi i\u00e7in alan\u0131nda uzman hekimlerimizle hizmet sunmaktay\u0131z.<\/p>\n\t\t\t\t\t\t\t\t<\/div>\n\t\t\t\t\t<\/div>\n\t\t<\/div>\n\t\t\t\t\t<\/div>\n\t\t<\/section>\n\t\t\t\t<section class=\"wd-negative-gap elementor-section elementor-top-section elementor-element elementor-element-2c6b1032 elementor-section-boxed elementor-section-height-default elementor-section-height-default\" data-id=\"2c6b1032\" data-element_type=\"section\" data-e-type=\"section\">\n\t\t\t\t\t\t<div class=\"elementor-container elementor-column-gap-default\">\n\t\t\t\t\t<div class=\"elementor-column elementor-col-100 elementor-top-column elementor-element elementor-element-1b965fde\" data-id=\"1b965fde\" data-element_type=\"column\" data-e-type=\"column\">\n\t\t\t<div class=\"elementor-widget-wrap elementor-element-populated\">\n\t\t\t\t\t\t<div class=\"elementor-element elementor-element-3a6a1e72 elementor-widget elementor-widget-heading\" data-id=\"3a6a1e72\" data-element_type=\"widget\" data-e-type=\"widget\" data-widget_type=\"heading.default\">\n\t\t\t\t\t<h2 class=\"elementor-heading-title elementor-size-default\">G\u00f6z Kapa\u011f\u0131 Esteti\u011fini Kimler Yapt\u0131rabilir?<\/h2>\t\t\t\t<\/div>\n\t\t\t\t\t<\/div>\n\t\t<\/div>\n\t\t\t\t\t<\/div>\n\t\t<\/section>\n\t\t\t\t<section class=\"wd-negative-gap elementor-section elementor-top-section elementor-element elementor-element-5bbc027c elementor-section-boxed elementor-section-height-default elementor-section-height-default\" data-id=\"5bbc027c\" data-element_type=\"section\" data-e-type=\"section\">\n\t\t\t\t\t\t<div class=\"elementor-container elementor-column-gap-default\">\n\t\t\t\t\t<div class=\"elementor-column elementor-col-100 elementor-top-column elementor-element elementor-element-551e6f51\" data-id=\"551e6f51\" data-element_type=\"column\" data-e-type=\"column\">\n\t\t\t<div class=\"elementor-widget-wrap elementor-element-populated\">\n\t\t\t\t\t\t<div class=\"elementor-element elementor-element-26f45a8a color-scheme-inherit text-left elementor-widget elementor-widget-text-editor\" data-id=\"26f45a8a\" data-element_type=\"widget\" data-e-type=\"widget\" data-widget_type=\"text-editor.default\">\n\t\t\t\t\t\t\t\t\t<ul>\n<li>G\u00f6z kapa\u011f\u0131 esteti\u011fi, ya\u015flanmaya ba\u011fl\u0131 g\u00f6z \u00e7evresinde olu\u015fan sarkmalardan \u015fik\u00e2yet\u00e7i olan,<\/li>\n<li>Ya\u015flanmadan ba\u011f\u0131ms\u0131z olarak \u00fcst g\u00f6z kapa\u011f\u0131nda d\u00fc\u015f\u00fckl\u00fck olan,<\/li>\n<li>G\u00f6z kenarlar\u0131nda kazaya\u011f\u0131 \u00e7izgileri olan<\/li>\n<li>G\u00f6zalt\u0131 torbalar\u0131 olan ki\u015filer g\u00f6z kapa\u011f\u0131 esteti\u011fi yapt\u0131rmak i\u00e7in uygun adaylard\u0131r.<\/li>\n<\/ul>\n\t\t\t\t\t\t\t\t<\/div>\n\t\t\t\t\t<\/div>\n\t\t<\/div>\n\t\t\t\t\t<\/div>\n\t\t<\/section>\n\t\t\t\t<section class=\"wd-negative-gap elementor-section elementor-top-section elementor-element elementor-element-22d934d0 elementor-section-boxed elementor-section-height-default elementor-section-height-default\" data-id=\"22d934d0\" data-element_type=\"section\" data-e-type=\"section\">\n\t\t\t\t\t\t<div class=\"elementor-container elementor-column-gap-default\">\n\t\t\t\t\t<div class=\"elementor-column elementor-col-100 elementor-top-column elementor-element elementor-element-6056413b\" data-id=\"6056413b\" data-element_type=\"column\" data-e-type=\"column\">\n\t\t\t<div class=\"elementor-widget-wrap elementor-element-populated\">\n\t\t\t\t\t\t<div class=\"elementor-element elementor-element-620742f6 elementor-widget elementor-widget-heading\" data-id=\"620742f6\" data-element_type=\"widget\" data-e-type=\"widget\" data-widget_type=\"heading.default\">\n\t\t\t\t\t<h2 class=\"elementor-heading-title elementor-size-default\">\u00dcst G\u00f6z Kapa\u011f\u0131 Esteti\u011fi Nas\u0131l Yap\u0131l\u0131r?<\/h2>\t\t\t\t<\/div>\n\t\t\t\t\t<\/div>\n\t\t<\/div>\n\t\t\t\t\t<\/div>\n\t\t<\/section>\n\t\t\t\t<section class=\"wd-negative-gap elementor-section elementor-top-section elementor-element elementor-element-252384e5 elementor-section-boxed elementor-section-height-default elementor-section-height-default\" data-id=\"252384e5\" data-element_type=\"section\" data-e-type=\"section\">\n\t\t\t\t\t\t<div class=\"elementor-container elementor-column-gap-default\">\n\t\t\t\t\t<div class=\"elementor-column elementor-col-100 elementor-top-column elementor-element elementor-element-13a9c906\" data-id=\"13a9c906\" data-element_type=\"column\" data-e-type=\"column\">\n\t\t\t<div class=\"elementor-widget-wrap elementor-element-populated\">\n\t\t\t\t\t\t<div class=\"elementor-element elementor-element-7ee0206d color-scheme-inherit text-left elementor-widget elementor-widget-text-editor\" data-id=\"7ee0206d\" data-element_type=\"widget\" data-e-type=\"widget\" data-widget_type=\"text-editor.default\">\n\t\t\t\t\t\t\t\t\t<p>\u00dcst g\u00f6z kapa\u011f\u0131 esteti\u011fi genellikle g\u00f6z kapa\u011f\u0131 d\u00fc\u015f\u00fckl\u00fc\u011f\u00fc ya da \u00fcst g\u00f6z kapa\u011f\u0131nda olu\u015fan deri sarkmalar\u0131 sonucu tercih edilen bir operasyondur. \u00dcst g\u00f6z kapa\u011f\u0131 esteti\u011fi operasyonunda, sarkmaya neden olan fazla deri dokusunun kesilerek al\u0131narak daha din\u00e7 canl\u0131 ve gen\u00e7 bir g\u00f6r\u00fcn\u00fcm elde edilir. \u00dcst g\u00f6z kapa\u011f\u0131 esnas\u0131nda lokal anestezi uygulanmaktad\u0131r, g\u00f6z k\u0131vr\u0131m\u0131n\u0131n biti\u015f noktas\u0131nda ufak bir kesi yap\u0131larak ger\u00e7ekle\u015fen bir i\u015flemdir. Operasyon sonras\u0131nda kesi izi belirli olmayacak kadar minimal seviyededir.<\/p>\n\t\t\t\t\t\t\t\t<\/div>\n\t\t\t\t\t<\/div>\n\t\t<\/div>\n\t\t\t\t\t<\/div>\n\t\t<\/section>\n\t\t\t\t<section class=\"wd-negative-gap elementor-section elementor-top-section elementor-element elementor-element-1dbb44e elementor-section-boxed elementor-section-height-default elementor-section-height-default\" data-id=\"1dbb44e\" data-element_type=\"section\" data-e-type=\"section\">\n\t\t\t\t\t\t<div class=\"elementor-container elementor-column-gap-default\">\n\t\t\t\t\t<div class=\"elementor-column elementor-col-100 elementor-top-column elementor-element elementor-element-5d1fd3a\" data-id=\"5d1fd3a\" data-element_type=\"column\" data-e-type=\"column\">\n\t\t\t<div class=\"elementor-widget-wrap elementor-element-populated\">\n\t\t\t\t\t\t<div class=\"elementor-element elementor-element-bf4703f elementor-widget elementor-widget-image\" data-id=\"bf4703f\" data-element_type=\"widget\" data-e-type=\"widget\" data-widget_type=\"image.default\">\n\t\t\t\t\t\t\t\t\t\t\t\t\t\t\t<img loading=\"lazy\" decoding=\"async\" width=\"682\" height=\"285\" src=\"https:\/\/estenbulhealth.com\/wp-content\/uploads\/2021\/05\/eyelid-surgery-turkey-3.jpg\" class=\"attachment-large size-large wp-image-12937\" alt=\"Eyelid Surgery in Turkey\" srcset=\"https:\/\/estenbulhealth.com\/wp-content\/uploads\/2021\/05\/eyelid-surgery-turkey-3.jpg 682w, https:\/\/estenbulhealth.com\/wp-content\/uploads\/2021\/05\/eyelid-surgery-turkey-3-300x125.jpg 300w, https:\/\/estenbulhealth.com\/wp-content\/uploads\/2021\/05\/eyelid-surgery-turkey-3-200x84.jpg 200w, https:\/\/estenbulhealth.com\/wp-content\/uploads\/2021\/05\/eyelid-surgery-turkey-3-400x167.jpg 400w, https:\/\/estenbulhealth.com\/wp-content\/uploads\/2021\/05\/eyelid-surgery-turkey-3-600x251.jpg 600w\" sizes=\"auto, (max-width: 682px) 100vw, 682px\" title=\"\">\t\t\t\t\t\t\t\t\t\t\t\t\t\t\t<\/div>\n\t\t\t\t\t<\/div>\n\t\t<\/div>\n\t\t\t\t\t<\/div>\n\t\t<\/section>\n\t\t\t\t<section class=\"wd-negative-gap elementor-section elementor-top-section elementor-element elementor-element-bd932cf elementor-section-boxed elementor-section-height-default elementor-section-height-default\" data-id=\"bd932cf\" data-element_type=\"section\" data-e-type=\"section\">\n\t\t\t\t\t\t<div class=\"elementor-container elementor-column-gap-default\">\n\t\t\t\t\t<div class=\"elementor-column elementor-col-100 elementor-top-column elementor-element elementor-element-97f5b7a\" data-id=\"97f5b7a\" data-element_type=\"column\" data-e-type=\"column\">\n\t\t\t<div class=\"elementor-widget-wrap elementor-element-populated\">\n\t\t\t\t\t\t<div class=\"elementor-element elementor-element-578208f elementor-widget elementor-widget-heading\" data-id=\"578208f\" data-element_type=\"widget\" data-e-type=\"widget\" data-widget_type=\"heading.default\">\n\t\t\t\t\t<h3 class=\"elementor-heading-title elementor-size-default\">Alt G\u00f6z Kapa\u011f\u0131 Esteti\u011fi Nas\u0131l Yap\u0131l\u0131r?<\/h3>\t\t\t\t<\/div>\n\t\t\t\t\t<\/div>\n\t\t<\/div>\n\t\t\t\t\t<\/div>\n\t\t<\/section>\n\t\t\t\t<section class=\"wd-negative-gap elementor-section elementor-top-section elementor-element elementor-element-8845ec9 elementor-section-boxed elementor-section-height-default elementor-section-height-default\" data-id=\"8845ec9\" data-element_type=\"section\" data-e-type=\"section\">\n\t\t\t\t\t\t<div class=\"elementor-container elementor-column-gap-default\">\n\t\t\t\t\t<div class=\"elementor-column elementor-col-100 elementor-top-column elementor-element elementor-element-266229f\" data-id=\"266229f\" data-element_type=\"column\" data-e-type=\"column\">\n\t\t\t<div class=\"elementor-widget-wrap elementor-element-populated\">\n\t\t\t\t\t\t<div class=\"elementor-element elementor-element-ffb718a color-scheme-inherit text-left elementor-widget elementor-widget-text-editor\" data-id=\"ffb718a\" data-element_type=\"widget\" data-e-type=\"widget\" data-widget_type=\"text-editor.default\">\n\t\t\t\t\t\t\t\t\t<p>Alt g\u00f6z kapa\u011f\u0131 esteti\u011fi sayesinde, g\u00f6zalt\u0131nda olu\u015fan torbalardan, g\u00f6z \u00e7evresinde g\u00f6r\u00fclen \u00e7izgi ve k\u0131r\u0131\u015f\u0131kl\u0131klardan kurtulmak m\u00fcmk\u00fcnd\u00fcr. Yine \u00fcst g\u00f6z kapa\u011f\u0131 operasyonunda oldu\u011fu gibi sarkmalara neden olan deri fazlas\u0131 ufak bir kesi yard\u0131m\u0131yla al\u0131n\u0131r.<\/p>\n\t\t\t\t\t\t\t\t<\/div>\n\t\t\t\t\t<\/div>\n\t\t<\/div>\n\t\t\t\t\t<\/div>\n\t\t<\/section>\n\t\t\t\t<section class=\"wd-negative-gap elementor-section elementor-top-section elementor-element elementor-element-75eff75 elementor-section-boxed elementor-section-height-default elementor-section-height-default\" data-id=\"75eff75\" data-element_type=\"section\" data-e-type=\"section\">\n\t\t\t\t\t\t<div class=\"elementor-container elementor-column-gap-default\">\n\t\t\t\t\t<div class=\"elementor-column elementor-col-100 elementor-top-column elementor-element elementor-element-d63846b\" data-id=\"d63846b\" data-element_type=\"column\" data-e-type=\"column\">\n\t\t\t<div class=\"elementor-widget-wrap elementor-element-populated\">\n\t\t\t\t\t\t<div class=\"elementor-element elementor-element-599d61f elementor-widget elementor-widget-heading\" data-id=\"599d61f\" data-element_type=\"widget\" data-e-type=\"widget\" data-widget_type=\"heading.default\">\n\t\t\t\t\t<h3 class=\"elementor-heading-title elementor-size-default\">G\u00f6z Kapa\u011f\u0131 Esteti\u011fi Ne Kadar S\u00fcre Kal\u0131c\u0131d\u0131r?<\/h3>\t\t\t\t<\/div>\n\t\t\t\t\t<\/div>\n\t\t<\/div>\n\t\t\t\t\t<\/div>\n\t\t<\/section>\n\t\t\t\t<section class=\"wd-negative-gap elementor-section elementor-top-section elementor-element elementor-element-18a7432 elementor-section-boxed elementor-section-height-default elementor-section-height-default\" data-id=\"18a7432\" data-element_type=\"section\" data-e-type=\"section\">\n\t\t\t\t\t\t<div class=\"elementor-container elementor-column-gap-default\">\n\t\t\t\t\t<div class=\"elementor-column elementor-col-100 elementor-top-column elementor-element elementor-element-525c182\" data-id=\"525c182\" data-element_type=\"column\" data-e-type=\"column\">\n\t\t\t<div class=\"elementor-widget-wrap elementor-element-populated\">\n\t\t\t\t\t\t<div class=\"elementor-element elementor-element-24961cd color-scheme-inherit text-left elementor-widget elementor-widget-text-editor\" data-id=\"24961cd\" data-element_type=\"widget\" data-e-type=\"widget\" data-widget_type=\"text-editor.default\">\n\t\t\t\t\t\t\t\t\t<p>Estetik operasyonlar aras\u0131nda kal\u0131c\u0131l\u0131k s\u00fcresi en uzun s\u00fcren uygulamalar aras\u0131nda yer almaktad\u0131r g\u00f6z kapa\u011f\u0131 esteti\u011fi. Her estetik operasyonun bir kal\u0131c\u0131l\u0131k \u00f6mr\u00fc vard\u0131r. G\u00f6z kapa\u011f\u0131 esteti\u011fi operasyonu i\u00e7inde di\u011fer estetik operasyonlarda oldu\u011fu gibi kal\u0131c\u0131l\u0131k s\u00fcresi, operasyon sonras\u0131 korumaya, operasyonun profesyonel ellerce yap\u0131lm\u0131\u015f olmas\u0131na kadar bir\u00e7ok fakt\u00f6re ba\u011fl\u0131 de\u011fi\u015fkenlik g\u00f6sterebilir.<\/p>\n<p>G\u00f6z kapa\u011f\u0131 esteti\u011fi ne kadar s\u00fcre kal\u0131c\u0131d\u0131r? Sorusuna; G\u00f6z kapa\u011f\u0131 esteti\u011finin yakla\u015f\u0131k olarak 8 ile 10 y\u0131l aral\u0131\u011f\u0131nda kal\u0131c\u0131 oldu\u011fu cevab\u0131n\u0131 vermek m\u00fcmk\u00fcnd\u00fcr. Baz\u0131 hastalarda bu s\u00fcre daha k\u0131sa s\u00fcrebilirken baz\u0131 hastalarda ise daha kal\u0131c\u0131 olabilmektedir.<\/p>\n<p>Hem operasyonun kal\u0131c\u0131l\u0131\u011f\u0131n\u0131n daha uzun s\u00fcre olmas\u0131 hem de ya\u015flanman\u0131n belirtilerinin daha ge\u00e7 ortaya \u00e7\u0131kmas\u0131 amac\u0131yla al\u0131nabilecek baz\u0131 \u00f6nlemler vard\u0131r. \u00d6rne\u011fin sa\u011fl\u0131kl\u0131 beslenme, d\u00fczenli spor, alkol ve sigara t\u00fcketiminden uzak durulmas\u0131 yap\u0131lan cerrahi m\u00fcdahalelerin kal\u0131c\u0131l\u0131k \u00f6mr\u00fcn\u00fc uzat\u0131rken ya\u015flanman\u0131n da belirgin belirtilerini geciktirmeye yard\u0131mc\u0131 olur.<\/p>\n\t\t\t\t\t\t\t\t<\/div>\n\t\t\t\t\t<\/div>\n\t\t<\/div>\n\t\t\t\t\t<\/div>\n\t\t<\/section>\n\t\t\t\t<section class=\"wd-negative-gap elementor-section elementor-top-section elementor-element elementor-element-d8a1e15 elementor-section-boxed elementor-section-height-default elementor-section-height-default\" data-id=\"d8a1e15\" data-element_type=\"section\" data-e-type=\"section\">\n\t\t\t\t\t\t<div class=\"elementor-container elementor-column-gap-default\">\n\t\t\t\t\t<div class=\"elementor-column elementor-col-100 elementor-top-column elementor-element elementor-element-b872a88\" data-id=\"b872a88\" data-element_type=\"column\" data-e-type=\"column\">\n\t\t\t<div class=\"elementor-widget-wrap elementor-element-populated\">\n\t\t\t\t\t\t<div class=\"elementor-element elementor-element-a9defd9 elementor-widget elementor-widget-image\" data-id=\"a9defd9\" data-element_type=\"widget\" data-e-type=\"widget\" data-widget_type=\"image.default\">\n\t\t\t\t\t\t\t\t\t\t\t\t\t\t\t<img loading=\"lazy\" decoding=\"async\" width=\"682\" height=\"359\" src=\"https:\/\/estenbulhealth.com\/wp-content\/uploads\/2021\/05\/eyelid-surgery-turkey-4.jpg\" class=\"attachment-large size-large wp-image-12941\" alt=\"Eyelid Surgery Turkey\" srcset=\"https:\/\/estenbulhealth.com\/wp-content\/uploads\/2021\/05\/eyelid-surgery-turkey-4.jpg 682w, https:\/\/estenbulhealth.com\/wp-content\/uploads\/2021\/05\/eyelid-surgery-turkey-4-300x158.jpg 300w, https:\/\/estenbulhealth.com\/wp-content\/uploads\/2021\/05\/eyelid-surgery-turkey-4-200x105.jpg 200w, https:\/\/estenbulhealth.com\/wp-content\/uploads\/2021\/05\/eyelid-surgery-turkey-4-400x211.jpg 400w, https:\/\/estenbulhealth.com\/wp-content\/uploads\/2021\/05\/eyelid-surgery-turkey-4-600x316.jpg 600w\" sizes=\"auto, (max-width: 682px) 100vw, 682px\" title=\"\">\t\t\t\t\t\t\t\t\t\t\t\t\t\t\t<\/div>\n\t\t\t\t\t<\/div>\n\t\t<\/div>\n\t\t\t\t\t<\/div>\n\t\t<\/section>\n\t\t\t\t<section class=\"wd-negative-gap elementor-section elementor-top-section elementor-element elementor-element-911eaaa elementor-section-boxed elementor-section-height-default elementor-section-height-default\" data-id=\"911eaaa\" data-element_type=\"section\" data-e-type=\"section\">\n\t\t\t\t\t\t<div class=\"elementor-container elementor-column-gap-default\">\n\t\t\t\t\t<div class=\"elementor-column elementor-col-100 elementor-top-column elementor-element elementor-element-6a45e84\" data-id=\"6a45e84\" data-element_type=\"column\" data-e-type=\"column\">\n\t\t\t<div class=\"elementor-widget-wrap elementor-element-populated\">\n\t\t\t\t\t\t<div class=\"elementor-element elementor-element-deeb5e4 elementor-widget elementor-widget-heading\" data-id=\"deeb5e4\" data-element_type=\"widget\" data-e-type=\"widget\" data-widget_type=\"heading.default\">\n\t\t\t\t\t<h2 class=\"elementor-heading-title elementor-size-default\">G\u00f6z Kapa\u011f\u0131 Esteti\u011fi Fiyatlar\u0131 2021<\/h2>\t\t\t\t<\/div>\n\t\t\t\t\t<\/div>\n\t\t<\/div>\n\t\t\t\t\t<\/div>\n\t\t<\/section>\n\t\t\t\t<section class=\"wd-negative-gap elementor-section elementor-top-section elementor-element elementor-element-f2fcb28 elementor-section-boxed elementor-section-height-default elementor-section-height-default\" data-id=\"f2fcb28\" data-element_type=\"section\" data-e-type=\"section\">\n\t\t\t\t\t\t<div class=\"elementor-container elementor-column-gap-default\">\n\t\t\t\t\t<div class=\"elementor-column elementor-col-100 elementor-top-column elementor-element elementor-element-9775ef7\" data-id=\"9775ef7\" data-element_type=\"column\" data-e-type=\"column\">\n\t\t\t<div class=\"elementor-widget-wrap elementor-element-populated\">\n\t\t\t\t\t\t<div class=\"elementor-element elementor-element-cb781f5 color-scheme-inherit text-left elementor-widget elementor-widget-text-editor\" data-id=\"cb781f5\" data-element_type=\"widget\" data-e-type=\"widget\" data-widget_type=\"text-editor.default\">\n\t\t\t\t\t\t\t\t\t<p>G\u00f6z kapa\u011f\u0131 esteti\u011fini ara\u015ft\u0131rmaya ba\u015flayan veya g\u00f6z kapa\u011f\u0131 esteti\u011fini yapt\u0131rmaya karar veren ki\u015filerin en merak etti\u011fi konulardan biri ise, g\u00f6z kapa\u011f\u0131 esteti\u011fi fiyatlar\u0131 ne kadar? Ve g\u00f6z kapa\u011f\u0131 esteti\u011fi fiyatlar\u0131 neye g\u00f6re de\u011fi\u015fkenlik g\u00f6stermektedir.<\/p>\n<p>\u00d6ncelikle g\u00f6z kapa\u011f\u0131 esteti\u011fi de yine di\u011fer operasyonlar gibi ki\u015fiye \u00f6zel uygulamalar aras\u0131ndad\u0131r. G\u00f6z kapa\u011f\u0131 ameliyat\u0131nda fiyat\u0131 belirleyici k\u0131lan detaylar\u0131n ba\u015f\u0131nda; operasyonda yap\u0131lacak olan i\u015flemler, operasyon esnas\u0131nda kullan\u0131lacak y\u00f6ntem ve ekipmanlar, hastane masraflar\u0131 ve hekim \u00fccretlerine kadar de\u011fi\u015fkenlik g\u00f6steren fakt\u00f6rler vard\u0131r.<\/p>\n<p>D\u00fcnyan\u0131n estetik operasyonlarda en ba\u015far\u0131l\u0131 noktalar\u0131ndan biri olan T\u00fcrkiye ise g\u00f6z kapa\u011f\u0131 esteti\u011fi operasyonlar\u0131nda da \u00e7ok ba\u015far\u0131l\u0131 sonu\u00e7lar sunmaktad\u0131r. Ancak fiyatland\u0131rma i\u00e7in kesin bilgi vermek maalesef m\u00fcmk\u00fcn de\u011fildir. G\u00f6z kapa\u011f\u0131 esteti\u011fi i\u00e7in do\u011fru fiyatland\u0131rma alan\u0131nda uzman hekimler taraf\u0131ndan yap\u0131lan \u00f6n muayenede ki\u015fiye \u00f6zel planlama ile belirlenmektedir. Bir\u00e7ok klinik sabit fiyat sunuyor g\u00f6r\u00fcnse de sonras\u0131nda fiyatlar\u0131n de\u011fi\u015fmesi muhtemeldir. Bu nedenle \u2018g\u00f6z kapa\u011f\u0131 esteti\u011fi T\u00fcrkiye\u2019 \u0130stanbul g\u00f6z kapa\u011f\u0131 esteti\u011fi fiyatlar\u0131\u2019 \u2018g\u00f6z kapa\u011f\u0131 esteti\u011fi fiyatlar\u0131 T\u00fcrkiye\u2019 gibi sorulara net bir yan\u0131t vermek hem m\u00fcmk\u00fcn hem de do\u011fru de\u011fildir.<\/p>\n<p>Sizlerde T\u00fcrkiye\u2019de profesyonel sa\u011fl\u0131k kurumlar\u0131nda alan\u0131na uzman hekimler taraf\u0131ndan hizmet almak, g\u00f6z kapa\u011f\u0131 esteti\u011fi hakk\u0131nda merak etti\u011finiz her \u015feyi sormak i\u00e7in \u00fccretsiz \u00f6n muayene randevusu almak i\u00e7in bizimle ileti\u015fime ge\u00e7ebilirsiniz.<\/p>\n\t\t\t\t\t\t\t\t<\/div>\n\t\t\t\t\t<\/div>\n\t\t<\/div>\n\t\t\t\t\t<\/div>\n\t\t<\/section>\n\t\t\t\t<\/div>\n\t\t","protected":false},"excerpt":{"rendered":"<p>G\u00f6z Kapa\u011f\u0131 Esteti\u011fi Nedir? Kad\u0131n erkek ay\u0131rt etmeden kusursuz g\u00fczelli\u011fin hedeflendi\u011fi g\u00fcn\u00fcm\u00fczde teknolojinin ilerlemesiyle birlikte bir\u00e7ok sorunun \u00e7\u00f6z\u00fcm\u00fc m\u00fcmk\u00fcn hale<\/p>\n","protected":false},"author":24,"featured_media":0,"parent":0,"menu_order":0,"comment_status":"closed","ping_status":"closed","template":"","meta":{"content-type":"","footnotes":""},"class_list":["post-13320","page","type-page","status-publish","hentry"],"_links":{"self":[{"href":"https:\/\/estenbulhealth.com\/tr\/wp-json\/wp\/v2\/pages\/13320","targetHints":{"allow":["GET"]}}],"collection":[{"href":"https:\/\/estenbulhealth.com\/tr\/wp-json\/wp\/v2\/pages"}],"about":[{"href":"https:\/\/estenbulhealth.com\/tr\/wp-json\/wp\/v2\/types\/page"}],"author":[{"embeddable":true,"href":"https:\/\/estenbulhealth.com\/tr\/wp-json\/wp\/v2\/users\/24"}],"replies":[{"embeddable":true,"href":"https:\/\/estenbulhealth.com\/tr\/wp-json\/wp\/v2\/comments?post=13320"}],"version-history":[{"count":4,"href":"https:\/\/estenbulhealth.com\/tr\/wp-json\/wp\/v2\/pages\/13320\/revisions"}],"predecessor-version":[{"id":40883,"href":"https:\/\/estenbulhealth.com\/tr\/wp-json\/wp\/v2\/pages\/13320\/revisions\/40883"}],"wp:attachment":[{"href":"https:\/\/estenbulhealth.com\/tr\/wp-json\/wp\/v2\/media?parent=13320"}],"curies":[{"name":"wp","href":"https:\/\/api.w.org\/{rel}","templated":true}]}}