{"id":19774,"date":"2025-01-28T21:12:08","date_gmt":"2025-01-28T18:12:08","guid":{"rendered":"https:\/\/estenbulhealth.com\/our-services\/plastic-aesthetic-surgery-turkey\/rhinoplasty\/"},"modified":"2025-01-28T21:16:39","modified_gmt":"2025-01-28T18:16:39","slug":"nasenkorrektur","status":"publish","type":"page","link":"https:\/\/estenbulhealth.com\/de\/nasenkorrektur\/","title":{"rendered":"Nasenkorrektur"},"content":{"rendered":"\t\t<div data-elementor-type=\"wp-page\" data-elementor-id=\"19774\" class=\"elementor elementor-19774\">\n\t\t\t\t\t\t<section class=\"wd-negative-gap elementor-section elementor-top-section elementor-element elementor-element-1c6389e elementor-section-boxed elementor-section-height-default elementor-section-height-default\" data-id=\"1c6389e\" data-element_type=\"section\" data-e-type=\"section\">\n\t\t\t\t\t\t<div class=\"elementor-container elementor-column-gap-default\">\n\t\t\t\t\t<div class=\"elementor-column elementor-col-100 elementor-top-column elementor-element elementor-element-b567202\" data-id=\"b567202\" data-element_type=\"column\" data-e-type=\"column\">\n\t\t\t<div class=\"elementor-widget-wrap elementor-element-populated\">\n\t\t\t\t\t\t<div class=\"elementor-element elementor-element-1cd25d5 elementor-widget elementor-widget-heading\" data-id=\"1cd25d5\" data-element_type=\"widget\" data-e-type=\"widget\" data-widget_type=\"heading.default\">\n\t\t\t\t\t<h1 class=\"elementor-heading-title elementor-size-large\">Nasenkorrektur \u2013 Was ist Nasen\u00e4sthetik?<\/h1>\t\t\t\t<\/div>\n\t\t\t\t\t<\/div>\n\t\t<\/div>\n\t\t\t\t\t<\/div>\n\t\t<\/section>\n\t\t\t\t<section class=\"wd-negative-gap elementor-section elementor-top-section elementor-element elementor-element-8919e77 elementor-section-boxed elementor-section-height-default elementor-section-height-default\" data-id=\"8919e77\" data-element_type=\"section\" data-e-type=\"section\">\n\t\t\t\t\t\t<div class=\"elementor-container elementor-column-gap-default\">\n\t\t\t\t\t<div class=\"elementor-column elementor-col-100 elementor-top-column elementor-element elementor-element-1e38e23\" data-id=\"1e38e23\" data-element_type=\"column\" data-e-type=\"column\">\n\t\t\t<div class=\"elementor-widget-wrap elementor-element-populated\">\n\t\t\t\t\t\t<div class=\"elementor-element elementor-element-230362d0 color-scheme-inherit text-left elementor-widget elementor-widget-text-editor\" data-id=\"230362d0\" data-element_type=\"widget\" data-e-type=\"widget\" data-widget_type=\"text-editor.default\">\n\t\t\t\t\t\t\t\t\t<p>Wenn es um die Gesichts\u00e4sthetik geht, ist die Nasenkorrektur eine der gefragtesten Operationen.<\/p><p>Also, was ist Rhinoplastik? Die Rhinoplastik ist ein chirurgischer Eingriff, der durchgef\u00fchrt wird, um die Nase neu zu formen. Eine Nasenkorrektur kann aus vielen Gr\u00fcnden durchgef\u00fchrt werden, z. B. zur Korrektur von durch Unf\u00e4lle verursachten Deformit\u00e4ten, zur Korrektur der kn\u00f6chernen Nasenstruktur, zur \u00e4sthetischen Anpassung der Nasen an die Gesichtssymmetrie und manchmal kann aufgrund einiger Gesundheitsprobleme eine Nasen\u00e4sthetik erforderlich sein. Die Nasenkorrektur geh\u00f6rt sowohl bei Frauen als auch bei M\u00e4nnern zu den am meisten bevorzugten \u00e4sthetischen Operationen.<\/p>\t\t\t\t\t\t\t\t<\/div>\n\t\t\t\t<div class=\"elementor-element elementor-element-50a0d01 elementor-widget elementor-widget-image\" data-id=\"50a0d01\" data-element_type=\"widget\" data-e-type=\"widget\" data-widget_type=\"image.default\">\n\t\t\t\t\t\t\t\t\t\t\t\t\t\t\t<img loading=\"lazy\" decoding=\"async\" width=\"682\" height=\"391\" src=\"https:\/\/estenbulhealth.com\/wp-content\/uploads\/2021\/05\/rhinoplasty-in-turkey.jpg\" class=\"attachment-large size-large wp-image-12836\" alt=\"Plastic Surgery | Rhinoplasty in Turkey Istanbul\" srcset=\"https:\/\/estenbulhealth.com\/wp-content\/uploads\/2021\/05\/rhinoplasty-in-turkey.jpg 682w, https:\/\/estenbulhealth.com\/wp-content\/uploads\/2021\/05\/rhinoplasty-in-turkey-300x172.jpg 300w, https:\/\/estenbulhealth.com\/wp-content\/uploads\/2021\/05\/rhinoplasty-in-turkey-200x115.jpg 200w, https:\/\/estenbulhealth.com\/wp-content\/uploads\/2021\/05\/rhinoplasty-in-turkey-400x229.jpg 400w, https:\/\/estenbulhealth.com\/wp-content\/uploads\/2021\/05\/rhinoplasty-in-turkey-600x344.jpg 600w\" sizes=\"auto, (max-width: 682px) 100vw, 682px\" title=\"\">\t\t\t\t\t\t\t\t\t\t\t\t\t\t\t<\/div>\n\t\t\t\t\t<\/div>\n\t\t<\/div>\n\t\t\t\t\t<\/div>\n\t\t<\/section>\n\t\t\t\t<section class=\"wd-negative-gap elementor-section elementor-top-section elementor-element elementor-element-99e0cf6 elementor-section-boxed elementor-section-height-default elementor-section-height-default\" data-id=\"99e0cf6\" data-element_type=\"section\" data-e-type=\"section\">\n\t\t\t\t\t\t<div class=\"elementor-container elementor-column-gap-default\">\n\t\t\t\t\t<div class=\"elementor-column elementor-col-100 elementor-top-column elementor-element elementor-element-6a0b826\" data-id=\"6a0b826\" data-element_type=\"column\" data-e-type=\"column\">\n\t\t\t<div class=\"elementor-widget-wrap elementor-element-populated\">\n\t\t\t\t\t\t<div class=\"elementor-element elementor-element-b6fa7c8 elementor-widget elementor-widget-heading\" data-id=\"b6fa7c8\" data-element_type=\"widget\" data-e-type=\"widget\" data-widget_type=\"heading.default\">\n\t\t\t\t\t<h2 class=\"elementor-heading-title elementor-size-default\">Wie lange dauert eine Nasenkorrektur?<\/h2>\t\t\t\t<\/div>\n\t\t\t\t\t<\/div>\n\t\t<\/div>\n\t\t\t\t\t<\/div>\n\t\t<\/section>\n\t\t\t\t<section class=\"wd-negative-gap elementor-section elementor-top-section elementor-element elementor-element-40267528 elementor-section-boxed elementor-section-height-default elementor-section-height-default\" data-id=\"40267528\" data-element_type=\"section\" data-e-type=\"section\">\n\t\t\t\t\t\t<div class=\"elementor-container elementor-column-gap-default\">\n\t\t\t\t\t<div class=\"elementor-column elementor-col-100 elementor-top-column elementor-element elementor-element-1d591143\" data-id=\"1d591143\" data-element_type=\"column\" data-e-type=\"column\">\n\t\t\t<div class=\"elementor-widget-wrap elementor-element-populated\">\n\t\t\t\t\t\t<div class=\"elementor-element elementor-element-4762e7d7 color-scheme-inherit text-left elementor-widget elementor-widget-text-editor\" data-id=\"4762e7d7\" data-element_type=\"widget\" data-e-type=\"widget\" data-widget_type=\"text-editor.default\">\n\t\t\t\t\t\t\t\t\t<p>Die Dauer der Nasenoperation variiert je nach Eingriff und anzuwendenden Methoden. Einige Nasenkorrekturen wie kleine Korrekturen und Revisionen werden in einem kleinen Zeitrahmen von 90-90 Minuten durchgef\u00fchrt, w\u00e4hrend kompliziertere Operationen im Durchschnitt 120-150 Minuten dauern k\u00f6nnen. Vor der Operation gibt der Facharzt dem Patienten eine vorl\u00e4ufige Information \u00fcber die Operation, die bei der Operation anzuwendenden Methoden sowie die Dauer der Operation. Sofern keine unerwartete Situation eintritt, wird der Vorgang innerhalb des gesch\u00e4tzten Zeitrahmens abgeschlossen.<\/p>\t\t\t\t\t\t\t\t<\/div>\n\t\t\t\t\t<\/div>\n\t\t<\/div>\n\t\t\t\t\t<\/div>\n\t\t<\/section>\n\t\t\t\t<section class=\"wd-negative-gap elementor-section elementor-top-section elementor-element elementor-element-1aa15742 elementor-section-boxed elementor-section-height-default elementor-section-height-default\" data-id=\"1aa15742\" data-element_type=\"section\" data-e-type=\"section\">\n\t\t\t\t\t\t<div class=\"elementor-container elementor-column-gap-default\">\n\t\t\t\t\t<div class=\"elementor-column elementor-col-100 elementor-top-column elementor-element elementor-element-1a4bc1ee\" data-id=\"1a4bc1ee\" data-element_type=\"column\" data-e-type=\"column\">\n\t\t\t<div class=\"elementor-widget-wrap elementor-element-populated\">\n\t\t\t\t\t\t<div class=\"elementor-element elementor-element-6e91608b elementor-widget elementor-widget-heading\" data-id=\"6e91608b\" data-element_type=\"widget\" data-e-type=\"widget\" data-widget_type=\"heading.default\">\n\t\t\t\t\t<h2 class=\"elementor-heading-title elementor-size-default\">Gibt es eine Altersgrenze f\u00fcr die Nasen\u00e4sthetik der Rhinoplastik?<\/h2>\t\t\t\t<\/div>\n\t\t\t\t\t<\/div>\n\t\t<\/div>\n\t\t\t\t\t<\/div>\n\t\t<\/section>\n\t\t\t\t<section class=\"wd-negative-gap elementor-section elementor-top-section elementor-element elementor-element-bfa3cea elementor-section-boxed elementor-section-height-default elementor-section-height-default\" data-id=\"bfa3cea\" data-element_type=\"section\" data-e-type=\"section\">\n\t\t\t\t\t\t<div class=\"elementor-container elementor-column-gap-default\">\n\t\t\t\t\t<div class=\"elementor-column elementor-col-50 elementor-top-column elementor-element elementor-element-689b300\" data-id=\"689b300\" data-element_type=\"column\" data-e-type=\"column\">\n\t\t\t<div class=\"elementor-widget-wrap elementor-element-populated\">\n\t\t\t\t\t\t<div class=\"elementor-element elementor-element-2ddf184e color-scheme-inherit text-left elementor-widget elementor-widget-text-editor\" data-id=\"2ddf184e\" data-element_type=\"widget\" data-e-type=\"widget\" data-widget_type=\"text-editor.default\">\n\t\t\t\t\t\t\t\t\t<p>Das Hauptkriterium f\u00fcr Nasenoperationen, die als Rhinoplastik bezeichnet werden, ist, dass die Knochenentwicklung ein ausreichendes Niveau erreicht hat. Die Knochenentwicklung setzt sich bei Frauen bis zum Alter von etwa 17 und bei M\u00e4nnern bis zum 18. Lebensjahr fort. Aus diesem Grund wird die Nasenkorrektur oder Nasen\u00e4sthetik in der Regel bei Personen \u00fcber 18 Jahren durchgef\u00fchrt. Dar\u00fcber hinaus ist der Prozess der Entscheidung f\u00fcr eine Nasenkorrektur sowohl emotional als auch k\u00f6rperlich ein wichtiger Prozess. Daher, um sich f\u00fcr eine Nasenkorrektur zu entscheiden; Das Alter, in dem sich die Entscheidungsf\u00e4higkeit entwickelt, sollte bevorzugt und nicht voreilig sein. \u00c4sthetische Nasenoperationen werden nicht sehr empfohlen, mit Ausnahme der wesentlichen Bedingungen, die die Gesundheit vor diesen Altersgruppen beeintr\u00e4chtigen.<\/p>\t\t\t\t\t\t\t\t<\/div>\n\t\t\t\t\t<\/div>\n\t\t<\/div>\n\t\t\t\t<div class=\"elementor-column elementor-col-50 elementor-top-column elementor-element elementor-element-0f288db\" data-id=\"0f288db\" data-element_type=\"column\" data-e-type=\"column\">\n\t\t\t<div class=\"elementor-widget-wrap elementor-element-populated\">\n\t\t\t\t\t\t<div class=\"elementor-element elementor-element-a1e5d83 elementor-widget elementor-widget-image\" data-id=\"a1e5d83\" data-element_type=\"widget\" data-e-type=\"widget\" data-widget_type=\"image.default\">\n\t\t\t\t\t\t\t\t\t\t\t\t\t\t\t<img loading=\"lazy\" decoding=\"async\" width=\"682\" height=\"455\" src=\"https:\/\/estenbulhealth.com\/wp-content\/uploads\/2021\/05\/rhinoplasty-in-turkey-1.jpg\" class=\"attachment-large size-large wp-image-12840\" alt=\"Plastic Surgery | Rhinoplasty in Turkey Istanbul\" srcset=\"https:\/\/estenbulhealth.com\/wp-content\/uploads\/2021\/05\/rhinoplasty-in-turkey-1.jpg 682w, https:\/\/estenbulhealth.com\/wp-content\/uploads\/2021\/05\/rhinoplasty-in-turkey-1-300x200.jpg 300w, https:\/\/estenbulhealth.com\/wp-content\/uploads\/2021\/05\/rhinoplasty-in-turkey-1-200x133.jpg 200w, https:\/\/estenbulhealth.com\/wp-content\/uploads\/2021\/05\/rhinoplasty-in-turkey-1-400x267.jpg 400w, https:\/\/estenbulhealth.com\/wp-content\/uploads\/2021\/05\/rhinoplasty-in-turkey-1-600x400.jpg 600w\" sizes=\"auto, (max-width: 682px) 100vw, 682px\" title=\"\">\t\t\t\t\t\t\t\t\t\t\t\t\t\t\t<\/div>\n\t\t\t\t\t<\/div>\n\t\t<\/div>\n\t\t\t\t\t<\/div>\n\t\t<\/section>\n\t\t\t\t<section class=\"wd-negative-gap elementor-section elementor-top-section elementor-element elementor-element-7ce2bf27 elementor-section-boxed elementor-section-height-default elementor-section-height-default\" data-id=\"7ce2bf27\" data-element_type=\"section\" data-e-type=\"section\">\n\t\t\t\t\t\t<div class=\"elementor-container elementor-column-gap-default\">\n\t\t\t\t\t<div class=\"elementor-column elementor-col-100 elementor-top-column elementor-element elementor-element-d69072a\" data-id=\"d69072a\" data-element_type=\"column\" data-e-type=\"column\">\n\t\t\t<div class=\"elementor-widget-wrap elementor-element-populated\">\n\t\t\t\t\t\t<div class=\"elementor-element elementor-element-5bfde142 elementor-widget elementor-widget-heading\" data-id=\"5bfde142\" data-element_type=\"widget\" data-e-type=\"widget\" data-widget_type=\"heading.default\">\n\t\t\t\t\t<h2 class=\"elementor-heading-title elementor-size-default\">Wird es nach der Nasen\u00e4sthetik Narben geben?<\/h2>\t\t\t\t<\/div>\n\t\t\t\t\t<\/div>\n\t\t<\/div>\n\t\t\t\t\t<\/div>\n\t\t<\/section>\n\t\t\t\t<section class=\"wd-negative-gap elementor-section elementor-top-section elementor-element elementor-element-2a0a6d3f elementor-section-boxed elementor-section-height-default elementor-section-height-default\" data-id=\"2a0a6d3f\" data-element_type=\"section\" data-e-type=\"section\">\n\t\t\t\t\t\t<div class=\"elementor-container elementor-column-gap-default\">\n\t\t\t\t\t<div class=\"elementor-column elementor-col-100 elementor-top-column elementor-element elementor-element-38152b92\" data-id=\"38152b92\" data-element_type=\"column\" data-e-type=\"column\">\n\t\t\t<div class=\"elementor-widget-wrap elementor-element-populated\">\n\t\t\t\t\t\t<div class=\"elementor-element elementor-element-58132c21 color-scheme-inherit text-left elementor-widget elementor-widget-text-editor\" data-id=\"58132c21\" data-element_type=\"widget\" data-e-type=\"widget\" data-widget_type=\"text-editor.default\">\n\t\t\t\t\t\t\t\t\t<p>In der Nasenkorrektur werden 2 verschiedene Methoden praktiziert, dies sind interne und externe Methoden. Bei Nasenkorrekturen, die mit externer Technik durchgef\u00fchrt werden, besteht die M\u00f6glichkeit einer kleinen Narbe in dem Bereich, in dem der Schnitt nach der Operation angebracht wird. Dieser Schnitt, der w\u00e4hrend der Operation gemacht wird, befindet sich im am wenigsten sichtbaren Teil der Nase und diese Narben sind nicht sichtbar, es sei denn, man sieht genau hin. Diese Narben, die nach einer Nasenkorrektur auftreten k\u00f6nnen, sind normalerweise so klein, dass sie die Person nicht st\u00f6ren. Da die Schnitte bei geschlossenen Nasenoperationen vorgenommen werden, was die andere angewandte Methode ist, bleibt au\u00dferdem keine Narbe zur\u00fcck. Welche Methode bei Nasenoperationen anzuwenden ist und ob die Operation in offener oder geschlossener Technik durchgef\u00fchrt wird, bestimmt der Facharzt, der die Operation durchf\u00fchrt. Die Bestimmung der Methode, die f\u00fcr die Bed\u00fcrfnisse der Person geeignet ist, ist eine der wichtigsten Phasen. Aus diesem Grund sollte darauf geachtet werden, dass die f\u00fcr die Nasenkorrektur bevorzugten \u00c4rzte Experten und erfahrene \u00c4rzte auf ihrem Gebiet sind.<\/p>\t\t\t\t\t\t\t\t<\/div>\n\t\t\t\t\t<\/div>\n\t\t<\/div>\n\t\t\t\t\t<\/div>\n\t\t<\/section>\n\t\t\t\t<section class=\"wd-negative-gap elementor-section elementor-top-section elementor-element elementor-element-a908339 elementor-section-boxed elementor-section-height-default elementor-section-height-default\" data-id=\"a908339\" data-element_type=\"section\" data-e-type=\"section\">\n\t\t\t\t\t\t<div class=\"elementor-container elementor-column-gap-default\">\n\t\t\t\t\t<div class=\"elementor-column elementor-col-100 elementor-top-column elementor-element elementor-element-bad8e5f\" data-id=\"bad8e5f\" data-element_type=\"column\" data-e-type=\"column\">\n\t\t\t<div class=\"elementor-widget-wrap elementor-element-populated\">\n\t\t\t\t\t\t<div class=\"elementor-element elementor-element-84b6ff2 elementor-widget elementor-widget-heading\" data-id=\"84b6ff2\" data-element_type=\"widget\" data-e-type=\"widget\" data-widget_type=\"heading.default\">\n\t\t\t\t\t<h2 class=\"elementor-heading-title elementor-size-default\">Aus welchen Gr\u00fcnden wird eine Nasen\u00e4sthetik durchgef\u00fchrt?<\/h2>\t\t\t\t<\/div>\n\t\t\t\t\t<\/div>\n\t\t<\/div>\n\t\t\t\t\t<\/div>\n\t\t<\/section>\n\t\t\t\t<section class=\"wd-negative-gap elementor-section elementor-top-section elementor-element elementor-element-7c84908 elementor-section-boxed elementor-section-height-default elementor-section-height-default\" data-id=\"7c84908\" data-element_type=\"section\" data-e-type=\"section\">\n\t\t\t\t\t\t<div class=\"elementor-container elementor-column-gap-default\">\n\t\t\t\t\t<div class=\"elementor-column elementor-col-50 elementor-top-column elementor-element elementor-element-7c6b652\" data-id=\"7c6b652\" data-element_type=\"column\" data-e-type=\"column\">\n\t\t\t<div class=\"elementor-widget-wrap elementor-element-populated\">\n\t\t\t\t\t\t<div class=\"elementor-element elementor-element-901c6f7 color-scheme-inherit text-left elementor-widget elementor-widget-text-editor\" data-id=\"901c6f7\" data-element_type=\"widget\" data-e-type=\"widget\" data-widget_type=\"text-editor.default\">\n\t\t\t\t\t\t\t\t\t<p>Es gibt zwei wichtige Gr\u00fcnde f\u00fcr eine Nasenkorrektur. W\u00e4hrend eine Nasenkorrektur in einigen F\u00e4llen f\u00fcr den allgemeinen Gesundheitszustand notwendig ist, kann sie auch aus \u00e4sthetischen Gr\u00fcnden bevorzugt werden.<\/p><p>Sinusitis ist die h\u00e4ufigste Erkrankung, die aus gesundheitlichen Gr\u00fcnden eine Nasenoperation erfordert. Neben der Nasennebenh\u00f6hlen kann eine Nasenoperation aus Gr\u00fcnden wie Nasenmuschel und Abweichung erforderlich sein.<\/p>\t\t\t\t\t\t\t\t<\/div>\n\t\t\t\t\t<\/div>\n\t\t<\/div>\n\t\t\t\t<div class=\"elementor-column elementor-col-50 elementor-top-column elementor-element elementor-element-d21249a\" data-id=\"d21249a\" data-element_type=\"column\" data-e-type=\"column\">\n\t\t\t<div class=\"elementor-widget-wrap elementor-element-populated\">\n\t\t\t\t\t\t<div class=\"elementor-element elementor-element-7ffbc0a elementor-widget elementor-widget-image\" data-id=\"7ffbc0a\" data-element_type=\"widget\" data-e-type=\"widget\" data-widget_type=\"image.default\">\n\t\t\t\t\t\t\t\t\t\t\t\t\t\t\t<img loading=\"lazy\" decoding=\"async\" width=\"678\" height=\"354\" src=\"https:\/\/estenbulhealth.com\/wp-content\/uploads\/2021\/05\/rhinoplasty-in-turkey-2.jpg\" class=\"attachment-large size-large wp-image-12844\" alt=\"Rhinoplasty in Turkey\" srcset=\"https:\/\/estenbulhealth.com\/wp-content\/uploads\/2021\/05\/rhinoplasty-in-turkey-2.jpg 678w, https:\/\/estenbulhealth.com\/wp-content\/uploads\/2021\/05\/rhinoplasty-in-turkey-2-300x157.jpg 300w, https:\/\/estenbulhealth.com\/wp-content\/uploads\/2021\/05\/rhinoplasty-in-turkey-2-200x104.jpg 200w, https:\/\/estenbulhealth.com\/wp-content\/uploads\/2021\/05\/rhinoplasty-in-turkey-2-400x209.jpg 400w, https:\/\/estenbulhealth.com\/wp-content\/uploads\/2021\/05\/rhinoplasty-in-turkey-2-600x313.jpg 600w\" sizes=\"auto, (max-width: 678px) 100vw, 678px\" title=\"\">\t\t\t\t\t\t\t\t\t\t\t\t\t\t\t<\/div>\n\t\t\t\t\t<\/div>\n\t\t<\/div>\n\t\t\t\t\t<\/div>\n\t\t<\/section>\n\t\t\t\t<section class=\"wd-negative-gap elementor-section elementor-top-section elementor-element elementor-element-185124a2 elementor-section-boxed elementor-section-height-default elementor-section-height-default\" data-id=\"185124a2\" data-element_type=\"section\" data-e-type=\"section\">\n\t\t\t\t\t\t<div class=\"elementor-container elementor-column-gap-default\">\n\t\t\t\t\t<div class=\"elementor-column elementor-col-100 elementor-top-column elementor-element elementor-element-3fb67dfc\" data-id=\"3fb67dfc\" data-element_type=\"column\" data-e-type=\"column\">\n\t\t\t<div class=\"elementor-widget-wrap elementor-element-populated\">\n\t\t\t\t\t\t<div class=\"elementor-element elementor-element-8f26e75 color-scheme-inherit text-left elementor-widget elementor-widget-text-editor\" data-id=\"8f26e75\" data-element_type=\"widget\" data-e-type=\"widget\" data-widget_type=\"text-editor.default\">\n\t\t\t\t\t\t\t\t\t<p>Die Gr\u00fcnde, warum eine Nasenoperation aus \u00e4sthetischen Gr\u00fcnden bevorzugt wird.<\/p><ul><li>Niedrige Nasenspitze<\/li><li>Kleinere Nase im Vergleich zur Gesichtsstruktur und vergr\u00f6\u00dferte Nase<\/li><li>Die Nase ist gr\u00f6\u00dfer als die Gesichtsstruktur und die Nase ist reduziert<\/li><li>Angeborener Bogen in der Nase<\/li><li>Der Abstand zwischen Nase und Oberlippe ist l\u00e4nger oder k\u00fcrzer als er sein sollte<\/li><li>Gebogene Nase<\/li><li>Die Nasenl\u00f6cher sind gr\u00f6\u00dfer oder kleiner als die Gesichtsstruktur und die Nase<\/li><li>Asymmetrische Nasenl\u00f6cher<\/li><\/ul>\t\t\t\t\t\t\t\t<\/div>\n\t\t\t\t\t<\/div>\n\t\t<\/div>\n\t\t\t\t\t<\/div>\n\t\t<\/section>\n\t\t\t\t<section class=\"wd-negative-gap elementor-section elementor-top-section elementor-element elementor-element-4bbd37ea elementor-section-boxed elementor-section-height-default elementor-section-height-default\" data-id=\"4bbd37ea\" data-element_type=\"section\" data-e-type=\"section\">\n\t\t\t\t\t\t<div class=\"elementor-container elementor-column-gap-default\">\n\t\t\t\t\t<div class=\"elementor-column elementor-col-100 elementor-top-column elementor-element elementor-element-43460548\" data-id=\"43460548\" data-element_type=\"column\" data-e-type=\"column\">\n\t\t\t<div class=\"elementor-widget-wrap elementor-element-populated\">\n\t\t\t\t\t\t<div class=\"elementor-element elementor-element-fced887 elementor-widget elementor-widget-heading\" data-id=\"fced887\" data-element_type=\"widget\" data-e-type=\"widget\" data-widget_type=\"heading.default\">\n\t\t\t\t\t<h2 class=\"elementor-heading-title elementor-size-default\">Die Bedeutung der Krankenhaus- und Arztwahl in der Nasenkorrektur?<\/h2>\t\t\t\t<\/div>\n\t\t\t\t\t<\/div>\n\t\t<\/div>\n\t\t\t\t\t<\/div>\n\t\t<\/section>\n\t\t\t\t<section class=\"wd-negative-gap elementor-section elementor-top-section elementor-element elementor-element-c8bee1e elementor-section-boxed elementor-section-height-default elementor-section-height-default\" data-id=\"c8bee1e\" data-element_type=\"section\" data-e-type=\"section\">\n\t\t\t\t\t\t<div class=\"elementor-container elementor-column-gap-default\">\n\t\t\t\t\t<div class=\"elementor-column elementor-col-50 elementor-top-column elementor-element elementor-element-ae2affa\" data-id=\"ae2affa\" data-element_type=\"column\" data-e-type=\"column\">\n\t\t\t<div class=\"elementor-widget-wrap elementor-element-populated\">\n\t\t\t\t\t\t<div class=\"elementor-element elementor-element-29d4ff1e color-scheme-inherit text-left elementor-widget elementor-widget-text-editor\" data-id=\"29d4ff1e\" data-element_type=\"widget\" data-e-type=\"widget\" data-widget_type=\"text-editor.default\">\n\t\t\t\t\t\t\t\t\t<p>Nasenkorrekturen sind heute weit verbreitet. Nasenkorrekturen k\u00f6nnen in vielen \u00e4sthetischen Zentren, Krankenh\u00e4usern und Polikliniken durchgef\u00fchrt werden. Einer der wichtigsten Schritte bei der Nasenoperation ist die Wahl des richtigen Krankenhauses und Arztes. Es ist wichtig, sich von einer gut ausgestatteten Gesundheitseinrichtung behandeln zu lassen, damit bei Komplikationen, die nach der Operation auftreten k\u00f6nnen, sofort eingegriffen werden kann.<\/p>\t\t\t\t\t\t\t\t<\/div>\n\t\t\t\t\t<\/div>\n\t\t<\/div>\n\t\t\t\t<div class=\"elementor-column elementor-col-50 elementor-top-column elementor-element elementor-element-665e5c0\" data-id=\"665e5c0\" data-element_type=\"column\" data-e-type=\"column\">\n\t\t\t<div class=\"elementor-widget-wrap elementor-element-populated\">\n\t\t\t\t\t\t<div class=\"elementor-element elementor-element-10007464 elementor-widget elementor-widget-image\" data-id=\"10007464\" data-element_type=\"widget\" data-e-type=\"widget\" data-widget_type=\"image.default\">\n\t\t\t\t\t\t\t\t\t\t\t\t\t\t\t<img loading=\"lazy\" decoding=\"async\" width=\"682\" height=\"229\" src=\"https:\/\/estenbulhealth.com\/wp-content\/uploads\/2021\/05\/rhinoplasty-in-turkey-3.jpg\" class=\"attachment-large size-large wp-image-12848\" alt=\"Rhinoplasty in Turkey\" srcset=\"https:\/\/estenbulhealth.com\/wp-content\/uploads\/2021\/05\/rhinoplasty-in-turkey-3.jpg 682w, https:\/\/estenbulhealth.com\/wp-content\/uploads\/2021\/05\/rhinoplasty-in-turkey-3-300x101.jpg 300w, https:\/\/estenbulhealth.com\/wp-content\/uploads\/2021\/05\/rhinoplasty-in-turkey-3-200x67.jpg 200w, https:\/\/estenbulhealth.com\/wp-content\/uploads\/2021\/05\/rhinoplasty-in-turkey-3-400x134.jpg 400w, https:\/\/estenbulhealth.com\/wp-content\/uploads\/2021\/05\/rhinoplasty-in-turkey-3-600x201.jpg 600w\" sizes=\"auto, (max-width: 682px) 100vw, 682px\" title=\"\">\t\t\t\t\t\t\t\t\t\t\t\t\t\t\t<\/div>\n\t\t\t\t\t<\/div>\n\t\t<\/div>\n\t\t\t\t\t<\/div>\n\t\t<\/section>\n\t\t\t\t<section class=\"wd-negative-gap elementor-section elementor-top-section elementor-element elementor-element-7b2af234 elementor-section-boxed elementor-section-height-default elementor-section-height-default\" data-id=\"7b2af234\" data-element_type=\"section\" data-e-type=\"section\">\n\t\t\t\t\t\t<div class=\"elementor-container elementor-column-gap-default\">\n\t\t\t\t\t<div class=\"elementor-column elementor-col-100 elementor-top-column elementor-element elementor-element-54d28a06\" data-id=\"54d28a06\" data-element_type=\"column\" data-e-type=\"column\">\n\t\t\t<div class=\"elementor-widget-wrap elementor-element-populated\">\n\t\t\t\t\t\t<div class=\"elementor-element elementor-element-613e77b color-scheme-inherit text-left elementor-widget elementor-widget-text-editor\" data-id=\"613e77b\" data-element_type=\"widget\" data-e-type=\"widget\" data-widget_type=\"text-editor.default\">\n\t\t\t\t\t\t\t\t\t<p>Besonders wichtig ist auch die Wahl des Arztes, der die Nasen\u00e4sthetik durchf\u00fchrt. Leider ist es m\u00f6glich, dass nach \u00e4sthetischen Nasenoperationen, die von Experten durchgef\u00fchrt werden, die keine Experten auf ihrem Gebiet sind und die auf ihrem Gebiet keine Erfahrung haben, unerw\u00fcnschte Ergebnisse erzielt werden.<\/p><p>Aus diesem Grund wird empfohlen, bei der Auswahl des Spezialisten, der die Nasenkorrektur durchf\u00fchren wird, sorgf\u00e4ltig vorzugehen und gr\u00fcndlich zu recherchieren.<\/p>\t\t\t\t\t\t\t\t<\/div>\n\t\t\t\t\t<\/div>\n\t\t<\/div>\n\t\t\t\t\t<\/div>\n\t\t<\/section>\n\t\t\t\t<section class=\"wd-negative-gap elementor-section elementor-top-section elementor-element elementor-element-7d6daa3d elementor-section-boxed elementor-section-height-default elementor-section-height-default\" data-id=\"7d6daa3d\" data-element_type=\"section\" data-e-type=\"section\">\n\t\t\t\t\t\t<div class=\"elementor-container elementor-column-gap-default\">\n\t\t\t\t\t<div class=\"elementor-column elementor-col-100 elementor-top-column elementor-element elementor-element-49466cb\" data-id=\"49466cb\" data-element_type=\"column\" data-e-type=\"column\">\n\t\t\t<div class=\"elementor-widget-wrap elementor-element-populated\">\n\t\t\t\t\t\t<div class=\"elementor-element elementor-element-39f4ee3f elementor-widget elementor-widget-heading\" data-id=\"39f4ee3f\" data-element_type=\"widget\" data-e-type=\"widget\" data-widget_type=\"heading.default\">\n\t\t\t\t\t<h2 class=\"elementor-heading-title elementor-size-default\">Welche Techniken werden bei Nasenoperationen verwendet?<\/h2>\t\t\t\t<\/div>\n\t\t\t\t\t<\/div>\n\t\t<\/div>\n\t\t\t\t\t<\/div>\n\t\t<\/section>\n\t\t\t\t<section class=\"wd-negative-gap elementor-section elementor-top-section elementor-element elementor-element-1e598bf6 elementor-section-boxed elementor-section-height-default elementor-section-height-default\" data-id=\"1e598bf6\" data-element_type=\"section\" data-e-type=\"section\">\n\t\t\t\t\t\t<div class=\"elementor-container elementor-column-gap-default\">\n\t\t\t\t\t<div class=\"elementor-column elementor-col-100 elementor-top-column elementor-element elementor-element-563ee603\" data-id=\"563ee603\" data-element_type=\"column\" data-e-type=\"column\">\n\t\t\t<div class=\"elementor-widget-wrap elementor-element-populated\">\n\t\t\t\t\t\t<div class=\"elementor-element elementor-element-310ab0e6 color-scheme-inherit text-left elementor-widget elementor-widget-text-editor\" data-id=\"310ab0e6\" data-element_type=\"widget\" data-e-type=\"widget\" data-widget_type=\"text-editor.default\">\n\t\t\t\t\t\t\t\t\t<p>Bei Nasenkorrekturen werden zwei verschiedene Methoden angewendet, n\u00e4mlich die \u00e4u\u00dfere Nasenkorrektur und die innere Nasenkorrektur.<\/p><p>Die Methode der Anwendung und die Gr\u00fcnde f\u00fcr die Anwendung beider Methoden unterscheiden sich voneinander. Dabei wird die am Patienten anzuwendende Methode nach der analytischen Voruntersuchung vom Facharzt festgelegt.<\/p>\t\t\t\t\t\t\t\t<\/div>\n\t\t\t\t\t<\/div>\n\t\t<\/div>\n\t\t\t\t\t<\/div>\n\t\t<\/section>\n\t\t\t\t<section class=\"wd-negative-gap elementor-section elementor-top-section elementor-element elementor-element-3036612 elementor-section-boxed elementor-section-height-default elementor-section-height-default\" data-id=\"3036612\" data-element_type=\"section\" data-e-type=\"section\">\n\t\t\t\t\t\t<div class=\"elementor-container elementor-column-gap-default\">\n\t\t\t\t\t<div class=\"elementor-column elementor-col-100 elementor-top-column elementor-element elementor-element-a641c6b\" data-id=\"a641c6b\" data-element_type=\"column\" data-e-type=\"column\">\n\t\t\t<div class=\"elementor-widget-wrap elementor-element-populated\">\n\t\t\t\t\t\t<div class=\"elementor-element elementor-element-5834e59 elementor-widget elementor-widget-heading\" data-id=\"5834e59\" data-element_type=\"widget\" data-e-type=\"widget\" data-widget_type=\"heading.default\">\n\t\t\t\t\t<h3 class=\"elementor-heading-title elementor-size-large\">\u00c4u\u00dfere Nasenkorrektur<\/h3>\t\t\t\t<\/div>\n\t\t\t\t\t<\/div>\n\t\t<\/div>\n\t\t\t\t\t<\/div>\n\t\t<\/section>\n\t\t\t\t<section class=\"wd-negative-gap elementor-section elementor-top-section elementor-element elementor-element-60756974 elementor-section-boxed elementor-section-height-default elementor-section-height-default\" data-id=\"60756974\" data-element_type=\"section\" data-e-type=\"section\">\n\t\t\t\t\t\t<div class=\"elementor-container elementor-column-gap-default\">\n\t\t\t\t\t<div class=\"elementor-column elementor-col-100 elementor-top-column elementor-element elementor-element-692ec93a\" data-id=\"692ec93a\" data-element_type=\"column\" data-e-type=\"column\">\n\t\t\t<div class=\"elementor-widget-wrap elementor-element-populated\">\n\t\t\t\t\t\t<div class=\"elementor-element elementor-element-6d3b1d3e color-scheme-inherit text-left elementor-widget elementor-widget-text-editor\" data-id=\"6d3b1d3e\" data-element_type=\"widget\" data-e-type=\"widget\" data-widget_type=\"text-editor.default\">\n\t\t\t\t\t\t\t\t\t<p>\u00c4u\u00dfere Nasen\u00e4sthetik wird im Allgemeinen bei fortgeschrittener Verformung, Knochenproblemen oder bevorzugten Operationen nach in der Vergangenheit fehlgeschlagenen Nasenkorrekturen angewendet.<\/p><p>Bei externen Nasenoperationen wird ein kleiner Schnitt am Nasenboden in H\u00f6he der Nasenl\u00f6cher vorgenommen. Es erm\u00f6glicht dem Arzt, die Operation durchzuf\u00fchren. Obwohl allgemein bef\u00fcrchtet wird, dass nach einer externen Nasenoperation Narben zur\u00fcckbleiben, ist diese Narbe sehr gering. Und im Laufe der Zeit nimmt seine Sichtbarkeit aufgrund von Verbesserungen fast unwesentlich ab.<\/p>\t\t\t\t\t\t\t\t<\/div>\n\t\t\t\t\t<\/div>\n\t\t<\/div>\n\t\t\t\t\t<\/div>\n\t\t<\/section>\n\t\t\t\t<section class=\"wd-negative-gap elementor-section elementor-top-section elementor-element elementor-element-7d42930 elementor-section-boxed elementor-section-height-default elementor-section-height-default\" data-id=\"7d42930\" data-element_type=\"section\" data-e-type=\"section\">\n\t\t\t\t\t\t<div class=\"elementor-container elementor-column-gap-default\">\n\t\t\t\t\t<div class=\"elementor-column elementor-col-100 elementor-top-column elementor-element elementor-element-d438bfe\" data-id=\"d438bfe\" data-element_type=\"column\" data-e-type=\"column\">\n\t\t\t<div class=\"elementor-widget-wrap elementor-element-populated\">\n\t\t\t\t\t\t<div class=\"elementor-element elementor-element-97f7207 elementor-widget elementor-widget-heading\" data-id=\"97f7207\" data-element_type=\"widget\" data-e-type=\"widget\" data-widget_type=\"heading.default\">\n\t\t\t\t\t<h4 class=\"elementor-heading-title elementor-size-large\">Genesung nach externer Nasenkorrektur<\/h4>\t\t\t\t<\/div>\n\t\t\t\t\t<\/div>\n\t\t<\/div>\n\t\t\t\t\t<\/div>\n\t\t<\/section>\n\t\t\t\t<section class=\"wd-negative-gap elementor-section elementor-top-section elementor-element elementor-element-3896cef elementor-section-boxed elementor-section-height-default elementor-section-height-default\" data-id=\"3896cef\" data-element_type=\"section\" data-e-type=\"section\">\n\t\t\t\t\t\t<div class=\"elementor-container elementor-column-gap-default\">\n\t\t\t\t\t<div class=\"elementor-column elementor-col-100 elementor-top-column elementor-element elementor-element-2debc50\" data-id=\"2debc50\" data-element_type=\"column\" data-e-type=\"column\">\n\t\t\t<div class=\"elementor-widget-wrap elementor-element-populated\">\n\t\t\t\t\t\t<div class=\"elementor-element elementor-element-602264e color-scheme-inherit text-left elementor-widget elementor-widget-text-editor\" data-id=\"602264e\" data-element_type=\"widget\" data-e-type=\"widget\" data-widget_type=\"text-editor.default\">\n\t\t\t\t\t\t\t\t\t<p>Bekanntlich sind Bluterg\u00fcsse und \u00d6deme im Operationsbereich nach jedem chirurgischen Eingriff eine normale und zu erwartende Situation. Bluterg\u00fcsse und \u00d6deme k\u00f6nnen im Bereich nach \u00e4u\u00dferer Nasen\u00e4sthetik gesehen werden. Es ist ersichtlich, dass sich die Bluterg\u00fcsse innerhalb von durchschnittlich 2 Wochen normalisieren und das \u00d6dem in etwa 4 Wochen allm\u00e4hlich abnimmt. In einigen F\u00e4llen ist dieser Zeitraum k\u00fcrzer, in einigen F\u00e4llen kann er l\u00e4nger sein. Dabei sollten die Anweisungen des Arztes ber\u00fccksichtigt werden und der postoperative Schutz maximal sein.<\/p>\t\t\t\t\t\t\t\t<\/div>\n\t\t\t\t\t<\/div>\n\t\t<\/div>\n\t\t\t\t\t<\/div>\n\t\t<\/section>\n\t\t\t\t<section class=\"wd-negative-gap elementor-section elementor-top-section elementor-element elementor-element-28a516c elementor-section-boxed elementor-section-height-default elementor-section-height-default\" data-id=\"28a516c\" data-element_type=\"section\" data-e-type=\"section\">\n\t\t\t\t\t\t<div class=\"elementor-container elementor-column-gap-default\">\n\t\t\t\t\t<div class=\"elementor-column elementor-col-100 elementor-top-column elementor-element elementor-element-16c65ab\" data-id=\"16c65ab\" data-element_type=\"column\" data-e-type=\"column\">\n\t\t\t<div class=\"elementor-widget-wrap elementor-element-populated\">\n\t\t\t\t\t\t<div class=\"elementor-element elementor-element-fa84958 elementor-widget elementor-widget-heading\" data-id=\"fa84958\" data-element_type=\"widget\" data-e-type=\"widget\" data-widget_type=\"heading.default\">\n\t\t\t\t\t<h3 class=\"elementor-heading-title elementor-size-large\">Innere Nasen\u00e4sthetik<\/h3>\t\t\t\t<\/div>\n\t\t\t\t\t<\/div>\n\t\t<\/div>\n\t\t\t\t\t<\/div>\n\t\t<\/section>\n\t\t\t\t<section class=\"wd-negative-gap elementor-section elementor-top-section elementor-element elementor-element-78f76b2 elementor-section-boxed elementor-section-height-default elementor-section-height-default\" data-id=\"78f76b2\" data-element_type=\"section\" data-e-type=\"section\">\n\t\t\t\t\t\t<div class=\"elementor-container elementor-column-gap-default\">\n\t\t\t\t\t<div class=\"elementor-column elementor-col-100 elementor-top-column elementor-element elementor-element-7faba7f\" data-id=\"7faba7f\" data-element_type=\"column\" data-e-type=\"column\">\n\t\t\t<div class=\"elementor-widget-wrap elementor-element-populated\">\n\t\t\t\t\t\t<div class=\"elementor-element elementor-element-9c03e93 color-scheme-inherit text-left elementor-widget elementor-widget-text-editor\" data-id=\"9c03e93\" data-element_type=\"widget\" data-e-type=\"widget\" data-widget_type=\"text-editor.default\">\n\t\t\t\t\t\t\t\t\t<p>Die innere Rhinoplastik wird generell bei Operationen wie Nasenspitzensenkung, Beseitigung von Asymmetrien in den Nasenl\u00f6chern, Korrektur von Nasen- und Lippenabstand oder Korrektur von Trapezen am Nasenr\u00fccken bevorzugt.<\/p><p>Bei der \u00e4u\u00dferen Nasenkorrektur werden Einschnitte durch die Nase vorgenommen und chirurgische Eingriffe von der Innenseite der Nase durchgef\u00fchrt. Bei inneren Nasenoperationen besteht keine M\u00f6glichkeit einer Narbenbildung nach der Operation. Die Genesungszeit ist im Vergleich zu externen Nasenkorrekturen viel k\u00fcrzer.<\/p>\t\t\t\t\t\t\t\t<\/div>\n\t\t\t\t\t<\/div>\n\t\t<\/div>\n\t\t\t\t\t<\/div>\n\t\t<\/section>\n\t\t\t\t<section class=\"wd-negative-gap elementor-section elementor-top-section elementor-element elementor-element-396733b elementor-section-boxed elementor-section-height-default elementor-section-height-default\" data-id=\"396733b\" data-element_type=\"section\" data-e-type=\"section\">\n\t\t\t\t\t\t<div class=\"elementor-container elementor-column-gap-default\">\n\t\t\t\t\t<div class=\"elementor-column elementor-col-100 elementor-top-column elementor-element elementor-element-09208b5\" data-id=\"09208b5\" data-element_type=\"column\" data-e-type=\"column\">\n\t\t\t<div class=\"elementor-widget-wrap elementor-element-populated\">\n\t\t\t\t\t\t<div class=\"elementor-element elementor-element-845e0d6 elementor-widget elementor-widget-heading\" data-id=\"845e0d6\" data-element_type=\"widget\" data-e-type=\"widget\" data-widget_type=\"heading.default\">\n\t\t\t\t\t<h4 class=\"elementor-heading-title elementor-size-large\">Genesung nach einer internen Nasenoperation<\/h4>\t\t\t\t<\/div>\n\t\t\t\t\t<\/div>\n\t\t<\/div>\n\t\t\t\t\t<\/div>\n\t\t<\/section>\n\t\t\t\t<section class=\"wd-negative-gap elementor-section elementor-top-section elementor-element elementor-element-b48ec47 elementor-section-boxed elementor-section-height-default elementor-section-height-default\" data-id=\"b48ec47\" data-element_type=\"section\" data-e-type=\"section\">\n\t\t\t\t\t\t<div class=\"elementor-container elementor-column-gap-default\">\n\t\t\t\t\t<div class=\"elementor-column elementor-col-100 elementor-top-column elementor-element elementor-element-b763b70\" data-id=\"b763b70\" data-element_type=\"column\" data-e-type=\"column\">\n\t\t\t<div class=\"elementor-widget-wrap elementor-element-populated\">\n\t\t\t\t\t\t<div class=\"elementor-element elementor-element-9a6ecf3 color-scheme-inherit text-left elementor-widget elementor-widget-text-editor\" data-id=\"9a6ecf3\" data-element_type=\"widget\" data-e-type=\"widget\" data-widget_type=\"text-editor.default\">\n\t\t\t\t\t\t\t\t\t<p>Einer der gr\u00f6\u00dften Vorteile der inneren Nasenoperation ist, dass die R\u00fcckkehr zum normalen Leben nach der Operation kurz ist. Bei externen Nasenoperationen werden fortgeschrittene Bluterg\u00fcsse und \u00d6deme beobachtet, und die Genesungszeit betr\u00e4gt im Durchschnitt zwischen 4 und 12 Wochen. Bei inneren Nasenoperationen ist zu erkennen, dass die Heilungszeit von Bluterg\u00fcssen und \u00d6demen von Person zu Person unterschiedlich ist, wie bei allen Operationen, in der Regel innerhalb von 1 Woche. Eine R\u00fcckkehr zum normalen Leben ist nach ca. 2 Wochen m\u00f6glich.<\/p>\t\t\t\t\t\t\t\t<\/div>\n\t\t\t\t\t<\/div>\n\t\t<\/div>\n\t\t\t\t\t<\/div>\n\t\t<\/section>\n\t\t\t\t<section class=\"wd-negative-gap elementor-section elementor-top-section elementor-element elementor-element-fb3d8ba elementor-section-boxed elementor-section-height-default elementor-section-height-default\" data-id=\"fb3d8ba\" data-element_type=\"section\" data-e-type=\"section\">\n\t\t\t\t\t\t<div class=\"elementor-container elementor-column-gap-default\">\n\t\t\t\t\t<div class=\"elementor-column elementor-col-100 elementor-top-column elementor-element elementor-element-8f801fd\" data-id=\"8f801fd\" data-element_type=\"column\" data-e-type=\"column\">\n\t\t\t<div class=\"elementor-widget-wrap elementor-element-populated\">\n\t\t\t\t\t\t<div class=\"elementor-element elementor-element-63d0a02 elementor-widget elementor-widget-heading\" data-id=\"63d0a02\" data-element_type=\"widget\" data-e-type=\"widget\" data-widget_type=\"heading.default\">\n\t\t\t\t\t<h2 class=\"elementor-heading-title elementor-size-default\">Was ist nach der Nasen\u00e4sthetik zu beachten?<\/h2>\t\t\t\t<\/div>\n\t\t\t\t\t<\/div>\n\t\t<\/div>\n\t\t\t\t\t<\/div>\n\t\t<\/section>\n\t\t\t\t<section class=\"wd-negative-gap elementor-section elementor-top-section elementor-element elementor-element-def4264 elementor-section-boxed elementor-section-height-default elementor-section-height-default\" data-id=\"def4264\" data-element_type=\"section\" data-e-type=\"section\">\n\t\t\t\t\t\t<div class=\"elementor-container elementor-column-gap-default\">\n\t\t\t\t\t<div class=\"elementor-column elementor-col-50 elementor-top-column elementor-element elementor-element-897b7a6\" data-id=\"897b7a6\" data-element_type=\"column\" data-e-type=\"column\">\n\t\t\t<div class=\"elementor-widget-wrap elementor-element-populated\">\n\t\t\t\t\t\t<div class=\"elementor-element elementor-element-6147484 color-scheme-inherit text-left elementor-widget elementor-widget-text-editor\" data-id=\"6147484\" data-element_type=\"widget\" data-e-type=\"widget\" data-widget_type=\"text-editor.default\">\n\t\t\t\t\t\t\t\t\t<ul><li>Es wird empfohlen, sich in der ersten Woche nach der Nasenkorrektur in aufrechter Position hinzulegen.<\/li><li>Spray sollte zur Nasenreinigung oder Reinigung mit einem Wattest\u00e4bchen nach Nasenoperationen verwendet werden. In dieser Reinigungsphase sollte auf die Anweisungen des Arztes geachtet und nicht geblasen werden.<\/li><\/ul>\t\t\t\t\t\t\t\t<\/div>\n\t\t\t\t\t<\/div>\n\t\t<\/div>\n\t\t\t\t<div class=\"elementor-column elementor-col-50 elementor-top-column elementor-element elementor-element-d9be731\" data-id=\"d9be731\" data-element_type=\"column\" data-e-type=\"column\">\n\t\t\t<div class=\"elementor-widget-wrap elementor-element-populated\">\n\t\t\t\t\t\t<div class=\"elementor-element elementor-element-1aedf16 elementor-widget elementor-widget-image\" data-id=\"1aedf16\" data-element_type=\"widget\" data-e-type=\"widget\" data-widget_type=\"image.default\">\n\t\t\t\t\t\t\t\t\t\t\t\t\t\t\t<img loading=\"lazy\" decoding=\"async\" width=\"666\" height=\"338\" src=\"https:\/\/estenbulhealth.com\/wp-content\/uploads\/2021\/05\/rhinoplasty-in-turkey-4.jpg\" class=\"attachment-large size-large wp-image-12852\" alt=\"Plastic Surgery | Rhinoplasty in Turkey Istanbul\" srcset=\"https:\/\/estenbulhealth.com\/wp-content\/uploads\/2021\/05\/rhinoplasty-in-turkey-4.jpg 666w, https:\/\/estenbulhealth.com\/wp-content\/uploads\/2021\/05\/rhinoplasty-in-turkey-4-300x152.jpg 300w, https:\/\/estenbulhealth.com\/wp-content\/uploads\/2021\/05\/rhinoplasty-in-turkey-4-200x102.jpg 200w, https:\/\/estenbulhealth.com\/wp-content\/uploads\/2021\/05\/rhinoplasty-in-turkey-4-400x203.jpg 400w, https:\/\/estenbulhealth.com\/wp-content\/uploads\/2021\/05\/rhinoplasty-in-turkey-4-600x305.jpg 600w\" sizes=\"auto, (max-width: 666px) 100vw, 666px\" title=\"\">\t\t\t\t\t\t\t\t\t\t\t\t\t\t\t<\/div>\n\t\t\t\t\t<\/div>\n\t\t<\/div>\n\t\t\t\t\t<\/div>\n\t\t<\/section>\n\t\t\t\t<section class=\"wd-negative-gap elementor-section elementor-top-section elementor-element elementor-element-9cc9258 elementor-section-boxed elementor-section-height-default elementor-section-height-default\" data-id=\"9cc9258\" data-element_type=\"section\" data-e-type=\"section\">\n\t\t\t\t\t\t<div class=\"elementor-container elementor-column-gap-default\">\n\t\t\t\t\t<div class=\"elementor-column elementor-col-100 elementor-top-column elementor-element elementor-element-da16997\" data-id=\"da16997\" data-element_type=\"column\" data-e-type=\"column\">\n\t\t\t<div class=\"elementor-widget-wrap elementor-element-populated\">\n\t\t\t\t\t\t<div class=\"elementor-element elementor-element-dfe8210 color-scheme-inherit text-left elementor-widget elementor-widget-text-editor\" data-id=\"dfe8210\" data-element_type=\"widget\" data-e-type=\"widget\" data-widget_type=\"text-editor.default\">\n\t\t\t\t\t\t\t\t\t<ul><li>Es wird nicht empfohlen, eine Brille f\u00fcr durchschnittlich 8 Wochen nach einer Nasenkorrektur zu tragen. Wenn eine Brille obligatorisch ist, sollten Kontaktlinsen bevorzugt werden.<\/li><li>Es ist wichtig, nach der Nasen\u00e4sthetik auf die Ern\u00e4hrung zu achten. Gerade in diesem Prozess wirkt sich eine gesunde und regelm\u00e4\u00dfige Ern\u00e4hrung direkt auf die Erholungsrate aus.<\/li><li>Rauchen und Alkoholkonsum ist ein Thema, das jeder gesunde Mensch vermeiden sollte. Nach der Nasen\u00e4sthetik und allen chirurgischen Eingriffen wird es viel wichtiger. Zigaretten und Alkohol<\/li><li>Da seine Anwendung den Heilungsprozess verl\u00e4ngert, ist es wichtig, in den ersten 8 Wochen nach einer Nasenoperation fernzubleiben.<\/li><li>Beim Z\u00e4hneputzen nach einer Nasenkorrektur sollte mit gr\u00f6\u00dfter Sorgfalt vorgegangen werden und die Z\u00e4hne sollten mit m\u00f6glichst sanften Bewegungen geputzt werden.<\/li><\/ul>\t\t\t\t\t\t\t\t<\/div>\n\t\t\t\t\t<\/div>\n\t\t<\/div>\n\t\t\t\t\t<\/div>\n\t\t<\/section>\n\t\t\t\t<section class=\"wd-negative-gap elementor-section elementor-top-section elementor-element elementor-element-02dd09f elementor-section-boxed elementor-section-height-default elementor-section-height-default\" data-id=\"02dd09f\" data-element_type=\"section\" data-e-type=\"section\">\n\t\t\t\t\t\t<div class=\"elementor-container elementor-column-gap-default\">\n\t\t\t\t\t<div class=\"elementor-column elementor-col-100 elementor-top-column elementor-element elementor-element-9572a96\" data-id=\"9572a96\" data-element_type=\"column\" data-e-type=\"column\">\n\t\t\t<div class=\"elementor-widget-wrap elementor-element-populated\">\n\t\t\t\t\t\t<div class=\"elementor-element elementor-element-ec8aeaf elementor-widget elementor-widget-heading\" data-id=\"ec8aeaf\" data-element_type=\"widget\" data-e-type=\"widget\" data-widget_type=\"heading.default\">\n\t\t\t\t\t<h2 class=\"elementor-heading-title elementor-size-default\">Was sind die Preise der Nasenkorrektur?<\/h2>\t\t\t\t<\/div>\n\t\t\t\t\t<\/div>\n\t\t<\/div>\n\t\t\t\t\t<\/div>\n\t\t<\/section>\n\t\t\t\t<section class=\"wd-negative-gap elementor-section elementor-top-section elementor-element elementor-element-d9bf01c elementor-section-boxed elementor-section-height-default elementor-section-height-default\" data-id=\"d9bf01c\" data-element_type=\"section\" data-e-type=\"section\">\n\t\t\t\t\t\t<div class=\"elementor-container elementor-column-gap-default\">\n\t\t\t\t\t<div class=\"elementor-column elementor-col-100 elementor-top-column elementor-element elementor-element-3f987bd\" data-id=\"3f987bd\" data-element_type=\"column\" data-e-type=\"column\">\n\t\t\t<div class=\"elementor-widget-wrap elementor-element-populated\">\n\t\t\t\t\t\t<div class=\"elementor-element elementor-element-d50d3e6 color-scheme-inherit text-left elementor-widget elementor-widget-text-editor\" data-id=\"d50d3e6\" data-element_type=\"widget\" data-e-type=\"widget\" data-widget_type=\"text-editor.default\">\n\t\t\t\t\t\t\t\t\t<p>Die am h\u00e4ufigsten gestellten Fragen zur \u201eRhinoplastik\u201c, die eine der beliebtesten \u00e4sthetischen Operationen bei Frauen und M\u00e4nnern ist; \u201eWas sind die Preise f\u00fcr Nasenkorrekturen?\u201c \u201eWas sind die Preise f\u00fcr Nasenkorrekturen im Jahr 2021?\u201c \u201eDie Preise f\u00fcr Nasenkorrekturen sind 2021\u201c. Eine eindeutige Preisangabe f\u00fcr nasen\u00e4sthetische Operationen ist leider nicht m\u00f6glich. Die jeweils anzuwendende Methode bei der Nasen\u00e4sthetik unterscheidet sich voneinander. Es gibt viele Faktoren, die den Preis bei Nasenoperationen bestimmen. Unter ihnen spielen viele Faktoren wie die bei der Operation verwendete Methode, die zu verwendende Ausr\u00fcstung, der Arzt, der die Operation durchf\u00fchrt, und das Krankenhaus, in dem die Operation durchgef\u00fchrt wird, eine Rolle bei der Bestimmung Preis. Es ist nicht m\u00f6glich zu sagen, dass kosteng\u00fcnstige Nasenkorrekturen erfolglos sind oder schlechte Ergebnisse liefern, aber die Qualit\u00e4t der erhaltenen Dienstleistung vor der Preisgestaltung ist bei solchen \u00e4sthetischen Operationen wichtig. Fach\u00e4rzte und professionelle Gesundheitseinrichtungen sollten bevorzugt werden. Sie k\u00f6nnen uns f\u00fcr weitere Informationen \u00fcber die Nasenkorrektur und eine kostenlose Analyseuntersuchung kontaktieren.<\/p>\t\t\t\t\t\t\t\t<\/div>\n\t\t\t\t\t<\/div>\n\t\t<\/div>\n\t\t\t\t\t<\/div>\n\t\t<\/section>\n\t\t\t\t<section class=\"wd-negative-gap elementor-section elementor-top-section elementor-element elementor-element-1b92ebeb elementor-section-content-middle wd-section-stretch elementor-section-boxed elementor-section-height-default elementor-section-height-default\" data-id=\"1b92ebeb\" data-element_type=\"section\" data-e-type=\"section\" data-settings=\"{&quot;background_background&quot;:&quot;gradient&quot;,&quot;shape_divider_top&quot;:&quot;wd_curved_line&quot;,&quot;shape_divider_bottom&quot;:&quot;wd_curved_line&quot;}\">\n\t\t\t\t\t<div class=\"elementor-shape elementor-shape-top\" aria-hidden=\"true\" data-negative=\"false\">\n\t\t\t<svg xmlns=\"http:\/\/www.w3.org\/2000\/svg\" class=\"wd-divider\" xmlns:xlink=\"http:\/\/www.w3.org\/1999\/xlink\" x=\"0px\" y=\"0px\"\n\t viewBox=\"0 0 100 100\" width=\"100%\" height=\"50px\" preserveAspectRatio=\"none\">\n<path class=\"elementor-shape-fill\" display=\"none\" d=\"M100,25.8V100H0V52.5c-4.9-6.8-9.5-13.8-15-19.7V101h125V20.9C106.3,22,103,23.7,100,25.8z\"\/>\n<path class=\"elementor-shape-fill\" d=\"M0,0v99c22-20.6,28.7-69.7,61.4-69.7c18.8,0,29.1,16.2,38.6,34V0L0,0z\"\/>\n<\/svg>\n\t\t<\/div>\n\t\t\t\t<div class=\"elementor-shape elementor-shape-bottom\" aria-hidden=\"true\" data-negative=\"false\">\n\t\t\t<svg xmlns=\"http:\/\/www.w3.org\/2000\/svg\" class=\"wd-divider\" xmlns:xlink=\"http:\/\/www.w3.org\/1999\/xlink\" x=\"0px\" y=\"0px\"\n\t viewBox=\"0 0 100 100\" width=\"100%\" height=\"50px\" preserveAspectRatio=\"none\">\n<path class=\"elementor-shape-fill\" display=\"none\" d=\"M100,25.8V100H0V52.5c-4.9-6.8-9.5-13.8-15-19.7V101h125V20.9C106.3,22,103,23.7,100,25.8z\"\/>\n<path class=\"elementor-shape-fill\" d=\"M0,0v99c22-20.6,28.7-69.7,61.4-69.7c18.8,0,29.1,16.2,38.6,34V0L0,0z\"\/>\n<\/svg>\n\t\t<\/div>\n\t\t\t\t\t<div class=\"elementor-container elementor-column-gap-no\">\n\t\t\t\t\t<div class=\"elementor-column elementor-col-100 elementor-top-column elementor-element elementor-element-708af6f\" data-id=\"708af6f\" data-element_type=\"column\" data-e-type=\"column\">\n\t\t\t<div class=\"elementor-widget-wrap elementor-element-populated\">\n\t\t\t\t\t\t<div class=\"elementor-element elementor-element-15c6b3e1 elementor-widget elementor-widget-wd_image_or_svg\" data-id=\"15c6b3e1\" data-element_type=\"widget\" data-e-type=\"widget\" data-widget_type=\"wd_image_or_svg.default\">\n\t\t\t\t<div class=\"elementor-widget-container\">\n\t\t\t\t\t\n\t\t<div class=\"wd-image text-center\">\n\t\t\t\t\t\t\t\t<img loading=\"lazy\" decoding=\"async\" width=\"300\" height=\"300\" src=\"https:\/\/estenbulhealth.com\/wp-content\/uploads\/2024\/07\/plastic-surgery-consultation.png\" class=\"attachment-full size-full\" alt=\"Plastic Surgery Consultation\" srcset=\"https:\/\/estenbulhealth.com\/wp-content\/uploads\/2024\/07\/plastic-surgery-consultation.png 300w, https:\/\/estenbulhealth.com\/wp-content\/uploads\/2024\/07\/plastic-surgery-consultation-150x150.png 150w\" sizes=\"auto, (max-width: 300px) 100vw, 300px\" title=\"\">\t\t\t\t\t<\/div>\n\n\t\t\t\t\t\t<\/div>\n\t\t\t\t<\/div>\n\t\t\t\t\t<\/div>\n\t\t<\/div>\n\t\t\t\t<div class=\"elementor-column elementor-col-100 elementor-top-column elementor-element elementor-element-3d55d045\" data-id=\"3d55d045\" data-element_type=\"column\" data-e-type=\"column\">\n\t\t\t<div class=\"elementor-widget-wrap elementor-element-populated\">\n\t\t\t\t\t\t<div class=\"elementor-element elementor-element-781dd76e elementor-widget elementor-widget-shortcode\" data-id=\"781dd76e\" data-element_type=\"widget\" data-e-type=\"widget\" data-widget_type=\"shortcode.default\">\n\t\t\t\t\t\t\t<div class=\"elementor-shortcode\"><\/div>\n\t\t\t\t\t\t<\/div>\n\t\t\t\t\t<\/div>\n\t\t<\/div>\n\t\t\t\t\t<\/div>\n\t\t<\/section>\n\t\t\t\t<\/div>\n\t\t","protected":false},"excerpt":{"rendered":"<p>Nasenkorrektur \u2013 Was ist Nasen\u00e4sthetik? Wenn es um die Gesichts\u00e4sthetik geht, ist die Nasenkorrektur eine der gefragtesten Operationen. Also, was<\/p>\n","protected":false},"author":24,"featured_media":0,"parent":0,"menu_order":0,"comment_status":"closed","ping_status":"closed","template":"","meta":{"content-type":"","footnotes":""},"class_list":["post-19774","page","type-page","status-publish","hentry"],"_links":{"self":[{"href":"https:\/\/estenbulhealth.com\/de\/wp-json\/wp\/v2\/pages\/19774","targetHints":{"allow":["GET"]}}],"collection":[{"href":"https:\/\/estenbulhealth.com\/de\/wp-json\/wp\/v2\/pages"}],"about":[{"href":"https:\/\/estenbulhealth.com\/de\/wp-json\/wp\/v2\/types\/page"}],"author":[{"embeddable":true,"href":"https:\/\/estenbulhealth.com\/de\/wp-json\/wp\/v2\/users\/24"}],"replies":[{"embeddable":true,"href":"https:\/\/estenbulhealth.com\/de\/wp-json\/wp\/v2\/comments?post=19774"}],"version-history":[{"count":7,"href":"https:\/\/estenbulhealth.com\/de\/wp-json\/wp\/v2\/pages\/19774\/revisions"}],"predecessor-version":[{"id":40558,"href":"https:\/\/estenbulhealth.com\/de\/wp-json\/wp\/v2\/pages\/19774\/revisions\/40558"}],"wp:attachment":[{"href":"https:\/\/estenbulhealth.com\/de\/wp-json\/wp\/v2\/media?parent=19774"}],"curies":[{"name":"wp","href":"https:\/\/api.w.org\/{rel}","templated":true}]}}