{"id":19770,"date":"2025-01-28T21:11:30","date_gmt":"2025-01-28T18:11:30","guid":{"rendered":"https:\/\/estenbulhealth.com\/our-services\/plastic-aesthetic-surgery-turkey\/face-lift\/"},"modified":"2025-01-28T21:16:21","modified_gmt":"2025-01-28T18:16:21","slug":"facelifting","status":"publish","type":"page","link":"https:\/\/estenbulhealth.com\/de\/facelifting\/","title":{"rendered":"Facelifting"},"content":{"rendered":"\t\t<div data-elementor-type=\"wp-page\" data-elementor-id=\"19770\" class=\"elementor elementor-19770\">\n\t\t\t\t\t\t<section class=\"wd-negative-gap elementor-section elementor-top-section elementor-element elementor-element-3f10c21 elementor-section-boxed elementor-section-height-default elementor-section-height-default\" data-id=\"3f10c21\" data-element_type=\"section\" data-e-type=\"section\">\n\t\t\t\t\t\t<div class=\"elementor-container elementor-column-gap-default\">\n\t\t\t\t\t<div class=\"elementor-column elementor-col-50 elementor-top-column elementor-element elementor-element-1d9903d\" data-id=\"1d9903d\" data-element_type=\"column\" data-e-type=\"column\">\n\t\t\t<div class=\"elementor-widget-wrap elementor-element-populated\">\n\t\t\t\t\t\t<div class=\"elementor-element elementor-element-256f7722 color-scheme-inherit text-left elementor-widget elementor-widget-text-editor\" data-id=\"256f7722\" data-element_type=\"widget\" data-e-type=\"widget\" data-widget_type=\"text-editor.default\">\n\t\t\t\t\t\t\t\t\t<h2>Facelifting in der T\u00fcrkei<\/h2><p>Eine der am meisten bevorzugten und schnellsten Operationen, die Ergebnisse in der kosmetischen Gesichtschirurgie liefert, ist das Facelifting.<\/p><p>Aus vielen Gr\u00fcnden ist es m\u00f6glich, Falten, tiefe Narben und Deformationen auf unserer Haut rechtzeitig zu sehen. Viele Gr\u00fcnde k\u00f6nnen dazu f\u00fchren, dass unsere Haut an Strahlkraft und Spannkraft verliert, wie zum Beispiel Sonne, Alterserscheinungen, tiefe Falten, Stress oder eine ungesunde Ern\u00e4hrung.<\/p>\t\t\t\t\t\t\t\t<\/div>\n\t\t\t\t\t<\/div>\n\t\t<\/div>\n\t\t\t\t<div class=\"elementor-column elementor-col-50 elementor-top-column elementor-element elementor-element-60f69c8\" data-id=\"60f69c8\" data-element_type=\"column\" data-e-type=\"column\">\n\t\t\t<div class=\"elementor-widget-wrap elementor-element-populated\">\n\t\t\t\t\t\t<div class=\"elementor-element elementor-element-2cd5b06f elementor-widget elementor-widget-image\" data-id=\"2cd5b06f\" data-element_type=\"widget\" data-e-type=\"widget\" data-widget_type=\"image.default\">\n\t\t\t\t\t\t\t\t\t\t\t\t\t\t\t<img loading=\"lazy\" decoding=\"async\" width=\"652\" height=\"368\" src=\"https:\/\/estenbulhealth.com\/wp-content\/uploads\/2021\/05\/face-lift-in-turkey.jpg\" class=\"attachment-large size-large wp-image-12902\" alt=\"Face Lift in Turkey | Estenbul Health\" srcset=\"https:\/\/estenbulhealth.com\/wp-content\/uploads\/2021\/05\/face-lift-in-turkey.jpg 652w, https:\/\/estenbulhealth.com\/wp-content\/uploads\/2021\/05\/face-lift-in-turkey-300x169.jpg 300w, https:\/\/estenbulhealth.com\/wp-content\/uploads\/2021\/05\/face-lift-in-turkey-200x113.jpg 200w, https:\/\/estenbulhealth.com\/wp-content\/uploads\/2021\/05\/face-lift-in-turkey-400x226.jpg 400w, https:\/\/estenbulhealth.com\/wp-content\/uploads\/2021\/05\/face-lift-in-turkey-600x339.jpg 600w\" sizes=\"auto, (max-width: 652px) 100vw, 652px\" title=\"\">\t\t\t\t\t\t\t\t\t\t\t\t\t\t\t<\/div>\n\t\t\t\t\t<\/div>\n\t\t<\/div>\n\t\t\t\t\t<\/div>\n\t\t<\/section>\n\t\t\t\t<section class=\"wd-negative-gap elementor-section elementor-top-section elementor-element elementor-element-2881effc elementor-section-boxed elementor-section-height-default elementor-section-height-default\" data-id=\"2881effc\" data-element_type=\"section\" data-e-type=\"section\">\n\t\t\t\t\t\t<div class=\"elementor-container elementor-column-gap-default\">\n\t\t\t\t\t<div class=\"elementor-column elementor-col-100 elementor-top-column elementor-element elementor-element-412a679e\" data-id=\"412a679e\" data-element_type=\"column\" data-e-type=\"column\">\n\t\t\t<div class=\"elementor-widget-wrap elementor-element-populated\">\n\t\t\t\t\t\t<div class=\"elementor-element elementor-element-c0c91f9 color-scheme-inherit text-left elementor-widget elementor-widget-text-editor\" data-id=\"c0c91f9\" data-element_type=\"widget\" data-e-type=\"widget\" data-widget_type=\"text-editor.default\">\n\t\t\t\t\t\t\t\t\t<p>Auch wenn wir uns gesund ern\u00e4hren und unsere Haut regelm\u00e4\u00dfig vor der Sonne sch\u00fctzen, ist es leider nicht m\u00f6glich, eine vollkommen makellose Haut zu erhalten, daher steigt die Nachfrage nach chirurgischen Facelifting-Eingriffen. die haut beginnt ihre elastizit\u00e4t zu verlieren, insbesondere durch altersbedingte probleme und den abbau des fettgewebes, so dass falten und linien wahrscheinlich erscheinen.<\/p><p>Gesichtsstraffungsoperationen, die im Allgemeinen aus \u00e4sthetischen Gr\u00fcnden bevorzugt werden, k\u00f6nnen manchmal auch aus obligatorischen Gr\u00fcnden durchgef\u00fchrt werden. Diese unter \u00e4sthetischen Gesichtspunkten durchgef\u00fchrten Facelifting-Operationen scheinen sowohl bei M\u00e4nnern als auch bei Frauen bevorzugt zu werden.<\/p>\t\t\t\t\t\t\t\t<\/div>\n\t\t\t\t\t<\/div>\n\t\t<\/div>\n\t\t\t\t\t<\/div>\n\t\t<\/section>\n\t\t\t\t<section class=\"wd-negative-gap elementor-section elementor-top-section elementor-element elementor-element-20678177 elementor-section-boxed elementor-section-height-default elementor-section-height-default\" data-id=\"20678177\" data-element_type=\"section\" data-e-type=\"section\">\n\t\t\t\t\t\t<div class=\"elementor-container elementor-column-gap-default\">\n\t\t\t\t\t<div class=\"elementor-column elementor-col-100 elementor-top-column elementor-element elementor-element-178f4d6d\" data-id=\"178f4d6d\" data-element_type=\"column\" data-e-type=\"column\">\n\t\t\t<div class=\"elementor-widget-wrap elementor-element-populated\">\n\t\t\t\t\t\t<div class=\"elementor-element elementor-element-6bb3a4ce elementor-widget elementor-widget-heading\" data-id=\"6bb3a4ce\" data-element_type=\"widget\" data-e-type=\"widget\" data-widget_type=\"heading.default\">\n\t\t\t\t\t<h3 class=\"elementor-heading-title elementor-size-default\">Gibt es eine Altersgrenze bei der Gesichtsstraffung?<\/h3>\t\t\t\t<\/div>\n\t\t\t\t\t<\/div>\n\t\t<\/div>\n\t\t\t\t\t<\/div>\n\t\t<\/section>\n\t\t\t\t<section class=\"wd-negative-gap elementor-section elementor-top-section elementor-element elementor-element-7bdaee0b elementor-section-boxed elementor-section-height-default elementor-section-height-default\" data-id=\"7bdaee0b\" data-element_type=\"section\" data-e-type=\"section\">\n\t\t\t\t\t\t<div class=\"elementor-container elementor-column-gap-default\">\n\t\t\t\t\t<div class=\"elementor-column elementor-col-100 elementor-top-column elementor-element elementor-element-459783f1\" data-id=\"459783f1\" data-element_type=\"column\" data-e-type=\"column\">\n\t\t\t<div class=\"elementor-widget-wrap elementor-element-populated\">\n\t\t\t\t\t\t<div class=\"elementor-element elementor-element-208ffd27 color-scheme-inherit text-left elementor-widget elementor-widget-text-editor\" data-id=\"208ffd27\" data-element_type=\"widget\" data-e-type=\"widget\" data-widget_type=\"text-editor.default\">\n\t\t\t\t\t\t\t\t\t<p>Es gibt keine festgelegte oder empfohlene Altersgrenze f\u00fcr Facelift-Operationen. Der Elastizit\u00e4tsverlust der Haut kann von Person zu Person unterschiedlich sein, unabh\u00e4ngig vom Alter. Bei manchen Menschen kann eine Facelifting-\u00c4sthetik nach dem 30. Lebensjahr bevorzugt werden. Bei manchen Menschen kann eine Facelifting-Operation je nach Hautstruktur in einem sp\u00e4teren oder fr\u00fcheren Alter durchgef\u00fchrt werden. Es kann in jedem Alter bevorzugt werden, wenn die Personen, die sich einer Gesichtsstraffungsoperation unterziehen, kein gesundheitliches Problem haben, das diese Operation verhindert.<\/p>\t\t\t\t\t\t\t\t<\/div>\n\t\t\t\t\t<\/div>\n\t\t<\/div>\n\t\t\t\t\t<\/div>\n\t\t<\/section>\n\t\t\t\t<section class=\"wd-negative-gap elementor-section elementor-top-section elementor-element elementor-element-7b428892 elementor-section-boxed elementor-section-height-default elementor-section-height-default\" data-id=\"7b428892\" data-element_type=\"section\" data-e-type=\"section\">\n\t\t\t\t\t\t<div class=\"elementor-container elementor-column-gap-default\">\n\t\t\t\t\t<div class=\"elementor-column elementor-col-100 elementor-top-column elementor-element elementor-element-238f07df\" data-id=\"238f07df\" data-element_type=\"column\" data-e-type=\"column\">\n\t\t\t<div class=\"elementor-widget-wrap elementor-element-populated\">\n\t\t\t\t\t\t<div class=\"elementor-element elementor-element-27ea1620 elementor-widget elementor-widget-heading\" data-id=\"27ea1620\" data-element_type=\"widget\" data-e-type=\"widget\" data-widget_type=\"heading.default\">\n\t\t\t\t\t<h3 class=\"elementor-heading-title elementor-size-default\">Who is Face Lift Surgery Applied?\n<\/h3>\t\t\t\t<\/div>\n\t\t\t\t\t<\/div>\n\t\t<\/div>\n\t\t\t\t\t<\/div>\n\t\t<\/section>\n\t\t\t\t<section class=\"wd-negative-gap elementor-section elementor-top-section elementor-element elementor-element-8b22b43 elementor-section-boxed elementor-section-height-default elementor-section-height-default\" data-id=\"8b22b43\" data-element_type=\"section\" data-e-type=\"section\">\n\t\t\t\t\t\t<div class=\"elementor-container elementor-column-gap-default\">\n\t\t\t\t\t<div class=\"elementor-column elementor-col-50 elementor-top-column elementor-element elementor-element-ada890f\" data-id=\"ada890f\" data-element_type=\"column\" data-e-type=\"column\">\n\t\t\t<div class=\"elementor-widget-wrap elementor-element-populated\">\n\t\t\t\t\t\t<div class=\"elementor-element elementor-element-2e6d041 color-scheme-inherit text-left elementor-widget elementor-widget-text-editor\" data-id=\"2e6d041\" data-element_type=\"widget\" data-e-type=\"widget\" data-widget_type=\"text-editor.default\">\n\t\t\t\t\t\t\t\t\t<p>The success of the talk about plastic surgery in recent years all the world\u2019s success in Turkey is undertaking serious face lift operations. Success stories of many clinics and specialist physicians about face lift operations are increasing day by day in Istanbul, which is among the metropolitan cities of the world. Facelift surgery is usually performed on people over the age of 40 because it is an operation performed as a result of the loss of elasticity of the skin.\u00a0<\/p>\t\t\t\t\t\t\t\t<\/div>\n\t\t\t\t\t<\/div>\n\t\t<\/div>\n\t\t\t\t<div class=\"elementor-column elementor-col-50 elementor-top-column elementor-element elementor-element-074c0a4\" data-id=\"074c0a4\" data-element_type=\"column\" data-e-type=\"column\">\n\t\t\t<div class=\"elementor-widget-wrap elementor-element-populated\">\n\t\t\t\t\t\t<div class=\"elementor-element elementor-element-2a90a393 elementor-widget elementor-widget-image\" data-id=\"2a90a393\" data-element_type=\"widget\" data-e-type=\"widget\" data-widget_type=\"image.default\">\n\t\t\t\t\t\t\t\t\t\t\t\t\t\t\t<img loading=\"lazy\" decoding=\"async\" width=\"652\" height=\"327\" src=\"https:\/\/estenbulhealth.com\/wp-content\/uploads\/2021\/05\/face-lift-in-turkey-2.jpg\" class=\"attachment-large size-large wp-image-12906\" alt=\"Face Lift in Turkey\" srcset=\"https:\/\/estenbulhealth.com\/wp-content\/uploads\/2021\/05\/face-lift-in-turkey-2.jpg 652w, https:\/\/estenbulhealth.com\/wp-content\/uploads\/2021\/05\/face-lift-in-turkey-2-300x150.jpg 300w, https:\/\/estenbulhealth.com\/wp-content\/uploads\/2021\/05\/face-lift-in-turkey-2-200x100.jpg 200w, https:\/\/estenbulhealth.com\/wp-content\/uploads\/2021\/05\/face-lift-in-turkey-2-400x201.jpg 400w, https:\/\/estenbulhealth.com\/wp-content\/uploads\/2021\/05\/face-lift-in-turkey-2-600x301.jpg 600w, https:\/\/estenbulhealth.com\/wp-content\/uploads\/2021\/05\/face-lift-in-turkey-2-540x272.jpg 540w\" sizes=\"auto, (max-width: 652px) 100vw, 652px\" title=\"\">\t\t\t\t\t\t\t\t\t\t\t\t\t\t\t<\/div>\n\t\t\t\t\t<\/div>\n\t\t<\/div>\n\t\t\t\t\t<\/div>\n\t\t<\/section>\n\t\t\t\t<section class=\"wd-negative-gap elementor-section elementor-top-section elementor-element elementor-element-7e4d1cf7 elementor-section-boxed elementor-section-height-default elementor-section-height-default\" data-id=\"7e4d1cf7\" data-element_type=\"section\" data-e-type=\"section\">\n\t\t\t\t\t\t<div class=\"elementor-container elementor-column-gap-default\">\n\t\t\t\t\t<div class=\"elementor-column elementor-col-100 elementor-top-column elementor-element elementor-element-f35a7\" data-id=\"f35a7\" data-element_type=\"column\" data-e-type=\"column\">\n\t\t\t<div class=\"elementor-widget-wrap elementor-element-populated\">\n\t\t\t\t\t\t<div class=\"elementor-element elementor-element-2c8af95 color-scheme-inherit text-left elementor-widget elementor-widget-text-editor\" data-id=\"2c8af95\" data-element_type=\"widget\" data-e-type=\"widget\" data-widget_type=\"text-editor.default\">\n\t\t\t\t\t\t\t\t\t<p>In manchen F\u00e4llen; Es kann auch bei j\u00fcngeren und \u00e4lteren Menschen angewendet werden, da sich die Haut aufgrund von Stress, unregelm\u00e4\u00dfiger Ern\u00e4hrung, Rauchen oder Alkoholkonsum sowie genetischen Gr\u00fcnden fr\u00fcher verformen und ihre Elastizit\u00e4t verlieren kann. Personen, die mit dem Aussehen der Haut unzufrieden sind und sich mit Falten und feinen Linien unwohl f\u00fchlen, k\u00f6nnen sich einer Gesichtsstraffungs\u00e4sthetik unterziehen. Dar\u00fcber hinaus k\u00f6nnen Menschen mit schlaffer Haut, dichten Tr\u00e4nens\u00e4cken um die Augen, \u00fcberm\u00e4\u00dfigem Fett im Gesicht und damit verbundenen Symptomen eine Gesichtsstraffung bevorzugen.<\/p>\t\t\t\t\t\t\t\t<\/div>\n\t\t\t\t\t<\/div>\n\t\t<\/div>\n\t\t\t\t\t<\/div>\n\t\t<\/section>\n\t\t\t\t<section class=\"wd-negative-gap elementor-section elementor-top-section elementor-element elementor-element-cf0596c elementor-section-boxed elementor-section-height-default elementor-section-height-default\" data-id=\"cf0596c\" data-element_type=\"section\" data-e-type=\"section\">\n\t\t\t\t\t\t<div class=\"elementor-container elementor-column-gap-default\">\n\t\t\t\t\t<div class=\"elementor-column elementor-col-100 elementor-top-column elementor-element elementor-element-57144b9a\" data-id=\"57144b9a\" data-element_type=\"column\" data-e-type=\"column\">\n\t\t\t<div class=\"elementor-widget-wrap elementor-element-populated\">\n\t\t\t\t\t\t<div class=\"elementor-element elementor-element-1f13f891 elementor-widget elementor-widget-heading\" data-id=\"1f13f891\" data-element_type=\"widget\" data-e-type=\"widget\" data-widget_type=\"heading.default\">\n\t\t\t\t\t<h3 class=\"elementor-heading-title elementor-size-default\">Wie lange dauert die dauerhafte Gesichtsstraffung?<\/h3>\t\t\t\t<\/div>\n\t\t\t\t\t<\/div>\n\t\t<\/div>\n\t\t\t\t\t<\/div>\n\t\t<\/section>\n\t\t\t\t<section class=\"wd-negative-gap elementor-section elementor-top-section elementor-element elementor-element-acedb32 elementor-section-boxed elementor-section-height-default elementor-section-height-default\" data-id=\"acedb32\" data-element_type=\"section\" data-e-type=\"section\">\n\t\t\t\t\t\t<div class=\"elementor-container elementor-column-gap-default\">\n\t\t\t\t\t<div class=\"elementor-column elementor-col-50 elementor-top-column elementor-element elementor-element-2795bb4\" data-id=\"2795bb4\" data-element_type=\"column\" data-e-type=\"column\">\n\t\t\t<div class=\"elementor-widget-wrap elementor-element-populated\">\n\t\t\t\t\t\t<div class=\"elementor-element elementor-element-fa06348 color-scheme-inherit text-left elementor-widget elementor-widget-text-editor\" data-id=\"fa06348\" data-element_type=\"widget\" data-e-type=\"widget\" data-widget_type=\"text-editor.default\">\n\t\t\t\t\t\t\t\t\t<p>Eine der merkw\u00fcrdigsten und am h\u00e4ufigsten gestellten Fragen nach und vor einer Facelifting-Operation lautet: \u201eWie lange ist die Dauer der Facelifting-\u00c4sthetik?\u201c Operation bei dieser Art von \u00e4sthetischen Eingriffen, wenn der Schutz korrekt durchgef\u00fchrt wird und die Operation von Fachleuten durchgef\u00fchrt wird Man kann sagen, dass es 10 Jahre dauert. Obwohl dieser Zeitraum von Person zu Person unterschiedlich ist, wirken sich eine gesunde Ern\u00e4hrung, ein stressfreies Leben, regelm\u00e4\u00dfiger Schlaf, viele Faktoren wie regelm\u00e4\u00dfiger Sport, Facelifting und viele andere \u00e4sthetisch-chirurgische Eingriffe positiv auf seine Dauer aus.<\/p>\t\t\t\t\t\t\t\t<\/div>\n\t\t\t\t\t<\/div>\n\t\t<\/div>\n\t\t\t\t<div class=\"elementor-column elementor-col-50 elementor-top-column elementor-element elementor-element-831c941\" data-id=\"831c941\" data-element_type=\"column\" data-e-type=\"column\">\n\t\t\t<div class=\"elementor-widget-wrap elementor-element-populated\">\n\t\t\t\t\t\t<div class=\"elementor-element elementor-element-2447f14 elementor-widget elementor-widget-image\" data-id=\"2447f14\" data-element_type=\"widget\" data-e-type=\"widget\" data-widget_type=\"image.default\">\n\t\t\t\t\t\t\t\t\t\t\t\t\t\t\t<img loading=\"lazy\" decoding=\"async\" width=\"1024\" height=\"538\" src=\"https:\/\/estenbulhealth.com\/wp-content\/uploads\/2021\/05\/face-lift-in-turkey-3-1024x538.jpg\" class=\"attachment-large size-large wp-image-12910\" alt=\"Face Lift in Turkey Istanbul | Estenbul Health\" srcset=\"https:\/\/estenbulhealth.com\/wp-content\/uploads\/2021\/05\/face-lift-in-turkey-3-1024x538.jpg 1024w, https:\/\/estenbulhealth.com\/wp-content\/uploads\/2021\/05\/face-lift-in-turkey-3-300x158.jpg 300w, https:\/\/estenbulhealth.com\/wp-content\/uploads\/2021\/05\/face-lift-in-turkey-3-768x403.jpg 768w, https:\/\/estenbulhealth.com\/wp-content\/uploads\/2021\/05\/face-lift-in-turkey-3-200x105.jpg 200w, https:\/\/estenbulhealth.com\/wp-content\/uploads\/2021\/05\/face-lift-in-turkey-3-400x210.jpg 400w, https:\/\/estenbulhealth.com\/wp-content\/uploads\/2021\/05\/face-lift-in-turkey-3-600x315.jpg 600w, https:\/\/estenbulhealth.com\/wp-content\/uploads\/2021\/05\/face-lift-in-turkey-3-800x420.jpg 800w, https:\/\/estenbulhealth.com\/wp-content\/uploads\/2021\/05\/face-lift-in-turkey-3.jpg 1200w\" sizes=\"auto, (max-width: 1024px) 100vw, 1024px\" title=\"\">\t\t\t\t\t\t\t\t\t\t\t\t\t\t\t<\/div>\n\t\t\t\t\t<\/div>\n\t\t<\/div>\n\t\t\t\t\t<\/div>\n\t\t<\/section>\n\t\t\t\t<section class=\"wd-negative-gap elementor-section elementor-top-section elementor-element elementor-element-1af3f343 elementor-section-boxed elementor-section-height-default elementor-section-height-default\" data-id=\"1af3f343\" data-element_type=\"section\" data-e-type=\"section\">\n\t\t\t\t\t\t<div class=\"elementor-container elementor-column-gap-default\">\n\t\t\t\t\t<div class=\"elementor-column elementor-col-100 elementor-top-column elementor-element elementor-element-2529ac4c\" data-id=\"2529ac4c\" data-element_type=\"column\" data-e-type=\"column\">\n\t\t\t<div class=\"elementor-widget-wrap elementor-element-populated\">\n\t\t\t\t\t\t<div class=\"elementor-element elementor-element-346e9c9 color-scheme-inherit text-left elementor-widget elementor-widget-text-editor\" data-id=\"346e9c9\" data-element_type=\"widget\" data-e-type=\"widget\" data-widget_type=\"text-editor.default\">\n\t\t\t\t\t\t\t\t\t<p>Andernfalls werden unregelm\u00e4\u00dfige Ern\u00e4hrung, unregelm\u00e4\u00dfiger Schlaf, starker Alkohol- und Zigarettenkonsum, ein distanzierter Lebensstil die Dauer dieser Operation minimieren. Nur deshalb ist es leider falsch, Dauerhaftigkeit aufgrund der Operation zu erwarten. Spezialist f\u00fcr Post-Facelifting-Operationen Es ist wichtig, ihre \u00dcberweisungen zu ber\u00fccksichtigen und ihren Lebensstandard auf h\u00f6chstem Niveau zu halten.<\/p>\t\t\t\t\t\t\t\t<\/div>\n\t\t\t\t\t<\/div>\n\t\t<\/div>\n\t\t\t\t\t<\/div>\n\t\t<\/section>\n\t\t\t\t<section class=\"wd-negative-gap elementor-section elementor-top-section elementor-element elementor-element-63668769 elementor-section-boxed elementor-section-height-default elementor-section-height-default\" data-id=\"63668769\" data-element_type=\"section\" data-e-type=\"section\">\n\t\t\t\t\t\t<div class=\"elementor-container elementor-column-gap-default\">\n\t\t\t\t\t<div class=\"elementor-column elementor-col-100 elementor-top-column elementor-element elementor-element-46805957\" data-id=\"46805957\" data-element_type=\"column\" data-e-type=\"column\">\n\t\t\t<div class=\"elementor-widget-wrap elementor-element-populated\">\n\t\t\t\t\t\t<div class=\"elementor-element elementor-element-21ebabc3 elementor-widget elementor-widget-heading\" data-id=\"21ebabc3\" data-element_type=\"widget\" data-e-type=\"widget\" data-widget_type=\"heading.default\">\n\t\t\t\t\t<h3 class=\"elementor-heading-title elementor-size-default\">Was ist vor einer Gesichtsstraffung zu beachten?<\/h3>\t\t\t\t<\/div>\n\t\t\t\t\t<\/div>\n\t\t<\/div>\n\t\t\t\t\t<\/div>\n\t\t<\/section>\n\t\t\t\t<section class=\"wd-negative-gap elementor-section elementor-top-section elementor-element elementor-element-774a5f2e elementor-section-boxed elementor-section-height-default elementor-section-height-default\" data-id=\"774a5f2e\" data-element_type=\"section\" data-e-type=\"section\">\n\t\t\t\t\t\t<div class=\"elementor-container elementor-column-gap-default\">\n\t\t\t\t\t<div class=\"elementor-column elementor-col-100 elementor-top-column elementor-element elementor-element-3c3c876e\" data-id=\"3c3c876e\" data-element_type=\"column\" data-e-type=\"column\">\n\t\t\t<div class=\"elementor-widget-wrap elementor-element-populated\">\n\t\t\t\t\t\t<div class=\"elementor-element elementor-element-68b9c9d4 color-scheme-inherit text-left elementor-widget elementor-widget-text-editor\" data-id=\"68b9c9d4\" data-element_type=\"widget\" data-e-type=\"widget\" data-widget_type=\"text-editor.default\">\n\t\t\t\t\t\t\t\t\t<p>Die Gesichtsstraffung ist ein chirurgischer Eingriff, der zu \u00e4sthetischen Zwecken durchgef\u00fchrt wird und bei allen chirurgischen Eingriffen verwendet wird. So gibt es vor der Operation eine Vorbereitungsphase. Vor einer Gesichtsstraffung sollte ein Arzt Aspirin und \u00e4hnliche Medikamente einnehmen, die das Blutungsrisiko erh\u00f6hen. Die Kontrolle sollte unterbrochen werden und Vitamine und Kr\u00e4utertees, die das Blut verd\u00fcnnen, sollten vermieden werden. Gesichtsstraffungsoperation, weil sie die Heilung nach der Gesichtsstraffungsoperation direkt beeinflusst. Rauchen und Alkoholkonsum sollten durchschnittlich 2 Wochen vorher eingestellt werden.<\/p>\t\t\t\t\t\t\t\t<\/div>\n\t\t\t\t\t<\/div>\n\t\t<\/div>\n\t\t\t\t\t<\/div>\n\t\t<\/section>\n\t\t\t\t<section class=\"wd-negative-gap elementor-section elementor-top-section elementor-element elementor-element-45125c7a elementor-section-boxed elementor-section-height-default elementor-section-height-default\" data-id=\"45125c7a\" data-element_type=\"section\" data-e-type=\"section\">\n\t\t\t\t\t\t<div class=\"elementor-container elementor-column-gap-default\">\n\t\t\t\t\t<div class=\"elementor-column elementor-col-100 elementor-top-column elementor-element elementor-element-4d68a221\" data-id=\"4d68a221\" data-element_type=\"column\" data-e-type=\"column\">\n\t\t\t<div class=\"elementor-widget-wrap elementor-element-populated\">\n\t\t\t\t\t\t<div class=\"elementor-element elementor-element-59dc2ce elementor-widget elementor-widget-heading\" data-id=\"59dc2ce\" data-element_type=\"widget\" data-e-type=\"widget\" data-widget_type=\"heading.default\">\n\t\t\t\t\t<h3 class=\"elementor-heading-title elementor-size-default\">Gibt es eine Narbe nach einer Facelifting-Operation?<\/h3>\t\t\t\t<\/div>\n\t\t\t\t\t<\/div>\n\t\t<\/div>\n\t\t\t\t\t<\/div>\n\t\t<\/section>\n\t\t\t\t<section class=\"wd-negative-gap elementor-section elementor-top-section elementor-element elementor-element-61021d95 elementor-section-boxed elementor-section-height-default elementor-section-height-default\" data-id=\"61021d95\" data-element_type=\"section\" data-e-type=\"section\">\n\t\t\t\t\t\t<div class=\"elementor-container elementor-column-gap-default\">\n\t\t\t\t\t<div class=\"elementor-column elementor-col-100 elementor-top-column elementor-element elementor-element-218ef7f9\" data-id=\"218ef7f9\" data-element_type=\"column\" data-e-type=\"column\">\n\t\t\t<div class=\"elementor-widget-wrap elementor-element-populated\">\n\t\t\t\t\t\t<div class=\"elementor-element elementor-element-5e0b8cb0 color-scheme-inherit text-left elementor-widget elementor-widget-text-editor\" data-id=\"5e0b8cb0\" data-element_type=\"widget\" data-e-type=\"widget\" data-widget_type=\"text-editor.default\">\n\t\t\t\t\t\t\t\t\t<p>Nach einer Gesichtsstraffung k\u00f6nnen leichte Narben auftreten. Um diese Narben zu minimieren, ist es wichtig, sich von Fachleuten auf diesem Gebiet bedienen zu lassen. In dieser Hinsicht sind professionelle \u00c4rzte darauf bedacht, diese Narben zu kaschieren und so gering wie m\u00f6glich zu halten. Sie werden korrekt funktionieren. Narben nach einer Gesichtsstraffungsoperation meist an nicht sichtbaren Stellen, um die Ohren oder in den behaarten Bereichen. Es ist durchaus m\u00f6glich, es zu tarnen. Bei vollst\u00e4ndiger Einhaltung der Anweisungen des Arztes nach der Operation und mit dem richtigen Schutz ist es m\u00f6glich, diese Spuren zu minimieren. Da es sich bei der Facelift-\u00c4sthetik um einen chirurgischen Eingriff handelt, der unter An\u00e4sthesie durchgef\u00fchrt wird, sollten die Dienstleistungen unbedingt in professionellen Gesundheitseinrichtungen und von Fach\u00e4rzten in Anspruch genommen werden. Die T\u00fcrkei steht dabei vor sehr erfolgreichen Ergebnissen in der Dehnungs\u00e4sthetik, wie Estenbul Health, Istanbul. Wir bieten Dienstleistungen mit unseren Fach\u00e4rzten f\u00fcr Dehnungs\u00e4sthetik an.<\/p>\t\t\t\t\t\t\t\t<\/div>\n\t\t\t\t\t<\/div>\n\t\t<\/div>\n\t\t\t\t\t<\/div>\n\t\t<\/section>\n\t\t\t\t<section class=\"wd-negative-gap elementor-section elementor-top-section elementor-element elementor-element-9819553 elementor-section-boxed elementor-section-height-default elementor-section-height-default\" data-id=\"9819553\" data-element_type=\"section\" data-e-type=\"section\">\n\t\t\t\t\t\t<div class=\"elementor-container elementor-column-gap-default\">\n\t\t\t\t\t<div class=\"elementor-column elementor-col-100 elementor-top-column elementor-element elementor-element-214e31ec\" data-id=\"214e31ec\" data-element_type=\"column\" data-e-type=\"column\">\n\t\t\t<div class=\"elementor-widget-wrap elementor-element-populated\">\n\t\t\t\t\t\t<div class=\"elementor-element elementor-element-3a4692d8 elementor-widget elementor-widget-heading\" data-id=\"3a4692d8\" data-element_type=\"widget\" data-e-type=\"widget\" data-widget_type=\"heading.default\">\n\t\t\t\t\t<h3 class=\"elementor-heading-title elementor-size-default\">Was ist nach einer Gesichtsstraffung zu beachten?<\/h3>\t\t\t\t<\/div>\n\t\t\t\t\t<\/div>\n\t\t<\/div>\n\t\t\t\t\t<\/div>\n\t\t<\/section>\n\t\t\t\t<section class=\"wd-negative-gap elementor-section elementor-top-section elementor-element elementor-element-ce8fb42 elementor-section-boxed elementor-section-height-default elementor-section-height-default\" data-id=\"ce8fb42\" data-element_type=\"section\" data-e-type=\"section\">\n\t\t\t\t\t\t<div class=\"elementor-container elementor-column-gap-default\">\n\t\t\t\t\t<div class=\"elementor-column elementor-col-50 elementor-top-column elementor-element elementor-element-f334381\" data-id=\"f334381\" data-element_type=\"column\" data-e-type=\"column\">\n\t\t\t<div class=\"elementor-widget-wrap elementor-element-populated\">\n\t\t\t\t\t\t<div class=\"elementor-element elementor-element-266bef07 color-scheme-inherit text-left elementor-widget elementor-widget-text-editor\" data-id=\"266bef07\" data-element_type=\"widget\" data-e-type=\"widget\" data-widget_type=\"text-editor.default\">\n\t\t\t\t\t\t\t\t\t<p>Nach einer Gesichtsstraffung sind, wie bei allen chirurgischen Eingriffen, \u00d6deme, Schwellungen und Bluterg\u00fcsse zu erwarten. Es wird empfohlen, in den ersten 2 Tagen nach der Operation nicht zu duschen. Am Ende des 2. Tages k\u00f6nnen Sie duschen. Gelegentliches Taubheitsgef\u00fchl im Gesichtsbereich nach einer Facelifting-\u00c4sthetik kann auftreten. Es wird empfohlen, den Kontakt in den ersten 2 Wochen nach der Operation minimal zu halten. Es wird zwar empfohlen, sich im ersten Monat nach der Gesichtsstraffung von schweren Aktivit\u00e4ten fernzuhalten, es ist jedoch wichtig, mit dem Rauchen und dem Alkoholkonsum aufzuh\u00f6ren, da dies Auswirkungen auf sie hat.<\/p>\t\t\t\t\t\t\t\t<\/div>\n\t\t\t\t\t<\/div>\n\t\t<\/div>\n\t\t\t\t<div class=\"elementor-column elementor-col-50 elementor-top-column elementor-element elementor-element-0ae6626\" data-id=\"0ae6626\" data-element_type=\"column\" data-e-type=\"column\">\n\t\t\t<div class=\"elementor-widget-wrap elementor-element-populated\">\n\t\t\t\t\t\t<div class=\"elementor-element elementor-element-a9f0955 elementor-widget elementor-widget-image\" data-id=\"a9f0955\" data-element_type=\"widget\" data-e-type=\"widget\" data-widget_type=\"image.default\">\n\t\t\t\t\t\t\t\t\t\t\t\t\t\t\t<img loading=\"lazy\" decoding=\"async\" width=\"652\" height=\"358\" src=\"https:\/\/estenbulhealth.com\/wp-content\/uploads\/2021\/05\/face-lift-in-turkey-4.jpg\" class=\"attachment-large size-large wp-image-12914\" alt=\"Face Lift in Turkey Istanbul | Plastic Surgery\" srcset=\"https:\/\/estenbulhealth.com\/wp-content\/uploads\/2021\/05\/face-lift-in-turkey-4.jpg 652w, https:\/\/estenbulhealth.com\/wp-content\/uploads\/2021\/05\/face-lift-in-turkey-4-300x165.jpg 300w, https:\/\/estenbulhealth.com\/wp-content\/uploads\/2021\/05\/face-lift-in-turkey-4-200x110.jpg 200w, https:\/\/estenbulhealth.com\/wp-content\/uploads\/2021\/05\/face-lift-in-turkey-4-400x220.jpg 400w, https:\/\/estenbulhealth.com\/wp-content\/uploads\/2021\/05\/face-lift-in-turkey-4-600x329.jpg 600w\" sizes=\"auto, (max-width: 652px) 100vw, 652px\" title=\"\">\t\t\t\t\t\t\t\t\t\t\t\t\t\t\t<\/div>\n\t\t\t\t\t<\/div>\n\t\t<\/div>\n\t\t\t\t\t<\/div>\n\t\t<\/section>\n\t\t\t\t<section class=\"wd-negative-gap elementor-section elementor-top-section elementor-element elementor-element-1173c3f elementor-section-boxed elementor-section-height-default elementor-section-height-default\" data-id=\"1173c3f\" data-element_type=\"section\" data-e-type=\"section\">\n\t\t\t\t\t\t<div class=\"elementor-container elementor-column-gap-default\">\n\t\t\t\t\t<div class=\"elementor-column elementor-col-100 elementor-top-column elementor-element elementor-element-82b6f92\" data-id=\"82b6f92\" data-element_type=\"column\" data-e-type=\"column\">\n\t\t\t<div class=\"elementor-widget-wrap elementor-element-populated\">\n\t\t\t\t\t\t<div class=\"elementor-element elementor-element-bb7dfe5 color-scheme-inherit text-left elementor-widget elementor-widget-text-editor\" data-id=\"bb7dfe5\" data-element_type=\"widget\" data-e-type=\"widget\" data-widget_type=\"text-editor.default\">\n\t\t\t\t\t\t\t\t\t<p>Die Schwellung und Bluterg\u00fcsse beginnen innerhalb von durchschnittlich 2 Wochen spontan zu heilen. Gesicht R\u00fcckkehr zum normalen Leben nach Ruhe f\u00fcr durchschnittlich 2 Wochen bei Menschen mit Dehnungsoperation sie k\u00f6nnen.<\/p>\t\t\t\t\t\t\t\t<\/div>\n\t\t\t\t\t<\/div>\n\t\t<\/div>\n\t\t\t\t\t<\/div>\n\t\t<\/section>\n\t\t\t\t<section class=\"wd-negative-gap elementor-section elementor-top-section elementor-element elementor-element-31d83fd3 elementor-section-boxed elementor-section-height-default elementor-section-height-default\" data-id=\"31d83fd3\" data-element_type=\"section\" data-e-type=\"section\">\n\t\t\t\t\t\t<div class=\"elementor-container elementor-column-gap-default\">\n\t\t\t\t\t<div class=\"elementor-column elementor-col-100 elementor-top-column elementor-element elementor-element-21bcfdbe\" data-id=\"21bcfdbe\" data-element_type=\"column\" data-e-type=\"column\">\n\t\t\t<div class=\"elementor-widget-wrap elementor-element-populated\">\n\t\t\t\t\t\t<div class=\"elementor-element elementor-element-59fc085b elementor-widget elementor-widget-heading\" data-id=\"59fc085b\" data-element_type=\"widget\" data-e-type=\"widget\" data-widget_type=\"heading.default\">\n\t\t\t\t\t<h3 class=\"elementor-heading-title elementor-size-default\">Preise f\u00fcr Facelift-\u00c4sthetik 2024\n<\/h3>\t\t\t\t<\/div>\n\t\t\t\t\t<\/div>\n\t\t<\/div>\n\t\t\t\t\t<\/div>\n\t\t<\/section>\n\t\t\t\t<section class=\"wd-negative-gap elementor-section elementor-top-section elementor-element elementor-element-7efeb2f3 elementor-section-boxed elementor-section-height-default elementor-section-height-default\" data-id=\"7efeb2f3\" data-element_type=\"section\" data-e-type=\"section\">\n\t\t\t\t\t\t<div class=\"elementor-container elementor-column-gap-default\">\n\t\t\t\t\t<div class=\"elementor-column elementor-col-100 elementor-top-column elementor-element elementor-element-2450e253\" data-id=\"2450e253\" data-element_type=\"column\" data-e-type=\"column\">\n\t\t\t<div class=\"elementor-widget-wrap elementor-element-populated\">\n\t\t\t\t\t\t<div class=\"elementor-element elementor-element-5b4a4446 color-scheme-inherit text-left elementor-widget elementor-widget-text-editor\" data-id=\"5b4a4446\" data-element_type=\"widget\" data-e-type=\"widget\" data-widget_type=\"text-editor.default\">\n\t\t\t\t\t\t\t\t\t<p>Eines der merkw\u00fcrdigsten Themen f\u00fcr alle, die eine Facelift-\u00c4sthetik w\u00fcnschen; \u201eFacelift Wie \u00e4sthetisch? \u201eT\u00fcrkische Gesichtsstraffungsoperationen\u201c, \u201e\u00c4sthetische Gesichtsstraffungspreise in der T\u00fcrkei\u201c, \u201eIstanbul steht vor Fragen wie \u201ePreise f\u00fcr Dehnungsoperationen\u201c. Zun\u00e4chst einmal sollte bekannt sein, dass solche Operationen. Eine eindeutige Angabe ist aufgrund spezieller Planungen leider nicht m\u00f6glich. Welche Methode f\u00fcr die Person verwendet wird, eine andere \u00e4sthetische Operation wird zusammen mit der Facelift-\u00c4sthetik durchgef\u00fchrt. das Ausma\u00df der Hauterschlaffung in dem Bereich, in dem keine Facelifting-Operation durchgef\u00fchrt wird, Facelifting die Breite des zu \u00e4sthetisierenden Bereichs und ob eine Fettentfernung im Gesichtsbereich durchgef\u00fchrt wird. Es gibt einen bestimmenden Faktor.<\/p><p>Sie k\u00f6nnen in der T\u00fcrkei und im Bereich der professionellen Gesundheitsversorgung Fach\u00e4rzte in Istanbul kostenlos vorab fragen, was Sie sich zum Thema Facelift fragen. Sie k\u00f6nnen uns kontaktieren, um einen Termin zu vereinbaren.<\/p>\t\t\t\t\t\t\t\t<\/div>\n\t\t\t\t\t<\/div>\n\t\t<\/div>\n\t\t\t\t\t<\/div>\n\t\t<\/section>\n\t\t\t\t<section class=\"wd-negative-gap elementor-section elementor-top-section elementor-element elementor-element-58aa2c19 elementor-section-content-middle wd-section-stretch elementor-section-boxed elementor-section-height-default elementor-section-height-default\" data-id=\"58aa2c19\" data-element_type=\"section\" data-e-type=\"section\" data-settings=\"{&quot;background_background&quot;:&quot;gradient&quot;,&quot;shape_divider_top&quot;:&quot;wd_curved_line&quot;,&quot;shape_divider_bottom&quot;:&quot;wd_curved_line&quot;}\">\n\t\t\t\t\t<div class=\"elementor-shape elementor-shape-top\" aria-hidden=\"true\" data-negative=\"false\">\n\t\t\t<svg xmlns=\"http:\/\/www.w3.org\/2000\/svg\" class=\"wd-divider\" xmlns:xlink=\"http:\/\/www.w3.org\/1999\/xlink\" x=\"0px\" y=\"0px\"\n\t viewBox=\"0 0 100 100\" width=\"100%\" height=\"50px\" preserveAspectRatio=\"none\">\n<path class=\"elementor-shape-fill\" display=\"none\" d=\"M100,25.8V100H0V52.5c-4.9-6.8-9.5-13.8-15-19.7V101h125V20.9C106.3,22,103,23.7,100,25.8z\"\/>\n<path class=\"elementor-shape-fill\" d=\"M0,0v99c22-20.6,28.7-69.7,61.4-69.7c18.8,0,29.1,16.2,38.6,34V0L0,0z\"\/>\n<\/svg>\n\t\t<\/div>\n\t\t\t\t<div class=\"elementor-shape elementor-shape-bottom\" aria-hidden=\"true\" data-negative=\"false\">\n\t\t\t<svg xmlns=\"http:\/\/www.w3.org\/2000\/svg\" class=\"wd-divider\" xmlns:xlink=\"http:\/\/www.w3.org\/1999\/xlink\" x=\"0px\" y=\"0px\"\n\t viewBox=\"0 0 100 100\" width=\"100%\" height=\"50px\" preserveAspectRatio=\"none\">\n<path class=\"elementor-shape-fill\" display=\"none\" d=\"M100,25.8V100H0V52.5c-4.9-6.8-9.5-13.8-15-19.7V101h125V20.9C106.3,22,103,23.7,100,25.8z\"\/>\n<path class=\"elementor-shape-fill\" d=\"M0,0v99c22-20.6,28.7-69.7,61.4-69.7c18.8,0,29.1,16.2,38.6,34V0L0,0z\"\/>\n<\/svg>\n\t\t<\/div>\n\t\t\t\t\t<div class=\"elementor-container elementor-column-gap-no\">\n\t\t\t\t\t<div class=\"elementor-column elementor-col-100 elementor-top-column elementor-element elementor-element-52016595\" data-id=\"52016595\" data-element_type=\"column\" data-e-type=\"column\">\n\t\t\t<div class=\"elementor-widget-wrap elementor-element-populated\">\n\t\t\t\t\t\t<div class=\"elementor-element elementor-element-559163cf elementor-widget elementor-widget-wd_image_or_svg\" data-id=\"559163cf\" data-element_type=\"widget\" data-e-type=\"widget\" data-widget_type=\"wd_image_or_svg.default\">\n\t\t\t\t<div class=\"elementor-widget-container\">\n\t\t\t\t\t\n\t\t<div class=\"wd-image text-center\">\n\t\t\t\t\t\t\t\t<img loading=\"lazy\" decoding=\"async\" width=\"300\" height=\"300\" src=\"https:\/\/estenbulhealth.com\/wp-content\/uploads\/2024\/07\/plastic-surgery-consultation.png\" class=\"attachment-full size-full\" alt=\"Plastic Surgery Consultation\" srcset=\"https:\/\/estenbulhealth.com\/wp-content\/uploads\/2024\/07\/plastic-surgery-consultation.png 300w, https:\/\/estenbulhealth.com\/wp-content\/uploads\/2024\/07\/plastic-surgery-consultation-150x150.png 150w\" sizes=\"auto, (max-width: 300px) 100vw, 300px\" title=\"\">\t\t\t\t\t<\/div>\n\n\t\t\t\t\t\t<\/div>\n\t\t\t\t<\/div>\n\t\t\t\t\t<\/div>\n\t\t<\/div>\n\t\t\t\t<div class=\"elementor-column elementor-col-100 elementor-top-column elementor-element elementor-element-466f252c\" data-id=\"466f252c\" data-element_type=\"column\" data-e-type=\"column\">\n\t\t\t<div class=\"elementor-widget-wrap elementor-element-populated\">\n\t\t\t\t\t\t<div class=\"elementor-element elementor-element-55b5115b elementor-widget elementor-widget-shortcode\" data-id=\"55b5115b\" data-element_type=\"widget\" data-e-type=\"widget\" data-widget_type=\"shortcode.default\">\n\t\t\t\t\t\t\t<div class=\"elementor-shortcode\"><\/div>\n\t\t\t\t\t\t<\/div>\n\t\t\t\t\t<\/div>\n\t\t<\/div>\n\t\t\t\t\t<\/div>\n\t\t<\/section>\n\t\t\t\t<\/div>\n\t\t","protected":false},"excerpt":{"rendered":"<p>Facelifting in der T\u00fcrkei Eine der am meisten bevorzugten und schnellsten Operationen, die Ergebnisse in der kosmetischen Gesichtschirurgie liefert, ist<\/p>\n","protected":false},"author":24,"featured_media":0,"parent":0,"menu_order":0,"comment_status":"closed","ping_status":"closed","template":"","meta":{"content-type":"","footnotes":""},"class_list":["post-19770","page","type-page","status-publish","hentry"],"_links":{"self":[{"href":"https:\/\/estenbulhealth.com\/de\/wp-json\/wp\/v2\/pages\/19770","targetHints":{"allow":["GET"]}}],"collection":[{"href":"https:\/\/estenbulhealth.com\/de\/wp-json\/wp\/v2\/pages"}],"about":[{"href":"https:\/\/estenbulhealth.com\/de\/wp-json\/wp\/v2\/types\/page"}],"author":[{"embeddable":true,"href":"https:\/\/estenbulhealth.com\/de\/wp-json\/wp\/v2\/users\/24"}],"replies":[{"embeddable":true,"href":"https:\/\/estenbulhealth.com\/de\/wp-json\/wp\/v2\/comments?post=19770"}],"version-history":[{"count":4,"href":"https:\/\/estenbulhealth.com\/de\/wp-json\/wp\/v2\/pages\/19770\/revisions"}],"predecessor-version":[{"id":40578,"href":"https:\/\/estenbulhealth.com\/de\/wp-json\/wp\/v2\/pages\/19770\/revisions\/40578"}],"wp:attachment":[{"href":"https:\/\/estenbulhealth.com\/de\/wp-json\/wp\/v2\/media?parent=19770"}],"curies":[{"name":"wp","href":"https:\/\/api.w.org\/{rel}","templated":true}]}}